{"id":319,"date":"2019-02-26T08:31:02","date_gmt":"2019-02-26T07:31:02","guid":{"rendered":"http:\/\/wordpress.p504539.webspaceconfig.de\/?page_id=319"},"modified":"2024-10-01T11:51:22","modified_gmt":"2024-10-01T09:51:22","slug":"sinkacom-webblog","status":"publish","type":"page","link":"https:\/\/www.sinkacom.de\/blog\/","title":{"rendered":"Startseite"},"content":{"rendered":"<div class=\"wpb-content-wrapper\"><p>[vc_row][vc_column][vc_column_text css=&#8220;.vc_custom_1565334737651{margin-bottom: 25px !important;}&#8220;]<\/p>\n<h2 style=\"text-align: center;\">Blogbeitr\u00e4ge nach Kategorien filtern<\/h2>\n<p>[\/vc_column_text]<style type=\"text\/css\" data-type=\"the7_shortcodes-inline-css\">\/*\nCannot access file system.\n*\/\n<\/style><div class=\"blog-shortcode blog-masonry-shortcode-id-c2e5cc98ce1d7b92228abc2ca1601143 mode-masonry classic-layout-list jquery-filter vertical-fancy-style enable-bg-rollover dt-icon-bg-off resize-by-browser-width loading-effect-none description-under-image \" data-padding=\"30px\" data-cur-page=\"1\" data-post-limit=\"9\" data-pagination-mode=\"pages\" data-desktop-columns-num=\"3\" data-v-tablet-columns-num=\"1\" data-h-tablet-columns-num=\"3\" data-phone-columns-num=\"1\" data-width=\"0px\" data-columns=\"0\"><div class=\"iso-filter extras-off filter\"><div class=\"filter-categories\" data-default-order=\"desc\" data-default-orderby=\"date\"><a href=\"https:\/\/www.sinkacom.de\/blog\/\" class=\"show-all act\" data-filter=\"*\" aria-label=\"Apply filter: Alle anzeigen\">Alle anzeigen<\/a><a href=\"https:\/\/www.sinkacom.de\/blog\/?term=1\" class=\"banking\" data-filter=\".category-1\" aria-label=\"Apply filter: Banking\">Banking<\/a><a href=\"https:\/\/www.sinkacom.de\/blog\/?term=155\" class=\"digitale-transformation\" data-filter=\".category-155\" aria-label=\"Apply filter: digitale Transformation\">digitale Transformation<\/a><a href=\"https:\/\/www.sinkacom.de\/blog\/?term=3\" class=\"innenstadt\" data-filter=\".category-3\" aria-label=\"Apply filter: Innenstadt\">Innenstadt<\/a><a href=\"https:\/\/www.sinkacom.de\/blog\/?term=191\" class=\"kuenstliche-intelligenz\" data-filter=\".category-191\" aria-label=\"Apply filter: K\u00fcnstliche Intelligenz\">K\u00fcnstliche Intelligenz<\/a><a href=\"https:\/\/www.sinkacom.de\/blog\/?term=13\" class=\"retail\" data-filter=\".category-13\" aria-label=\"Apply filter: Retail\">Retail<\/a><a href=\"https:\/\/www.sinkacom.de\/blog\/?term=154\" class=\"smarte-region-land\" data-filter=\".category-154\" aria-label=\"Apply filter: Smarte Region Land\">Smarte Region Land<\/a><a href=\"https:\/\/www.sinkacom.de\/blog\/?term=153\" class=\"ueber-uns\" data-filter=\".category-153\" aria-label=\"Apply filter: \u00dcber Uns\">\u00dcber Uns<\/a><a href=\"https:\/\/www.sinkacom.de\/blog\/?term=30\" class=\"veranstaltungen-messen\" data-filter=\".category-30\" aria-label=\"Apply filter: Veranstaltungen\">Veranstaltungen<\/a><a href=\"https:\/\/www.sinkacom.de\/blog\/?term=2\" class=\"webapp\" data-filter=\".category-2\" aria-label=\"Apply filter: Web &amp; App\">Web &amp; App<\/a><\/div><\/div><div class=\"iso-container\" ><div class=\"visible wf-cell iso-item category-155 category-191 category-2\" data-post-id=\"4471\" data-date=\"2025-03-21T16:14:15+01:00\" data-name=\"K\u00fcnstliche Intelligenz im Mittelstand: Chancen und Herausforderungen\"><article class=\"post project-odd visible post-4471 type-post status-publish format-standard has-post-thumbnail hentry category-digitale-transformation category-kuenstliche-intelligenz category-webapp tag-digitale-transformation tag-digitalisierung-mittelstand tag-eu-ai-act-anforderungen tag-herausforderungen-kuenstliche-intelligenz tag-ki tag-ki-fuer-kmu tag-ki-chancen-mittelstand tag-ki-implementierung-kmu tag-ki-regulierung-europa tag-ki-strategien-fuer-mittelstand tag-kuenstliche-intelligenz-im-mittelstand tag-kuenstliche-intelligenz-vorteile-nachteile category-155 category-191 category-2\" data-name=\"K\u00fcnstliche Intelligenz im Mittelstand: Chancen und Herausforderungen\" data-date=\"2025-03-21T16:14:15+01:00\">\n\n<div class=\"post-thumbnail-wrap\">\n\t<div class=\"post-thumbnail\">\n\t\t\n\t\t<span class=\"fancy-categories\"><a href=\"https:\/\/www.sinkacom.de\/blog\/digitale-transformation\/\" rel=\"category tag\" style=\"background-color:#009fe3;\">digitale Transformation<\/a><a href=\"https:\/\/www.sinkacom.de\/blog\/kuenstliche-intelligenz\/\" rel=\"category tag\" style=\"background-color:#009fe3;\">K\u00fcnstliche Intelligenz<\/a><a href=\"https:\/\/www.sinkacom.de\/blog\/webapp\/\" rel=\"category tag\" style=\"background-color:#009fe3;color:#ffffff;\">Web &amp; App<\/a><\/span>\n\t\t<a href=\"https:\/\/www.sinkacom.de\/blog\/kuenstliche-intelligenz-im-mittelstand-chancen-herausforderungen\/\" class=\"post-thumbnail-rollover layzr-bg layzr-bg\" ><img fetchpriority=\"high\" decoding=\"async\" class=\"iso-lazy-load preload-me iso-lazy-load aspect\" src=\"data:image\/svg+xml,%3Csvg%20xmlns%3D&#39;http%3A%2F%2Fwww.w3.org%2F2000%2Fsvg&#39;%20viewBox%3D&#39;0%200%20768%20384&#39;%2F%3E\" data-src=\"https:\/\/www.sinkacom.de\/blog\/wp-content\/uploads\/2025\/02\/a-modern-dynamic-image-representing-the-_Eh5l97KJSHSUAZ5ryYjjpg_4KkAruS6RPa-Z3F-cuQPbA-768x384.jpeg\" data-srcset=\"https:\/\/www.sinkacom.de\/blog\/wp-content\/uploads\/2025\/02\/a-modern-dynamic-image-representing-the-_Eh5l97KJSHSUAZ5ryYjjpg_4KkAruS6RPa-Z3F-cuQPbA-768x384.jpeg 768w, https:\/\/www.sinkacom.de\/blog\/wp-content\/uploads\/2025\/02\/a-modern-dynamic-image-representing-the-_Eh5l97KJSHSUAZ5ryYjjpg_4KkAruS6RPa-Z3F-cuQPbA-1152x576.jpeg 1152w\" loading=\"eager\" style=\"--ratio: 768 \/ 384\" sizes=\"(max-width: 768px) 100vw, 768px\" alt=\"Ein futuristisches Modell eines mittelst\u00e4ndischen Unternehmens, dargestellt durch moderne Geb\u00e4ude auf einer zentralen Plattform. Leuchtende Datenstr\u00f6me verbinden das Unternehmen mit externen Systemen und Netzwerken auf einer gr\u00f6\u00dferen Karte. Symbole f\u00fcr Cloud-Technologie, K\u00fcnstliche Intelligenz, Kommunikation und Automatisierung sind auf Plattformen um das Unternehmen verteilt. K\u00fcnstliche Intelligenz f\u00fcr den Mittelstand\" title=\"Digitalisierte Mittelst\u00e4ndische Unternehmen und ihre Vernetzung\" width=\"768\" height=\"384\"  \/><\/a>\t<\/div>\n<\/div>\n\n\n<div class=\"post-entry-content\">\n\n\t<h3 class=\"entry-title\">\n\t\t<a href=\"https:\/\/www.sinkacom.de\/blog\/kuenstliche-intelligenz-im-mittelstand-chancen-herausforderungen\/\" title=\"K\u00fcnstliche Intelligenz im Mittelstand: Chancen und Herausforderungen\" rel=\"bookmark\">K\u00fcnstliche Intelligenz im Mittelstand: Chancen und Herausforderungen<\/a>\n\t<\/h3>\n\n\t<div class=\"entry-meta\"><span class=\"category-link\"><a href=\"https:\/\/www.sinkacom.de\/blog\/digitale-transformation\/\" >digitale Transformation<\/a>, <a href=\"https:\/\/www.sinkacom.de\/blog\/kuenstliche-intelligenz\/\" >K\u00fcnstliche Intelligenz<\/a>, <a href=\"https:\/\/www.sinkacom.de\/blog\/webapp\/\" >Web &amp; App<\/a><\/span><a href=\"https:\/\/www.sinkacom.de\/blog\/2025\/03\/21\/\" title=\"16:14\" class=\"data-link\" rel=\"bookmark\"><time class=\"entry-date updated\" datetime=\"2025-03-21T16:14:15+01:00\">21. M\u00e4rz 2025<\/time><\/a><\/div>\n\t<div class=\"entry-excerpt\"><p>[vc_row][vc_column][\/vc_column][vc_column][vc_column_text css=&#8220;&#8220;] Der Mittelstand ist das Herzst\u00fcck der europ\u00e4ischen Wirtschaft \u2013 innovativ, flexibel und voller Potenzial. Doch w\u00e4hrend Gro\u00dfkonzerne massiv in K\u00fcnstliche Intelligenz(KI) investieren, fragen sich viele kleine und mittelst\u00e4ndische Unternehmen: Lohnt sich der Einsatz von KI f\u00fcr uns \u00fcberhaupt?&hellip;<\/p>\n<\/div>\n\t\n<a href=\"https:\/\/www.sinkacom.de\/blog\/kuenstliche-intelligenz-im-mittelstand-chancen-herausforderungen\/\" class=\"dt-btn-s dt-btn post-details details-type-btn\" aria-label=\"Lesen Sie mehr \u00fcber K\u00fcnstliche Intelligenz im Mittelstand: Chancen und Herausforderungen\">weiterlesen<i class=\"dt-icon-the7-arrow-03\" aria-hidden=\"true\"><\/i><\/a>\n\n<\/div><\/article><\/div><div class=\"visible wf-cell iso-item category-3 category-154 category-2\" data-post-id=\"3289\" data-date=\"2021-07-16T14:18:30+02:00\" data-name=\"Digital Natives \u2013 die B\u00fcrger von morgen\"><article class=\"post project-odd visible post-3289 type-post status-publish format-standard has-post-thumbnail hentry category-innenstadt category-smarte-region-land category-webapp tag-digitale-stadt tag-digitale-transformation tag-digitaler-marktplatz tag-digitaler-wandel tag-digitalisierung tag-innenstadt-30 tag-online-shopping tag-social-media tag-stadtapp tag-zukunft category-3 category-154 category-2\" data-name=\"Digital Natives \u2013 die B\u00fcrger von morgen\" data-date=\"2021-07-16T14:18:30+02:00\">\n\n<div class=\"post-thumbnail-wrap\">\n\t<div class=\"post-thumbnail\">\n\t\t\n\t\t<span class=\"fancy-categories\"><a href=\"https:\/\/www.sinkacom.de\/blog\/innenstadt\/\" rel=\"category tag\" style=\"background-color:#009fe3;color:#ffffff;\">Innenstadt<\/a><a href=\"https:\/\/www.sinkacom.de\/blog\/smarte-region-land\/\" rel=\"category tag\" style=\"background-color:#009fe3;\">Smarte Region Land<\/a><a href=\"https:\/\/www.sinkacom.de\/blog\/webapp\/\" rel=\"category tag\" style=\"background-color:#009fe3;color:#ffffff;\">Web &amp; App<\/a><\/span>\n\t\t<a href=\"https:\/\/www.sinkacom.de\/blog\/digital-natives-die-buerger-von-morgen\/\" class=\"post-thumbnail-rollover layzr-bg layzr-bg\" ><img decoding=\"async\" class=\"iso-lazy-load preload-me iso-lazy-load aspect\" src=\"data:image\/svg+xml,%3Csvg%20xmlns%3D&#39;http%3A%2F%2Fwww.w3.org%2F2000%2Fsvg&#39;%20viewBox%3D&#39;0%200%20768%20384&#39;%2F%3E\" data-src=\"https:\/\/www.sinkacom.de\/blog\/wp-content\/uploads\/2020\/09\/Bild-3-Digital-Native-768x384.jpeg\" data-srcset=\"https:\/\/www.sinkacom.de\/blog\/wp-content\/uploads\/2020\/09\/Bild-3-Digital-Native-768x384.jpeg 768w, https:\/\/www.sinkacom.de\/blog\/wp-content\/uploads\/2020\/09\/Bild-3-Digital-Native-1152x576.jpeg 1152w\" loading=\"eager\" style=\"--ratio: 768 \/ 384\" sizes=\"(max-width: 768px) 100vw, 768px\" alt=\"Digital Natives\" title=\"Digital Natives &#8211; die B\u00fcrger von morgen\" width=\"768\" height=\"384\"  \/><\/a>\t<\/div>\n<\/div>\n\n\n<div class=\"post-entry-content\">\n\n\t<h3 class=\"entry-title\">\n\t\t<a href=\"https:\/\/www.sinkacom.de\/blog\/digital-natives-die-buerger-von-morgen\/\" title=\"Digital Natives \u2013 die B\u00fcrger von morgen\" rel=\"bookmark\">Digital Natives \u2013 die B\u00fcrger von morgen<\/a>\n\t<\/h3>\n\n\t<div class=\"entry-meta\"><span class=\"category-link\"><a href=\"https:\/\/www.sinkacom.de\/blog\/innenstadt\/\" >Innenstadt<\/a>, <a href=\"https:\/\/www.sinkacom.de\/blog\/smarte-region-land\/\" >Smarte Region Land<\/a>, <a href=\"https:\/\/www.sinkacom.de\/blog\/webapp\/\" >Web &amp; App<\/a><\/span><a href=\"https:\/\/www.sinkacom.de\/blog\/2021\/07\/16\/\" title=\"14:18\" class=\"data-link\" rel=\"bookmark\"><time class=\"entry-date updated\" datetime=\"2021-07-16T14:18:30+02:00\">16. Juli 2021<\/time><\/a><\/div>\n\t<div class=\"entry-excerpt\"><p>[vc_row][vc_column][vc_column_text] Digitalisierung und technischer Fortschritt \u2013 Das digitale Zeitalter Die Digitalisierung taucht gegenw\u00e4rtig immer h\u00e4ufiger auf und durchdringt mehr und mehr alle wesentlichen gesellschaftlichen Bereiche, wie Bildung, Kultur &amp; soziales Leben, Wirtschaft, Gesundheitswesen und Politik. In der Wirtschaft spricht man&hellip;<\/p>\n<\/div>\n\t\n<a href=\"https:\/\/www.sinkacom.de\/blog\/digital-natives-die-buerger-von-morgen\/\" class=\"dt-btn-s dt-btn post-details details-type-btn\" aria-label=\"Lesen Sie mehr \u00fcber Digital Natives \u2013 die B\u00fcrger von morgen\">weiterlesen<i class=\"dt-icon-the7-arrow-03\" aria-hidden=\"true\"><\/i><\/a>\n\n<\/div><\/article><\/div><div class=\"visible wf-cell iso-item category-3 category-13 category-154 category-2\" data-post-id=\"4088\" data-date=\"2021-07-02T13:28:12+02:00\" data-name=\"Der Weg von KeepFresh - 2017 bis heute\"><article class=\"post project-odd visible post-4088 type-post status-publish format-standard has-post-thumbnail hentry category-innenstadt category-retail category-smarte-region-land category-webapp tag-digitale-stadt tag-digitale-transformation tag-digitaler-marktplatz tag-digitaler-wandel tag-digitalisierung tag-ecommerce tag-keepfresh category-3 category-13 category-154 category-2\" data-name=\"Der Weg von KeepFresh &#8211; 2017 bis heute\" data-date=\"2021-07-02T13:28:12+02:00\">\n\n<div class=\"post-thumbnail-wrap\">\n\t<div class=\"post-thumbnail\">\n\t\t\n\t\t<span class=\"fancy-categories\"><a href=\"https:\/\/www.sinkacom.de\/blog\/innenstadt\/\" rel=\"category tag\" style=\"background-color:#009fe3;color:#ffffff;\">Innenstadt<\/a><a href=\"https:\/\/www.sinkacom.de\/blog\/retail\/\" rel=\"category tag\" style=\"background-color:#009fe3;color:#ffffff;\">Retail<\/a><a href=\"https:\/\/www.sinkacom.de\/blog\/smarte-region-land\/\" rel=\"category tag\" style=\"background-color:#009fe3;\">Smarte Region Land<\/a><a href=\"https:\/\/www.sinkacom.de\/blog\/webapp\/\" rel=\"category tag\" style=\"background-color:#009fe3;color:#ffffff;\">Web &amp; App<\/a><\/span>\n\t\t<a href=\"https:\/\/www.sinkacom.de\/blog\/der-weg-von-keepfresh-2017-bis-heute\/\" class=\"post-thumbnail-rollover layzr-bg layzr-bg\" ><img decoding=\"async\" class=\"iso-lazy-load preload-me iso-lazy-load aspect\" src=\"data:image\/svg+xml,%3Csvg%20xmlns%3D&#39;http%3A%2F%2Fwww.w3.org%2F2000%2Fsvg&#39;%20viewBox%3D&#39;0%200%20768%20384&#39;%2F%3E\" data-src=\"https:\/\/www.sinkacom.de\/blog\/wp-content\/uploads\/2021\/03\/Unbenannt1_-768x384.png\" data-srcset=\"https:\/\/www.sinkacom.de\/blog\/wp-content\/uploads\/2021\/03\/Unbenannt1_-768x384.png 768w, https:\/\/www.sinkacom.de\/blog\/wp-content\/uploads\/2021\/03\/Unbenannt1_-1152x576.png 1152w\" loading=\"eager\" style=\"--ratio: 768 \/ 384\" sizes=\"(max-width: 768px) 100vw, 768px\" alt=\"Der Weg von KeepFresh - 2018 bis heute\" title=\"Der Weg von KeepFresh &#8211; 2018 bis heute\" width=\"768\" height=\"384\"  \/><\/a>\t<\/div>\n<\/div>\n\n\n<div class=\"post-entry-content\">\n\n\t<h3 class=\"entry-title\">\n\t\t<a href=\"https:\/\/www.sinkacom.de\/blog\/der-weg-von-keepfresh-2017-bis-heute\/\" title=\"Der Weg von KeepFresh &#8211; 2017 bis heute\" rel=\"bookmark\">Der Weg von KeepFresh &#8211; 2017 bis heute<\/a>\n\t<\/h3>\n\n\t<div class=\"entry-meta\"><span class=\"category-link\"><a href=\"https:\/\/www.sinkacom.de\/blog\/innenstadt\/\" >Innenstadt<\/a>, <a href=\"https:\/\/www.sinkacom.de\/blog\/retail\/\" >Retail<\/a>, <a href=\"https:\/\/www.sinkacom.de\/blog\/smarte-region-land\/\" >Smarte Region Land<\/a>, <a href=\"https:\/\/www.sinkacom.de\/blog\/webapp\/\" >Web &amp; App<\/a><\/span><a href=\"https:\/\/www.sinkacom.de\/blog\/2021\/07\/02\/\" title=\"13:28\" class=\"data-link\" rel=\"bookmark\"><time class=\"entry-date updated\" datetime=\"2021-07-02T13:28:12+02:00\">02. Juli 2021<\/time><\/a><\/div>\n\t<div class=\"entry-excerpt\"><p>[vc_row][vc_column][vc_column_text][\/vc_column_text][\/vc_column][\/vc_row][vc_row][vc_column][\/vc_column][vc_column][vc_column_text] Der Ursprung &#8211; Landflucht &amp; Urbanisierung Das Leben in\u00a0den l\u00e4ndlichen\u00a0R\u00e4umen hat sich in den vergangenen Jahren stark gewandelt. Der demographische sowie technologische, wirtschaftliche und gesellschaftlicher Wandel hat einen elementaren Einfluss auf das l\u00e4ndliche Leben und die daraus resultierenden Herausforderungen&hellip;<\/p>\n<\/div>\n\t\n<a href=\"https:\/\/www.sinkacom.de\/blog\/der-weg-von-keepfresh-2017-bis-heute\/\" class=\"dt-btn-s dt-btn post-details details-type-btn\" aria-label=\"Lesen Sie mehr \u00fcber Der Weg von KeepFresh &#8211; 2017 bis heute\">weiterlesen<i class=\"dt-icon-the7-arrow-03\" aria-hidden=\"true\"><\/i><\/a>\n\n<\/div><\/article><\/div><div class=\"visible wf-cell iso-item category-2\" data-post-id=\"4259\" data-date=\"2021-06-18T07:05:55+02:00\" data-name=\"Zweiter Aufruf 2021 - Digital Zuschuss\"><article class=\"post project-odd visible post-4259 type-post status-publish format-standard has-post-thumbnail hentry category-webapp tag-digital-zuschuss tag-digitale-transformation tag-digitaler-wandel tag-digitalisierung tag-foerdermittel tag-foerderprogramm tag-hessen category-2\" data-name=\"Zweiter Aufruf 2021 &#8211; Digital Zuschuss\" data-date=\"2021-06-18T07:05:55+02:00\">\n\n<div class=\"post-thumbnail-wrap\">\n\t<div class=\"post-thumbnail\">\n\t\t\n\t\t<span class=\"fancy-categories\"><a href=\"https:\/\/www.sinkacom.de\/blog\/webapp\/\" rel=\"category tag\" style=\"background-color:#009fe3;color:#ffffff;\">Web &amp; App<\/a><\/span>\n\t\t<a href=\"https:\/\/www.sinkacom.de\/blog\/zweiter-aufruf-2021-digital-zuschuss\/\" class=\"post-thumbnail-rollover layzr-bg layzr-bg\" ><img decoding=\"async\" class=\"iso-lazy-load preload-me iso-lazy-load aspect\" src=\"data:image\/svg+xml,%3Csvg%20xmlns%3D&#39;http%3A%2F%2Fwww.w3.org%2F2000%2Fsvg&#39;%20viewBox%3D&#39;0%200%20768%20384&#39;%2F%3E\" data-src=\"https:\/\/www.sinkacom.de\/blog\/wp-content\/uploads\/2021\/06\/binary-1332816_1920-768x384.jpg\" data-srcset=\"https:\/\/www.sinkacom.de\/blog\/wp-content\/uploads\/2021\/06\/binary-1332816_1920-768x384.jpg 768w, https:\/\/www.sinkacom.de\/blog\/wp-content\/uploads\/2021\/06\/binary-1332816_1920-1152x576.jpg 1152w\" loading=\"eager\" style=\"--ratio: 768 \/ 384\" sizes=\"(max-width: 768px) 100vw, 768px\" alt=\"\" title=\"binary-1332816_1920\" width=\"768\" height=\"384\"  \/><\/a>\t<\/div>\n<\/div>\n\n\n<div class=\"post-entry-content\">\n\n\t<h3 class=\"entry-title\">\n\t\t<a href=\"https:\/\/www.sinkacom.de\/blog\/zweiter-aufruf-2021-digital-zuschuss\/\" title=\"Zweiter Aufruf 2021 &#8211; Digital Zuschuss\" rel=\"bookmark\">Zweiter Aufruf 2021 &#8211; Digital Zuschuss<\/a>\n\t<\/h3>\n\n\t<div class=\"entry-meta\"><span class=\"category-link\"><a href=\"https:\/\/www.sinkacom.de\/blog\/webapp\/\" >Web &amp; App<\/a><\/span><a href=\"https:\/\/www.sinkacom.de\/blog\/2021\/06\/18\/\" title=\"07:05\" class=\"data-link\" rel=\"bookmark\"><time class=\"entry-date updated\" datetime=\"2021-06-18T07:05:55+02:00\">18. Juni 2021<\/time><\/a><\/div>\n\t<div class=\"entry-excerpt\"><p>[vc_row][vc_column][\/vc_column][\/vc_row][vc_row][vc_column][vc_column_text]Die Digitalisierung der Wirtschaft bedeutet gerade f\u00fcr kleine und mittlere Unternehmen eine gro\u00dfe Chance f\u00fcr effizientere betriebliche Prozesse, neue Produkte und Dienstleistungen oder innovative Gesch\u00e4ftsmodelle. Das Land Hessen f\u00f6rdert kleine und mittlere Unternehmen der gewerblichen Wirtschaft und freie Berufe bei&hellip;<\/p>\n<\/div>\n\t\n<a href=\"https:\/\/www.sinkacom.de\/blog\/zweiter-aufruf-2021-digital-zuschuss\/\" class=\"dt-btn-s dt-btn post-details details-type-btn\" aria-label=\"Lesen Sie mehr \u00fcber Zweiter Aufruf 2021 &#8211; Digital Zuschuss\">weiterlesen<i class=\"dt-icon-the7-arrow-03\" aria-hidden=\"true\"><\/i><\/a>\n\n<\/div><\/article><\/div><div class=\"visible wf-cell iso-item category-30\" data-post-id=\"4216\" data-date=\"2021-06-11T17:57:43+02:00\" data-name=\"Der Digitaltag 2021\"><article class=\"post project-odd visible post-4216 type-post status-publish format-standard has-post-thumbnail hentry category-veranstaltungen-messen category-30\" data-name=\"Der Digitaltag 2021\" data-date=\"2021-06-11T17:57:43+02:00\">\n\n<div class=\"post-thumbnail-wrap\">\n\t<div class=\"post-thumbnail\">\n\t\t\n\t\t<span class=\"fancy-categories\"><a href=\"https:\/\/www.sinkacom.de\/blog\/veranstaltungen-messen\/\" rel=\"category tag\" style=\"background-color:#009fe3;color:#ffffff;\">Veranstaltungen<\/a><\/span>\n\t\t<a href=\"https:\/\/www.sinkacom.de\/blog\/der-digitaltag-2021\/\" class=\"post-thumbnail-rollover layzr-bg layzr-bg\" ><img decoding=\"async\" class=\"iso-lazy-load preload-me iso-lazy-load aspect\" src=\"data:image\/svg+xml,%3Csvg%20xmlns%3D&#39;http%3A%2F%2Fwww.w3.org%2F2000%2Fsvg&#39;%20viewBox%3D&#39;0%200%20768%20384&#39;%2F%3E\" data-src=\"https:\/\/www.sinkacom.de\/blog\/wp-content\/uploads\/2021\/06\/Wir-sind-dabei3-6-768x384.png\" data-srcset=\"https:\/\/www.sinkacom.de\/blog\/wp-content\/uploads\/2021\/06\/Wir-sind-dabei3-6-768x384.png 768w, https:\/\/www.sinkacom.de\/blog\/wp-content\/uploads\/2021\/06\/Wir-sind-dabei3-6-1152x576.png 1152w\" loading=\"eager\" style=\"--ratio: 768 \/ 384\" sizes=\"(max-width: 768px) 100vw, 768px\" alt=\"\" title=\"Wir sind dabei3\" width=\"768\" height=\"384\"  \/><\/a>\t<\/div>\n<\/div>\n\n\n<div class=\"post-entry-content\">\n\n\t<h3 class=\"entry-title\">\n\t\t<a href=\"https:\/\/www.sinkacom.de\/blog\/der-digitaltag-2021\/\" title=\"Der Digitaltag 2021\" rel=\"bookmark\">Der Digitaltag 2021<\/a>\n\t<\/h3>\n\n\t<div class=\"entry-meta\"><span class=\"category-link\"><a href=\"https:\/\/www.sinkacom.de\/blog\/veranstaltungen-messen\/\" >Veranstaltungen<\/a><\/span><a href=\"https:\/\/www.sinkacom.de\/blog\/2021\/06\/11\/\" title=\"17:57\" class=\"data-link\" rel=\"bookmark\"><time class=\"entry-date updated\" datetime=\"2021-06-11T17:57:43+02:00\">11. Juni 2021<\/time><\/a><\/div>\n\t<div class=\"entry-excerpt\"><p>[vc_row][vc_column][\/vc_column][\/vc_row][vc_row][vc_column][vc_column_text] &nbsp; Unter dem Motto \u201eDigitalisierung gemeinsam gestalten\u201c findet am 18.06.2021 der n\u00e4chste Digitaltag statt. Digitalisierung bzw. digitale Transformation ist unser Kerngesch\u00e4ft und das Motto des Digitaltages \u201eDigitalisierung gemeinsam gestalten\u201c erleben wir im t\u00e4glichen Gesch\u00e4ft immer wieder aufs Neue. Gemeinsam&hellip;<\/p>\n<\/div>\n\t\n<a href=\"https:\/\/www.sinkacom.de\/blog\/der-digitaltag-2021\/\" class=\"dt-btn-s dt-btn post-details details-type-btn\" aria-label=\"Lesen Sie mehr \u00fcber Der Digitaltag 2021\">weiterlesen<i class=\"dt-icon-the7-arrow-03\" aria-hidden=\"true\"><\/i><\/a>\n\n<\/div><\/article><\/div><div class=\"visible wf-cell iso-item category-3 category-2\" data-post-id=\"3513\" data-date=\"2021-06-11T17:03:47+02:00\" data-name=\"Covid-19 &amp; Innenstadt \u2013 Die Zeit nach der Krise\"><article class=\"post project-odd visible post-3513 type-post status-publish format-standard has-post-thumbnail hentry category-innenstadt category-webapp tag-covid-19 tag-digitale-transformation tag-digitaler-marktplatz tag-digitaler-wandel tag-digitalisierung tag-innenstadt-30 category-3 category-2\" data-name=\"Covid-19 &#038; Innenstadt \u2013 Die Zeit nach der Krise\" data-date=\"2021-06-11T17:03:47+02:00\">\n\n<div class=\"post-thumbnail-wrap\">\n\t<div class=\"post-thumbnail\">\n\t\t\n\t\t<span class=\"fancy-categories\"><a href=\"https:\/\/www.sinkacom.de\/blog\/innenstadt\/\" rel=\"category tag\" style=\"background-color:#009fe3;color:#ffffff;\">Innenstadt<\/a><a href=\"https:\/\/www.sinkacom.de\/blog\/webapp\/\" rel=\"category tag\" style=\"background-color:#009fe3;color:#ffffff;\">Web &amp; App<\/a><\/span>\n\t\t<a href=\"https:\/\/www.sinkacom.de\/blog\/covid-19-und-innenstadt-die-zeit-nach-der-krise\/\" class=\"post-thumbnail-rollover layzr-bg layzr-bg\" ><img decoding=\"async\" class=\"iso-lazy-load preload-me iso-lazy-load aspect\" src=\"data:image\/svg+xml,%3Csvg%20xmlns%3D&#39;http%3A%2F%2Fwww.w3.org%2F2000%2Fsvg&#39;%20viewBox%3D&#39;0%200%20768%20384&#39;%2F%3E\" data-src=\"https:\/\/www.sinkacom.de\/blog\/wp-content\/uploads\/2020\/09\/Bild-2-Innenstadt-768x384.jpg\" data-srcset=\"https:\/\/www.sinkacom.de\/blog\/wp-content\/uploads\/2020\/09\/Bild-2-Innenstadt-768x384.jpg 768w, https:\/\/www.sinkacom.de\/blog\/wp-content\/uploads\/2020\/09\/Bild-2-Innenstadt-960x480.jpg 960w\" loading=\"eager\" style=\"--ratio: 768 \/ 384\" sizes=\"(max-width: 768px) 100vw, 768px\" alt=\"Covid-19\" title=\"Covid-19 und Innenstadt \u2013 Die Zeit nach der Krise\" width=\"768\" height=\"384\"  \/><\/a>\t<\/div>\n<\/div>\n\n\n<div class=\"post-entry-content\">\n\n\t<h3 class=\"entry-title\">\n\t\t<a href=\"https:\/\/www.sinkacom.de\/blog\/covid-19-und-innenstadt-die-zeit-nach-der-krise\/\" title=\"Covid-19 &#038; Innenstadt \u2013 Die Zeit nach der Krise\" rel=\"bookmark\">Covid-19 &#038; Innenstadt \u2013 Die Zeit nach der Krise<\/a>\n\t<\/h3>\n\n\t<div class=\"entry-meta\"><span class=\"category-link\"><a href=\"https:\/\/www.sinkacom.de\/blog\/innenstadt\/\" >Innenstadt<\/a>, <a href=\"https:\/\/www.sinkacom.de\/blog\/webapp\/\" >Web &amp; App<\/a><\/span><a href=\"https:\/\/www.sinkacom.de\/blog\/2021\/06\/11\/\" title=\"17:03\" class=\"data-link\" rel=\"bookmark\"><time class=\"entry-date updated\" datetime=\"2021-06-11T17:03:47+02:00\">11. Juni 2021<\/time><\/a><\/div>\n\t<div class=\"entry-excerpt\"><p>[vc_row][vc_column][\/vc_column][vc_column][vc_column_text] Die Covid-19 Pandemie &#8211; Schwere Zeiten f\u00fcr die Innenst\u00e4dte Leere Ladenstra\u00dfen und minimale B\u00fcrobesetzung, die Covid-19 Pandemie hat ihre Spuren hinterlassen. Die Innenstadt, wie wir sie vorher kannten, hat sich ma\u00dfgeblich ver\u00e4ndert. Der nur fl\u00fcchtige Besuch von Gesch\u00e4ften f\u00fchrte&hellip;<\/p>\n<\/div>\n\t\n<a href=\"https:\/\/www.sinkacom.de\/blog\/covid-19-und-innenstadt-die-zeit-nach-der-krise\/\" class=\"dt-btn-s dt-btn post-details details-type-btn\" aria-label=\"Lesen Sie mehr \u00fcber Covid-19 &#038; Innenstadt \u2013 Die Zeit nach der Krise\">weiterlesen<i class=\"dt-icon-the7-arrow-03\" aria-hidden=\"true\"><\/i><\/a>\n\n<\/div><\/article><\/div><div class=\"visible wf-cell iso-item category-153\" data-post-id=\"4181\" data-date=\"2021-05-29T14:33:33+02:00\" data-name=\"Mein Sch\u00fclerpraktikum w\u00e4hrend Corona\"><article class=\"post project-odd visible post-4181 type-post status-publish format-standard has-post-thumbnail hentry category-ueber-uns tag-corona tag-covid-19 tag-praktikum tag-schueler tag-schuelerpraktikum category-153\" data-name=\"Mein Sch\u00fclerpraktikum w\u00e4hrend Corona\" data-date=\"2021-05-29T14:33:33+02:00\">\n\n<div class=\"post-thumbnail-wrap\">\n\t<div class=\"post-thumbnail\">\n\t\t\n\t\t<span class=\"fancy-categories\"><a href=\"https:\/\/www.sinkacom.de\/blog\/ueber-uns\/\" rel=\"category tag\" style=\"background-color:#009fe3;color:#ffffff;\">\u00dcber Uns<\/a><\/span>\n\t\t<a href=\"https:\/\/www.sinkacom.de\/blog\/mein-schuelerpraktikum-waehrend-corona\/\" class=\"post-thumbnail-rollover layzr-bg layzr-bg\" ><img decoding=\"async\" class=\"iso-lazy-load preload-me iso-lazy-load aspect\" src=\"data:image\/svg+xml,%3Csvg%20xmlns%3D&#39;http%3A%2F%2Fwww.w3.org%2F2000%2Fsvg&#39;%20viewBox%3D&#39;0%200%20768%20384&#39;%2F%3E\" data-src=\"https:\/\/www.sinkacom.de\/blog\/wp-content\/uploads\/2021\/05\/internship-3157269_1920-768x384.jpg\" data-srcset=\"https:\/\/www.sinkacom.de\/blog\/wp-content\/uploads\/2021\/05\/internship-3157269_1920-768x384.jpg 768w, https:\/\/www.sinkacom.de\/blog\/wp-content\/uploads\/2021\/05\/internship-3157269_1920-1152x576.jpg 1152w\" loading=\"eager\" style=\"--ratio: 768 \/ 384\" sizes=\"(max-width: 768px) 100vw, 768px\" alt=\"Praktikum\" title=\"internship-3157269_1920\" width=\"768\" height=\"384\"  \/><\/a>\t<\/div>\n<\/div>\n\n\n<div class=\"post-entry-content\">\n\n\t<h3 class=\"entry-title\">\n\t\t<a href=\"https:\/\/www.sinkacom.de\/blog\/mein-schuelerpraktikum-waehrend-corona\/\" title=\"Mein Sch\u00fclerpraktikum w\u00e4hrend Corona\" rel=\"bookmark\">Mein Sch\u00fclerpraktikum w\u00e4hrend Corona<\/a>\n\t<\/h3>\n\n\t<div class=\"entry-meta\"><span class=\"category-link\"><a href=\"https:\/\/www.sinkacom.de\/blog\/ueber-uns\/\" >\u00dcber Uns<\/a><\/span><a href=\"https:\/\/www.sinkacom.de\/blog\/2021\/05\/29\/\" title=\"14:33\" class=\"data-link\" rel=\"bookmark\"><time class=\"entry-date updated\" datetime=\"2021-05-29T14:33:33+02:00\">29. Mai 2021<\/time><\/a><\/div>\n\t<div class=\"entry-excerpt\"><p>[vc_row][vc_column][vc_separator][\/vc_column][\/vc_row][vc_row][vc_column width=&#8220;2\/3&#8243;][vc_column_text] Schwierige Zeiten Wir befinden uns mitten in Zeiten von Corona und nun steht in der Q2 der Oberstufe der Br\u00fchlwiesenschule Hofheim ein Betriebspraktikum an. Stellt sich nat\u00fcrlich die Frage, wie kann man dies sinnvoll umsetzen. Welcher Betrieb gibt&hellip;<\/p>\n<\/div>\n\t\n<a href=\"https:\/\/www.sinkacom.de\/blog\/mein-schuelerpraktikum-waehrend-corona\/\" class=\"dt-btn-s dt-btn post-details details-type-btn\" aria-label=\"Lesen Sie mehr \u00fcber Mein Sch\u00fclerpraktikum w\u00e4hrend Corona\">weiterlesen<i class=\"dt-icon-the7-arrow-03\" aria-hidden=\"true\"><\/i><\/a>\n\n<\/div><\/article><\/div><div class=\"visible wf-cell iso-item category-2\" data-post-id=\"4169\" data-date=\"2021-05-15T16:15:45+02:00\" data-name=\"Sondercall Digi-Zuschuss - Hessen\"><article class=\"post project-odd visible post-4169 type-post status-publish format-standard has-post-thumbnail hentry category-webapp tag-digital-zuschuss tag-digitale-transformation tag-digitalisierung tag-foerdermittel tag-foerderprogramm tag-hessen tag-qualifizierungsmassnahme tag-sonderaufruf tag-sondercall category-2\" data-name=\"Sondercall Digi-Zuschuss &#8211; Hessen\" data-date=\"2021-05-15T16:15:45+02:00\">\n\n<div class=\"post-thumbnail-wrap\">\n\t<div class=\"post-thumbnail\">\n\t\t\n\t\t<span class=\"fancy-categories\"><a href=\"https:\/\/www.sinkacom.de\/blog\/webapp\/\" rel=\"category tag\" style=\"background-color:#009fe3;color:#ffffff;\">Web &amp; App<\/a><\/span>\n\t\t<a href=\"https:\/\/www.sinkacom.de\/blog\/sondercall-digi-zuschuss-hessen\/\" class=\"post-thumbnail-rollover layzr-bg layzr-bg\" ><img decoding=\"async\" class=\"iso-lazy-load preload-me iso-lazy-load aspect\" src=\"data:image\/svg+xml,%3Csvg%20xmlns%3D&#39;http%3A%2F%2Fwww.w3.org%2F2000%2Fsvg&#39;%20viewBox%3D&#39;0%200%20768%20384&#39;%2F%3E\" data-src=\"https:\/\/www.sinkacom.de\/blog\/wp-content\/uploads\/2021\/05\/hand-5870353_1920-768x384.jpg\" data-srcset=\"https:\/\/www.sinkacom.de\/blog\/wp-content\/uploads\/2021\/05\/hand-5870353_1920-768x384.jpg 768w, https:\/\/www.sinkacom.de\/blog\/wp-content\/uploads\/2021\/05\/hand-5870353_1920-1152x576.jpg 1152w\" loading=\"eager\" style=\"--ratio: 768 \/ 384\" sizes=\"(max-width: 768px) 100vw, 768px\" alt=\"Qualifizierungsma\u00dfnahmen Digitalisierung\" title=\"Qualifizierungsma\u00dfnahmen Digitalisierung\" width=\"768\" height=\"384\"  \/><\/a>\t<\/div>\n<\/div>\n\n\n<div class=\"post-entry-content\">\n\n\t<h3 class=\"entry-title\">\n\t\t<a href=\"https:\/\/www.sinkacom.de\/blog\/sondercall-digi-zuschuss-hessen\/\" title=\"Sondercall Digi-Zuschuss &#8211; Hessen\" rel=\"bookmark\">Sondercall Digi-Zuschuss &#8211; Hessen<\/a>\n\t<\/h3>\n\n\t<div class=\"entry-meta\"><span class=\"category-link\"><a href=\"https:\/\/www.sinkacom.de\/blog\/webapp\/\" >Web &amp; App<\/a><\/span><a href=\"https:\/\/www.sinkacom.de\/blog\/2021\/05\/15\/\" title=\"16:15\" class=\"data-link\" rel=\"bookmark\"><time class=\"entry-date updated\" datetime=\"2021-05-15T16:15:45+02:00\">15. Mai 2021<\/time><\/a><\/div>\n\t<div class=\"entry-excerpt\"><p>[vc_row][vc_column][\/vc_column][\/vc_row][vc_row][vc_column][vc_separator][\/vc_column][\/vc_row][vc_row][vc_column][vc_column_text]Hessen erweitert den Digi-Zuschuss um Qualifizierungsma\u00dfnahmen und bietet nun mittels eines Sondercalls die M\u00f6glichkeit sich am 18.05.2021 hierf\u00fcr zu bewerben. Bislang wurden im Rahmen des Digi-Zuschuss durch das Land Hessen Unternehmen bei der digitalen Transformation ihrer Produktions- und Arbeitsprozesse und&hellip;<\/p>\n<\/div>\n\t\n<a href=\"https:\/\/www.sinkacom.de\/blog\/sondercall-digi-zuschuss-hessen\/\" class=\"dt-btn-s dt-btn post-details details-type-btn\" aria-label=\"Lesen Sie mehr \u00fcber Sondercall Digi-Zuschuss &#8211; Hessen\">weiterlesen<i class=\"dt-icon-the7-arrow-03\" aria-hidden=\"true\"><\/i><\/a>\n\n<\/div><\/article><\/div><div class=\"visible wf-cell iso-item category-13 category-2\" data-post-id=\"4046\" data-date=\"2021-04-23T17:24:44+02:00\" data-name=\"Die richtige Software-L\u00f6sung finden \u2013 So einfach geht\u00b4s\"><article class=\"post project-odd visible post-4046 type-post status-publish format-standard has-post-thumbnail hentry category-retail category-webapp tag-ecommerce tag-software category-13 category-2\" data-name=\"Die richtige Software-L\u00f6sung finden \u2013 So einfach geht\u00b4s\" data-date=\"2021-04-23T17:24:44+02:00\">\n\n<div class=\"post-thumbnail-wrap\">\n\t<div class=\"post-thumbnail\">\n\t\t\n\t\t<span class=\"fancy-categories\"><a href=\"https:\/\/www.sinkacom.de\/blog\/retail\/\" rel=\"category tag\" style=\"background-color:#009fe3;color:#ffffff;\">Retail<\/a><a href=\"https:\/\/www.sinkacom.de\/blog\/webapp\/\" rel=\"category tag\" style=\"background-color:#009fe3;color:#ffffff;\">Web &amp; App<\/a><\/span>\n\t\t<a href=\"https:\/\/www.sinkacom.de\/blog\/die-richtige-software-loesung-finden-so-einfach-gehts\/\" class=\"post-thumbnail-rollover layzr-bg layzr-bg\" ><img decoding=\"async\" class=\"iso-lazy-load preload-me iso-lazy-load aspect\" src=\"data:image\/svg+xml,%3Csvg%20xmlns%3D&#39;http%3A%2F%2Fwww.w3.org%2F2000%2Fsvg&#39;%20viewBox%3D&#39;0%200%20768%20384&#39;%2F%3E\" data-src=\"https:\/\/www.sinkacom.de\/blog\/wp-content\/uploads\/2021\/03\/laptop-3174729_1280-768x384.jpg\" data-srcset=\"https:\/\/www.sinkacom.de\/blog\/wp-content\/uploads\/2021\/03\/laptop-3174729_1280-768x384.jpg 768w, https:\/\/www.sinkacom.de\/blog\/wp-content\/uploads\/2021\/03\/laptop-3174729_1280-1152x576.jpg 1152w\" loading=\"eager\" style=\"--ratio: 768 \/ 384\" sizes=\"(max-width: 768px) 100vw, 768px\" alt=\"Software\" title=\"Die richtige Softwarel\u00f6sung finden &#8211; So einfach geht\u00b4s\" width=\"768\" height=\"384\"  \/><\/a>\t<\/div>\n<\/div>\n\n\n<div class=\"post-entry-content\">\n\n\t<h3 class=\"entry-title\">\n\t\t<a href=\"https:\/\/www.sinkacom.de\/blog\/die-richtige-software-loesung-finden-so-einfach-gehts\/\" title=\"Die richtige Software-L\u00f6sung finden \u2013 So einfach geht\u00b4s\" rel=\"bookmark\">Die richtige Software-L\u00f6sung finden \u2013 So einfach geht\u00b4s<\/a>\n\t<\/h3>\n\n\t<div class=\"entry-meta\"><span class=\"category-link\"><a href=\"https:\/\/www.sinkacom.de\/blog\/retail\/\" >Retail<\/a>, <a href=\"https:\/\/www.sinkacom.de\/blog\/webapp\/\" >Web &amp; App<\/a><\/span><a href=\"https:\/\/www.sinkacom.de\/blog\/2021\/04\/23\/\" title=\"17:24\" class=\"data-link\" rel=\"bookmark\"><time class=\"entry-date updated\" datetime=\"2021-04-23T17:24:44+02:00\">23. April 2021<\/time><\/a><\/div>\n\t<div class=\"entry-excerpt\"><p>[vc_row][vc_column][\/vc_column][vc_column][vc_column_text] Software \u2013 die digitale Herausforderung der Zukunft Social Media und E-Commerce statt Zeitschriften und Einkaufspassage \u2013 wer auf digitale Kommunikations- und Vertriebswege mittels neuer Technologie beziehungsweise Software setzt, stellt zus\u00e4tzliche Anforderungen an Faktoren wie Sicherheit, Interoperabilit\u00e4t, Flexibilit\u00e4t, Skalierbarkeit oder&hellip;<\/p>\n<\/div>\n\t\n<a href=\"https:\/\/www.sinkacom.de\/blog\/die-richtige-software-loesung-finden-so-einfach-gehts\/\" class=\"dt-btn-s dt-btn post-details details-type-btn\" aria-label=\"Lesen Sie mehr \u00fcber Die richtige Software-L\u00f6sung finden \u2013 So einfach geht\u00b4s\">weiterlesen<i class=\"dt-icon-the7-arrow-03\" aria-hidden=\"true\"><\/i><\/a>\n\n<\/div><\/article><\/div><div class=\"hidden wf-cell iso-item category-13 category-30 category-2\" data-post-id=\"4020\" data-date=\"2021-04-16T10:00:23+02:00\" data-name=\"Der eigene Online Shop - Das passende Shopsystem f\u00fcr Ihr Gesch\u00e4ftsmodell\"><article class=\"post project-odd visible post-4020 type-post status-publish format-standard has-post-thumbnail hentry category-retail category-veranstaltungen-messen category-webapp tag-corona tag-coronavirus tag-covid-19 tag-e-commerce tag-ecommerce tag-online-seminar tag-online-shop category-13 category-30 category-2\" data-name=\"Der eigene Online Shop &#8211; Das passende Shopsystem f\u00fcr Ihr Gesch\u00e4ftsmodell\" data-date=\"2021-04-16T10:00:23+02:00\">\n\n<div class=\"post-thumbnail-wrap\">\n\t<div class=\"post-thumbnail\">\n\t\t\n\t\t<span class=\"fancy-categories\"><a href=\"https:\/\/www.sinkacom.de\/blog\/retail\/\" rel=\"category tag\" style=\"background-color:#009fe3;color:#ffffff;\">Retail<\/a><a href=\"https:\/\/www.sinkacom.de\/blog\/veranstaltungen-messen\/\" rel=\"category tag\" style=\"background-color:#009fe3;color:#ffffff;\">Veranstaltungen<\/a><a href=\"https:\/\/www.sinkacom.de\/blog\/webapp\/\" rel=\"category tag\" style=\"background-color:#009fe3;color:#ffffff;\">Web &amp; App<\/a><\/span>\n\t\t<a href=\"https:\/\/www.sinkacom.de\/blog\/ihr-eigener-online-shop-so-findest-du-das-passende-shopsystem\/\" class=\"post-thumbnail-rollover layzr-bg layzr-bg\" ><img decoding=\"async\" class=\"iso-lazy-load preload-me iso-lazy-load aspect\" src=\"data:image\/svg+xml,%3Csvg%20xmlns%3D&#39;http%3A%2F%2Fwww.w3.org%2F2000%2Fsvg&#39;%20viewBox%3D&#39;0%200%20768%20384&#39;%2F%3E\" data-src=\"https:\/\/www.sinkacom.de\/blog\/wp-content\/uploads\/2021\/03\/ecommerce-3415340_1280-768x384.jpg\" data-srcset=\"https:\/\/www.sinkacom.de\/blog\/wp-content\/uploads\/2021\/03\/ecommerce-3415340_1280-768x384.jpg 768w, https:\/\/www.sinkacom.de\/blog\/wp-content\/uploads\/2021\/03\/ecommerce-3415340_1280-1152x576.jpg 1152w\" loading=\"eager\" style=\"--ratio: 768 \/ 384\" sizes=\"(max-width: 768px) 100vw, 768px\" alt=\"Online Shop\" title=\"Der eigene Online Shop &#8211; Das passende Shopsystem f\u00fcr Dein Gesch\u00e4ftsmodell\" width=\"768\" height=\"384\"  \/><\/a>\t<\/div>\n<\/div>\n\n\n<div class=\"post-entry-content\">\n\n\t<h3 class=\"entry-title\">\n\t\t<a href=\"https:\/\/www.sinkacom.de\/blog\/ihr-eigener-online-shop-so-findest-du-das-passende-shopsystem\/\" title=\"Der eigene Online Shop &#8211; Das passende Shopsystem f\u00fcr Ihr Gesch\u00e4ftsmodell\" rel=\"bookmark\">Der eigene Online Shop &#8211; Das passende Shopsystem f\u00fcr Ihr Gesch\u00e4ftsmodell<\/a>\n\t<\/h3>\n\n\t<div class=\"entry-meta\"><span class=\"category-link\"><a href=\"https:\/\/www.sinkacom.de\/blog\/retail\/\" >Retail<\/a>, <a href=\"https:\/\/www.sinkacom.de\/blog\/veranstaltungen-messen\/\" >Veranstaltungen<\/a>, <a href=\"https:\/\/www.sinkacom.de\/blog\/webapp\/\" >Web &amp; App<\/a><\/span><a href=\"https:\/\/www.sinkacom.de\/blog\/2021\/04\/16\/\" title=\"10:00\" class=\"data-link\" rel=\"bookmark\"><time class=\"entry-date updated\" datetime=\"2021-04-16T10:00:23+02:00\">16. April 2021<\/time><\/a><\/div>\n\t<div class=\"entry-excerpt\"><p>[vc_row][vc_column][\/vc_column][vc_column][vc_column_text] Die Notwendigkeit eines Online Shops Die Kunden von heute wollen frei entscheiden k\u00f6nnen, wann, wo und wie eingekauft wird, ohne dabei limitierenden Rahmenbedingungen ausgesetzt zu sein. Basierend auf diesem Kundenbed\u00fcrfnis ist der Omnichannel-Vertrieb zum Alltag vieler H\u00e4ndler und Kunden&hellip;<\/p>\n<\/div>\n\t\n<a href=\"https:\/\/www.sinkacom.de\/blog\/ihr-eigener-online-shop-so-findest-du-das-passende-shopsystem\/\" class=\"dt-btn-s dt-btn post-details details-type-btn\" aria-label=\"Lesen Sie mehr \u00fcber Der eigene Online Shop &#8211; Das passende Shopsystem f\u00fcr Ihr Gesch\u00e4ftsmodell\">weiterlesen<i class=\"dt-icon-the7-arrow-03\" aria-hidden=\"true\"><\/i><\/a>\n\n<\/div><\/article><\/div><div class=\"hidden wf-cell iso-item category-3 category-13\" data-post-id=\"3666\" data-date=\"2021-04-09T20:45:52+02:00\" data-name=\"Leerstand - Die Zeit f\u00fcr innovative Konzeptideen ist gekommen\"><article class=\"post project-odd visible post-3666 type-post status-publish format-standard has-post-thumbnail hentry category-innenstadt category-retail tag-innenstadt tag-leerstand tag-leerstandsmanagement tag-online-shop tag-online-shopping tag-pop-up-store tag-retail category-3 category-13\" data-name=\"Leerstand &#8211; Die Zeit f\u00fcr innovative Konzeptideen ist gekommen\" data-date=\"2021-04-09T20:45:52+02:00\">\n\n<div class=\"post-thumbnail-wrap\">\n\t<div class=\"post-thumbnail\">\n\t\t\n\t\t<span class=\"fancy-categories\"><a href=\"https:\/\/www.sinkacom.de\/blog\/innenstadt\/\" rel=\"category tag\" style=\"background-color:#009fe3;color:#ffffff;\">Innenstadt<\/a><a href=\"https:\/\/www.sinkacom.de\/blog\/retail\/\" rel=\"category tag\" style=\"background-color:#009fe3;color:#ffffff;\">Retail<\/a><\/span>\n\t\t<a href=\"https:\/\/www.sinkacom.de\/blog\/leerstand-die-chance-neuer-innenstadtkonzepte\/\" class=\"post-thumbnail-rollover layzr-bg layzr-bg\" ><img decoding=\"async\" class=\"iso-lazy-load preload-me iso-lazy-load aspect\" src=\"data:image\/svg+xml,%3Csvg%20xmlns%3D&#39;http%3A%2F%2Fwww.w3.org%2F2000%2Fsvg&#39;%20viewBox%3D&#39;0%200%20768%20384&#39;%2F%3E\" data-src=\"https:\/\/www.sinkacom.de\/blog\/wp-content\/uploads\/2020\/10\/Leerstand-768x384.jpeg\" data-srcset=\"https:\/\/www.sinkacom.de\/blog\/wp-content\/uploads\/2020\/10\/Leerstand-768x384.jpeg 768w, https:\/\/www.sinkacom.de\/blog\/wp-content\/uploads\/2020\/10\/Leerstand-1152x576.jpeg 1152w\" loading=\"eager\" style=\"--ratio: 768 \/ 384\" sizes=\"(max-width: 768px) 100vw, 768px\" alt=\"Leerstand - Die Chance neuer Innenstadtkonzepte\" title=\"Leerstand\" width=\"768\" height=\"384\"  \/><\/a>\t<\/div>\n<\/div>\n\n\n<div class=\"post-entry-content\">\n\n\t<h3 class=\"entry-title\">\n\t\t<a href=\"https:\/\/www.sinkacom.de\/blog\/leerstand-die-chance-neuer-innenstadtkonzepte\/\" title=\"Leerstand &#8211; Die Zeit f\u00fcr innovative Konzeptideen ist gekommen\" rel=\"bookmark\">Leerstand &#8211; Die Zeit f\u00fcr innovative Konzeptideen ist gekommen<\/a>\n\t<\/h3>\n\n\t<div class=\"entry-meta\"><span class=\"category-link\"><a href=\"https:\/\/www.sinkacom.de\/blog\/innenstadt\/\" >Innenstadt<\/a>, <a href=\"https:\/\/www.sinkacom.de\/blog\/retail\/\" >Retail<\/a><\/span><a href=\"https:\/\/www.sinkacom.de\/blog\/2021\/04\/09\/\" title=\"20:45\" class=\"data-link\" rel=\"bookmark\"><time class=\"entry-date updated\" datetime=\"2021-04-09T20:45:52+02:00\">09. April 2021<\/time><\/a><\/div>\n\t<div class=\"entry-excerpt\"><p>[vc_row][vc_column][\/vc_column][vc_column][vc_column_text] Leerst\u00e4nde &#8211; Ver\u00f6dung der Innenst\u00e4dte Runtergelassene Rolll\u00e4den leerstehender Ladengesch\u00e4fte und r\u00fcckl\u00e4ufige Besucherzahlen, eine allzu bekannte Situation vieler Innenst\u00e4dte. Der Leerstand, ein Teufelskreis, dessen Abw\u00e4rtsspirale f\u00fcr die meisten St\u00e4dte schwer aufzuhalten ist. Die St\u00e4dte k\u00e4mpfen um das Image ihrer Ladenstra\u00dfen&hellip;<\/p>\n<\/div>\n\t\n<a href=\"https:\/\/www.sinkacom.de\/blog\/leerstand-die-chance-neuer-innenstadtkonzepte\/\" class=\"dt-btn-s dt-btn post-details details-type-btn\" aria-label=\"Lesen Sie mehr \u00fcber Leerstand &#8211; Die Zeit f\u00fcr innovative Konzeptideen ist gekommen\">weiterlesen<i class=\"dt-icon-the7-arrow-03\" aria-hidden=\"true\"><\/i><\/a>\n\n<\/div><\/article><\/div><div class=\"hidden wf-cell iso-item category-3 category-13\" data-post-id=\"3501\" data-date=\"2021-03-26T13:38:05+01:00\" data-name=\"Branchenmix als Zukunftschance der Innenst\u00e4dte\"><article class=\"post project-odd visible post-3501 type-post status-publish format-standard has-post-thumbnail hentry category-innenstadt category-retail tag-innenstadt category-3 category-13\" data-name=\"Branchenmix als Zukunftschance der Innenst\u00e4dte\" data-date=\"2021-03-26T13:38:05+01:00\">\n\n<div class=\"post-thumbnail-wrap\">\n\t<div class=\"post-thumbnail\">\n\t\t\n\t\t<span class=\"fancy-categories\"><a href=\"https:\/\/www.sinkacom.de\/blog\/innenstadt\/\" rel=\"category tag\" style=\"background-color:#009fe3;color:#ffffff;\">Innenstadt<\/a><a href=\"https:\/\/www.sinkacom.de\/blog\/retail\/\" rel=\"category tag\" style=\"background-color:#009fe3;color:#ffffff;\">Retail<\/a><\/span>\n\t\t<a href=\"https:\/\/www.sinkacom.de\/blog\/branchenmix-als-zukunftschance-der-innenstaedte\/\" class=\"post-thumbnail-rollover layzr-bg layzr-bg\" ><img decoding=\"async\" class=\"iso-lazy-load preload-me iso-lazy-load aspect\" src=\"data:image\/svg+xml,%3Csvg%20xmlns%3D&#39;http%3A%2F%2Fwww.w3.org%2F2000%2Fsvg&#39;%20viewBox%3D&#39;0%200%20768%20384&#39;%2F%3E\" data-src=\"https:\/\/www.sinkacom.de\/blog\/wp-content\/uploads\/2020\/09\/Bild-2-Caf\u00e9-768x384.jpg\" data-srcset=\"https:\/\/www.sinkacom.de\/blog\/wp-content\/uploads\/2020\/09\/Bild-2-Caf\u00e9-768x384.jpg 768w, https:\/\/www.sinkacom.de\/blog\/wp-content\/uploads\/2020\/09\/Bild-2-Caf\u00e9-1152x576.jpg 1152w\" loading=\"eager\" style=\"--ratio: 768 \/ 384\" sizes=\"(max-width: 768px) 100vw, 768px\" alt=\"Branchenmix\" title=\"Branchenmix als Zukunftschance der Innenst\u00e4dte\" width=\"768\" height=\"384\"  \/><\/a>\t<\/div>\n<\/div>\n\n\n<div class=\"post-entry-content\">\n\n\t<h3 class=\"entry-title\">\n\t\t<a href=\"https:\/\/www.sinkacom.de\/blog\/branchenmix-als-zukunftschance-der-innenstaedte\/\" title=\"Branchenmix als Zukunftschance der Innenst\u00e4dte\" rel=\"bookmark\">Branchenmix als Zukunftschance der Innenst\u00e4dte<\/a>\n\t<\/h3>\n\n\t<div class=\"entry-meta\"><span class=\"category-link\"><a href=\"https:\/\/www.sinkacom.de\/blog\/innenstadt\/\" >Innenstadt<\/a>, <a href=\"https:\/\/www.sinkacom.de\/blog\/retail\/\" >Retail<\/a><\/span><a href=\"https:\/\/www.sinkacom.de\/blog\/2021\/03\/26\/\" title=\"13:38\" class=\"data-link\" rel=\"bookmark\"><time class=\"entry-date updated\" datetime=\"2021-03-26T13:38:05+01:00\">26. M\u00e4rz 2021<\/time><\/a><\/div>\n\t<div class=\"entry-excerpt\"><p>[vc_row][vc_column][\/vc_column][vc_column][vc_column_text] Entwicklung der Innenst\u00e4dte Bisher waren die Stadtzentren durch Gastronomie, Handel und B\u00fcrofl\u00e4chen gepr\u00e4gt. Damit einhergehend waren die meisten Innenst\u00e4dte nach Gesch\u00e4ftsschluss leergefegt. Neue Gesch\u00e4ftsmodelle mit innovativen Mischnutzkonzepten aus Gastronomie, Handel, Wohnen, Kunst und B\u00fcros sollen die Funktionalit\u00e4t und Vielfalt&hellip;<\/p>\n<\/div>\n\t\n<a href=\"https:\/\/www.sinkacom.de\/blog\/branchenmix-als-zukunftschance-der-innenstaedte\/\" class=\"dt-btn-s dt-btn post-details details-type-btn\" aria-label=\"Lesen Sie mehr \u00fcber Branchenmix als Zukunftschance der Innenst\u00e4dte\">weiterlesen<i class=\"dt-icon-the7-arrow-03\" aria-hidden=\"true\"><\/i><\/a>\n\n<\/div><\/article><\/div><div class=\"hidden wf-cell iso-item category-13 category-2\" data-post-id=\"3942\" data-date=\"2021-03-12T09:35:04+01:00\" data-name=\"Herausforderungen f\u00fcr Onlineh\u00e4ndler im Jahr 2021\"><article class=\"post project-odd visible post-3942 type-post status-publish format-standard has-post-thumbnail hentry category-retail category-webapp category-13 category-2\" data-name=\"Herausforderungen f\u00fcr Onlineh\u00e4ndler im Jahr 2021\" data-date=\"2021-03-12T09:35:04+01:00\">\n\n<div class=\"post-thumbnail-wrap\">\n\t<div class=\"post-thumbnail\">\n\t\t\n\t\t<span class=\"fancy-categories\"><a href=\"https:\/\/www.sinkacom.de\/blog\/retail\/\" rel=\"category tag\" style=\"background-color:#009fe3;color:#ffffff;\">Retail<\/a><a href=\"https:\/\/www.sinkacom.de\/blog\/webapp\/\" rel=\"category tag\" style=\"background-color:#009fe3;color:#ffffff;\">Web &amp; App<\/a><\/span>\n\t\t<a href=\"https:\/\/www.sinkacom.de\/blog\/herausforderungen-fuer-onlinehaendler-im-jahr-2021\/\" class=\"post-thumbnail-rollover layzr-bg layzr-bg\" ><img decoding=\"async\" class=\"iso-lazy-load preload-me iso-lazy-load aspect\" src=\"data:image\/svg+xml,%3Csvg%20xmlns%3D&#39;http%3A%2F%2Fwww.w3.org%2F2000%2Fsvg&#39;%20viewBox%3D&#39;0%200%20768%20384&#39;%2F%3E\" data-src=\"https:\/\/www.sinkacom.de\/blog\/wp-content\/uploads\/2021\/02\/Onlineh\u00e4ndler-768x384.jpg\" data-srcset=\"https:\/\/www.sinkacom.de\/blog\/wp-content\/uploads\/2021\/02\/Onlineh\u00e4ndler-768x384.jpg 768w, https:\/\/www.sinkacom.de\/blog\/wp-content\/uploads\/2021\/02\/Onlineh\u00e4ndler-1152x576.jpg 1152w\" loading=\"eager\" style=\"--ratio: 768 \/ 384\" sizes=\"(max-width: 768px) 100vw, 768px\" alt=\"Herausforderungen f\u00fcr Onlineh\u00e4ndler im Jahr 2021\" title=\"Onlineh\u00e4ndler\" width=\"768\" height=\"384\"  \/><\/a>\t<\/div>\n<\/div>\n\n\n<div class=\"post-entry-content\">\n\n\t<h3 class=\"entry-title\">\n\t\t<a href=\"https:\/\/www.sinkacom.de\/blog\/herausforderungen-fuer-onlinehaendler-im-jahr-2021\/\" title=\"Herausforderungen f\u00fcr Onlineh\u00e4ndler im Jahr 2021\" rel=\"bookmark\">Herausforderungen f\u00fcr Onlineh\u00e4ndler im Jahr 2021<\/a>\n\t<\/h3>\n\n\t<div class=\"entry-meta\"><span class=\"category-link\"><a href=\"https:\/\/www.sinkacom.de\/blog\/retail\/\" >Retail<\/a>, <a href=\"https:\/\/www.sinkacom.de\/blog\/webapp\/\" >Web &amp; App<\/a><\/span><a href=\"https:\/\/www.sinkacom.de\/blog\/2021\/03\/12\/\" title=\"09:35\" class=\"data-link\" rel=\"bookmark\"><time class=\"entry-date updated\" datetime=\"2021-03-12T09:35:04+01:00\">12. M\u00e4rz 2021<\/time><\/a><\/div>\n\t<div class=\"entry-excerpt\"><p>[vc_row][vc_column][\/vc_column][vc_column][vc_column_text] Der Wandel im Handel W\u00e4hrend das Jahr 2020 stark von der Covid-19 Pandemie gepr\u00e4gt war und der station\u00e4re Handel \u00fcber Monate geschlossen blieb, hat sich der eCommerce zum wahren Gewinner der Situation entwickelt. Wer shoppen wollte, musste das Internet&hellip;<\/p>\n<\/div>\n\t\n<a href=\"https:\/\/www.sinkacom.de\/blog\/herausforderungen-fuer-onlinehaendler-im-jahr-2021\/\" class=\"dt-btn-s dt-btn post-details details-type-btn\" aria-label=\"Lesen Sie mehr \u00fcber Herausforderungen f\u00fcr Onlineh\u00e4ndler im Jahr 2021\">weiterlesen<i class=\"dt-icon-the7-arrow-03\" aria-hidden=\"true\"><\/i><\/a>\n\n<\/div><\/article><\/div><div class=\"hidden wf-cell iso-item category-2\" data-post-id=\"3207\" data-date=\"2021-02-26T15:23:31+01:00\" data-name=\"Unser Digitalisierungscheck\"><article class=\"post project-odd visible post-3207 type-post status-publish format-standard has-post-thumbnail hentry category-webapp tag-digitale-transformation tag-digitaler-wandel tag-digitalisierung tag-handwerk tag-kmu tag-online-praesenz tag-software tag-web-app tag-zukunft category-2\" data-name=\"Unser Digitalisierungscheck\" data-date=\"2021-02-26T15:23:31+01:00\">\n\n<div class=\"post-thumbnail-wrap\">\n\t<div class=\"post-thumbnail\">\n\t\t\n\t\t<span class=\"fancy-categories\"><a href=\"https:\/\/www.sinkacom.de\/blog\/webapp\/\" rel=\"category tag\" style=\"background-color:#009fe3;color:#ffffff;\">Web &amp; App<\/a><\/span>\n\t\t<a href=\"https:\/\/www.sinkacom.de\/blog\/unser-digitalisierungscheck\/\" class=\"post-thumbnail-rollover layzr-bg layzr-bg\" ><img decoding=\"async\" class=\"iso-lazy-load preload-me iso-lazy-load aspect\" src=\"data:image\/svg+xml,%3Csvg%20xmlns%3D&#39;http%3A%2F%2Fwww.w3.org%2F2000%2Fsvg&#39;%20viewBox%3D&#39;0%200%20768%20384&#39;%2F%3E\" data-src=\"https:\/\/www.sinkacom.de\/blog\/wp-content\/uploads\/2020\/08\/check-768x384.png\" data-srcset=\"https:\/\/www.sinkacom.de\/blog\/wp-content\/uploads\/2020\/08\/check-768x384.png 768w, https:\/\/www.sinkacom.de\/blog\/wp-content\/uploads\/2020\/08\/check-957x478.png 957w\" loading=\"eager\" style=\"--ratio: 768 \/ 384\" sizes=\"(max-width: 768px) 100vw, 768px\" alt=\"Digitalisierung\" title=\"Wie digital ist Ihr Unternehmen?\" width=\"768\" height=\"384\"  \/><\/a>\t<\/div>\n<\/div>\n\n\n<div class=\"post-entry-content\">\n\n\t<h3 class=\"entry-title\">\n\t\t<a href=\"https:\/\/www.sinkacom.de\/blog\/unser-digitalisierungscheck\/\" title=\"Unser Digitalisierungscheck\" rel=\"bookmark\">Unser Digitalisierungscheck<\/a>\n\t<\/h3>\n\n\t<div class=\"entry-meta\"><span class=\"category-link\"><a href=\"https:\/\/www.sinkacom.de\/blog\/webapp\/\" >Web &amp; App<\/a><\/span><a href=\"https:\/\/www.sinkacom.de\/blog\/2021\/02\/26\/\" title=\"15:23\" class=\"data-link\" rel=\"bookmark\"><time class=\"entry-date updated\" datetime=\"2021-02-26T15:23:31+01:00\">26. Februar 2021<\/time><\/a><\/div>\n\t<div class=\"entry-excerpt\"><p>[vc_row][vc_column][\/vc_column][\/vc_row][vc_row][vc_column][vc_column_text]Die SinkaCom AG unterst\u00fctzt als IT-Experte Unternehmen, beispielsweise die des Handwerks, darin zu ermitteln, wie digital sie schon sind. Au\u00dferdem welche M\u00f6glichkeiten sich ihnen angesichts der Digitalisierung \u00fcberhaupt bieten und wie sie Schritt f\u00fcr Schritt (weitere) digitale Gesch\u00e4ftsprozesse und -strategien&hellip;<\/p>\n<\/div>\n\t\n<a href=\"https:\/\/www.sinkacom.de\/blog\/unser-digitalisierungscheck\/\" class=\"dt-btn-s dt-btn post-details details-type-btn\" aria-label=\"Lesen Sie mehr \u00fcber Unser Digitalisierungscheck\">weiterlesen<i class=\"dt-icon-the7-arrow-03\" aria-hidden=\"true\"><\/i><\/a>\n\n<\/div><\/article><\/div><div class=\"hidden wf-cell iso-item category-2\" data-post-id=\"3190\" data-date=\"2021-02-12T11:09:34+01:00\" data-name=\"Die Digitalisierung und ihre H\u00fcrden im Handwerk\"><article class=\"post project-odd visible post-3190 type-post status-publish format-standard has-post-thumbnail hentry category-webapp tag-digitale-transformation tag-digitaler-wandel tag-digitalisierung tag-handwerk tag-ki tag-kmu tag-online-praesenz tag-social-media tag-software tag-web-app tag-zukunft category-2\" data-name=\"Die Digitalisierung und ihre H\u00fcrden im Handwerk\" data-date=\"2021-02-12T11:09:34+01:00\">\n\n<div class=\"post-thumbnail-wrap\">\n\t<div class=\"post-thumbnail\">\n\t\t\n\t\t<span class=\"fancy-categories\"><a href=\"https:\/\/www.sinkacom.de\/blog\/webapp\/\" rel=\"category tag\" style=\"background-color:#009fe3;color:#ffffff;\">Web &amp; App<\/a><\/span>\n\t\t<a href=\"https:\/\/www.sinkacom.de\/blog\/die-digitalisierung-und-ihre-huerden-im-handwerk\/\" class=\"post-thumbnail-rollover layzr-bg layzr-bg\" ><img decoding=\"async\" class=\"iso-lazy-load preload-me iso-lazy-load aspect\" src=\"data:image\/svg+xml,%3Csvg%20xmlns%3D&#39;http%3A%2F%2Fwww.w3.org%2F2000%2Fsvg&#39;%20viewBox%3D&#39;0%200%20768%20384&#39;%2F%3E\" data-src=\"https:\/\/www.sinkacom.de\/blog\/wp-content\/uploads\/2020\/08\/handwerk-3-2-768x384.jpg\" data-srcset=\"https:\/\/www.sinkacom.de\/blog\/wp-content\/uploads\/2020\/08\/handwerk-3-2-768x384.jpg 768w, https:\/\/www.sinkacom.de\/blog\/wp-content\/uploads\/2020\/08\/handwerk-3-2-1152x576.jpg 1152w\" loading=\"eager\" style=\"--ratio: 768 \/ 384\" sizes=\"(max-width: 768px) 100vw, 768px\" alt=\"Digitalisierung Handwerk\" title=\"Wie steht es im Handwerk um die Digitalisierung?\" width=\"768\" height=\"384\"  \/><\/a>\t<\/div>\n<\/div>\n\n\n<div class=\"post-entry-content\">\n\n\t<h3 class=\"entry-title\">\n\t\t<a href=\"https:\/\/www.sinkacom.de\/blog\/die-digitalisierung-und-ihre-huerden-im-handwerk\/\" title=\"Die Digitalisierung und ihre H\u00fcrden im Handwerk\" rel=\"bookmark\">Die Digitalisierung und ihre H\u00fcrden im Handwerk<\/a>\n\t<\/h3>\n\n\t<div class=\"entry-meta\"><span class=\"category-link\"><a href=\"https:\/\/www.sinkacom.de\/blog\/webapp\/\" >Web &amp; App<\/a><\/span><a href=\"https:\/\/www.sinkacom.de\/blog\/2021\/02\/12\/\" title=\"11:09\" class=\"data-link\" rel=\"bookmark\"><time class=\"entry-date updated\" datetime=\"2021-02-12T11:09:34+01:00\">12. Februar 2021<\/time><\/a><\/div>\n\t<div class=\"entry-excerpt\"><p>[vc_row][vc_column][\/vc_column][\/vc_row][vc_row][vc_column][vc_column_text]Immer mehr Handwerksbetriebe machen sich die digitale Transformation zunutze, um Arbeitsprozesse effektiver zu gestalten. So hat sich der Digitalisierungsindex des Handwerks um einen Punkt verbessert und liegt laut der techconsult-Studie \u201eDigitalisierungsindex Mittelstand 2019\/2020\u201c bereits bei 57 von 100 Punkten. Der&hellip;<\/p>\n<\/div>\n\t\n<a href=\"https:\/\/www.sinkacom.de\/blog\/die-digitalisierung-und-ihre-huerden-im-handwerk\/\" class=\"dt-btn-s dt-btn post-details details-type-btn\" aria-label=\"Lesen Sie mehr \u00fcber Die Digitalisierung und ihre H\u00fcrden im Handwerk\">weiterlesen<i class=\"dt-icon-the7-arrow-03\" aria-hidden=\"true\"><\/i><\/a>\n\n<\/div><\/article><\/div><div class=\"hidden wf-cell iso-item category-2\" data-post-id=\"3918\" data-date=\"2021-02-05T15:30:28+01:00\" data-name=\"Ph\u00e4nomen Clubhouse App\"><article class=\"post project-odd visible post-3918 type-post status-publish format-standard has-post-thumbnail hentry category-webapp tag-covid-19 tag-digitalisierung tag-social-media category-2\" data-name=\"Ph\u00e4nomen Clubhouse App\" data-date=\"2021-02-05T15:30:28+01:00\">\n\n<div class=\"post-thumbnail-wrap\">\n\t<div class=\"post-thumbnail\">\n\t\t\n\t\t<span class=\"fancy-categories\"><a href=\"https:\/\/www.sinkacom.de\/blog\/webapp\/\" rel=\"category tag\" style=\"background-color:#009fe3;color:#ffffff;\">Web &amp; App<\/a><\/span>\n\t\t<a href=\"https:\/\/www.sinkacom.de\/blog\/phaenomen-clubhouse-app\/\" class=\"post-thumbnail-rollover layzr-bg layzr-bg\" ><img decoding=\"async\" class=\"iso-lazy-load preload-me iso-lazy-load aspect\" src=\"data:image\/svg+xml,%3Csvg%20xmlns%3D&#39;http%3A%2F%2Fwww.w3.org%2F2000%2Fsvg&#39;%20viewBox%3D&#39;0%200%20768%20384&#39;%2F%3E\" data-src=\"https:\/\/www.sinkacom.de\/blog\/wp-content\/uploads\/2021\/01\/Podcast-768x384.jpg\" data-srcset=\"https:\/\/www.sinkacom.de\/blog\/wp-content\/uploads\/2021\/01\/Podcast-768x384.jpg 768w, https:\/\/www.sinkacom.de\/blog\/wp-content\/uploads\/2021\/01\/Podcast-1152x576.jpg 1152w\" loading=\"eager\" style=\"--ratio: 768 \/ 384\" sizes=\"(max-width: 768px) 100vw, 768px\" alt=\"Ph\u00e4nomen Clubhouse App\" title=\"Ph\u00e4nomen Clubhouse App\" width=\"768\" height=\"384\"  \/><\/a>\t<\/div>\n<\/div>\n\n\n<div class=\"post-entry-content\">\n\n\t<h3 class=\"entry-title\">\n\t\t<a href=\"https:\/\/www.sinkacom.de\/blog\/phaenomen-clubhouse-app\/\" title=\"Ph\u00e4nomen Clubhouse App\" rel=\"bookmark\">Ph\u00e4nomen Clubhouse App<\/a>\n\t<\/h3>\n\n\t<div class=\"entry-meta\"><span class=\"category-link\"><a href=\"https:\/\/www.sinkacom.de\/blog\/webapp\/\" >Web &amp; App<\/a><\/span><a href=\"https:\/\/www.sinkacom.de\/blog\/2021\/02\/05\/\" title=\"15:30\" class=\"data-link\" rel=\"bookmark\"><time class=\"entry-date updated\" datetime=\"2021-02-05T15:30:28+01:00\">05. Februar 2021<\/time><\/a><\/div>\n\t<div class=\"entry-excerpt\"><p>[vc_row][vc_column][\/vc_column][vc_column][vc_column_text] Clubhouse \u2013 Der neue Social-Media Hype Die App Clubhouse ist zurzeit vielerorts Gespr\u00e4chsthema Nummer 1. Die Meinungen sind hierbei allerdings gespalten. W\u00e4hrend die einen die Plattform loben, \u00e4u\u00dfern sich andere kritisch \u00fcber insbesondere den Datenschutz bez\u00fcglich der App. Die&hellip;<\/p>\n<\/div>\n\t\n<a href=\"https:\/\/www.sinkacom.de\/blog\/phaenomen-clubhouse-app\/\" class=\"dt-btn-s dt-btn post-details details-type-btn\" aria-label=\"Lesen Sie mehr \u00fcber Ph\u00e4nomen Clubhouse App\">weiterlesen<i class=\"dt-icon-the7-arrow-03\" aria-hidden=\"true\"><\/i><\/a>\n\n<\/div><\/article><\/div><div class=\"hidden wf-cell iso-item category-2\" data-post-id=\"2277\" data-date=\"2021-01-29T14:50:56+01:00\" data-name=\"K\u00fcnstlichen Intelligenzen: Welches Potenzial steckt in ihnen?\"><article class=\"post project-odd visible post-2277 type-post status-publish format-standard has-post-thumbnail hentry category-webapp tag-chatbots tag-digitale-transformation tag-digitaler-wandel tag-digitalisierung tag-ki tag-kundenservice tag-kuenstliche-intelligenz tag-zukunft category-2\" data-name=\"K\u00fcnstlichen Intelligenzen: Welches Potenzial steckt in ihnen?\" data-date=\"2021-01-29T14:50:56+01:00\">\n\n<div class=\"post-thumbnail-wrap\">\n\t<div class=\"post-thumbnail\">\n\t\t\n\t\t<span class=\"fancy-categories\"><a href=\"https:\/\/www.sinkacom.de\/blog\/webapp\/\" rel=\"category tag\" style=\"background-color:#009fe3;color:#ffffff;\">Web &amp; App<\/a><\/span>\n\t\t<a href=\"https:\/\/www.sinkacom.de\/blog\/kuenstlichen-intelligenzen-welches-potenzial-steckt-in-ihnen\/\" class=\"post-thumbnail-rollover layzr-bg layzr-bg\" ><img decoding=\"async\" class=\"iso-lazy-load preload-me iso-lazy-load aspect\" src=\"data:image\/svg+xml,%3Csvg%20xmlns%3D&#39;http%3A%2F%2Fwww.w3.org%2F2000%2Fsvg&#39;%20viewBox%3D&#39;0%200%20768%20384&#39;%2F%3E\" data-src=\"https:\/\/www.sinkacom.de\/blog\/wp-content\/uploads\/2020\/01\/design-thinking-768x384.png\" data-srcset=\"https:\/\/www.sinkacom.de\/blog\/wp-content\/uploads\/2020\/01\/design-thinking-768x384.png 768w, https:\/\/www.sinkacom.de\/blog\/wp-content\/uploads\/2020\/01\/design-thinking-957x478.png 957w\" loading=\"eager\" style=\"--ratio: 768 \/ 384\" sizes=\"(max-width: 768px) 100vw, 768px\" alt=\"Potenzial\" title=\"K\u00fcnstliche Intelligenzen bieten ein enormes Potenzial, das die Wettbewerbsf\u00e4higkeit von kleinen, mittleren und gro\u00dfen Unternehmen steigert.\" width=\"768\" height=\"384\"  \/><\/a>\t<\/div>\n<\/div>\n\n\n<div class=\"post-entry-content\">\n\n\t<h3 class=\"entry-title\">\n\t\t<a href=\"https:\/\/www.sinkacom.de\/blog\/kuenstlichen-intelligenzen-welches-potenzial-steckt-in-ihnen\/\" title=\"K\u00fcnstlichen Intelligenzen: Welches Potenzial steckt in ihnen?\" rel=\"bookmark\">K\u00fcnstlichen Intelligenzen: Welches Potenzial steckt in ihnen?<\/a>\n\t<\/h3>\n\n\t<div class=\"entry-meta\"><span class=\"category-link\"><a href=\"https:\/\/www.sinkacom.de\/blog\/webapp\/\" >Web &amp; App<\/a><\/span><a href=\"https:\/\/www.sinkacom.de\/blog\/2021\/01\/29\/\" title=\"14:50\" class=\"data-link\" rel=\"bookmark\"><time class=\"entry-date updated\" datetime=\"2021-01-29T14:50:56+01:00\">29. Januar 2021<\/time><\/a><\/div>\n\t<div class=\"entry-excerpt\"><p>[vc_row][vc_column][\/vc_column][vc_column][vc_column_text] Kaum eine Technologie birgt so viel Potenzial wie die der K\u00fcnstlichen Intelligenz. Intelligente, lernende Maschinen \u2013 von Chatbots im Kundenservice \u00fcber Produktempfehlungen in Online-Shops bis zur Krebserkennung im MRT \u2013 bringen massive Innovationen mit sich. Sie steigern die Wettbewerbsf\u00e4higkeit&hellip;<\/p>\n<\/div>\n\t\n<a href=\"https:\/\/www.sinkacom.de\/blog\/kuenstlichen-intelligenzen-welches-potenzial-steckt-in-ihnen\/\" class=\"dt-btn-s dt-btn post-details details-type-btn\" aria-label=\"Lesen Sie mehr \u00fcber K\u00fcnstlichen Intelligenzen: Welches Potenzial steckt in ihnen?\">weiterlesen<i class=\"dt-icon-the7-arrow-03\" aria-hidden=\"true\"><\/i><\/a>\n\n<\/div><\/article><\/div><div class=\"hidden wf-cell iso-item category-2\" data-post-id=\"2100\" data-date=\"2021-01-21T08:41:01+01:00\" data-name=\"Keine Angst vor der KI: Wie intelligente Maschinen uns das Leben leichter machen\"><article class=\"post project-odd visible post-2100 type-post status-publish format-standard has-post-thumbnail hentry category-webapp tag-chatbots tag-digitale-transformation tag-digitaler-wandel tag-digitalisierung tag-ki tag-kuenstliche-intelligenz tag-zukunft category-2\" data-name=\"Keine Angst vor der KI: Wie intelligente Maschinen uns das Leben leichter machen\" data-date=\"2021-01-21T08:41:01+01:00\">\n\n<div class=\"post-thumbnail-wrap\">\n\t<div class=\"post-thumbnail\">\n\t\t\n\t\t<span class=\"fancy-categories\"><a href=\"https:\/\/www.sinkacom.de\/blog\/webapp\/\" rel=\"category tag\" style=\"background-color:#009fe3;color:#ffffff;\">Web &amp; App<\/a><\/span>\n\t\t<a href=\"https:\/\/www.sinkacom.de\/blog\/keine-angst-vor-der-ki-wie-intelligente-maschinen-uns-das-leben-leichter-machen\/\" class=\"post-thumbnail-rollover layzr-bg layzr-bg\" ><img decoding=\"async\" class=\"iso-lazy-load preload-me iso-lazy-load aspect\" src=\"data:image\/svg+xml,%3Csvg%20xmlns%3D&#39;http%3A%2F%2Fwww.w3.org%2F2000%2Fsvg&#39;%20viewBox%3D&#39;0%200%20768%20384&#39;%2F%3E\" data-src=\"https:\/\/www.sinkacom.de\/blog\/wp-content\/uploads\/2020\/02\/ki-2-768x384.png\" data-srcset=\"https:\/\/www.sinkacom.de\/blog\/wp-content\/uploads\/2020\/02\/ki-2-768x384.png 768w, https:\/\/www.sinkacom.de\/blog\/wp-content\/uploads\/2020\/02\/ki-2-802x401.png 802w\" loading=\"eager\" style=\"--ratio: 768 \/ 384\" sizes=\"(max-width: 768px) 100vw, 768px\" alt=\"K\u00fcnstliche Intelligenz KI\" title=\"K\u00fcnstliche Intelligenz formt den zuk\u00fcnftigen (Unternehmens-)Alltag\" width=\"768\" height=\"384\"  \/><\/a>\t<\/div>\n<\/div>\n\n\n<div class=\"post-entry-content\">\n\n\t<h3 class=\"entry-title\">\n\t\t<a href=\"https:\/\/www.sinkacom.de\/blog\/keine-angst-vor-der-ki-wie-intelligente-maschinen-uns-das-leben-leichter-machen\/\" title=\"Keine Angst vor der KI: Wie intelligente Maschinen uns das Leben leichter machen\" rel=\"bookmark\">Keine Angst vor der KI: Wie intelligente Maschinen uns das Leben leichter machen<\/a>\n\t<\/h3>\n\n\t<div class=\"entry-meta\"><span class=\"category-link\"><a href=\"https:\/\/www.sinkacom.de\/blog\/webapp\/\" >Web &amp; App<\/a><\/span><a href=\"https:\/\/www.sinkacom.de\/blog\/2021\/01\/21\/\" title=\"08:41\" class=\"data-link\" rel=\"bookmark\"><time class=\"entry-date updated\" datetime=\"2021-01-21T08:41:01+01:00\">21. Januar 2021<\/time><\/a><\/div>\n\t<div class=\"entry-excerpt\"><p>[vc_row][vc_column][\/vc_column][vc_column][vc_column_text]Das Potential k\u00fcnstlicher Intelligenzen ist immens. Erstmals in den 1950er Jahren erdacht, lassen sich intelligente Maschinen erst seit relativ kurzer Zeit ressourcentechnisch umsetzen und durch entsprechende Technologien weiterentwickeln. Mittlerweile sind sie sogar im Unternehmensalltag angekommen! Mehr noch: Sie ver\u00e4ndern, wie&hellip;<\/p>\n<\/div>\n\t\n<a href=\"https:\/\/www.sinkacom.de\/blog\/keine-angst-vor-der-ki-wie-intelligente-maschinen-uns-das-leben-leichter-machen\/\" class=\"dt-btn-s dt-btn post-details details-type-btn\" aria-label=\"Lesen Sie mehr \u00fcber Keine Angst vor der KI: Wie intelligente Maschinen uns das Leben leichter machen\">weiterlesen<i class=\"dt-icon-the7-arrow-03\" aria-hidden=\"true\"><\/i><\/a>\n\n<\/div><\/article><\/div><div class=\"hidden wf-cell iso-item category-13\" data-post-id=\"3871\" data-date=\"2021-01-15T11:03:43+01:00\" data-name=\"Das Verpackungsgesetzt \u2013 Verpackungen nachhaltiger machen\"><article class=\"post project-odd visible post-3871 type-post status-publish format-standard has-post-thumbnail hentry category-retail tag-nachhaltigkeit tag-recycling tag-systembeteiligungspflicht tag-verpackungsgesetz category-13\" data-name=\"Das Verpackungsgesetzt \u2013 Verpackungen nachhaltiger machen\" data-date=\"2021-01-15T11:03:43+01:00\">\n\n<div class=\"post-thumbnail-wrap\">\n\t<div class=\"post-thumbnail\">\n\t\t\n\t\t<span class=\"fancy-categories\"><a href=\"https:\/\/www.sinkacom.de\/blog\/retail\/\" rel=\"category tag\" style=\"background-color:#009fe3;color:#ffffff;\">Retail<\/a><\/span>\n\t\t<a href=\"https:\/\/www.sinkacom.de\/blog\/das-verpackungsgesetzt-verpackungen-nachhaltiger-machen\/\" class=\"post-thumbnail-rollover layzr-bg layzr-bg\" ><img decoding=\"async\" class=\"iso-lazy-load preload-me iso-lazy-load aspect\" src=\"data:image\/svg+xml,%3Csvg%20xmlns%3D&#39;http%3A%2F%2Fwww.w3.org%2F2000%2Fsvg&#39;%20viewBox%3D&#39;0%200%20768%20384&#39;%2F%3E\" data-src=\"https:\/\/www.sinkacom.de\/blog\/wp-content\/uploads\/2021\/01\/Verpackungen-768x384.jpeg\" data-srcset=\"https:\/\/www.sinkacom.de\/blog\/wp-content\/uploads\/2021\/01\/Verpackungen-768x384.jpeg 768w, https:\/\/www.sinkacom.de\/blog\/wp-content\/uploads\/2021\/01\/Verpackungen-1152x576.jpeg 1152w\" loading=\"eager\" style=\"--ratio: 768 \/ 384\" sizes=\"(max-width: 768px) 100vw, 768px\" alt=\"Das Verpackungsgesetzt \u2013 Verpackungen nachhaltiger machen\" title=\"Das Verpackungsgesetzt \u2013 Verpackungen nachhaltiger machen\" width=\"768\" height=\"384\"  \/><\/a>\t<\/div>\n<\/div>\n\n\n<div class=\"post-entry-content\">\n\n\t<h3 class=\"entry-title\">\n\t\t<a href=\"https:\/\/www.sinkacom.de\/blog\/das-verpackungsgesetzt-verpackungen-nachhaltiger-machen\/\" title=\"Das Verpackungsgesetzt \u2013 Verpackungen nachhaltiger machen\" rel=\"bookmark\">Das Verpackungsgesetzt \u2013 Verpackungen nachhaltiger machen<\/a>\n\t<\/h3>\n\n\t<div class=\"entry-meta\"><span class=\"category-link\"><a href=\"https:\/\/www.sinkacom.de\/blog\/retail\/\" >Retail<\/a><\/span><a href=\"https:\/\/www.sinkacom.de\/blog\/2021\/01\/15\/\" title=\"11:03\" class=\"data-link\" rel=\"bookmark\"><time class=\"entry-date updated\" datetime=\"2021-01-15T11:03:43+01:00\">15. Januar 2021<\/time><\/a><\/div>\n\t<div class=\"entry-excerpt\"><p>[vc_row][vc_column][\/vc_column][vc_column][vc_column_text] Verpackungsrichtlinien im Wandel Verpackungen sorgen jedes Jahr erneut f\u00fcr Massen an Abfall. Durch den vermehrten Onlineversand und -r\u00fcckversand steigt die Menge an verwendeten Verpackungsmateriealien noch weiter an. Der wachsende Verbrauch stellt hinsichtlich beteiligter Ressourcen und in diesem Sinne in&hellip;<\/p>\n<\/div>\n\t\n<a href=\"https:\/\/www.sinkacom.de\/blog\/das-verpackungsgesetzt-verpackungen-nachhaltiger-machen\/\" class=\"dt-btn-s dt-btn post-details details-type-btn\" aria-label=\"Lesen Sie mehr \u00fcber Das Verpackungsgesetzt \u2013 Verpackungen nachhaltiger machen\">weiterlesen<i class=\"dt-icon-the7-arrow-03\" aria-hidden=\"true\"><\/i><\/a>\n\n<\/div><\/article><\/div><div class=\"hidden wf-cell iso-item category-3 category-13\" data-post-id=\"3772\" data-date=\"2021-01-08T16:53:25+01:00\" data-name=\"Lokale Logistik - der Online-Lebensmittelhandel auf dem Vormarsch\"><article class=\"post project-odd visible post-3772 type-post status-publish format-standard has-post-thumbnail hentry category-innenstadt category-retail tag-covid-19 tag-ecommerce tag-online-shopping category-3 category-13\" data-name=\"Lokale Logistik &#8211; der Online-Lebensmittelhandel auf dem Vormarsch\" data-date=\"2021-01-08T16:53:25+01:00\">\n\n<div class=\"post-thumbnail-wrap\">\n\t<div class=\"post-thumbnail\">\n\t\t\n\t\t<span class=\"fancy-categories\"><a href=\"https:\/\/www.sinkacom.de\/blog\/innenstadt\/\" rel=\"category tag\" style=\"background-color:#009fe3;color:#ffffff;\">Innenstadt<\/a><a href=\"https:\/\/www.sinkacom.de\/blog\/retail\/\" rel=\"category tag\" style=\"background-color:#009fe3;color:#ffffff;\">Retail<\/a><\/span>\n\t\t<a href=\"https:\/\/www.sinkacom.de\/blog\/lokale-logistik-der-online-lebensmittelhandel-auf-dem-vormarsch\/\" class=\"post-thumbnail-rollover layzr-bg layzr-bg\" ><img decoding=\"async\" class=\"iso-lazy-load preload-me iso-lazy-load aspect\" src=\"data:image\/svg+xml,%3Csvg%20xmlns%3D&#39;http%3A%2F%2Fwww.w3.org%2F2000%2Fsvg&#39;%20viewBox%3D&#39;0%200%20768%20384&#39;%2F%3E\" data-src=\"https:\/\/www.sinkacom.de\/blog\/wp-content\/uploads\/2020\/11\/Online-Lebensmittel-768x384.jpg\" data-srcset=\"https:\/\/www.sinkacom.de\/blog\/wp-content\/uploads\/2020\/11\/Online-Lebensmittel-768x384.jpg 768w, https:\/\/www.sinkacom.de\/blog\/wp-content\/uploads\/2020\/11\/Online-Lebensmittel-960x480.jpg 960w\" loading=\"eager\" style=\"--ratio: 768 \/ 384\" sizes=\"(max-width: 768px) 100vw, 768px\" alt=\"Lokale Logistik\" title=\"Lokale Logistik\" width=\"768\" height=\"384\"  \/><\/a>\t<\/div>\n<\/div>\n\n\n<div class=\"post-entry-content\">\n\n\t<h3 class=\"entry-title\">\n\t\t<a href=\"https:\/\/www.sinkacom.de\/blog\/lokale-logistik-der-online-lebensmittelhandel-auf-dem-vormarsch\/\" title=\"Lokale Logistik &#8211; der Online-Lebensmittelhandel auf dem Vormarsch\" rel=\"bookmark\">Lokale Logistik &#8211; der Online-Lebensmittelhandel auf dem Vormarsch<\/a>\n\t<\/h3>\n\n\t<div class=\"entry-meta\"><span class=\"category-link\"><a href=\"https:\/\/www.sinkacom.de\/blog\/innenstadt\/\" >Innenstadt<\/a>, <a href=\"https:\/\/www.sinkacom.de\/blog\/retail\/\" >Retail<\/a><\/span><a href=\"https:\/\/www.sinkacom.de\/blog\/2021\/01\/08\/\" title=\"16:53\" class=\"data-link\" rel=\"bookmark\"><time class=\"entry-date updated\" datetime=\"2021-01-08T16:53:25+01:00\">08. Januar 2021<\/time><\/a><\/div>\n\t<div class=\"entry-excerpt\"><p>[vc_row][vc_column][\/vc_column][vc_column][vc_column_text] Wachstum des Online-Lebensmittelhandels Bislang war der virtuelle Lebensmittelhandel ein verh\u00e4ltnism\u00e4\u00dfig kleines Marktsegment. Allerdings k\u00f6nnte es nur noch eine Frage der Zeit sein, bis sich dies \u00e4ndert. Mittlerweile ist der Online-Lebensmittelhandel eins der st\u00e4rksten wachsenden Gesch\u00e4ftsfelder. Aber was genau ist&hellip;<\/p>\n<\/div>\n\t\n<a href=\"https:\/\/www.sinkacom.de\/blog\/lokale-logistik-der-online-lebensmittelhandel-auf-dem-vormarsch\/\" class=\"dt-btn-s dt-btn post-details details-type-btn\" aria-label=\"Lesen Sie mehr \u00fcber Lokale Logistik &#8211; der Online-Lebensmittelhandel auf dem Vormarsch\">weiterlesen<i class=\"dt-icon-the7-arrow-03\" aria-hidden=\"true\"><\/i><\/a>\n\n<\/div><\/article><\/div><div class=\"hidden wf-cell iso-item category-1 category-3 category-13\" data-post-id=\"3727\" data-date=\"2020-12-11T16:41:39+01:00\" data-name=\"\u20ac44,- Karten als Sachbezug erneut in Gefahr\"><article class=\"post project-odd visible post-3727 type-post status-publish format-standard has-post-thumbnail hentry category-banking category-innenstadt category-retail tag-bargeldersatz tag-digitale-stadt tag-digitale-transformation tag-sachbezug tag-stadtapp tag-virtueller-marktplatz category-1 category-3 category-13\" data-name=\"\u20ac44,- Karten als Sachbezug erneut in Gefahr\" data-date=\"2020-12-11T16:41:39+01:00\">\n\n<div class=\"post-thumbnail-wrap\">\n\t<div class=\"post-thumbnail\">\n\t\t\n\t\t<span class=\"fancy-categories\"><a href=\"https:\/\/www.sinkacom.de\/blog\/banking\/\" rel=\"category tag\" style=\"background-color:#009fe3;color:#ffffff;\">Banking<\/a><a href=\"https:\/\/www.sinkacom.de\/blog\/innenstadt\/\" rel=\"category tag\" style=\"background-color:#009fe3;color:#ffffff;\">Innenstadt<\/a><a href=\"https:\/\/www.sinkacom.de\/blog\/retail\/\" rel=\"category tag\" style=\"background-color:#009fe3;color:#ffffff;\">Retail<\/a><\/span>\n\t\t<a href=\"https:\/\/www.sinkacom.de\/blog\/e44-karten-als-sachbezug-erneut-in-gefahr\/\" class=\"post-thumbnail-rollover layzr-bg layzr-bg\" ><img decoding=\"async\" class=\"iso-lazy-load preload-me iso-lazy-load aspect\" src=\"data:image\/svg+xml,%3Csvg%20xmlns%3D&#39;http%3A%2F%2Fwww.w3.org%2F2000%2Fsvg&#39;%20viewBox%3D&#39;0%200%20768%20384&#39;%2F%3E\" data-src=\"https:\/\/www.sinkacom.de\/blog\/wp-content\/uploads\/2020\/11\/Karten-768x384.jpeg\" data-srcset=\"https:\/\/www.sinkacom.de\/blog\/wp-content\/uploads\/2020\/11\/Karten-768x384.jpeg 768w, https:\/\/www.sinkacom.de\/blog\/wp-content\/uploads\/2020\/11\/Karten-1152x576.jpeg 1152w\" loading=\"eager\" style=\"--ratio: 768 \/ 384\" sizes=\"(max-width: 768px) 100vw, 768px\" alt=\"Sachbezug\" title=\"\u20ac44,- Karten als Sachbezug erneut in Gefahr\" width=\"768\" height=\"384\"  \/><\/a>\t<\/div>\n<\/div>\n\n\n<div class=\"post-entry-content\">\n\n\t<h3 class=\"entry-title\">\n\t\t<a href=\"https:\/\/www.sinkacom.de\/blog\/e44-karten-als-sachbezug-erneut-in-gefahr\/\" title=\"\u20ac44,- Karten als Sachbezug erneut in Gefahr\" rel=\"bookmark\">\u20ac44,- Karten als Sachbezug erneut in Gefahr<\/a>\n\t<\/h3>\n\n\t<div class=\"entry-meta\"><span class=\"category-link\"><a href=\"https:\/\/www.sinkacom.de\/blog\/banking\/\" >Banking<\/a>, <a href=\"https:\/\/www.sinkacom.de\/blog\/innenstadt\/\" >Innenstadt<\/a>, <a href=\"https:\/\/www.sinkacom.de\/blog\/retail\/\" >Retail<\/a><\/span><a href=\"https:\/\/www.sinkacom.de\/blog\/2020\/12\/11\/\" title=\"16:41\" class=\"data-link\" rel=\"bookmark\"><time class=\"entry-date updated\" datetime=\"2020-12-11T16:41:39+01:00\">11. Dezember 2020<\/time><\/a><\/div>\n\t<div class=\"entry-excerpt\"><p>[vc_row][vc_column][\/vc_column][vc_column][vc_column_text] Prepaid-Karten als Sachbezug Nicht nur mit Gehaltserh\u00f6hungen kann der Arbeitgeber seinen Mitarbeitern etwas Gutes tun. Auch steuerfreie Benefits wie die Prepaid-Karte bilden eine attraktive Alternative. Sie sind in den Geldb\u00f6rsen einer Vielzahl von Arbeitnehmern vorzufinden. Seitens zahlreicher Unternehmen werden&hellip;<\/p>\n<\/div>\n\t\n<a href=\"https:\/\/www.sinkacom.de\/blog\/e44-karten-als-sachbezug-erneut-in-gefahr\/\" class=\"dt-btn-s dt-btn post-details details-type-btn\" aria-label=\"Lesen Sie mehr \u00fcber \u20ac44,- Karten als Sachbezug erneut in Gefahr\">weiterlesen<i class=\"dt-icon-the7-arrow-03\" aria-hidden=\"true\"><\/i><\/a>\n\n<\/div><\/article><\/div><div class=\"hidden wf-cell iso-item category-2\" data-post-id=\"2275\" data-date=\"2020-11-27T16:44:30+01:00\" data-name=\"Artifizielle Intelligenz \u201eas a Service\u201c\"><article class=\"post project-odd visible post-2275 type-post status-publish format-standard has-post-thumbnail hentry category-webapp tag-chatbots tag-digitale-transformation tag-digitaler-wandel tag-digitalisierung tag-ki tag-kuenstliche-intelligenz tag-zukunft category-2\" data-name=\"Artifizielle Intelligenz \u201eas a Service\u201c\" data-date=\"2020-11-27T16:44:30+01:00\">\n\n<div class=\"post-thumbnail-wrap\">\n\t<div class=\"post-thumbnail\">\n\t\t\n\t\t<span class=\"fancy-categories\"><a href=\"https:\/\/www.sinkacom.de\/blog\/webapp\/\" rel=\"category tag\" style=\"background-color:#009fe3;color:#ffffff;\">Web &amp; App<\/a><\/span>\n\t\t<a href=\"https:\/\/www.sinkacom.de\/blog\/artifizielle-intelligenz-as-a-service\/\" class=\"post-thumbnail-rollover layzr-bg layzr-bg\" ><img decoding=\"async\" class=\"iso-lazy-load preload-me iso-lazy-load aspect\" src=\"data:image\/svg+xml,%3Csvg%20xmlns%3D&#39;http%3A%2F%2Fwww.w3.org%2F2000%2Fsvg&#39;%20viewBox%3D&#39;0%200%20768%20384&#39;%2F%3E\" data-src=\"https:\/\/www.sinkacom.de\/blog\/wp-content\/uploads\/2020\/02\/ai-4-768x384.png\" data-srcset=\"https:\/\/www.sinkacom.de\/blog\/wp-content\/uploads\/2020\/02\/ai-4-768x384.png 768w, https:\/\/www.sinkacom.de\/blog\/wp-content\/uploads\/2020\/02\/ai-4-960x480.png 960w\" loading=\"eager\" style=\"--ratio: 768 \/ 384\" sizes=\"(max-width: 768px) 100vw, 768px\" alt=\"AIaas\" title=\"Externe Anbieter stellen KI-L\u00f6sungen bereit, die KMU erfolgreich nutzen k\u00f6nnen\" width=\"768\" height=\"384\"  \/><\/a>\t<\/div>\n<\/div>\n\n\n<div class=\"post-entry-content\">\n\n\t<h3 class=\"entry-title\">\n\t\t<a href=\"https:\/\/www.sinkacom.de\/blog\/artifizielle-intelligenz-as-a-service\/\" title=\"Artifizielle Intelligenz \u201eas a Service\u201c\" rel=\"bookmark\">Artifizielle Intelligenz \u201eas a Service\u201c<\/a>\n\t<\/h3>\n\n\t<div class=\"entry-meta\"><span class=\"category-link\"><a href=\"https:\/\/www.sinkacom.de\/blog\/webapp\/\" >Web &amp; App<\/a><\/span><a href=\"https:\/\/www.sinkacom.de\/blog\/2020\/11\/27\/\" title=\"16:44\" class=\"data-link\" rel=\"bookmark\"><time class=\"entry-date updated\" datetime=\"2020-11-27T16:44:30+01:00\">27. November 2020<\/time><\/a><\/div>\n\t<div class=\"entry-excerpt\"><p>[vc_row][vc_column][\/vc_column][vc_column][vc_column_text] 28% aller deutschen Unternehmen besch\u00e4ftigen sich 2016 aktiv mit Machine Learning. 2018 waren es bereits 50%. Der Anteil an deutschen Unternehmen, die sich aktiv mit intelligenten, lernenden Maschinen besch\u00e4ftigen, hat sich innerhalb von zwei Jahren fast verdoppelt. Das zeigt:&hellip;<\/p>\n<\/div>\n\t\n<a href=\"https:\/\/www.sinkacom.de\/blog\/artifizielle-intelligenz-as-a-service\/\" class=\"dt-btn-s dt-btn post-details details-type-btn\" aria-label=\"Lesen Sie mehr \u00fcber Artifizielle Intelligenz \u201eas a Service\u201c\">weiterlesen<i class=\"dt-icon-the7-arrow-03\" aria-hidden=\"true\"><\/i><\/a>\n\n<\/div><\/article><\/div><div class=\"hidden wf-cell iso-item category-13 category-2\" data-post-id=\"3745\" data-date=\"2020-11-20T19:15:52+01:00\" data-name=\"DSGVO - verst\u00e4rkte Kontrollen, Verst\u00f6\u00dfe und Strafen\"><article class=\"post project-odd visible post-3745 type-post status-publish format-standard has-post-thumbnail hentry category-retail category-webapp tag-digitalisierung tag-dsgvo category-13 category-2\" data-name=\"DSGVO &#8211; verst\u00e4rkte Kontrollen, Verst\u00f6\u00dfe und Strafen\" data-date=\"2020-11-20T19:15:52+01:00\">\n\n<div class=\"post-thumbnail-wrap\">\n\t<div class=\"post-thumbnail\">\n\t\t\n\t\t<span class=\"fancy-categories\"><a href=\"https:\/\/www.sinkacom.de\/blog\/retail\/\" rel=\"category tag\" style=\"background-color:#009fe3;color:#ffffff;\">Retail<\/a><a href=\"https:\/\/www.sinkacom.de\/blog\/webapp\/\" rel=\"category tag\" style=\"background-color:#009fe3;color:#ffffff;\">Web &amp; App<\/a><\/span>\n\t\t<a href=\"https:\/\/www.sinkacom.de\/blog\/dsgvo-verstaerkte-kontrollen-verstoesse-und-strafen\/\" class=\"post-thumbnail-rollover layzr-bg layzr-bg\" ><img decoding=\"async\" class=\"iso-lazy-load preload-me iso-lazy-load aspect\" src=\"data:image\/svg+xml,%3Csvg%20xmlns%3D&#39;http%3A%2F%2Fwww.w3.org%2F2000%2Fsvg&#39;%20viewBox%3D&#39;0%200%20768%20384&#39;%2F%3E\" data-src=\"https:\/\/www.sinkacom.de\/blog\/wp-content\/uploads\/2020\/11\/data-protection-regulation-3413077_960_720-768x384.jpg\" data-srcset=\"https:\/\/www.sinkacom.de\/blog\/wp-content\/uploads\/2020\/11\/data-protection-regulation-3413077_960_720-768x384.jpg 768w, https:\/\/www.sinkacom.de\/blog\/wp-content\/uploads\/2020\/11\/data-protection-regulation-3413077_960_720-960x480.jpg 960w\" loading=\"eager\" style=\"--ratio: 768 \/ 384\" sizes=\"(max-width: 768px) 100vw, 768px\" alt=\"DSGVO\" title=\"DSGVO &#8211; verst\u00e4rkte Kontrollen, Verst\u00f6\u00dfe und Strafen\" width=\"768\" height=\"384\"  \/><\/a>\t<\/div>\n<\/div>\n\n\n<div class=\"post-entry-content\">\n\n\t<h3 class=\"entry-title\">\n\t\t<a href=\"https:\/\/www.sinkacom.de\/blog\/dsgvo-verstaerkte-kontrollen-verstoesse-und-strafen\/\" title=\"DSGVO &#8211; verst\u00e4rkte Kontrollen, Verst\u00f6\u00dfe und Strafen\" rel=\"bookmark\">DSGVO &#8211; verst\u00e4rkte Kontrollen, Verst\u00f6\u00dfe und Strafen<\/a>\n\t<\/h3>\n\n\t<div class=\"entry-meta\"><span class=\"category-link\"><a href=\"https:\/\/www.sinkacom.de\/blog\/retail\/\" >Retail<\/a>, <a href=\"https:\/\/www.sinkacom.de\/blog\/webapp\/\" >Web &amp; App<\/a><\/span><a href=\"https:\/\/www.sinkacom.de\/blog\/2020\/11\/20\/\" title=\"19:15\" class=\"data-link\" rel=\"bookmark\"><time class=\"entry-date updated\" datetime=\"2020-11-20T19:15:52+01:00\">20. November 2020<\/time><\/a><\/div>\n\t<div class=\"entry-excerpt\"><p>[vc_row][vc_column][\/vc_column][vc_column][vc_column_text] Ein verbindliches Datenschutzrecht f\u00fcr alle Bereits am 24.Mai 2016 trat die neue europ\u00e4ische Datenschutzgrundverordnung (DSGVO) in Kraft. Seit Ende Mai 2018 sind die darin aufgef\u00fchrten Ma\u00dfnahmen zum Datenschutz in den Mitgliedsstaaten verbindlich anzuwenden. Besonderes Ziel der Verordnung ist es&hellip;<\/p>\n<\/div>\n\t\n<a href=\"https:\/\/www.sinkacom.de\/blog\/dsgvo-verstaerkte-kontrollen-verstoesse-und-strafen\/\" class=\"dt-btn-s dt-btn post-details details-type-btn\" aria-label=\"Lesen Sie mehr \u00fcber DSGVO &#8211; verst\u00e4rkte Kontrollen, Verst\u00f6\u00dfe und Strafen\">weiterlesen<i class=\"dt-icon-the7-arrow-03\" aria-hidden=\"true\"><\/i><\/a>\n\n<\/div><\/article><\/div><div class=\"hidden wf-cell iso-item category-3\" data-post-id=\"3313\" data-date=\"2020-11-13T16:38:31+01:00\" data-name=\"Urbanisierung &amp; Landflucht\"><article class=\"post project-odd visible post-3313 type-post status-publish format-standard has-post-thumbnail hentry category-innenstadt tag-daseinsvorsorge tag-innenstadt tag-innenstadt-30 category-3\" data-name=\"Urbanisierung &#038; Landflucht\" data-date=\"2020-11-13T16:38:31+01:00\">\n\n<div class=\"post-thumbnail-wrap\">\n\t<div class=\"post-thumbnail\">\n\t\t\n\t\t<span class=\"fancy-categories\"><a href=\"https:\/\/www.sinkacom.de\/blog\/innenstadt\/\" rel=\"category tag\" style=\"background-color:#009fe3;color:#ffffff;\">Innenstadt<\/a><\/span>\n\t\t<a href=\"https:\/\/www.sinkacom.de\/blog\/urbanisierung-landflucht\/\" class=\"post-thumbnail-rollover layzr-bg layzr-bg\" ><img decoding=\"async\" class=\"iso-lazy-load preload-me iso-lazy-load aspect\" src=\"data:image\/svg+xml,%3Csvg%20xmlns%3D&#39;http%3A%2F%2Fwww.w3.org%2F2000%2Fsvg&#39;%20viewBox%3D&#39;0%200%20768%20384&#39;%2F%3E\" data-src=\"https:\/\/www.sinkacom.de\/blog\/wp-content\/uploads\/2020\/09\/Bild-2-Leere-Stra\u00dfen-768x384.jpg\" data-srcset=\"https:\/\/www.sinkacom.de\/blog\/wp-content\/uploads\/2020\/09\/Bild-2-Leere-Stra\u00dfen-768x384.jpg 768w, https:\/\/www.sinkacom.de\/blog\/wp-content\/uploads\/2020\/09\/Bild-2-Leere-Stra\u00dfen-1152x576.jpg 1152w\" loading=\"eager\" style=\"--ratio: 768 \/ 384\" sizes=\"(max-width: 768px) 100vw, 768px\" alt=\"Landflucht\" title=\"Urbanisierung &#038; Landflucht\" width=\"768\" height=\"384\"  \/><\/a>\t<\/div>\n<\/div>\n\n\n<div class=\"post-entry-content\">\n\n\t<h3 class=\"entry-title\">\n\t\t<a href=\"https:\/\/www.sinkacom.de\/blog\/urbanisierung-landflucht\/\" title=\"Urbanisierung &#038; Landflucht\" rel=\"bookmark\">Urbanisierung &#038; Landflucht<\/a>\n\t<\/h3>\n\n\t<div class=\"entry-meta\"><span class=\"category-link\"><a href=\"https:\/\/www.sinkacom.de\/blog\/innenstadt\/\" >Innenstadt<\/a><\/span><a href=\"https:\/\/www.sinkacom.de\/blog\/2020\/11\/13\/\" title=\"16:38\" class=\"data-link\" rel=\"bookmark\"><time class=\"entry-date updated\" datetime=\"2020-11-13T16:38:31+01:00\">13. November 2020<\/time><\/a><\/div>\n\t<div class=\"entry-excerpt\"><p>[vc_row][vc_column][\/vc_column][vc_column][vc_column_text] Landflucht &#8211; Abwanderung vom Land in die Stadt In den letzten Jahren hat sich in Deutschland mit der Urbanisierung ein klarer Trend entwickelt. Die St\u00e4dte boomen, w\u00e4hrend die Stra\u00dfen in l\u00e4ndlichen Regionen wie leergefegt scheinen. Aber dies ist kein&hellip;<\/p>\n<\/div>\n\t\n<a href=\"https:\/\/www.sinkacom.de\/blog\/urbanisierung-landflucht\/\" class=\"dt-btn-s dt-btn post-details details-type-btn\" aria-label=\"Lesen Sie mehr \u00fcber Urbanisierung &#038; Landflucht\">weiterlesen<i class=\"dt-icon-the7-arrow-03\" aria-hidden=\"true\"><\/i><\/a>\n\n<\/div><\/article><\/div><div class=\"hidden wf-cell iso-item category-2\" data-post-id=\"1774\" data-date=\"2020-10-30T15:44:58+01:00\" data-name=\"Flexibles Projektmanagement mit \u201eTrello\u201c\"><article class=\"post project-odd visible post-1774 type-post status-publish format-standard has-post-thumbnail hentry category-webapp tag-digitale-transformation tag-digitaler-wandel tag-digitalisierung tag-web-app category-2\" data-name=\"Flexibles Projektmanagement mit \u201eTrello\u201c\" data-date=\"2020-10-30T15:44:58+01:00\">\n\n<div class=\"post-thumbnail-wrap\">\n\t<div class=\"post-thumbnail\">\n\t\t\n\t\t<span class=\"fancy-categories\"><a href=\"https:\/\/www.sinkacom.de\/blog\/webapp\/\" rel=\"category tag\" style=\"background-color:#009fe3;color:#ffffff;\">Web &amp; App<\/a><\/span>\n\t\t<a href=\"https:\/\/www.sinkacom.de\/blog\/flexibles-projektmanagement-mit-trello\/\" class=\"post-thumbnail-rollover layzr-bg layzr-bg\" ><img decoding=\"async\" class=\"iso-lazy-load preload-me iso-lazy-load aspect\" src=\"data:image\/svg+xml,%3Csvg%20xmlns%3D&#39;http%3A%2F%2Fwww.w3.org%2F2000%2Fsvg&#39;%20viewBox%3D&#39;0%200%20768%20384&#39;%2F%3E\" data-src=\"https:\/\/www.sinkacom.de\/blog\/wp-content\/uploads\/2020\/01\/1_7mBhSzxgFz9UeGGQlS5o2g-768x384.png\" data-srcset=\"https:\/\/www.sinkacom.de\/blog\/wp-content\/uploads\/2020\/01\/1_7mBhSzxgFz9UeGGQlS5o2g-768x384.png 768w, https:\/\/www.sinkacom.de\/blog\/wp-content\/uploads\/2020\/01\/1_7mBhSzxgFz9UeGGQlS5o2g.png 800w\" loading=\"eager\" style=\"--ratio: 768 \/ 384\" sizes=\"(max-width: 768px) 100vw, 768px\" alt=\"Trello\" title=\"Projektmanagement ganz leicht gemacht &#8211; das bietet die smarte Software \u201eTrello\u201c\" width=\"768\" height=\"384\"  \/><\/a>\t<\/div>\n<\/div>\n\n\n<div class=\"post-entry-content\">\n\n\t<h3 class=\"entry-title\">\n\t\t<a href=\"https:\/\/www.sinkacom.de\/blog\/flexibles-projektmanagement-mit-trello\/\" title=\"Flexibles Projektmanagement mit \u201eTrello\u201c\" rel=\"bookmark\">Flexibles Projektmanagement mit \u201eTrello\u201c<\/a>\n\t<\/h3>\n\n\t<div class=\"entry-meta\"><span class=\"category-link\"><a href=\"https:\/\/www.sinkacom.de\/blog\/webapp\/\" >Web &amp; App<\/a><\/span><a href=\"https:\/\/www.sinkacom.de\/blog\/2020\/10\/30\/\" title=\"15:44\" class=\"data-link\" rel=\"bookmark\"><time class=\"entry-date updated\" datetime=\"2020-10-30T15:44:58+01:00\">30. Oktober 2020<\/time><\/a><\/div>\n\t<div class=\"entry-excerpt\"><p>[vc_row][vc_column][\/vc_column][vc_column][vc_column_text] Projektmanagement-Softwares sind gar nicht mal so kompliziert. Sie werden zwar von gro\u00dfen Unternehmen zur Koordination komplexer Projekte eingesetzt, die Software \u201eTrello\u201c bereichert aber auch kleinere Organisationen und innovative Start-Ups. Sie haben sich das praktische Projektmanagement-Tool zu eigen gemacht, um&hellip;<\/p>\n<\/div>\n\t\n<a href=\"https:\/\/www.sinkacom.de\/blog\/flexibles-projektmanagement-mit-trello\/\" class=\"dt-btn-s dt-btn post-details details-type-btn\" aria-label=\"Lesen Sie mehr \u00fcber Flexibles Projektmanagement mit \u201eTrello\u201c\">weiterlesen<i class=\"dt-icon-the7-arrow-03\" aria-hidden=\"true\"><\/i><\/a>\n\n<\/div><\/article><\/div><div class=\"hidden wf-cell iso-item category-2\" data-post-id=\"3640\" data-date=\"2020-10-23T12:09:32+02:00\" data-name=\"PEPPOL bietet \u201eEinsparpotential\u201c\"><article class=\"post project-odd visible post-3640 type-post status-publish format-standard has-post-thumbnail hentry category-webapp tag-digitalisierung tag-eu tag-it-sicherheit tag-peppol tag-xrechnung category-2\" data-name=\"PEPPOL bietet \u201eEinsparpotential\u201c\" data-date=\"2020-10-23T12:09:32+02:00\">\n\n<div class=\"post-thumbnail-wrap\">\n\t<div class=\"post-thumbnail\">\n\t\t\n\t\t<span class=\"fancy-categories\"><a href=\"https:\/\/www.sinkacom.de\/blog\/webapp\/\" rel=\"category tag\" style=\"background-color:#009fe3;color:#ffffff;\">Web &amp; App<\/a><\/span>\n\t\t<a href=\"https:\/\/www.sinkacom.de\/blog\/peppol-bietet-einsparpotential\/\" class=\"post-thumbnail-rollover layzr-bg layzr-bg\" ><img decoding=\"async\" class=\"iso-lazy-load preload-me iso-lazy-load aspect\" src=\"data:image\/svg+xml,%3Csvg%20xmlns%3D&#39;http%3A%2F%2Fwww.w3.org%2F2000%2Fsvg&#39;%20viewBox%3D&#39;0%200%20768%20384&#39;%2F%3E\" data-src=\"https:\/\/www.sinkacom.de\/blog\/wp-content\/uploads\/2020\/10\/xrechnung-768x384.png\" data-srcset=\"https:\/\/www.sinkacom.de\/blog\/wp-content\/uploads\/2020\/10\/xrechnung-768x384.png 768w, https:\/\/www.sinkacom.de\/blog\/wp-content\/uploads\/2020\/10\/xrechnung-958x479.png 958w\" loading=\"eager\" style=\"--ratio: 768 \/ 384\" sizes=\"(max-width: 768px) 100vw, 768px\" alt=\"PEPPOL\" title=\"\u00dcber PEPPOL lassen sich E-Rechnungen \u00fcbertragen.\" width=\"768\" height=\"384\"  \/><\/a>\t<\/div>\n<\/div>\n\n\n<div class=\"post-entry-content\">\n\n\t<h3 class=\"entry-title\">\n\t\t<a href=\"https:\/\/www.sinkacom.de\/blog\/peppol-bietet-einsparpotential\/\" title=\"PEPPOL bietet \u201eEinsparpotential\u201c\" rel=\"bookmark\">PEPPOL bietet \u201eEinsparpotential\u201c<\/a>\n\t<\/h3>\n\n\t<div class=\"entry-meta\"><span class=\"category-link\"><a href=\"https:\/\/www.sinkacom.de\/blog\/webapp\/\" >Web &amp; App<\/a><\/span><a href=\"https:\/\/www.sinkacom.de\/blog\/2020\/10\/23\/\" title=\"12:09\" class=\"data-link\" rel=\"bookmark\"><time class=\"entry-date updated\" datetime=\"2020-10-23T12:09:32+02:00\">23. Oktober 2020<\/time><\/a><\/div>\n\t<div class=\"entry-excerpt\"><p>[vc_row][vc_column][\/vc_column][vc_column][vc_column_text] Die XRechnung Bei Lieferanten der \u00f6ffentlichen Hand herrscht Handlungsbedarf, denn ab dem 27.11.2020 sind diese zur elektronischen Rechnungsstellung verpflichtet. Damit die Annahme und Verarbeitung von E-Rechnungen bei \u00f6ffentlichen Auftraggebern aber einheitlich und automatisch abl\u00e4uft, hat die EU-Richtlinie 2014\/55\/EU einen&hellip;<\/p>\n<\/div>\n\t\n<a href=\"https:\/\/www.sinkacom.de\/blog\/peppol-bietet-einsparpotential\/\" class=\"dt-btn-s dt-btn post-details details-type-btn\" aria-label=\"Lesen Sie mehr \u00fcber PEPPOL bietet \u201eEinsparpotential\u201c\">weiterlesen<i class=\"dt-icon-the7-arrow-03\" aria-hidden=\"true\"><\/i><\/a>\n\n<\/div><\/article><\/div><div class=\"hidden wf-cell iso-item category-1\" data-post-id=\"1776\" data-date=\"2020-10-16T14:43:22+02:00\" data-name=\"Design Thinking: Gemeinsam zu passgenauen L\u00f6sungen\"><article class=\"post project-odd visible post-1776 type-post status-publish format-standard has-post-thumbnail hentry category-banking tag-agilitaet tag-digitale-transformation tag-digitaler-wandel tag-digitalisierung tag-marketing category-1\" data-name=\"Design Thinking: Gemeinsam zu passgenauen L\u00f6sungen\" data-date=\"2020-10-16T14:43:22+02:00\">\n\n<div class=\"post-thumbnail-wrap\">\n\t<div class=\"post-thumbnail\">\n\t\t\n\t\t<span class=\"fancy-categories\"><a href=\"https:\/\/www.sinkacom.de\/blog\/banking\/\" rel=\"category tag\" style=\"background-color:#009fe3;color:#ffffff;\">Banking<\/a><\/span>\n\t\t<a href=\"https:\/\/www.sinkacom.de\/blog\/design-thinking-gemeinsam-zu-passgenauen-loesungen\/\" class=\"post-thumbnail-rollover layzr-bg layzr-bg\" ><img decoding=\"async\" class=\"iso-lazy-load preload-me iso-lazy-load aspect\" src=\"data:image\/svg+xml,%3Csvg%20xmlns%3D&#39;http%3A%2F%2Fwww.w3.org%2F2000%2Fsvg&#39;%20viewBox%3D&#39;0%200%20768%20384&#39;%2F%3E\" data-src=\"https:\/\/www.sinkacom.de\/blog\/wp-content\/uploads\/2020\/01\/design-thinking-1-768x384.png\" data-srcset=\"https:\/\/www.sinkacom.de\/blog\/wp-content\/uploads\/2020\/01\/design-thinking-1-768x384.png 768w, https:\/\/www.sinkacom.de\/blog\/wp-content\/uploads\/2020\/01\/design-thinking-1-955x477.png 955w\" loading=\"eager\" style=\"--ratio: 768 \/ 384\" sizes=\"(max-width: 768px) 100vw, 768px\" alt=\"design thinking\" title=\"Im Design Thinking arbeitet man gemeinsam an passgenauen L\u00f6sungen\" width=\"768\" height=\"384\"  \/><\/a>\t<\/div>\n<\/div>\n\n\n<div class=\"post-entry-content\">\n\n\t<h3 class=\"entry-title\">\n\t\t<a href=\"https:\/\/www.sinkacom.de\/blog\/design-thinking-gemeinsam-zu-passgenauen-loesungen\/\" title=\"Design Thinking: Gemeinsam zu passgenauen L\u00f6sungen\" rel=\"bookmark\">Design Thinking: Gemeinsam zu passgenauen L\u00f6sungen<\/a>\n\t<\/h3>\n\n\t<div class=\"entry-meta\"><span class=\"category-link\"><a href=\"https:\/\/www.sinkacom.de\/blog\/banking\/\" >Banking<\/a><\/span><a href=\"https:\/\/www.sinkacom.de\/blog\/2020\/10\/16\/\" title=\"14:43\" class=\"data-link\" rel=\"bookmark\"><time class=\"entry-date updated\" datetime=\"2020-10-16T14:43:22+02:00\">16. Oktober 2020<\/time><\/a><\/div>\n\t<div class=\"entry-excerpt\"><p>[vc_row][vc_column][\/vc_column][vc_column][vc_column_text] &#8222;To think outside the box&#8220; ist heutzutage gefragter denn je! Kreativit\u00e4t und unkonventionelles Denken, insbesondere durch Menschen, die aus verschiedenen Disziplinen stammen, finden vermehrt Anwendung in der Probleml\u00f6sung und allgemeinen Prozessoptimierung. Unternehmen profitieren von Design Thinking, einem Ansatz, der&hellip;<\/p>\n<\/div>\n\t\n<a href=\"https:\/\/www.sinkacom.de\/blog\/design-thinking-gemeinsam-zu-passgenauen-loesungen\/\" class=\"dt-btn-s dt-btn post-details details-type-btn\" aria-label=\"Lesen Sie mehr \u00fcber Design Thinking: Gemeinsam zu passgenauen L\u00f6sungen\">weiterlesen<i class=\"dt-icon-the7-arrow-03\" aria-hidden=\"true\"><\/i><\/a>\n\n<\/div><\/article><\/div><div class=\"hidden wf-cell iso-item category-2\" data-post-id=\"869\" data-date=\"2020-10-02T11:56:30+02:00\" data-name=\"Studi-Wohnung im Ausland gesucht: Hochschule hilft!\"><article class=\"post project-odd visible post-869 type-post status-publish format-standard has-post-thumbnail hentry category-webapp tag-digitale-transformation tag-digitaler-wandel tag-digitalisierung tag-kooperation tag-modulare-plattform tag-web-app category-2\" data-name=\"Studi-Wohnung im Ausland gesucht: Hochschule hilft!\" data-date=\"2020-10-02T11:56:30+02:00\">\n\n<div class=\"post-thumbnail-wrap\">\n\t<div class=\"post-thumbnail\">\n\t\t\n\t\t<span class=\"fancy-categories\"><a href=\"https:\/\/www.sinkacom.de\/blog\/webapp\/\" rel=\"category tag\" style=\"background-color:#009fe3;color:#ffffff;\">Web &amp; App<\/a><\/span>\n\t\t<a href=\"https:\/\/www.sinkacom.de\/blog\/studi-wohnung-im-ausland-gesucht-hochschule-hilft\/\" class=\"post-thumbnail-rollover layzr-bg layzr-bg\" ><img decoding=\"async\" class=\"iso-lazy-load preload-me iso-lazy-load aspect\" src=\"data:image\/svg+xml,%3Csvg%20xmlns%3D&#39;http%3A%2F%2Fwww.w3.org%2F2000%2Fsvg&#39;%20viewBox%3D&#39;0%200%20768%20384&#39;%2F%3E\" data-src=\"https:\/\/www.sinkacom.de\/blog\/wp-content\/uploads\/2019\/08\/home-2-768x384.png\" data-srcset=\"https:\/\/www.sinkacom.de\/blog\/wp-content\/uploads\/2019\/08\/home-2-768x384.png 768w, https:\/\/www.sinkacom.de\/blog\/wp-content\/uploads\/2019\/08\/home-2-956x478.png 956w\" loading=\"eager\" style=\"--ratio: 768 \/ 384\" sizes=\"(max-width: 768px) 100vw, 768px\" alt=\"Wohnungssuche\" title=\"Ein Wohnungsportal soll internationalen Studierenden die Wohnungssuche in Deutschland erleichtern\" width=\"768\" height=\"384\"  \/><\/a>\t<\/div>\n<\/div>\n\n\n<div class=\"post-entry-content\">\n\n\t<h3 class=\"entry-title\">\n\t\t<a href=\"https:\/\/www.sinkacom.de\/blog\/studi-wohnung-im-ausland-gesucht-hochschule-hilft\/\" title=\"Studi-Wohnung im Ausland gesucht: Hochschule hilft!\" rel=\"bookmark\">Studi-Wohnung im Ausland gesucht: Hochschule hilft!<\/a>\n\t<\/h3>\n\n\t<div class=\"entry-meta\"><span class=\"category-link\"><a href=\"https:\/\/www.sinkacom.de\/blog\/webapp\/\" >Web &amp; App<\/a><\/span><a href=\"https:\/\/www.sinkacom.de\/blog\/2020\/10\/02\/\" title=\"11:56\" class=\"data-link\" rel=\"bookmark\"><time class=\"entry-date updated\" datetime=\"2020-10-02T11:56:30+02:00\">02. Oktober 2020<\/time><\/a><\/div>\n\t<div class=\"entry-excerpt\"><p>[vc_row][vc_column][vc_column_text] Die Wohnungssuche als Studierender ist nicht immer einfach. Noch schwieriger gestaltet sie sich, wenn man f\u00fcr ein Semester ins Ausland geht \u2013 bis jetzt. &nbsp; Die Suche nach einer geeigneten Wohnung ist nicht immer ein Zuckerschlecken. Wer schon einmal&hellip;<\/p>\n<\/div>\n\t\n<a href=\"https:\/\/www.sinkacom.de\/blog\/studi-wohnung-im-ausland-gesucht-hochschule-hilft\/\" class=\"dt-btn-s dt-btn post-details details-type-btn\" aria-label=\"Lesen Sie mehr \u00fcber Studi-Wohnung im Ausland gesucht: Hochschule hilft!\">weiterlesen<i class=\"dt-icon-the7-arrow-03\" aria-hidden=\"true\"><\/i><\/a>\n\n<\/div><\/article><\/div><div class=\"hidden wf-cell iso-item category-3 category-2\" data-post-id=\"3340\" data-date=\"2020-09-14T17:49:02+02:00\" data-name=\"St. Wendel als &quot;Smart City&quot;-Modellstandort\u00a0\"><article class=\"post project-odd visible post-3340 type-post status-publish format-standard has-post-thumbnail hentry category-innenstadt category-webapp tag-daseinsvorsorge tag-digitaler-wandel tag-innenstadt-30 category-3 category-2\" data-name=\"St. Wendel als &#8222;Smart City&#8220;-Modellstandort\u00a0\" data-date=\"2020-09-14T17:49:02+02:00\">\n\n<div class=\"post-thumbnail-wrap\">\n\t<div class=\"post-thumbnail\">\n\t\t\n\t\t<span class=\"fancy-categories\"><a href=\"https:\/\/www.sinkacom.de\/blog\/innenstadt\/\" rel=\"category tag\" style=\"background-color:#009fe3;color:#ffffff;\">Innenstadt<\/a><a href=\"https:\/\/www.sinkacom.de\/blog\/webapp\/\" rel=\"category tag\" style=\"background-color:#009fe3;color:#ffffff;\">Web &amp; App<\/a><\/span>\n\t\t<a href=\"https:\/\/www.sinkacom.de\/blog\/st-wendel-als-smart-city-modellstandort\/\" class=\"post-thumbnail-rollover layzr-bg layzr-bg\" ><img decoding=\"async\" class=\"iso-lazy-load preload-me iso-lazy-load aspect\" src=\"data:image\/svg+xml,%3Csvg%20xmlns%3D&#39;http%3A%2F%2Fwww.w3.org%2F2000%2Fsvg&#39;%20viewBox%3D&#39;0%200%20768%20384&#39;%2F%3E\" data-src=\"https:\/\/www.sinkacom.de\/blog\/wp-content\/uploads\/2020\/09\/St-Wendel-768x384.jpg\" data-srcset=\"https:\/\/www.sinkacom.de\/blog\/wp-content\/uploads\/2020\/09\/St-Wendel-768x384.jpg 768w, https:\/\/www.sinkacom.de\/blog\/wp-content\/uploads\/2020\/09\/St-Wendel-1152x576.jpg 1152w\" loading=\"eager\" style=\"--ratio: 768 \/ 384\" sizes=\"(max-width: 768px) 100vw, 768px\" alt=\"Smart City\" title=\"St. Wendel\" width=\"768\" height=\"384\"  \/><\/a>\t<\/div>\n<\/div>\n\n\n<div class=\"post-entry-content\">\n\n\t<h3 class=\"entry-title\">\n\t\t<a href=\"https:\/\/www.sinkacom.de\/blog\/st-wendel-als-smart-city-modellstandort\/\" title=\"St. Wendel als &#8222;Smart City&#8220;-Modellstandort\u00a0\" rel=\"bookmark\">St. Wendel als &#8222;Smart City&#8220;-Modellstandort\u00a0<\/a>\n\t<\/h3>\n\n\t<div class=\"entry-meta\"><span class=\"category-link\"><a href=\"https:\/\/www.sinkacom.de\/blog\/innenstadt\/\" >Innenstadt<\/a>, <a href=\"https:\/\/www.sinkacom.de\/blog\/webapp\/\" >Web &amp; App<\/a><\/span><a href=\"https:\/\/www.sinkacom.de\/blog\/2020\/09\/14\/\" title=\"17:49\" class=\"data-link\" rel=\"bookmark\"><time class=\"entry-date updated\" datetime=\"2020-09-14T17:49:02+02:00\">14. September 2020<\/time><\/a><\/div>\n\t<div class=\"entry-excerpt\"><p>[vc_row][vc_column][\/vc_column][\/vc_row][vc_row][vc_column][vc_column_text] Gl\u00fcckw\u00fcnsche nach St. Wendel, einem der neuen &#8222;Smart City&#8220;- Modellstandorte Am 08. September 2020 hat der Bundesminister des Innern, f\u00fcr Bau und Heimat, Horst Seehofer, die 32 Projekte des F\u00f6rderprogramms &#8222;Modellprojekte Smart Cities&#8220; bekanntgegeben. Auch St. Wendel wurde in&hellip;<\/p>\n<\/div>\n\t\n<a href=\"https:\/\/www.sinkacom.de\/blog\/st-wendel-als-smart-city-modellstandort\/\" class=\"dt-btn-s dt-btn post-details details-type-btn\" aria-label=\"Lesen Sie mehr \u00fcber St. Wendel als &#8222;Smart City&#8220;-Modellstandort\u00a0\">weiterlesen<i class=\"dt-icon-the7-arrow-03\" aria-hidden=\"true\"><\/i><\/a>\n\n<\/div><\/article><\/div><div class=\"hidden wf-cell iso-item category-3 category-2\" data-post-id=\"3397\" data-date=\"2020-08-28T14:50:48+02:00\" data-name=\"CEMA UG &amp; SinkaCom AG - Gemeinsam Zukunft gestalten\"><article class=\"post project-odd visible post-3397 type-post status-publish format-standard has-post-thumbnail hentry category-innenstadt category-webapp tag-daseinsvorsorge tag-digitale-stadt tag-digitalisierung tag-innenstadt-30 category-3 category-2\" data-name=\"CEMA UG &#038; SinkaCom AG &#8211; Gemeinsam Zukunft gestalten\" data-date=\"2020-08-28T14:50:48+02:00\">\n\n<div class=\"post-thumbnail-wrap\">\n\t<div class=\"post-thumbnail\">\n\t\t\n\t\t<span class=\"fancy-categories\"><a href=\"https:\/\/www.sinkacom.de\/blog\/innenstadt\/\" rel=\"category tag\" style=\"background-color:#009fe3;color:#ffffff;\">Innenstadt<\/a><a href=\"https:\/\/www.sinkacom.de\/blog\/webapp\/\" rel=\"category tag\" style=\"background-color:#009fe3;color:#ffffff;\">Web &amp; App<\/a><\/span>\n\t\t<a href=\"https:\/\/www.sinkacom.de\/blog\/cema-ug-sinkacom-ag-gemeinsam-zukunft-gestalten\/\" class=\"post-thumbnail-rollover layzr-bg layzr-bg\" ><img decoding=\"async\" class=\"iso-lazy-load preload-me iso-lazy-load aspect\" src=\"data:image\/svg+xml,%3Csvg%20xmlns%3D&#39;http%3A%2F%2Fwww.w3.org%2F2000%2Fsvg&#39;%20viewBox%3D&#39;0%200%20768%20384&#39;%2F%3E\" data-src=\"https:\/\/www.sinkacom.de\/blog\/wp-content\/uploads\/2019\/08\/accomplished-3741971_1280-768x384.jpg\" data-srcset=\"https:\/\/www.sinkacom.de\/blog\/wp-content\/uploads\/2019\/08\/accomplished-3741971_1280-768x384.jpg 768w, https:\/\/www.sinkacom.de\/blog\/wp-content\/uploads\/2019\/08\/accomplished-3741971_1280-1152x576.jpg 1152w\" loading=\"eager\" style=\"--ratio: 768 \/ 384\" sizes=\"(max-width: 768px) 100vw, 768px\" alt=\"CEMA &amp; SinkaCom AG - Gemeinsam Zukunft gestalten\" title=\"CEMA &#038; SinkaCom AG &#8211; Gemeinsam Zukunft gestalten\" width=\"768\" height=\"384\"  \/><\/a>\t<\/div>\n<\/div>\n\n\n<div class=\"post-entry-content\">\n\n\t<h3 class=\"entry-title\">\n\t\t<a href=\"https:\/\/www.sinkacom.de\/blog\/cema-ug-sinkacom-ag-gemeinsam-zukunft-gestalten\/\" title=\"CEMA UG &#038; SinkaCom AG &#8211; Gemeinsam Zukunft gestalten\" rel=\"bookmark\">CEMA UG &#038; SinkaCom AG &#8211; Gemeinsam Zukunft gestalten<\/a>\n\t<\/h3>\n\n\t<div class=\"entry-meta\"><span class=\"category-link\"><a href=\"https:\/\/www.sinkacom.de\/blog\/innenstadt\/\" >Innenstadt<\/a>, <a href=\"https:\/\/www.sinkacom.de\/blog\/webapp\/\" >Web &amp; App<\/a><\/span><a href=\"https:\/\/www.sinkacom.de\/blog\/2020\/08\/28\/\" title=\"14:50\" class=\"data-link\" rel=\"bookmark\"><time class=\"entry-date updated\" datetime=\"2020-08-28T14:50:48+02:00\">28. August 2020<\/time><\/a><\/div>\n\t<div class=\"entry-excerpt\"><p>[vc_row][vc_column][\/vc_column][vc_column][vc_column_text] CEMA UG &amp; SinkaCom AG: bieten ein Konzept zur digitalen Daseinsvorsorge: Daseinsvorsorge, ein nur zu bekanntes Thema f\u00fcr l\u00e4ndliche Kommunen. Eine funktionsf\u00e4hige Infrastruktur zu sichern und den B\u00fcrgern lokale Versorgungsm\u00f6glichkeiten zu bieten, heutzutage eine gro\u00dfe Herausforderung f\u00fcr viele l\u00e4ndliche&hellip;<\/p>\n<\/div>\n\t\n<a href=\"https:\/\/www.sinkacom.de\/blog\/cema-ug-sinkacom-ag-gemeinsam-zukunft-gestalten\/\" class=\"dt-btn-s dt-btn post-details details-type-btn\" aria-label=\"Lesen Sie mehr \u00fcber CEMA UG &#038; SinkaCom AG &#8211; Gemeinsam Zukunft gestalten\">weiterlesen<i class=\"dt-icon-the7-arrow-03\" aria-hidden=\"true\"><\/i><\/a>\n\n<\/div><\/article><\/div><div class=\"hidden wf-cell iso-item category-2\" data-post-id=\"3150\" data-date=\"2020-07-31T16:33:05+02:00\" data-name=\"Exkurs: \u201ePrivacy Shield\u201c und DSGVO\"><article class=\"post project-odd visible post-3150 type-post status-publish format-standard has-post-thumbnail hentry category-webapp tag-data-privacy tag-datenschutz tag-digitalisierung tag-dsgvo tag-e-privacy tag-eu tag-web-app category-2\" data-name=\"Exkurs: \u201ePrivacy Shield\u201c und DSGVO\" data-date=\"2020-07-31T16:33:05+02:00\">\n\n<div class=\"post-thumbnail-wrap\">\n\t<div class=\"post-thumbnail\">\n\t\t\n\t\t<span class=\"fancy-categories\"><a href=\"https:\/\/www.sinkacom.de\/blog\/webapp\/\" rel=\"category tag\" style=\"background-color:#009fe3;color:#ffffff;\">Web &amp; App<\/a><\/span>\n\t\t<a href=\"https:\/\/www.sinkacom.de\/blog\/exkurs-privacy-shield-und-dsgvo\/\" class=\"post-thumbnail-rollover layzr-bg layzr-bg\" ><img decoding=\"async\" class=\"iso-lazy-load preload-me iso-lazy-load aspect\" src=\"data:image\/svg+xml,%3Csvg%20xmlns%3D&#39;http%3A%2F%2Fwww.w3.org%2F2000%2Fsvg&#39;%20viewBox%3D&#39;0%200%20768%20384&#39;%2F%3E\" data-src=\"https:\/\/www.sinkacom.de\/blog\/wp-content\/uploads\/2020\/07\/note-1235695_1280-768x384.jpg\" data-srcset=\"https:\/\/www.sinkacom.de\/blog\/wp-content\/uploads\/2020\/07\/note-1235695_1280-768x384.jpg 768w, https:\/\/www.sinkacom.de\/blog\/wp-content\/uploads\/2020\/07\/note-1235695_1280-1152x576.jpg 1152w\" loading=\"eager\" style=\"--ratio: 768 \/ 384\" sizes=\"(max-width: 768px) 100vw, 768px\" alt=\"Privacy Shield\" title=\"Lesen Sie, was es mit der DSGVO, sogenannten Standarvertragsklauseln und erforderlichen Datentransfers auf sich hat\" width=\"768\" height=\"384\"  \/><\/a>\t<\/div>\n<\/div>\n\n\n<div class=\"post-entry-content\">\n\n\t<h3 class=\"entry-title\">\n\t\t<a href=\"https:\/\/www.sinkacom.de\/blog\/exkurs-privacy-shield-und-dsgvo\/\" title=\"Exkurs: \u201ePrivacy Shield\u201c und DSGVO\" rel=\"bookmark\">Exkurs: \u201ePrivacy Shield\u201c und DSGVO<\/a>\n\t<\/h3>\n\n\t<div class=\"entry-meta\"><span class=\"category-link\"><a href=\"https:\/\/www.sinkacom.de\/blog\/webapp\/\" >Web &amp; App<\/a><\/span><a href=\"https:\/\/www.sinkacom.de\/blog\/2020\/07\/31\/\" title=\"16:33\" class=\"data-link\" rel=\"bookmark\"><time class=\"entry-date updated\" datetime=\"2020-07-31T16:33:05+02:00\">31. Juli 2020<\/time><\/a><\/div>\n\t<div class=\"entry-excerpt\"><p>[vc_row][vc_column][\/vc_column][vc_column][vc_column_text] Datenschutz-Grundverordnung: Die DSGVO verbietet die Verarbeitung personenbezogener Daten au\u00dferhalb der Europ\u00e4ischen Union, wenn im Ausland kein angemessenes Datenschutzniveau herrscht. Dies ist vor allem in den USA der Fall. Stellte der Europ\u00e4ische Gerichtshof also erst ein angemessenes Datenschutzniveau fest \u2013&hellip;<\/p>\n<\/div>\n\t\n<a href=\"https:\/\/www.sinkacom.de\/blog\/exkurs-privacy-shield-und-dsgvo\/\" class=\"dt-btn-s dt-btn post-details details-type-btn\" aria-label=\"Lesen Sie mehr \u00fcber Exkurs: \u201ePrivacy Shield\u201c und DSGVO\">weiterlesen<i class=\"dt-icon-the7-arrow-03\" aria-hidden=\"true\"><\/i><\/a>\n\n<\/div><\/article><\/div><div class=\"hidden wf-cell iso-item category-2\" data-post-id=\"3125\" data-date=\"2020-07-27T16:27:34+02:00\" data-name=\"Das Problem \u201ePrivacy Shield\u201c\"><article class=\"post project-odd visible post-3125 type-post status-publish format-standard has-post-thumbnail hentry category-webapp tag-data-privacy tag-datenschutz tag-digitalisierung tag-dsgvo tag-e-privacy tag-eu tag-meinung tag-web-app category-2\" data-name=\"Das Problem \u201ePrivacy Shield\u201c\" data-date=\"2020-07-27T16:27:34+02:00\">\n\n<div class=\"post-thumbnail-wrap\">\n\t<div class=\"post-thumbnail\">\n\t\t\n\t\t<span class=\"fancy-categories\"><a href=\"https:\/\/www.sinkacom.de\/blog\/webapp\/\" rel=\"category tag\" style=\"background-color:#009fe3;color:#ffffff;\">Web &amp; App<\/a><\/span>\n\t\t<a href=\"https:\/\/www.sinkacom.de\/blog\/das-problem-privacy-shield\/\" class=\"post-thumbnail-rollover layzr-bg layzr-bg\" ><img decoding=\"async\" class=\"iso-lazy-load preload-me iso-lazy-load aspect\" src=\"data:image\/svg+xml,%3Csvg%20xmlns%3D&#39;http%3A%2F%2Fwww.w3.org%2F2000%2Fsvg&#39;%20viewBox%3D&#39;0%200%20768%20384&#39;%2F%3E\" data-src=\"https:\/\/www.sinkacom.de\/blog\/wp-content\/uploads\/2020\/07\/traffic-3524185_1280-768x384.jpg\" data-srcset=\"https:\/\/www.sinkacom.de\/blog\/wp-content\/uploads\/2020\/07\/traffic-3524185_1280-768x384.jpg 768w, https:\/\/www.sinkacom.de\/blog\/wp-content\/uploads\/2020\/07\/traffic-3524185_1280-1152x576.jpg 1152w\" loading=\"eager\" style=\"--ratio: 768 \/ 384\" sizes=\"(max-width: 768px) 100vw, 768px\" alt=\"Privacy Shield\" title=\"Unternehmen m\u00fcssen sich fragen: Ist der Transfer von Daten aus der EU in die USA jetzt illegal?\" width=\"768\" height=\"384\"  \/><\/a>\t<\/div>\n<\/div>\n\n\n<div class=\"post-entry-content\">\n\n\t<h3 class=\"entry-title\">\n\t\t<a href=\"https:\/\/www.sinkacom.de\/blog\/das-problem-privacy-shield\/\" title=\"Das Problem \u201ePrivacy Shield\u201c\" rel=\"bookmark\">Das Problem \u201ePrivacy Shield\u201c<\/a>\n\t<\/h3>\n\n\t<div class=\"entry-meta\"><span class=\"category-link\"><a href=\"https:\/\/www.sinkacom.de\/blog\/webapp\/\" >Web &amp; App<\/a><\/span><a href=\"https:\/\/www.sinkacom.de\/blog\/2020\/07\/27\/\" title=\"16:27\" class=\"data-link\" rel=\"bookmark\"><time class=\"entry-date updated\" datetime=\"2020-07-27T16:27:34+02:00\">27. Juli 2020<\/time><\/a><\/div>\n\t<div class=\"entry-excerpt\"><p>[vc_row][vc_column][\/vc_column][vc_column][vc_column_text] Grundlage f\u00fcr Daten\u00fcbertragungen zwischen EU und USA unwirksam Bereits den EU-US-Datenschutzdeal \u201eSafe Harbor\u201c brachte der Europ\u00e4ische Gerichtshof (EuGH) 2015 auf Betreiben des Datenschutzaktivisten Max Schrems zu Fall. Der Grund: Die Daten europ\u00e4ischer B\u00fcrger waren nicht ausreichend vor unbefugten Zugriffen&hellip;<\/p>\n<\/div>\n\t\n<a href=\"https:\/\/www.sinkacom.de\/blog\/das-problem-privacy-shield\/\" class=\"dt-btn-s dt-btn post-details details-type-btn\" aria-label=\"Lesen Sie mehr \u00fcber Das Problem \u201ePrivacy Shield\u201c\">weiterlesen<i class=\"dt-icon-the7-arrow-03\" aria-hidden=\"true\"><\/i><\/a>\n\n<\/div><\/article><\/div><div class=\"hidden wf-cell iso-item category-30 category-2\" data-post-id=\"3036\" data-date=\"2020-07-21T10:35:27+02:00\" data-name=\"Kl\u00e4rung offener Fragen: Der Begriff \u201eWebinar\u201c\"><article class=\"post project-odd visible post-3036 type-post status-publish format-standard has-post-thumbnail hentry category-veranstaltungen-messen category-webapp tag-digitalisierung tag-online-seminar tag-web-app category-30 category-2\" data-name=\"Kl\u00e4rung offener Fragen: Der Begriff \u201eWebinar\u201c\" data-date=\"2020-07-21T10:35:27+02:00\">\n\n<div class=\"post-thumbnail-wrap\">\n\t<div class=\"post-thumbnail\">\n\t\t\n\t\t<span class=\"fancy-categories\"><a href=\"https:\/\/www.sinkacom.de\/blog\/veranstaltungen-messen\/\" rel=\"category tag\" style=\"background-color:#009fe3;color:#ffffff;\">Veranstaltungen<\/a><a href=\"https:\/\/www.sinkacom.de\/blog\/webapp\/\" rel=\"category tag\" style=\"background-color:#009fe3;color:#ffffff;\">Web &amp; App<\/a><\/span>\n\t\t<a href=\"https:\/\/www.sinkacom.de\/blog\/klaerung-offener-fragen-der-begriff-webinar\/\" class=\"post-thumbnail-rollover layzr-bg layzr-bg\" ><img decoding=\"async\" class=\"iso-lazy-load preload-me iso-lazy-load aspect\" src=\"data:image\/svg+xml,%3Csvg%20xmlns%3D&#39;http%3A%2F%2Fwww.w3.org%2F2000%2Fsvg&#39;%20viewBox%3D&#39;0%200%20768%20384&#39;%2F%3E\" data-src=\"https:\/\/www.sinkacom.de\/blog\/wp-content\/uploads\/2020\/07\/seminar04-768x384.png\" data-srcset=\"https:\/\/www.sinkacom.de\/blog\/wp-content\/uploads\/2020\/07\/seminar04-768x384.png 768w, https:\/\/www.sinkacom.de\/blog\/wp-content\/uploads\/2020\/07\/seminar04-1152x576.png 1152w\" loading=\"eager\" style=\"--ratio: 768 \/ 384\" sizes=\"(max-width: 768px) 100vw, 768px\" alt=\"Webinar\" title=\"Droht bei Nutzung des Begriffs die Abmahnung? Unsere Checkliste zum Schluss gibt Antworten!\" width=\"768\" height=\"384\"  \/><\/a>\t<\/div>\n<\/div>\n\n\n<div class=\"post-entry-content\">\n\n\t<h3 class=\"entry-title\">\n\t\t<a href=\"https:\/\/www.sinkacom.de\/blog\/klaerung-offener-fragen-der-begriff-webinar\/\" title=\"Kl\u00e4rung offener Fragen: Der Begriff \u201eWebinar\u201c\" rel=\"bookmark\">Kl\u00e4rung offener Fragen: Der Begriff \u201eWebinar\u201c<\/a>\n\t<\/h3>\n\n\t<div class=\"entry-meta\"><span class=\"category-link\"><a href=\"https:\/\/www.sinkacom.de\/blog\/veranstaltungen-messen\/\" >Veranstaltungen<\/a>, <a href=\"https:\/\/www.sinkacom.de\/blog\/webapp\/\" >Web &amp; App<\/a><\/span><a href=\"https:\/\/www.sinkacom.de\/blog\/2020\/07\/21\/\" title=\"10:35\" class=\"data-link\" rel=\"bookmark\"><time class=\"entry-date updated\" datetime=\"2020-07-21T10:35:27+02:00\">21. Juli 2020<\/time><\/a><\/div>\n\t<div class=\"entry-excerpt\"><p>[vc_row][vc_column][\/vc_column][vc_column][vc_column_text] Hat es Abmahnungen gegeben? Oder darf der Begriff weiter verwendet werden? Zu Zeiten von Kontaktbeschr\u00e4nkungen und Verboten gro\u00dfer Veranstaltungen boomten Online-Schulungen, sogenannte \u201eWebinare\u201c. Da \u00fcberraschte es, dass der oft gebrauchte Begriff offenbar seit 2003 als Marke beim Deutschen Patent-&hellip;<\/p>\n<\/div>\n\t\n<a href=\"https:\/\/www.sinkacom.de\/blog\/klaerung-offener-fragen-der-begriff-webinar\/\" class=\"dt-btn-s dt-btn post-details details-type-btn\" aria-label=\"Lesen Sie mehr \u00fcber Kl\u00e4rung offener Fragen: Der Begriff \u201eWebinar\u201c\">weiterlesen<i class=\"dt-icon-the7-arrow-03\" aria-hidden=\"true\"><\/i><\/a>\n\n<\/div><\/article><\/div><div class=\"hidden wf-cell iso-item category-2\" data-post-id=\"3009\" data-date=\"2020-07-14T15:17:53+02:00\" data-name=\"Skandal um IT-Sicherheitsl\u00fccke\"><article class=\"post project-odd visible post-3009 type-post status-publish format-standard has-post-thumbnail hentry category-webapp tag-data-privacy tag-datenschutz tag-digitale-transformation tag-digitalisierung tag-dsgvo tag-e-privacy tag-it-sicherheit tag-kmu tag-web-app category-2\" data-name=\"Skandal um IT-Sicherheitsl\u00fccke\" data-date=\"2020-07-14T15:17:53+02:00\">\n\n<div class=\"post-thumbnail-wrap\">\n\t<div class=\"post-thumbnail\">\n\t\t\n\t\t<span class=\"fancy-categories\"><a href=\"https:\/\/www.sinkacom.de\/blog\/webapp\/\" rel=\"category tag\" style=\"background-color:#009fe3;color:#ffffff;\">Web &amp; App<\/a><\/span>\n\t\t<a href=\"https:\/\/www.sinkacom.de\/blog\/skandal-um-it-sicherheitsluecke\/\" class=\"post-thumbnail-rollover layzr-bg layzr-bg\" ><img decoding=\"async\" class=\"iso-lazy-load preload-me iso-lazy-load aspect\" src=\"data:image\/svg+xml,%3Csvg%20xmlns%3D&#39;http%3A%2F%2Fwww.w3.org%2F2000%2Fsvg&#39;%20viewBox%3D&#39;0%200%20768%20384&#39;%2F%3E\" data-src=\"https:\/\/www.sinkacom.de\/blog\/wp-content\/uploads\/2020\/07\/code04-768x384.png\" data-srcset=\"https:\/\/www.sinkacom.de\/blog\/wp-content\/uploads\/2020\/07\/code04-768x384.png 768w, https:\/\/www.sinkacom.de\/blog\/wp-content\/uploads\/2020\/07\/code04-1152x576.png 1152w\" loading=\"eager\" style=\"--ratio: 768 \/ 384\" sizes=\"(max-width: 768px) 100vw, 768px\" alt=\"IT-Sicherheit\" title=\"IT-Sicherheit und Datenschutz gehen Hand in Hand. Verletzt man letzteren, drohen Abmahnungen durch die DSGVO!\" width=\"768\" height=\"384\"  \/><\/a>\t<\/div>\n<\/div>\n\n\n<div class=\"post-entry-content\">\n\n\t<h3 class=\"entry-title\">\n\t\t<a href=\"https:\/\/www.sinkacom.de\/blog\/skandal-um-it-sicherheitsluecke\/\" title=\"Skandal um IT-Sicherheitsl\u00fccke\" rel=\"bookmark\">Skandal um IT-Sicherheitsl\u00fccke<\/a>\n\t<\/h3>\n\n\t<div class=\"entry-meta\"><span class=\"category-link\"><a href=\"https:\/\/www.sinkacom.de\/blog\/webapp\/\" >Web &amp; App<\/a><\/span><a href=\"https:\/\/www.sinkacom.de\/blog\/2020\/07\/14\/\" title=\"15:17\" class=\"data-link\" rel=\"bookmark\"><time class=\"entry-date updated\" datetime=\"2020-07-14T15:17:53+02:00\">14. Juli 2020<\/time><\/a><\/div>\n\t<div class=\"entry-excerpt\"><p>[vc_row][vc_column][\/vc_column][vc_column][vc_column_text] Sicherheitsl\u00fccke macht sensible Nutzerdaten leicht zug\u00e4nglich \u2013 und wird wissentlich ignoriert! Die IT-Sicherheit verschiedener Systeme sollte allgemein gelten, egal ob sie betriebsintern oder extern erbracht wird. Was nicht passieren sollte, ist, dass Sicherheitsl\u00fccken bei Webseiten und Servern bestehen, die&hellip;<\/p>\n<\/div>\n\t\n<a href=\"https:\/\/www.sinkacom.de\/blog\/skandal-um-it-sicherheitsluecke\/\" class=\"dt-btn-s dt-btn post-details details-type-btn\" aria-label=\"Lesen Sie mehr \u00fcber Skandal um IT-Sicherheitsl\u00fccke\">weiterlesen<i class=\"dt-icon-the7-arrow-03\" aria-hidden=\"true\"><\/i><\/a>\n\n<\/div><\/article><\/div><div class=\"hidden wf-cell iso-item category-3 category-2\" data-post-id=\"3084\" data-date=\"2020-07-06T16:02:11+02:00\" data-name=\"Daseinsvorsorge durch Digitalisierung\"><article class=\"post project-odd visible post-3084 type-post status-publish format-standard has-post-thumbnail hentry category-innenstadt category-webapp tag-coronavirus tag-covid-19 tag-daseinsvorsorge tag-digitale-stadt tag-digitale-transformation tag-digitaler-wandel tag-digitalisierung tag-foerderung tag-innenstadt tag-zukunft category-3 category-2\" data-name=\"Daseinsvorsorge durch Digitalisierung\" data-date=\"2020-07-06T16:02:11+02:00\">\n\n<div class=\"post-thumbnail-wrap\">\n\t<div class=\"post-thumbnail\">\n\t\t\n\t\t<span class=\"fancy-categories\"><a href=\"https:\/\/www.sinkacom.de\/blog\/innenstadt\/\" rel=\"category tag\" style=\"background-color:#009fe3;color:#ffffff;\">Innenstadt<\/a><a href=\"https:\/\/www.sinkacom.de\/blog\/webapp\/\" rel=\"category tag\" style=\"background-color:#009fe3;color:#ffffff;\">Web &amp; App<\/a><\/span>\n\t\t<a href=\"https:\/\/www.sinkacom.de\/blog\/daseinsvorsorge-durch-digitalisierung\/\" class=\"post-thumbnail-rollover layzr-bg layzr-bg\" ><img decoding=\"async\" class=\"iso-lazy-load preload-me iso-lazy-load aspect\" src=\"data:image\/svg+xml,%3Csvg%20xmlns%3D&#39;http%3A%2F%2Fwww.w3.org%2F2000%2Fsvg&#39;%20viewBox%3D&#39;0%200%20768%20384&#39;%2F%3E\" data-src=\"https:\/\/www.sinkacom.de\/blog\/wp-content\/uploads\/2020\/07\/tablet-768x384.png\" data-srcset=\"https:\/\/www.sinkacom.de\/blog\/wp-content\/uploads\/2020\/07\/tablet-768x384.png 768w, https:\/\/www.sinkacom.de\/blog\/wp-content\/uploads\/2020\/07\/tablet-1152x576.png 1152w\" loading=\"eager\" style=\"--ratio: 768 \/ 384\" sizes=\"(max-width: 768px) 100vw, 768px\" alt=\"Daseinsvorsorge\" title=\"Auch das deutsche Verlagswesen muss dem Trend der Digitalisierung folgen, um zukunftsf\u00e4hig zu werden\" width=\"768\" height=\"384\"  \/><\/a>\t<\/div>\n<\/div>\n\n\n<div class=\"post-entry-content\">\n\n\t<h3 class=\"entry-title\">\n\t\t<a href=\"https:\/\/www.sinkacom.de\/blog\/daseinsvorsorge-durch-digitalisierung\/\" title=\"Daseinsvorsorge durch Digitalisierung\" rel=\"bookmark\">Daseinsvorsorge durch Digitalisierung<\/a>\n\t<\/h3>\n\n\t<div class=\"entry-meta\"><span class=\"category-link\"><a href=\"https:\/\/www.sinkacom.de\/blog\/innenstadt\/\" >Innenstadt<\/a>, <a href=\"https:\/\/www.sinkacom.de\/blog\/webapp\/\" >Web &amp; App<\/a><\/span><a href=\"https:\/\/www.sinkacom.de\/blog\/2020\/07\/06\/\" title=\"16:02\" class=\"data-link\" rel=\"bookmark\"><time class=\"entry-date updated\" datetime=\"2020-07-06T16:02:11+02:00\">06. Juli 2020<\/time><\/a><\/div>\n\t<div class=\"entry-excerpt\"><p>[vc_row][vc_column][\/vc_column][vc_column][vc_column_text] F\u00f6rderung der Zeitungs- und Zeitschriftenverlage Mit 220 Millionen Euro will der deutsche Staat die Zeitungs- und Zeitschriftenverlage f\u00f6rdern. Das beschloss dieser am Donnerstag (02.07.) im zweiten Nachtragshaushalt. Die Mittel sollen helfen, die Medienvielfalt und -verbreitung in Deutschland zu sichern&hellip;<\/p>\n<\/div>\n\t\n<a href=\"https:\/\/www.sinkacom.de\/blog\/daseinsvorsorge-durch-digitalisierung\/\" class=\"dt-btn-s dt-btn post-details details-type-btn\" aria-label=\"Lesen Sie mehr \u00fcber Daseinsvorsorge durch Digitalisierung\">weiterlesen<i class=\"dt-icon-the7-arrow-03\" aria-hidden=\"true\"><\/i><\/a>\n\n<\/div><\/article><\/div><div class=\"hidden wf-cell iso-item category-2\" data-post-id=\"2975\" data-date=\"2020-07-01T20:11:46+02:00\" data-name=\"Biegt Facebook sich den Datenschutz zurecht?\"><article class=\"post project-odd visible post-2975 type-post status-publish format-standard has-post-thumbnail hentry category-webapp tag-data-privacy tag-datenschutz tag-facebook tag-meinung tag-social-media tag-web-app tag-whatsapp category-2\" data-name=\"Biegt Facebook sich den Datenschutz zurecht?\" data-date=\"2020-07-01T20:11:46+02:00\">\n\n<div class=\"post-thumbnail-wrap\">\n\t<div class=\"post-thumbnail\">\n\t\t\n\t\t<span class=\"fancy-categories\"><a href=\"https:\/\/www.sinkacom.de\/blog\/webapp\/\" rel=\"category tag\" style=\"background-color:#009fe3;color:#ffffff;\">Web &amp; App<\/a><\/span>\n\t\t<a href=\"https:\/\/www.sinkacom.de\/blog\/facebook-biegt-sich-den-daten-schutz-zurecht\/\" class=\"post-thumbnail-rollover layzr-bg layzr-bg\" ><img decoding=\"async\" class=\"iso-lazy-load preload-me iso-lazy-load aspect\" src=\"data:image\/svg+xml,%3Csvg%20xmlns%3D&#39;http%3A%2F%2Fwww.w3.org%2F2000%2Fsvg&#39;%20viewBox%3D&#39;0%200%20768%20384&#39;%2F%3E\" data-src=\"https:\/\/www.sinkacom.de\/blog\/wp-content\/uploads\/2020\/07\/fb-04-768x384.png\" data-srcset=\"https:\/\/www.sinkacom.de\/blog\/wp-content\/uploads\/2020\/07\/fb-04-768x384.png 768w, https:\/\/www.sinkacom.de\/blog\/wp-content\/uploads\/2020\/07\/fb-04-1152x576.png 1152w\" loading=\"eager\" style=\"--ratio: 768 \/ 384\" sizes=\"(max-width: 768px) 100vw, 768px\" alt=\"Facebook Daten\" title=\"Da Facebook gegen den Datenschutz verstie\u00df, schalteten sich Bundeskartellamt und -gerichtshof ein\" width=\"768\" height=\"384\"  \/><\/a>\t<\/div>\n<\/div>\n\n\n<div class=\"post-entry-content\">\n\n\t<h3 class=\"entry-title\">\n\t\t<a href=\"https:\/\/www.sinkacom.de\/blog\/facebook-biegt-sich-den-daten-schutz-zurecht\/\" title=\"Biegt Facebook sich den Datenschutz zurecht?\" rel=\"bookmark\">Biegt Facebook sich den Datenschutz zurecht?<\/a>\n\t<\/h3>\n\n\t<div class=\"entry-meta\"><span class=\"category-link\"><a href=\"https:\/\/www.sinkacom.de\/blog\/webapp\/\" >Web &amp; App<\/a><\/span><a href=\"https:\/\/www.sinkacom.de\/blog\/2020\/07\/01\/\" title=\"20:11\" class=\"data-link\" rel=\"bookmark\"><time class=\"entry-date updated\" datetime=\"2020-07-01T20:11:46+02:00\">01. Juli 2020<\/time><\/a><\/div>\n\t<div class=\"entry-excerpt\"><p>[vc_row][vc_column][\/vc_column][vc_column][vc_column_text] Im Februar 2019 verordnete das Bundeskartellamt, dass der Social-Media-Riese Facebook Daten \u00fcber seine konzerneigenen Dienste (Facebook, Instagram und WhatsApp) nur mit freiwilliger Zustimmung durch deren Nutzer zusammenf\u00fchren d\u00fcrfe. J\u00fcngst verstie\u00df die Plattform jedoch gegen diese Verordnung und musste seine&hellip;<\/p>\n<\/div>\n\t\n<a href=\"https:\/\/www.sinkacom.de\/blog\/facebook-biegt-sich-den-daten-schutz-zurecht\/\" class=\"dt-btn-s dt-btn post-details details-type-btn\" aria-label=\"Lesen Sie mehr \u00fcber Biegt Facebook sich den Datenschutz zurecht?\">weiterlesen<i class=\"dt-icon-the7-arrow-03\" aria-hidden=\"true\"><\/i><\/a>\n\n<\/div><\/article><\/div><div class=\"hidden wf-cell iso-item category-2\" data-post-id=\"2860\" data-date=\"2020-06-30T20:37:51+02:00\" data-name=\"Data Privacy (2)\"><article class=\"post project-odd visible post-2860 type-post status-publish format-standard has-post-thumbnail hentry category-webapp tag-data-privacy tag-datenschutz tag-digitale-transformation tag-digitaler-wandel tag-digitalisierung tag-dsgvo tag-zukunft category-2\" data-name=\"Data Privacy (2)\" data-date=\"2020-06-30T20:37:51+02:00\">\n\n<div class=\"post-thumbnail-wrap\">\n\t<div class=\"post-thumbnail\">\n\t\t\n\t\t<span class=\"fancy-categories\"><a href=\"https:\/\/www.sinkacom.de\/blog\/webapp\/\" rel=\"category tag\" style=\"background-color:#009fe3;color:#ffffff;\">Web &amp; App<\/a><\/span>\n\t\t<a href=\"https:\/\/www.sinkacom.de\/blog\/data-privacy-2\/\" class=\"post-thumbnail-rollover layzr-bg layzr-bg\" ><img decoding=\"async\" class=\"iso-lazy-load preload-me iso-lazy-load aspect\" src=\"data:image\/svg+xml,%3Csvg%20xmlns%3D&#39;http%3A%2F%2Fwww.w3.org%2F2000%2Fsvg&#39;%20viewBox%3D&#39;0%200%20768%20384&#39;%2F%3E\" data-src=\"https:\/\/www.sinkacom.de\/blog\/wp-content\/uploads\/2020\/06\/access-3509495_1280-1-768x384.jpg\" data-srcset=\"https:\/\/www.sinkacom.de\/blog\/wp-content\/uploads\/2020\/06\/access-3509495_1280-1-768x384.jpg 768w, https:\/\/www.sinkacom.de\/blog\/wp-content\/uploads\/2020\/06\/access-3509495_1280-1-1152x576.jpg 1152w\" loading=\"eager\" style=\"--ratio: 768 \/ 384\" sizes=\"(max-width: 768px) 100vw, 768px\" alt=\"Datenschutz\" title=\"Verbessern Marken und Unternehmen ihren Datenschutz, steigert das ihren Wert, ihre Attraktivit\u00e4t und ihren Erfolg\" width=\"768\" height=\"384\"  \/><\/a>\t<\/div>\n<\/div>\n\n\n<div class=\"post-entry-content\">\n\n\t<h3 class=\"entry-title\">\n\t\t<a href=\"https:\/\/www.sinkacom.de\/blog\/data-privacy-2\/\" title=\"Data Privacy (2)\" rel=\"bookmark\">Data Privacy (2)<\/a>\n\t<\/h3>\n\n\t<div class=\"entry-meta\"><span class=\"category-link\"><a href=\"https:\/\/www.sinkacom.de\/blog\/webapp\/\" >Web &amp; App<\/a><\/span><a href=\"https:\/\/www.sinkacom.de\/blog\/2020\/06\/30\/\" title=\"20:37\" class=\"data-link\" rel=\"bookmark\"><time class=\"entry-date updated\" datetime=\"2020-06-30T20:37:51+02:00\">30. Juni 2020<\/time><\/a><\/div>\n\t<div class=\"entry-excerpt\"><p>[vc_row][vc_column][\/vc_column][vc_column][vc_column_text] Den ersten Teil unserer Data-Privacy-Reihe, der sich mit den k\u00fcnftigen Pflichten rund um das Thema Datenschutz besch\u00e4ftigen, die auf Unternehmen zukommen, lesen Sie hier. \u00a0 Vorteile eines datenschutzkonformen Ansatzes Die Vorteile eines DSGVO-konformen Ansatzes sind viele. Ist \u201ePrivacy First\u201c&hellip;<\/p>\n<\/div>\n\t\n<a href=\"https:\/\/www.sinkacom.de\/blog\/data-privacy-2\/\" class=\"dt-btn-s dt-btn post-details details-type-btn\" aria-label=\"Lesen Sie mehr \u00fcber Data Privacy (2)\">weiterlesen<i class=\"dt-icon-the7-arrow-03\" aria-hidden=\"true\"><\/i><\/a>\n\n<\/div><\/article><\/div><div class=\"hidden wf-cell iso-item category-2\" data-post-id=\"2746\" data-date=\"2020-06-30T20:23:56+02:00\" data-name=\"Data Privacy (1)\"><article class=\"post project-odd visible post-2746 type-post status-publish format-standard has-post-thumbnail hentry category-webapp tag-data-privacy tag-datenschutz tag-digitale-transformation tag-digitaler-wandel tag-digitalisierung tag-dsgvo tag-zukunft category-2\" data-name=\"Data Privacy (1)\" data-date=\"2020-06-30T20:23:56+02:00\">\n\n<div class=\"post-thumbnail-wrap\">\n\t<div class=\"post-thumbnail\">\n\t\t\n\t\t<span class=\"fancy-categories\"><a href=\"https:\/\/www.sinkacom.de\/blog\/webapp\/\" rel=\"category tag\" style=\"background-color:#009fe3;color:#ffffff;\">Web &amp; App<\/a><\/span>\n\t\t<a href=\"https:\/\/www.sinkacom.de\/blog\/data-privacy-1\/\" class=\"post-thumbnail-rollover layzr-bg layzr-bg\" ><img decoding=\"async\" class=\"iso-lazy-load preload-me iso-lazy-load aspect\" src=\"data:image\/svg+xml,%3Csvg%20xmlns%3D&#39;http%3A%2F%2Fwww.w3.org%2F2000%2Fsvg&#39;%20viewBox%3D&#39;0%200%20768%20384&#39;%2F%3E\" data-src=\"https:\/\/www.sinkacom.de\/blog\/wp-content\/uploads\/2020\/06\/datenschutz-01-768x384.png\" data-srcset=\"https:\/\/www.sinkacom.de\/blog\/wp-content\/uploads\/2020\/06\/datenschutz-01-768x384.png 768w, https:\/\/www.sinkacom.de\/blog\/wp-content\/uploads\/2020\/06\/datenschutz-01-1152x576.png 1152w\" loading=\"eager\" style=\"--ratio: 768 \/ 384\" sizes=\"(max-width: 768px) 100vw, 768px\" alt=\"Datenschutz\" title=\"Die Datenschutz-Grundverordnung ist seit zwei Jahren in Kraft\" width=\"768\" height=\"384\"  \/><\/a>\t<\/div>\n<\/div>\n\n\n<div class=\"post-entry-content\">\n\n\t<h3 class=\"entry-title\">\n\t\t<a href=\"https:\/\/www.sinkacom.de\/blog\/data-privacy-1\/\" title=\"Data Privacy (1)\" rel=\"bookmark\">Data Privacy (1)<\/a>\n\t<\/h3>\n\n\t<div class=\"entry-meta\"><span class=\"category-link\"><a href=\"https:\/\/www.sinkacom.de\/blog\/webapp\/\" >Web &amp; App<\/a><\/span><a href=\"https:\/\/www.sinkacom.de\/blog\/2020\/06\/30\/\" title=\"20:23\" class=\"data-link\" rel=\"bookmark\"><time class=\"entry-date updated\" datetime=\"2020-06-30T20:23:56+02:00\">30. Juni 2020<\/time><\/a><\/div>\n\t<div class=\"entry-excerpt\"><p>[vc_row][vc_column][\/vc_column][vc_column][vc_column_text] Ads sind Silber, Daten sind Gold Wer fr\u00fcher seine kostenfreien Dienste durch Anzeigen finanzierte, hat im Verlauf der letzten Jahre feststellen m\u00fcssen, dass die Ad-Tech-Branche sich gewandelt und Werbung immer weniger Wirkung gezeigt hat. Stattdessen wandte man sich der&hellip;<\/p>\n<\/div>\n\t\n<a href=\"https:\/\/www.sinkacom.de\/blog\/data-privacy-1\/\" class=\"dt-btn-s dt-btn post-details details-type-btn\" aria-label=\"Lesen Sie mehr \u00fcber Data Privacy (1)\">weiterlesen<i class=\"dt-icon-the7-arrow-03\" aria-hidden=\"true\"><\/i><\/a>\n\n<\/div><\/article><\/div><div class=\"hidden wf-cell iso-item category-13 category-2\" data-post-id=\"2098\" data-date=\"2020-06-29T17:30:55+02:00\" data-name=\"Kundenservice? Jetzt auf WhatsApp!\"><article class=\"post project-odd visible post-2098 type-post status-publish format-standard has-post-thumbnail hentry category-retail category-webapp tag-chatbots tag-commerce tag-digitalisierung tag-e-commerce tag-ecommerce tag-kundenservice tag-messenger tag-online-shopping tag-retail tag-web-app tag-whatsapp category-13 category-2\" data-name=\"Kundenservice? Jetzt auf WhatsApp!\" data-date=\"2020-06-29T17:30:55+02:00\">\n\n<div class=\"post-thumbnail-wrap\">\n\t<div class=\"post-thumbnail\">\n\t\t\n\t\t<span class=\"fancy-categories\"><a href=\"https:\/\/www.sinkacom.de\/blog\/retail\/\" rel=\"category tag\" style=\"background-color:#009fe3;color:#ffffff;\">Retail<\/a><a href=\"https:\/\/www.sinkacom.de\/blog\/webapp\/\" rel=\"category tag\" style=\"background-color:#009fe3;color:#ffffff;\">Web &amp; App<\/a><\/span>\n\t\t<a href=\"https:\/\/www.sinkacom.de\/blog\/kundenservice-jetzt-auf-whatsapp\/\" class=\"post-thumbnail-rollover layzr-bg layzr-bg\" ><img decoding=\"async\" class=\"iso-lazy-load preload-me iso-lazy-load aspect\" src=\"data:image\/svg+xml,%3Csvg%20xmlns%3D&#39;http%3A%2F%2Fwww.w3.org%2F2000%2Fsvg&#39;%20viewBox%3D&#39;0%200%20768%20384&#39;%2F%3E\" data-src=\"https:\/\/www.sinkacom.de\/blog\/wp-content\/uploads\/2020\/02\/whatsapp-2469275_960_720-768x384.jpg\" data-srcset=\"https:\/\/www.sinkacom.de\/blog\/wp-content\/uploads\/2020\/02\/whatsapp-2469275_960_720-768x384.jpg 768w, https:\/\/www.sinkacom.de\/blog\/wp-content\/uploads\/2020\/02\/whatsapp-2469275_960_720-960x480.jpg 960w\" loading=\"eager\" style=\"--ratio: 768 \/ 384\" sizes=\"(max-width: 768px) 100vw, 768px\" alt=\"Kundenservice WhatsApp\" title=\"Wie funktioniert Kundenservice via WhatsApp? Zwei Branchen machen&#8217;s vor\" width=\"768\" height=\"384\"  \/><\/a>\t<\/div>\n<\/div>\n\n\n<div class=\"post-entry-content\">\n\n\t<h3 class=\"entry-title\">\n\t\t<a href=\"https:\/\/www.sinkacom.de\/blog\/kundenservice-jetzt-auf-whatsapp\/\" title=\"Kundenservice? Jetzt auf WhatsApp!\" rel=\"bookmark\">Kundenservice? Jetzt auf WhatsApp!<\/a>\n\t<\/h3>\n\n\t<div class=\"entry-meta\"><span class=\"category-link\"><a href=\"https:\/\/www.sinkacom.de\/blog\/retail\/\" >Retail<\/a>, <a href=\"https:\/\/www.sinkacom.de\/blog\/webapp\/\" >Web &amp; App<\/a><\/span><a href=\"https:\/\/www.sinkacom.de\/blog\/2020\/06\/29\/\" title=\"17:30\" class=\"data-link\" rel=\"bookmark\"><time class=\"entry-date updated\" datetime=\"2020-06-29T17:30:55+02:00\">29. Juni 2020<\/time><\/a><\/div>\n\t<div class=\"entry-excerpt\"><p>[vc_row][vc_column][\/vc_column][\/vc_row][vc_row][vc_column][vc_column_text] 80% automatisierte Antworten, 90% Weiterempfehlungen, 100% Systemsicherheit Stellen Sie sich vor, ein schneller Blick aufs Smartphone verr\u00e4t Ihnen, ob Sie Ihr Fahrzeug in der Werkstatt abholen k\u00f6nnen. Messenger-Dienste, wie WhatsApp, die wir mehrmals t\u00e4glich checken, sind in den Kundenservice&hellip;<\/p>\n<\/div>\n\t\n<a href=\"https:\/\/www.sinkacom.de\/blog\/kundenservice-jetzt-auf-whatsapp\/\" class=\"dt-btn-s dt-btn post-details details-type-btn\" aria-label=\"Lesen Sie mehr \u00fcber Kundenservice? Jetzt auf WhatsApp!\">weiterlesen<i class=\"dt-icon-the7-arrow-03\" aria-hidden=\"true\"><\/i><\/a>\n\n<\/div><\/article><\/div><div class=\"hidden wf-cell iso-item category-3 category-13 category-2\" data-post-id=\"2926\" data-date=\"2020-06-26T10:00:24+02:00\" data-name=\"Stadtretter: Initiative f\u00fcr revitalisierte Innenst\u00e4dte\"><article class=\"post project-odd visible post-2926 type-post status-publish format-standard has-post-thumbnail hentry category-innenstadt category-retail category-webapp tag-coronavirus tag-covid-19 tag-daseinsvorsorge tag-digitale-stadt tag-digitale-transformation tag-digitaler-marktplatz tag-digitaler-wandel tag-digitalisierung tag-e-commerce tag-einzelhandel tag-innenstadt tag-innenstadt30 tag-kooperation tag-local-commerce tag-marktplatz tag-smartcity tag-stadtapp tag-virtuelles-marktplatzsystem tag-zukunft category-3 category-13 category-2\" data-name=\"Stadtretter: Initiative f\u00fcr revitalisierte Innenst\u00e4dte\" data-date=\"2020-06-26T10:00:24+02:00\">\n\n<div class=\"post-thumbnail-wrap\">\n\t<div class=\"post-thumbnail\">\n\t\t\n\t\t<span class=\"fancy-categories\"><a href=\"https:\/\/www.sinkacom.de\/blog\/innenstadt\/\" rel=\"category tag\" style=\"background-color:#009fe3;color:#ffffff;\">Innenstadt<\/a><a href=\"https:\/\/www.sinkacom.de\/blog\/retail\/\" rel=\"category tag\" style=\"background-color:#009fe3;color:#ffffff;\">Retail<\/a><a href=\"https:\/\/www.sinkacom.de\/blog\/webapp\/\" rel=\"category tag\" style=\"background-color:#009fe3;color:#ffffff;\">Web &amp; App<\/a><\/span>\n\t\t<a href=\"https:\/\/www.sinkacom.de\/blog\/stadtretter-initiative-fuer-revitalisierte-innenstaedte\/\" class=\"post-thumbnail-rollover layzr-bg layzr-bg\" ><img decoding=\"async\" class=\"iso-lazy-load preload-me iso-lazy-load aspect\" src=\"data:image\/svg+xml,%3Csvg%20xmlns%3D&#39;http%3A%2F%2Fwww.w3.org%2F2000%2Fsvg&#39;%20viewBox%3D&#39;0%200%20768%20384&#39;%2F%3E\" data-src=\"https:\/\/www.sinkacom.de\/blog\/wp-content\/uploads\/2020\/06\/stadt-03-768x384.png\" data-srcset=\"https:\/\/www.sinkacom.de\/blog\/wp-content\/uploads\/2020\/06\/stadt-03-768x384.png 768w, https:\/\/www.sinkacom.de\/blog\/wp-content\/uploads\/2020\/06\/stadt-03-1152x576.png 1152w\" loading=\"eager\" style=\"--ratio: 768 \/ 384\" sizes=\"(max-width: 768px) 100vw, 768px\" alt=\"Stadtretter\" title=\"Die Stadtretter-Initiative tr\u00e4gt zur Revitalisierung von Innenst\u00e4dten bei\" width=\"768\" height=\"384\"  \/><\/a>\t<\/div>\n<\/div>\n\n\n<div class=\"post-entry-content\">\n\n\t<h3 class=\"entry-title\">\n\t\t<a href=\"https:\/\/www.sinkacom.de\/blog\/stadtretter-initiative-fuer-revitalisierte-innenstaedte\/\" title=\"Stadtretter: Initiative f\u00fcr revitalisierte Innenst\u00e4dte\" rel=\"bookmark\">Stadtretter: Initiative f\u00fcr revitalisierte Innenst\u00e4dte<\/a>\n\t<\/h3>\n\n\t<div class=\"entry-meta\"><span class=\"category-link\"><a href=\"https:\/\/www.sinkacom.de\/blog\/innenstadt\/\" >Innenstadt<\/a>, <a href=\"https:\/\/www.sinkacom.de\/blog\/retail\/\" >Retail<\/a>, <a href=\"https:\/\/www.sinkacom.de\/blog\/webapp\/\" >Web &amp; App<\/a><\/span><a href=\"https:\/\/www.sinkacom.de\/blog\/2020\/06\/26\/\" title=\"10:00\" class=\"data-link\" rel=\"bookmark\"><time class=\"entry-date updated\" datetime=\"2020-06-26T10:00:24+02:00\">26. Juni 2020<\/time><\/a><\/div>\n\t<div class=\"entry-excerpt\"><p>[vc_row][vc_column][\/vc_column][vc_column][vc_column_text] Auf der Plattform kommen St\u00e4dte, die Probleme haben und Unternehmen, die L\u00f6sungen anbieten, zusammen \u201eStadtretter\u201c ist eine Initiative, die deutschlandweit (Klein-) St\u00e4dte und Unternehmen zusammenbringt. Sie sollen netzwerken, aber auch gemeinsam an L\u00f6sungen arbeiten k\u00f6nnen, damit deutsche Innenst\u00e4dte wieder&hellip;<\/p>\n<\/div>\n\t\n<a href=\"https:\/\/www.sinkacom.de\/blog\/stadtretter-initiative-fuer-revitalisierte-innenstaedte\/\" class=\"dt-btn-s dt-btn post-details details-type-btn\" aria-label=\"Lesen Sie mehr \u00fcber Stadtretter: Initiative f\u00fcr revitalisierte Innenst\u00e4dte\">weiterlesen<i class=\"dt-icon-the7-arrow-03\" aria-hidden=\"true\"><\/i><\/a>\n\n<\/div><\/article><\/div><div class=\"hidden wf-cell iso-item category-13 category-2\" data-post-id=\"2761\" data-date=\"2020-06-15T11:00:19+02:00\" data-name=\"Mehrwertsteuer Anpassung dank Corona-Konjunkturpaket\"><article class=\"post project-odd visible post-2761 type-post status-publish format-standard has-post-thumbnail hentry category-retail category-webapp tag-ecommerce tag-online-shop category-13 category-2\" data-name=\"Mehrwertsteuer Anpassung dank Corona-Konjunkturpaket\" data-date=\"2020-06-15T11:00:19+02:00\">\n\n<div class=\"post-thumbnail-wrap\">\n\t<div class=\"post-thumbnail\">\n\t\t\n\t\t<span class=\"fancy-categories\"><a href=\"https:\/\/www.sinkacom.de\/blog\/retail\/\" rel=\"category tag\" style=\"background-color:#009fe3;color:#ffffff;\">Retail<\/a><a href=\"https:\/\/www.sinkacom.de\/blog\/webapp\/\" rel=\"category tag\" style=\"background-color:#009fe3;color:#ffffff;\">Web &amp; App<\/a><\/span>\n\t\t<a href=\"https:\/\/www.sinkacom.de\/blog\/mehrwertsteuer-anpassung-dank-corona-konjunkturpaket\/\" class=\"post-thumbnail-rollover layzr-bg layzr-bg\" ><img decoding=\"async\" class=\"iso-lazy-load preload-me iso-lazy-load aspect\" src=\"data:image\/svg+xml,%3Csvg%20xmlns%3D&#39;http%3A%2F%2Fwww.w3.org%2F2000%2Fsvg&#39;%20viewBox%3D&#39;0%200%20768%20384&#39;%2F%3E\" data-src=\"https:\/\/www.sinkacom.de\/blog\/wp-content\/uploads\/2020\/06\/Fotolia_61268619_M-min-768x384.jpg\" data-srcset=\"https:\/\/www.sinkacom.de\/blog\/wp-content\/uploads\/2020\/06\/Fotolia_61268619_M-min-768x384.jpg 768w, https:\/\/www.sinkacom.de\/blog\/wp-content\/uploads\/2020\/06\/Fotolia_61268619_M-min-1152x576.jpg 1152w\" loading=\"eager\" style=\"--ratio: 768 \/ 384\" sizes=\"(max-width: 768px) 100vw, 768px\" alt=\"Konsum\" title=\"Konsum\" width=\"768\" height=\"384\"  \/><\/a>\t<\/div>\n<\/div>\n\n\n<div class=\"post-entry-content\">\n\n\t<h3 class=\"entry-title\">\n\t\t<a href=\"https:\/\/www.sinkacom.de\/blog\/mehrwertsteuer-anpassung-dank-corona-konjunkturpaket\/\" title=\"Mehrwertsteuer Anpassung dank Corona-Konjunkturpaket\" rel=\"bookmark\">Mehrwertsteuer Anpassung dank Corona-Konjunkturpaket<\/a>\n\t<\/h3>\n\n\t<div class=\"entry-meta\"><span class=\"category-link\"><a href=\"https:\/\/www.sinkacom.de\/blog\/retail\/\" >Retail<\/a>, <a href=\"https:\/\/www.sinkacom.de\/blog\/webapp\/\" >Web &amp; App<\/a><\/span><a href=\"https:\/\/www.sinkacom.de\/blog\/2020\/06\/15\/\" title=\"11:00\" class=\"data-link\" rel=\"bookmark\"><time class=\"entry-date updated\" datetime=\"2020-06-15T11:00:19+02:00\">15. Juni 2020<\/time><\/a><\/div>\n\t<div class=\"entry-excerpt\"><p>[vc_row][vc_column][\/vc_column][vc_column][vc_column_text] \u00a0 Konjunktur- und Zukunftspaket Am 03.06.2020 hat unsere Bundesregierung auf ein umfangreiches Konjunkturpaket verst\u00e4ndigt. Mit einem Umfang von 130 Milliarden Euro sollen mit diesem Paket Arbeitspl\u00e4tze gesichert werden und die Wirtschaft wieder angekurbelt werden. Neben Hilfen f\u00fcr Kommunen, F\u00f6rderung&hellip;<\/p>\n<\/div>\n\t\n<a href=\"https:\/\/www.sinkacom.de\/blog\/mehrwertsteuer-anpassung-dank-corona-konjunkturpaket\/\" class=\"dt-btn-s dt-btn post-details details-type-btn\" aria-label=\"Lesen Sie mehr \u00fcber Mehrwertsteuer Anpassung dank Corona-Konjunkturpaket\">weiterlesen<i class=\"dt-icon-the7-arrow-03\" aria-hidden=\"true\"><\/i><\/a>\n\n<\/div><\/article><\/div><div class=\"hidden wf-cell iso-item category-13 category-2\" data-post-id=\"2896\" data-date=\"2020-06-10T11:50:37+02:00\" data-name=\"Deadline Second Call Digital-Zuschuss\"><article class=\"post project-odd visible post-2896 type-post status-publish format-standard has-post-thumbnail hentry category-retail category-webapp tag-bewerben tag-digital-zuschuss tag-foerdermittel tag-formular tag-hessen category-13 category-2\" data-name=\"Deadline Second Call Digital-Zuschuss\" data-date=\"2020-06-10T11:50:37+02:00\">\n\n<div class=\"post-thumbnail-wrap\">\n\t<div class=\"post-thumbnail\">\n\t\t\n\t\t<span class=\"fancy-categories\"><a href=\"https:\/\/www.sinkacom.de\/blog\/retail\/\" rel=\"category tag\" style=\"background-color:#009fe3;color:#ffffff;\">Retail<\/a><a href=\"https:\/\/www.sinkacom.de\/blog\/webapp\/\" rel=\"category tag\" style=\"background-color:#009fe3;color:#ffffff;\">Web &amp; App<\/a><\/span>\n\t\t<a href=\"https:\/\/www.sinkacom.de\/blog\/deadline-second-call-digital-zuschuss\/\" class=\"post-thumbnail-rollover layzr-bg layzr-bg\" ><img decoding=\"async\" class=\"iso-lazy-load preload-me iso-lazy-load aspect\" src=\"data:image\/svg+xml,%3Csvg%20xmlns%3D&#39;http%3A%2F%2Fwww.w3.org%2F2000%2Fsvg&#39;%20viewBox%3D&#39;0%200%20768%20384&#39;%2F%3E\" data-src=\"https:\/\/www.sinkacom.de\/blog\/wp-content\/uploads\/2020\/06\/digiTrans-768x384.jpg\" data-srcset=\"https:\/\/www.sinkacom.de\/blog\/wp-content\/uploads\/2020\/06\/digiTrans-768x384.jpg 768w, https:\/\/www.sinkacom.de\/blog\/wp-content\/uploads\/2020\/06\/digiTrans-1152x576.jpg 1152w\" loading=\"eager\" style=\"--ratio: 768 \/ 384\" sizes=\"(max-width: 768px) 100vw, 768px\" alt=\"Digitale Transformation\" title=\"Digitale Transformation\" width=\"768\" height=\"384\"  \/><\/a>\t<\/div>\n<\/div>\n\n\n<div class=\"post-entry-content\">\n\n\t<h3 class=\"entry-title\">\n\t\t<a href=\"https:\/\/www.sinkacom.de\/blog\/deadline-second-call-digital-zuschuss\/\" title=\"Deadline Second Call Digital-Zuschuss\" rel=\"bookmark\">Deadline Second Call Digital-Zuschuss<\/a>\n\t<\/h3>\n\n\t<div class=\"entry-meta\"><span class=\"category-link\"><a href=\"https:\/\/www.sinkacom.de\/blog\/retail\/\" >Retail<\/a>, <a href=\"https:\/\/www.sinkacom.de\/blog\/webapp\/\" >Web &amp; App<\/a><\/span><a href=\"https:\/\/www.sinkacom.de\/blog\/2020\/06\/10\/\" title=\"11:50\" class=\"data-link\" rel=\"bookmark\"><time class=\"entry-date updated\" datetime=\"2020-06-10T11:50:37+02:00\">10. Juni 2020<\/time><\/a><\/div>\n\t<div class=\"entry-excerpt\"><p>[vc_row][vc_column][\/vc_column][\/vc_row][vc_row][vc_column][vc_column_text] Digital-Zuschuss in H\u00f6he von bis zu 10.000 EUR f\u00fcr Digitalisierungsprojekte hessischer Unternehmen&#8230; das Land Hessen f\u00f6rdert\u00a0kleine und mittlere Unternehmen (KMU)\u00a0bei der digitalen Transformation ihrer Produktions- und Arbeitsprozesse und der Verbesserung der IT-Sicherheit. Es beteiligt sich zu 50% mit einem\u00a0nicht&hellip;<\/p>\n<\/div>\n\t\n<a href=\"https:\/\/www.sinkacom.de\/blog\/deadline-second-call-digital-zuschuss\/\" class=\"dt-btn-s dt-btn post-details details-type-btn\" aria-label=\"Lesen Sie mehr \u00fcber Deadline Second Call Digital-Zuschuss\">weiterlesen<i class=\"dt-icon-the7-arrow-03\" aria-hidden=\"true\"><\/i><\/a>\n\n<\/div><\/article><\/div><div class=\"hidden wf-cell iso-item category-13 category-2\" data-post-id=\"2616\" data-date=\"2020-05-28T08:00:43+02:00\" data-name=\"Marktplatzanbindung mit \u201ego-digital\u201c\"><article class=\"post project-odd visible post-2616 type-post status-publish format-standard has-post-thumbnail hentry category-retail category-webapp tag-commerce tag-digitale-transformation tag-digitaler-wandel tag-digitalisierung tag-e-commerce tag-ecommerce tag-foerdermittel tag-foerderprogramm tag-foerderung tag-go-digital tag-kmu tag-online-shop tag-online-shopping category-13 category-2\" data-name=\"Marktplatzanbindung mit \u201ego-digital\u201c\" data-date=\"2020-05-28T08:00:43+02:00\">\n\n<div class=\"post-thumbnail-wrap\">\n\t<div class=\"post-thumbnail\">\n\t\t\n\t\t<span class=\"fancy-categories\"><a href=\"https:\/\/www.sinkacom.de\/blog\/retail\/\" rel=\"category tag\" style=\"background-color:#009fe3;color:#ffffff;\">Retail<\/a><a href=\"https:\/\/www.sinkacom.de\/blog\/webapp\/\" rel=\"category tag\" style=\"background-color:#009fe3;color:#ffffff;\">Web &amp; App<\/a><\/span>\n\t\t<a href=\"https:\/\/www.sinkacom.de\/blog\/marktplatzanbindung-mit-go-digital\/\" class=\"post-thumbnail-rollover layzr-bg layzr-bg\" ><img decoding=\"async\" class=\"iso-lazy-load preload-me iso-lazy-load aspect\" src=\"data:image\/svg+xml,%3Csvg%20xmlns%3D&#39;http%3A%2F%2Fwww.w3.org%2F2000%2Fsvg&#39;%20viewBox%3D&#39;0%200%20768%20384&#39;%2F%3E\" data-src=\"https:\/\/www.sinkacom.de\/blog\/wp-content\/uploads\/2020\/05\/webshop-768x384.png\" data-srcset=\"https:\/\/www.sinkacom.de\/blog\/wp-content\/uploads\/2020\/05\/webshop-768x384.png 768w, https:\/\/www.sinkacom.de\/blog\/wp-content\/uploads\/2020\/05\/webshop-958x479.png 958w\" loading=\"eager\" style=\"--ratio: 768 \/ 384\" sizes=\"(max-width: 768px) 100vw, 768px\" alt=\"Webshop\" title=\"\u201ego-digital\u201c f\u00f6rdert kleine und mittlere Unternehmen bei der Digitalisierung ihrer Arbeitsprozesse\" width=\"768\" height=\"384\"  \/><\/a>\t<\/div>\n<\/div>\n\n\n<div class=\"post-entry-content\">\n\n\t<h3 class=\"entry-title\">\n\t\t<a href=\"https:\/\/www.sinkacom.de\/blog\/marktplatzanbindung-mit-go-digital\/\" title=\"Marktplatzanbindung mit \u201ego-digital\u201c\" rel=\"bookmark\">Marktplatzanbindung mit \u201ego-digital\u201c<\/a>\n\t<\/h3>\n\n\t<div class=\"entry-meta\"><span class=\"category-link\"><a href=\"https:\/\/www.sinkacom.de\/blog\/retail\/\" >Retail<\/a>, <a href=\"https:\/\/www.sinkacom.de\/blog\/webapp\/\" >Web &amp; App<\/a><\/span><a href=\"https:\/\/www.sinkacom.de\/blog\/2020\/05\/28\/\" title=\"08:00\" class=\"data-link\" rel=\"bookmark\"><time class=\"entry-date updated\" datetime=\"2020-05-28T08:00:43+02:00\">28. Mai 2020<\/time><\/a><\/div>\n\t<div class=\"entry-excerpt\"><p>[vc_row][vc_column][\/vc_column][vc_column][vc_column_text] Die staatliche F\u00f6rderung gew\u00e4hrt KMU einen regelrechten Digitalisierungsschub! Als autorisiertes Beratungsunternehmen des staatlichen F\u00f6rderprogramms \u201ego-digital\u201c half die SinkaCom AG dem mittelst\u00e4ndischen Unternehmen Servicecenter Windhorn seine Reichweite und schlussfolgernd seinen Absatz zu steigern. Zu diesem Zweck band der Digital-Dienstleister den&hellip;<\/p>\n<\/div>\n\t\n<a href=\"https:\/\/www.sinkacom.de\/blog\/marktplatzanbindung-mit-go-digital\/\" class=\"dt-btn-s dt-btn post-details details-type-btn\" aria-label=\"Lesen Sie mehr \u00fcber Marktplatzanbindung mit \u201ego-digital\u201c\">weiterlesen<i class=\"dt-icon-the7-arrow-03\" aria-hidden=\"true\"><\/i><\/a>\n\n<\/div><\/article><\/div><div class=\"hidden wf-cell iso-item category-3 category-2\" data-post-id=\"2698\" data-date=\"2020-05-22T17:42:23+02:00\" data-name=\"BAFA-F\u00f6rderung: Gut gemeint, aber schlecht gemacht\"><article class=\"post project-odd visible post-2698 type-post status-publish format-standard has-post-thumbnail hentry category-innenstadt category-webapp tag-bafa-foerderung tag-coronavirus tag-covid-19 tag-foerderprogramm tag-kmu category-3 category-2\" data-name=\"BAFA-F\u00f6rderung: Gut gemeint, aber schlecht gemacht\" data-date=\"2020-05-22T17:42:23+02:00\">\n\n<div class=\"post-thumbnail-wrap\">\n\t<div class=\"post-thumbnail\">\n\t\t\n\t\t<span class=\"fancy-categories\"><a href=\"https:\/\/www.sinkacom.de\/blog\/innenstadt\/\" rel=\"category tag\" style=\"background-color:#009fe3;color:#ffffff;\">Innenstadt<\/a><a href=\"https:\/\/www.sinkacom.de\/blog\/webapp\/\" rel=\"category tag\" style=\"background-color:#009fe3;color:#ffffff;\">Web &amp; App<\/a><\/span>\n\t\t<a href=\"https:\/\/www.sinkacom.de\/blog\/bafa-foerderung-gut-gemeint-aber-schlecht-gemacht\/\" class=\"post-thumbnail-rollover layzr-bg layzr-bg\" ><img decoding=\"async\" class=\"iso-lazy-load preload-me iso-lazy-load aspect\" src=\"data:image\/svg+xml,%3Csvg%20xmlns%3D&#39;http%3A%2F%2Fwww.w3.org%2F2000%2Fsvg&#39;%20viewBox%3D&#39;0%200%20768%20384&#39;%2F%3E\" data-src=\"https:\/\/www.sinkacom.de\/blog\/wp-content\/uploads\/2020\/05\/berater-2-768x384.png\" data-srcset=\"https:\/\/www.sinkacom.de\/blog\/wp-content\/uploads\/2020\/05\/berater-2-768x384.png 768w, https:\/\/www.sinkacom.de\/blog\/wp-content\/uploads\/2020\/05\/berater-2-1152x576.png 1152w\" loading=\"eager\" style=\"--ratio: 768 \/ 384\" sizes=\"(max-width: 768px) 100vw, 768px\" alt=\"BAFA F\u00f6rderung\" title=\"Das BAFA-F\u00f6rderprogramm lockte auch unseri\u00f6se Berater an\" width=\"768\" height=\"384\"  \/><\/a>\t<\/div>\n<\/div>\n\n\n<div class=\"post-entry-content\">\n\n\t<h3 class=\"entry-title\">\n\t\t<a href=\"https:\/\/www.sinkacom.de\/blog\/bafa-foerderung-gut-gemeint-aber-schlecht-gemacht\/\" title=\"BAFA-F\u00f6rderung: Gut gemeint, aber schlecht gemacht\" rel=\"bookmark\">BAFA-F\u00f6rderung: Gut gemeint, aber schlecht gemacht<\/a>\n\t<\/h3>\n\n\t<div class=\"entry-meta\"><span class=\"category-link\"><a href=\"https:\/\/www.sinkacom.de\/blog\/innenstadt\/\" >Innenstadt<\/a>, <a href=\"https:\/\/www.sinkacom.de\/blog\/webapp\/\" >Web &amp; App<\/a><\/span><a href=\"https:\/\/www.sinkacom.de\/blog\/2020\/05\/22\/\" title=\"17:42\" class=\"data-link\" rel=\"bookmark\"><time class=\"entry-date updated\" datetime=\"2020-05-22T17:42:23+02:00\">22. Mai 2020<\/time><\/a><\/div>\n\t<div class=\"entry-excerpt\"><p>[vc_row][vc_column][\/vc_column][vc_column][vc_column_text] Antr\u00e4ge auf Corona-Hilfen arteten aus: Der Staat dreht den Geldhahn wieder zu Grunds\u00e4tzlich h\u00e4tte die F\u00f6rderung des Bundesamts f\u00fcr Wirtschaft und Ausfuhrkontrolle (BAFA) funktionieren k\u00f6nnen. Das staatliche F\u00f6rderprogramm gew\u00e4hrte von der Krise betroffenen Klein- und Mittelunternehmen sowie Selbstst\u00e4ndigen Hilfen&hellip;<\/p>\n<\/div>\n\t\n<a href=\"https:\/\/www.sinkacom.de\/blog\/bafa-foerderung-gut-gemeint-aber-schlecht-gemacht\/\" class=\"dt-btn-s dt-btn post-details details-type-btn\" aria-label=\"Lesen Sie mehr \u00fcber BAFA-F\u00f6rderung: Gut gemeint, aber schlecht gemacht\">weiterlesen<i class=\"dt-icon-the7-arrow-03\" aria-hidden=\"true\"><\/i><\/a>\n\n<\/div><\/article><\/div><div class=\"hidden wf-cell iso-item category-3 category-13 category-2\" data-post-id=\"2648\" data-date=\"2020-05-20T16:06:50+02:00\" data-name=\"Facebook startet \u201eFacebook-Shops\u201c\"><article class=\"post project-odd visible post-2648 type-post status-publish format-standard has-post-thumbnail hentry category-innenstadt category-retail category-webapp tag-commerce tag-covid-19 tag-datenschutz tag-e-commerce tag-einzelhandel tag-facebook tag-kmu tag-marktplatz tag-meinung tag-online-praesenz tag-online-shop tag-online-shopping tag-social-media category-3 category-13 category-2\" data-name=\"Facebook startet \u201eFacebook-Shops\u201c\" data-date=\"2020-05-20T16:06:50+02:00\">\n\n<div class=\"post-thumbnail-wrap\">\n\t<div class=\"post-thumbnail\">\n\t\t\n\t\t<span class=\"fancy-categories\"><a href=\"https:\/\/www.sinkacom.de\/blog\/innenstadt\/\" rel=\"category tag\" style=\"background-color:#009fe3;color:#ffffff;\">Innenstadt<\/a><a href=\"https:\/\/www.sinkacom.de\/blog\/retail\/\" rel=\"category tag\" style=\"background-color:#009fe3;color:#ffffff;\">Retail<\/a><a href=\"https:\/\/www.sinkacom.de\/blog\/webapp\/\" rel=\"category tag\" style=\"background-color:#009fe3;color:#ffffff;\">Web &amp; App<\/a><\/span>\n\t\t<a href=\"https:\/\/www.sinkacom.de\/blog\/facebook-startet-facebook-shops\/\" class=\"post-thumbnail-rollover layzr-bg layzr-bg\" ><img decoding=\"async\" class=\"iso-lazy-load preload-me iso-lazy-load aspect\" src=\"data:image\/svg+xml,%3Csvg%20xmlns%3D&#39;http%3A%2F%2Fwww.w3.org%2F2000%2Fsvg&#39;%20viewBox%3D&#39;0%200%20768%20384&#39;%2F%3E\" data-src=\"https:\/\/www.sinkacom.de\/blog\/wp-content\/uploads\/2020\/05\/fb-01-768x384.png\" data-srcset=\"https:\/\/www.sinkacom.de\/blog\/wp-content\/uploads\/2020\/05\/fb-01-768x384.png 768w, https:\/\/www.sinkacom.de\/blog\/wp-content\/uploads\/2020\/05\/fb-01-1152x576.png 1152w\" loading=\"eager\" style=\"--ratio: 768 \/ 384\" sizes=\"(max-width: 768px) 100vw, 768px\" alt=\"Facebook Shops\" title=\"Mit \u201eFacebook-Shops\u201c k\u00f6nnte das soziale Netzwerk Amazon und eBay Konkurrenz machen\" width=\"768\" height=\"384\"  \/><\/a>\t<\/div>\n<\/div>\n\n\n<div class=\"post-entry-content\">\n\n\t<h3 class=\"entry-title\">\n\t\t<a href=\"https:\/\/www.sinkacom.de\/blog\/facebook-startet-facebook-shops\/\" title=\"Facebook startet \u201eFacebook-Shops\u201c\" rel=\"bookmark\">Facebook startet \u201eFacebook-Shops\u201c<\/a>\n\t<\/h3>\n\n\t<div class=\"entry-meta\"><span class=\"category-link\"><a href=\"https:\/\/www.sinkacom.de\/blog\/innenstadt\/\" >Innenstadt<\/a>, <a href=\"https:\/\/www.sinkacom.de\/blog\/retail\/\" >Retail<\/a>, <a href=\"https:\/\/www.sinkacom.de\/blog\/webapp\/\" >Web &amp; App<\/a><\/span><a href=\"https:\/\/www.sinkacom.de\/blog\/2020\/05\/20\/\" title=\"16:06\" class=\"data-link\" rel=\"bookmark\"><time class=\"entry-date updated\" datetime=\"2020-05-20T16:06:50+02:00\">20. Mai 2020<\/time><\/a><\/div>\n\t<div class=\"entry-excerpt\"><p>[vc_row][vc_column][\/vc_column][vc_column][vc_column_text] Geschickt kaschiert die &#8222;Datenkrake&#8220;, dass \u201eFacebook-Shops\u201c sie als allererstes selbst bereichert. Facebook beschlie\u00dft einen weiteren Schritt in Richtung einer breiteren Gesch\u00e4ftsausrichtung zu machen und erweitert sein Angebot mit \u201eFacebook-Shops\u201c. Mit der Plattform f\u00fcr Online-Handel reiht das soziale Netzwerk sich&hellip;<\/p>\n<\/div>\n\t\n<a href=\"https:\/\/www.sinkacom.de\/blog\/facebook-startet-facebook-shops\/\" class=\"dt-btn-s dt-btn post-details details-type-btn\" aria-label=\"Lesen Sie mehr \u00fcber Facebook startet \u201eFacebook-Shops\u201c\">weiterlesen<i class=\"dt-icon-the7-arrow-03\" aria-hidden=\"true\"><\/i><\/a>\n\n<\/div><\/article><\/div><div class=\"hidden wf-cell iso-item category-3 category-13 category-2\" data-post-id=\"2442\" data-date=\"2020-04-28T19:28:04+02:00\" data-name=\"Covid-19: Daseinsvorsorge sichern\"><article class=\"post project-odd visible post-2442 type-post status-publish format-standard has-post-thumbnail hentry category-innenstadt category-retail category-webapp tag-commerce tag-corona tag-coronavirus tag-covid-19 tag-daseinsvorsorge tag-digitale-transformation tag-digitaler-marktplatz tag-digitaler-wandel tag-digitalisierung tag-e-commerce tag-ecommerce tag-innenstadt-30 tag-local-commerce tag-online-praesenz tag-online-shopping tag-virtueller-marktplatz tag-virtuelles-marktplatzsystem category-3 category-13 category-2\" data-name=\"Covid-19: Daseinsvorsorge sichern\" data-date=\"2020-04-28T19:28:04+02:00\">\n\n<div class=\"post-thumbnail-wrap\">\n\t<div class=\"post-thumbnail\">\n\t\t\n\t\t<span class=\"fancy-categories\"><a href=\"https:\/\/www.sinkacom.de\/blog\/innenstadt\/\" rel=\"category tag\" style=\"background-color:#009fe3;color:#ffffff;\">Innenstadt<\/a><a href=\"https:\/\/www.sinkacom.de\/blog\/retail\/\" rel=\"category tag\" style=\"background-color:#009fe3;color:#ffffff;\">Retail<\/a><a href=\"https:\/\/www.sinkacom.de\/blog\/webapp\/\" rel=\"category tag\" style=\"background-color:#009fe3;color:#ffffff;\">Web &amp; App<\/a><\/span>\n\t\t<a href=\"https:\/\/www.sinkacom.de\/blog\/covid-19-daseinsvorsorge-sichern\/\" class=\"post-thumbnail-rollover layzr-bg layzr-bg\" ><img decoding=\"async\" class=\"iso-lazy-load preload-me iso-lazy-load aspect\" src=\"data:image\/svg+xml,%3Csvg%20xmlns%3D&#39;http%3A%2F%2Fwww.w3.org%2F2000%2Fsvg&#39;%20viewBox%3D&#39;0%200%20768%20384&#39;%2F%3E\" data-src=\"https:\/\/www.sinkacom.de\/blog\/wp-content\/uploads\/2020\/04\/lebensmittel-768x384.png\" data-srcset=\"https:\/\/www.sinkacom.de\/blog\/wp-content\/uploads\/2020\/04\/lebensmittel-768x384.png 768w, https:\/\/www.sinkacom.de\/blog\/wp-content\/uploads\/2020\/04\/lebensmittel-1152x576.png 1152w\" loading=\"eager\" style=\"--ratio: 768 \/ 384\" sizes=\"(max-width: 768px) 100vw, 768px\" alt=\"Corona Kaufen\" title=\"Das Online-Lebensmittelgesch\u00e4ft boomt\" width=\"768\" height=\"384\"  \/><\/a>\t<\/div>\n<\/div>\n\n\n<div class=\"post-entry-content\">\n\n\t<h3 class=\"entry-title\">\n\t\t<a href=\"https:\/\/www.sinkacom.de\/blog\/covid-19-daseinsvorsorge-sichern\/\" title=\"Covid-19: Daseinsvorsorge sichern\" rel=\"bookmark\">Covid-19: Daseinsvorsorge sichern<\/a>\n\t<\/h3>\n\n\t<div class=\"entry-meta\"><span class=\"category-link\"><a href=\"https:\/\/www.sinkacom.de\/blog\/innenstadt\/\" >Innenstadt<\/a>, <a href=\"https:\/\/www.sinkacom.de\/blog\/retail\/\" >Retail<\/a>, <a href=\"https:\/\/www.sinkacom.de\/blog\/webapp\/\" >Web &amp; App<\/a><\/span><a href=\"https:\/\/www.sinkacom.de\/blog\/2020\/04\/28\/\" title=\"19:28\" class=\"data-link\" rel=\"bookmark\"><time class=\"entry-date updated\" datetime=\"2020-04-28T19:28:04+02:00\">28. April 2020<\/time><\/a><\/div>\n\t<div class=\"entry-excerpt\"><p>[vc_row][vc_column][\/vc_column][vc_column][vc_column_text] L\u00f6st der Online-Handel das station\u00e4re Gesch\u00e4ft schneller ab als gedacht? Die digitale Seite des Einzelhandelsgesch\u00e4fts wird durch die aktuelle Situation schneller wachsen als gedacht. Aufgrund des Corona-Virus \u00e4ndert sich das Kaufverhalten vieler Konsumenten und verlagert sich ins Internet. Eine&hellip;<\/p>\n<\/div>\n\t\n<a href=\"https:\/\/www.sinkacom.de\/blog\/covid-19-daseinsvorsorge-sichern\/\" class=\"dt-btn-s dt-btn post-details details-type-btn\" aria-label=\"Lesen Sie mehr \u00fcber Covid-19: Daseinsvorsorge sichern\">weiterlesen<i class=\"dt-icon-the7-arrow-03\" aria-hidden=\"true\"><\/i><\/a>\n\n<\/div><\/article><\/div><div class=\"hidden wf-cell iso-item category-3 category-13 category-2\" data-post-id=\"2448\" data-date=\"2020-04-14T16:25:17+02:00\" data-name=\"K\u00f6nnen sich KMU in der Corona-Krise behaupten?\"><article class=\"post project-odd visible post-2448 type-post status-publish format-standard has-post-thumbnail hentry category-innenstadt category-retail category-webapp tag-commerce tag-corona tag-coronavirus tag-covid-19 tag-daseinsvorsorge tag-digitale-transformation tag-digitaler-marktplatz tag-digitaler-wandel tag-digitalisierung tag-e-commerce tag-ecommerce tag-innenstadt-30 tag-online-praesenz tag-online-shopping tag-retail tag-stadtapp tag-virtueller-marktplatz tag-zukunft category-3 category-13 category-2\" data-name=\"K\u00f6nnen sich KMU in der Corona-Krise behaupten?\" data-date=\"2020-04-14T16:25:17+02:00\">\n\n<div class=\"post-thumbnail-wrap\">\n\t<div class=\"post-thumbnail\">\n\t\t\n\t\t<span class=\"fancy-categories\"><a href=\"https:\/\/www.sinkacom.de\/blog\/innenstadt\/\" rel=\"category tag\" style=\"background-color:#009fe3;color:#ffffff;\">Innenstadt<\/a><a href=\"https:\/\/www.sinkacom.de\/blog\/retail\/\" rel=\"category tag\" style=\"background-color:#009fe3;color:#ffffff;\">Retail<\/a><a href=\"https:\/\/www.sinkacom.de\/blog\/webapp\/\" rel=\"category tag\" style=\"background-color:#009fe3;color:#ffffff;\">Web &amp; App<\/a><\/span>\n\t\t<a href=\"https:\/\/www.sinkacom.de\/blog\/koennen-sich-kmu-in-der-corona-krise-behaupten\/\" class=\"post-thumbnail-rollover layzr-bg layzr-bg\" ><img decoding=\"async\" class=\"iso-lazy-load preload-me iso-lazy-load aspect\" src=\"data:image\/svg+xml,%3Csvg%20xmlns%3D&#39;http%3A%2F%2Fwww.w3.org%2F2000%2Fsvg&#39;%20viewBox%3D&#39;0%200%20768%20384&#39;%2F%3E\" data-src=\"https:\/\/www.sinkacom.de\/blog\/wp-content\/uploads\/2020\/04\/grocery-768x384.png\" data-srcset=\"https:\/\/www.sinkacom.de\/blog\/wp-content\/uploads\/2020\/04\/grocery-768x384.png 768w, https:\/\/www.sinkacom.de\/blog\/wp-content\/uploads\/2020\/04\/grocery-1152x576.png 1152w\" loading=\"eager\" style=\"--ratio: 768 \/ 384\" sizes=\"(max-width: 768px) 100vw, 768px\" alt=\"Corona KMU\" title=\"Wer sind die Gewinner und Verlierer der Krise? Und wozu z\u00e4hlen Klein- und Mittelunternehmen?\" width=\"768\" height=\"384\"  \/><\/a>\t<\/div>\n<\/div>\n\n\n<div class=\"post-entry-content\">\n\n\t<h3 class=\"entry-title\">\n\t\t<a href=\"https:\/\/www.sinkacom.de\/blog\/koennen-sich-kmu-in-der-corona-krise-behaupten\/\" title=\"K\u00f6nnen sich KMU in der Corona-Krise behaupten?\" rel=\"bookmark\">K\u00f6nnen sich KMU in der Corona-Krise behaupten?<\/a>\n\t<\/h3>\n\n\t<div class=\"entry-meta\"><span class=\"category-link\"><a href=\"https:\/\/www.sinkacom.de\/blog\/innenstadt\/\" >Innenstadt<\/a>, <a href=\"https:\/\/www.sinkacom.de\/blog\/retail\/\" >Retail<\/a>, <a href=\"https:\/\/www.sinkacom.de\/blog\/webapp\/\" >Web &amp; App<\/a><\/span><a href=\"https:\/\/www.sinkacom.de\/blog\/2020\/04\/14\/\" title=\"16:25\" class=\"data-link\" rel=\"bookmark\"><time class=\"entry-date updated\" datetime=\"2020-04-14T16:25:17+02:00\">14. April 2020<\/time><\/a><\/div>\n\t<div class=\"entry-excerpt\"><p>[vc_row][vc_column][\/vc_column][vc_column][vc_column_text] \u201eDie Herausforderungen der Gegenwart bestimmen das Kaufverhalten der Deutschen.\u201c iBusiness &nbsp; Die Corona-Krise hat kurz- und langfristige Folgen, auch auf KMU. Kurzfristig wirkt sie sich negativ auf Gesch\u00e4ftsprozesse aus. Langfristig k\u00f6nnte sie den Grundstein f\u00fcr eine viel schneller voranschreitende&hellip;<\/p>\n<\/div>\n\t\n<a href=\"https:\/\/www.sinkacom.de\/blog\/koennen-sich-kmu-in-der-corona-krise-behaupten\/\" class=\"dt-btn-s dt-btn post-details details-type-btn\" aria-label=\"Lesen Sie mehr \u00fcber K\u00f6nnen sich KMU in der Corona-Krise behaupten?\">weiterlesen<i class=\"dt-icon-the7-arrow-03\" aria-hidden=\"true\"><\/i><\/a>\n\n<\/div><\/article><\/div><div class=\"hidden wf-cell iso-item category-1 category-3 category-13 category-2\" data-post-id=\"2421\" data-date=\"2020-03-20T12:15:32+01:00\" data-name=\"Kundeninformation zum CORONAVIRUS \/ COVID-19\"><article class=\"post project-odd visible post-2421 type-post status-publish format-standard has-post-thumbnail hentry category-banking category-innenstadt category-retail category-webapp tag-corona tag-covid-19 tag-homeoffice tag-kundeninformation category-1 category-3 category-13 category-2\" data-name=\"Kundeninformation zum CORONAVIRUS \/ COVID-19\" data-date=\"2020-03-20T12:15:32+01:00\">\n\n<div class=\"post-thumbnail-wrap\">\n\t<div class=\"post-thumbnail\">\n\t\t\n\t\t<span class=\"fancy-categories\"><a href=\"https:\/\/www.sinkacom.de\/blog\/banking\/\" rel=\"category tag\" style=\"background-color:#009fe3;color:#ffffff;\">Banking<\/a><a href=\"https:\/\/www.sinkacom.de\/blog\/innenstadt\/\" rel=\"category tag\" style=\"background-color:#009fe3;color:#ffffff;\">Innenstadt<\/a><a href=\"https:\/\/www.sinkacom.de\/blog\/retail\/\" rel=\"category tag\" style=\"background-color:#009fe3;color:#ffffff;\">Retail<\/a><a href=\"https:\/\/www.sinkacom.de\/blog\/webapp\/\" rel=\"category tag\" style=\"background-color:#009fe3;color:#ffffff;\">Web &amp; App<\/a><\/span>\n\t\t<a href=\"https:\/\/www.sinkacom.de\/blog\/kundeninformation-zum-coronavirus-covid-19\/\" class=\"post-thumbnail-rollover layzr-bg layzr-bg\" ><img decoding=\"async\" class=\"iso-lazy-load preload-me iso-lazy-load aspect\" src=\"data:image\/svg+xml,%3Csvg%20xmlns%3D&#39;http%3A%2F%2Fwww.w3.org%2F2000%2Fsvg&#39;%20viewBox%3D&#39;0%200%20768%20384&#39;%2F%3E\" data-src=\"https:\/\/www.sinkacom.de\/blog\/wp-content\/uploads\/2020\/03\/Fotolia_72103729_S-768x384.jpg\" data-srcset=\"https:\/\/www.sinkacom.de\/blog\/wp-content\/uploads\/2020\/03\/Fotolia_72103729_S-768x384.jpg 768w, https:\/\/www.sinkacom.de\/blog\/wp-content\/uploads\/2020\/03\/Fotolia_72103729_S-848x424.jpg 848w\" loading=\"eager\" style=\"--ratio: 768 \/ 384\" sizes=\"(max-width: 768px) 100vw, 768px\" alt=\"Homeoffice\" title=\"Homeoffice\" width=\"768\" height=\"384\"  \/><\/a>\t<\/div>\n<\/div>\n\n\n<div class=\"post-entry-content\">\n\n\t<h3 class=\"entry-title\">\n\t\t<a href=\"https:\/\/www.sinkacom.de\/blog\/kundeninformation-zum-coronavirus-covid-19\/\" title=\"Kundeninformation zum CORONAVIRUS \/ COVID-19\" rel=\"bookmark\">Kundeninformation zum CORONAVIRUS \/ COVID-19<\/a>\n\t<\/h3>\n\n\t<div class=\"entry-meta\"><span class=\"category-link\"><a href=\"https:\/\/www.sinkacom.de\/blog\/banking\/\" >Banking<\/a>, <a href=\"https:\/\/www.sinkacom.de\/blog\/innenstadt\/\" >Innenstadt<\/a>, <a href=\"https:\/\/www.sinkacom.de\/blog\/retail\/\" >Retail<\/a>, <a href=\"https:\/\/www.sinkacom.de\/blog\/webapp\/\" >Web &amp; App<\/a><\/span><a href=\"https:\/\/www.sinkacom.de\/blog\/2020\/03\/20\/\" title=\"12:15\" class=\"data-link\" rel=\"bookmark\"><time class=\"entry-date updated\" datetime=\"2020-03-20T12:15:32+01:00\">20. M\u00e4rz 2020<\/time><\/a><\/div>\n\t<div class=\"entry-excerpt\"><p>\u00a0 Wir sind weiterhin f\u00fcr Sie da! &nbsp; Sehr geehrte Gesch\u00e4ftspartner, das Wichtigste vorab: Bleiben Sie und Ihre Familie gesund! Im Rahmen der COVID-19 Pandemie haben wir alles daf\u00fcr getan, um den Betrieb st\u00f6rungsfrei fortf\u00fchren zu k\u00f6nnen. Alle Mitarbeiter k\u00f6nnen&hellip;<\/p>\n<\/div>\n\t\n<a href=\"https:\/\/www.sinkacom.de\/blog\/kundeninformation-zum-coronavirus-covid-19\/\" class=\"dt-btn-s dt-btn post-details details-type-btn\" aria-label=\"Lesen Sie mehr \u00fcber Kundeninformation zum CORONAVIRUS \/ COVID-19\">weiterlesen<i class=\"dt-icon-the7-arrow-03\" aria-hidden=\"true\"><\/i><\/a>\n\n<\/div><\/article><\/div><div class=\"hidden wf-cell iso-item category-1 category-2\" data-post-id=\"1780\" data-date=\"2020-03-06T15:32:15+01:00\" data-name=\"MVP als Digitalisierungs-Booster\"><article class=\"post project-odd visible post-1780 type-post status-publish format-standard has-post-thumbnail hentry category-banking category-webapp tag-agilitaet tag-commerce tag-digitale-transformation tag-digitaler-wandel tag-digitalisierung tag-marketing tag-web-app category-1 category-2\" data-name=\"MVP als Digitalisierungs-Booster\" data-date=\"2020-03-06T15:32:15+01:00\">\n\n<div class=\"post-thumbnail-wrap\">\n\t<div class=\"post-thumbnail\">\n\t\t\n\t\t<span class=\"fancy-categories\"><a href=\"https:\/\/www.sinkacom.de\/blog\/banking\/\" rel=\"category tag\" style=\"background-color:#009fe3;color:#ffffff;\">Banking<\/a><a href=\"https:\/\/www.sinkacom.de\/blog\/webapp\/\" rel=\"category tag\" style=\"background-color:#009fe3;color:#ffffff;\">Web &amp; App<\/a><\/span>\n\t\t<a href=\"https:\/\/www.sinkacom.de\/blog\/mvp-als-digitalisierungs-booster\/\" class=\"post-thumbnail-rollover layzr-bg layzr-bg\" ><img decoding=\"async\" class=\"iso-lazy-load preload-me iso-lazy-load aspect\" src=\"data:image\/svg+xml,%3Csvg%20xmlns%3D&#39;http%3A%2F%2Fwww.w3.org%2F2000%2Fsvg&#39;%20viewBox%3D&#39;0%200%20768%20384&#39;%2F%3E\" data-src=\"https:\/\/www.sinkacom.de\/blog\/wp-content\/uploads\/2020\/01\/idea-1-768x384.png\" data-srcset=\"https:\/\/www.sinkacom.de\/blog\/wp-content\/uploads\/2020\/01\/idea-1-768x384.png 768w, https:\/\/www.sinkacom.de\/blog\/wp-content\/uploads\/2020\/01\/idea-1-958x479.png 958w\" loading=\"eager\" style=\"--ratio: 768 \/ 384\" sizes=\"(max-width: 768px) 100vw, 768px\" alt=\"MVP\" title=\"Bei der Entwicklung von MVPs ist der Weg letztlich das Ziel\" width=\"768\" height=\"384\"  \/><\/a>\t<\/div>\n<\/div>\n\n\n<div class=\"post-entry-content\">\n\n\t<h3 class=\"entry-title\">\n\t\t<a href=\"https:\/\/www.sinkacom.de\/blog\/mvp-als-digitalisierungs-booster\/\" title=\"MVP als Digitalisierungs-Booster\" rel=\"bookmark\">MVP als Digitalisierungs-Booster<\/a>\n\t<\/h3>\n\n\t<div class=\"entry-meta\"><span class=\"category-link\"><a href=\"https:\/\/www.sinkacom.de\/blog\/banking\/\" >Banking<\/a>, <a href=\"https:\/\/www.sinkacom.de\/blog\/webapp\/\" >Web &amp; App<\/a><\/span><a href=\"https:\/\/www.sinkacom.de\/blog\/2020\/03\/06\/\" title=\"15:32\" class=\"data-link\" rel=\"bookmark\"><time class=\"entry-date updated\" datetime=\"2020-03-06T15:32:15+01:00\">06. M\u00e4rz 2020<\/time><\/a><\/div>\n\t<div class=\"entry-excerpt\"><p>[vc_row][vc_column][\/vc_column][\/vc_row][vc_row][vc_column][vc_column_text] Um ein neues Produkt zu entwickeln und auf den Markt zu bringen, nutzen viele Unternehmen den schrittweisen, linearen Weg: die Wasserfallmethode. Ein Produkt ist demnach erst dann marktreif, wenn es fertig ist und \u00fcber alle Funktionen verf\u00fcgt, die der&hellip;<\/p>\n<\/div>\n\t\n<a href=\"https:\/\/www.sinkacom.de\/blog\/mvp-als-digitalisierungs-booster\/\" class=\"dt-btn-s dt-btn post-details details-type-btn\" aria-label=\"Lesen Sie mehr \u00fcber MVP als Digitalisierungs-Booster\">weiterlesen<i class=\"dt-icon-the7-arrow-03\" aria-hidden=\"true\"><\/i><\/a>\n\n<\/div><\/article><\/div><div class=\"hidden wf-cell iso-item category-1 category-13 category-2\" data-post-id=\"1768\" data-date=\"2020-02-21T16:05:49+01:00\" data-name=\"B2C und B2B sind \u201efast\u201c nicht miteinander zu vergleichen\"><article class=\"post project-odd visible post-1768 type-post status-publish format-standard has-post-thumbnail hentry category-banking category-retail category-webapp tag-banking tag-commerce tag-customer-relationship-management tag-digitalisierung tag-marketing tag-social-media category-1 category-13 category-2\" data-name=\"B2C und B2B sind \u201efast\u201c nicht miteinander zu vergleichen\" data-date=\"2020-02-21T16:05:49+01:00\">\n\n<div class=\"post-thumbnail-wrap\">\n\t<div class=\"post-thumbnail\">\n\t\t\n\t\t<span class=\"fancy-categories\"><a href=\"https:\/\/www.sinkacom.de\/blog\/banking\/\" rel=\"category tag\" style=\"background-color:#009fe3;color:#ffffff;\">Banking<\/a><a href=\"https:\/\/www.sinkacom.de\/blog\/retail\/\" rel=\"category tag\" style=\"background-color:#009fe3;color:#ffffff;\">Retail<\/a><a href=\"https:\/\/www.sinkacom.de\/blog\/webapp\/\" rel=\"category tag\" style=\"background-color:#009fe3;color:#ffffff;\">Web &amp; App<\/a><\/span>\n\t\t<a href=\"https:\/\/www.sinkacom.de\/blog\/b2c-und-b2b-sind-fast-nicht-miteinander-zu-vergleichen\/\" class=\"post-thumbnail-rollover layzr-bg layzr-bg\" ><img decoding=\"async\" class=\"iso-lazy-load preload-me iso-lazy-load aspect\" src=\"data:image\/svg+xml,%3Csvg%20xmlns%3D&#39;http%3A%2F%2Fwww.w3.org%2F2000%2Fsvg&#39;%20viewBox%3D&#39;0%200%20768%20384&#39;%2F%3E\" data-src=\"https:\/\/www.sinkacom.de\/blog\/wp-content\/uploads\/2020\/01\/b2bb2c-768x384.png\" data-srcset=\"https:\/\/www.sinkacom.de\/blog\/wp-content\/uploads\/2020\/01\/b2bb2c-768x384.png 768w, https:\/\/www.sinkacom.de\/blog\/wp-content\/uploads\/2020\/01\/b2bb2c-936x468.png 936w\" loading=\"eager\" style=\"--ratio: 768 \/ 384\" sizes=\"(max-width: 768px) 100vw, 768px\" alt=\"Business to Business\" title=\"Die Anforderungen f\u00fcr B2B- und B2C-Marketing sind weitestgehend gleich\" width=\"768\" height=\"384\"  \/><\/a>\t<\/div>\n<\/div>\n\n\n<div class=\"post-entry-content\">\n\n\t<h3 class=\"entry-title\">\n\t\t<a href=\"https:\/\/www.sinkacom.de\/blog\/b2c-und-b2b-sind-fast-nicht-miteinander-zu-vergleichen\/\" title=\"B2C und B2B sind \u201efast\u201c nicht miteinander zu vergleichen\" rel=\"bookmark\">B2C und B2B sind \u201efast\u201c nicht miteinander zu vergleichen<\/a>\n\t<\/h3>\n\n\t<div class=\"entry-meta\"><span class=\"category-link\"><a href=\"https:\/\/www.sinkacom.de\/blog\/banking\/\" >Banking<\/a>, <a href=\"https:\/\/www.sinkacom.de\/blog\/retail\/\" >Retail<\/a>, <a href=\"https:\/\/www.sinkacom.de\/blog\/webapp\/\" >Web &amp; App<\/a><\/span><a href=\"https:\/\/www.sinkacom.de\/blog\/2020\/02\/21\/\" title=\"16:05\" class=\"data-link\" rel=\"bookmark\"><time class=\"entry-date updated\" datetime=\"2020-02-21T16:05:49+01:00\">21. Februar 2020<\/time><\/a><\/div>\n\t<div class=\"entry-excerpt\"><p>[vc_row][vc_column][\/vc_column][vc_column][vc_column_text] Ob sich ein Business-Modell an eine Privatperson oder einen Gesch\u00e4ftspartner richtet, Marketing bleibt Marketing. Oder etwa nicht? &nbsp; Marketingstrategien begegnen uns tagein, tagaus: Als Werbespot im TV, Anzeige in einer (Online-) Zeitschrift oder breit angelegte Kampagne. Marketing im Allgemeinen&hellip;<\/p>\n<\/div>\n\t\n<a href=\"https:\/\/www.sinkacom.de\/blog\/b2c-und-b2b-sind-fast-nicht-miteinander-zu-vergleichen\/\" class=\"dt-btn-s dt-btn post-details details-type-btn\" aria-label=\"Lesen Sie mehr \u00fcber B2C und B2B sind \u201efast\u201c nicht miteinander zu vergleichen\">weiterlesen<i class=\"dt-icon-the7-arrow-03\" aria-hidden=\"true\"><\/i><\/a>\n\n<\/div><\/article><\/div><div class=\"hidden wf-cell iso-item category-3 category-30 category-2\" data-post-id=\"2055\" data-date=\"2020-02-07T10:00:25+01:00\" data-name=\"No-Go Digitalisierung? Sprockh\u00f6vel muss handeln, nicht streiten\"><article class=\"post project-odd visible post-2055 type-post status-publish format-standard has-post-thumbnail hentry category-innenstadt category-veranstaltungen-messen category-webapp tag-commerce tag-daseinsvorsorge tag-digitale-stadt tag-digitale-transformation tag-digitaler-marktplatz tag-digitaler-wandel tag-digitalisierung tag-e-commerce tag-innenstadt tag-innenstadt-30 tag-innenstadt30 tag-kooperation tag-modulare-plattform tag-stadtapp tag-stadtmarketing tag-virtueller-marktplatz tag-virtuelles-marktplatzsystem tag-web-app tag-zukunft category-3 category-30 category-2\" data-name=\"No-Go Digitalisierung? Sprockh\u00f6vel muss handeln, nicht streiten\" data-date=\"2020-02-07T10:00:25+01:00\">\n\n<div class=\"post-thumbnail-wrap\">\n\t<div class=\"post-thumbnail\">\n\t\t\n\t\t<span class=\"fancy-categories\"><a href=\"https:\/\/www.sinkacom.de\/blog\/innenstadt\/\" rel=\"category tag\" style=\"background-color:#009fe3;color:#ffffff;\">Innenstadt<\/a><a href=\"https:\/\/www.sinkacom.de\/blog\/veranstaltungen-messen\/\" rel=\"category tag\" style=\"background-color:#009fe3;color:#ffffff;\">Veranstaltungen<\/a><a href=\"https:\/\/www.sinkacom.de\/blog\/webapp\/\" rel=\"category tag\" style=\"background-color:#009fe3;color:#ffffff;\">Web &amp; App<\/a><\/span>\n\t\t<a href=\"https:\/\/www.sinkacom.de\/blog\/no-go-digitalisierung-sprockhoevel-muss-handeln-nicht-streiten\/\" class=\"post-thumbnail-rollover layzr-bg layzr-bg\" ><img decoding=\"async\" class=\"iso-lazy-load preload-me iso-lazy-load aspect\" src=\"data:image\/svg+xml,%3Csvg%20xmlns%3D&#39;http%3A%2F%2Fwww.w3.org%2F2000%2Fsvg&#39;%20viewBox%3D&#39;0%200%20768%20384&#39;%2F%3E\" data-src=\"https:\/\/www.sinkacom.de\/blog\/wp-content\/uploads\/2020\/02\/sprockh\u00f6vel-1-768x384.jpg\" data-srcset=\"https:\/\/www.sinkacom.de\/blog\/wp-content\/uploads\/2020\/02\/sprockh\u00f6vel-1-768x384.jpg 768w, https:\/\/www.sinkacom.de\/blog\/wp-content\/uploads\/2020\/02\/sprockh\u00f6vel-1-1152x576.jpg 1152w\" loading=\"eager\" style=\"--ratio: 768 \/ 384\" sizes=\"(max-width: 768px) 100vw, 768px\" alt=\"Marktplatz\" title=\"Schafft Sprockh\u00f6vel den Sprung in die digitale Zukunft?\" width=\"768\" height=\"384\"  \/><\/a>\t<\/div>\n<\/div>\n\n\n<div class=\"post-entry-content\">\n\n\t<h3 class=\"entry-title\">\n\t\t<a href=\"https:\/\/www.sinkacom.de\/blog\/no-go-digitalisierung-sprockhoevel-muss-handeln-nicht-streiten\/\" title=\"No-Go Digitalisierung? Sprockh\u00f6vel muss handeln, nicht streiten\" rel=\"bookmark\">No-Go Digitalisierung? Sprockh\u00f6vel muss handeln, nicht streiten<\/a>\n\t<\/h3>\n\n\t<div class=\"entry-meta\"><span class=\"category-link\"><a href=\"https:\/\/www.sinkacom.de\/blog\/innenstadt\/\" >Innenstadt<\/a>, <a href=\"https:\/\/www.sinkacom.de\/blog\/veranstaltungen-messen\/\" >Veranstaltungen<\/a>, <a href=\"https:\/\/www.sinkacom.de\/blog\/webapp\/\" >Web &amp; App<\/a><\/span><a href=\"https:\/\/www.sinkacom.de\/blog\/2020\/02\/07\/\" title=\"10:00\" class=\"data-link\" rel=\"bookmark\"><time class=\"entry-date updated\" datetime=\"2020-02-07T10:00:25+01:00\">07. Februar 2020<\/time><\/a><\/div>\n\t<div class=\"entry-excerpt\"><p>[vc_row][vc_column][\/vc_column][vc_column][vc_column_text] H\u00e4ndlern aus Sprockh\u00f6vel steht die Digitalisierung bis zum Hals. Aber seien wir mal ehrlich: Vor ihr verstecken k\u00f6nnen sie sich nicht! Am Montagabend (03.02.) pr\u00e4sentierte die SinkaCom AG ihren digitalen Marktplatz auf einer H\u00e4ndlerveranstaltung der nordrhein-westf\u00e4lischen Stadt Sprockh\u00f6vel. Das&hellip;<\/p>\n<\/div>\n\t\n<a href=\"https:\/\/www.sinkacom.de\/blog\/no-go-digitalisierung-sprockhoevel-muss-handeln-nicht-streiten\/\" class=\"dt-btn-s dt-btn post-details details-type-btn\" aria-label=\"Lesen Sie mehr \u00fcber No-Go Digitalisierung? Sprockh\u00f6vel muss handeln, nicht streiten\">weiterlesen<i class=\"dt-icon-the7-arrow-03\" aria-hidden=\"true\"><\/i><\/a>\n\n<\/div><\/article><\/div><div class=\"hidden wf-cell iso-item category-1 category-13 category-2\" data-post-id=\"1772\" data-date=\"2020-02-02T17:23:50+01:00\" data-name=\"Das Sales Funnel im digitalen Marketing\"><article class=\"post project-odd visible post-1772 type-post status-publish format-standard has-post-thumbnail hentry category-banking category-retail category-webapp tag-commerce tag-customer-relationship-management tag-digitalisierung tag-e-commerce tag-ecommerce tag-marketing tag-retail category-1 category-13 category-2\" data-name=\"Das Sales Funnel im digitalen Marketing\" data-date=\"2020-02-02T17:23:50+01:00\">\n\n<div class=\"post-thumbnail-wrap\">\n\t<div class=\"post-thumbnail\">\n\t\t\n\t\t<span class=\"fancy-categories\"><a href=\"https:\/\/www.sinkacom.de\/blog\/banking\/\" rel=\"category tag\" style=\"background-color:#009fe3;color:#ffffff;\">Banking<\/a><a href=\"https:\/\/www.sinkacom.de\/blog\/retail\/\" rel=\"category tag\" style=\"background-color:#009fe3;color:#ffffff;\">Retail<\/a><a href=\"https:\/\/www.sinkacom.de\/blog\/webapp\/\" rel=\"category tag\" style=\"background-color:#009fe3;color:#ffffff;\">Web &amp; App<\/a><\/span>\n\t\t<a href=\"https:\/\/www.sinkacom.de\/blog\/das-sales-funnel-im-digitalen-marketing\/\" class=\"post-thumbnail-rollover layzr-bg layzr-bg\" ><img decoding=\"async\" class=\"iso-lazy-load preload-me iso-lazy-load aspect\" src=\"data:image\/svg+xml,%3Csvg%20xmlns%3D&#39;http%3A%2F%2Fwww.w3.org%2F2000%2Fsvg&#39;%20viewBox%3D&#39;0%200%20768%20384&#39;%2F%3E\" data-src=\"https:\/\/www.sinkacom.de\/blog\/wp-content\/uploads\/2020\/01\/digital-marketing-4218490_960_720-768x384.jpg\" data-srcset=\"https:\/\/www.sinkacom.de\/blog\/wp-content\/uploads\/2020\/01\/digital-marketing-4218490_960_720-768x384.jpg 768w, https:\/\/www.sinkacom.de\/blog\/wp-content\/uploads\/2020\/01\/digital-marketing-4218490_960_720-960x480.jpg 960w\" loading=\"eager\" style=\"--ratio: 768 \/ 384\" sizes=\"(max-width: 768px) 100vw, 768px\" alt=\"Sales Funnel\" title=\"Das Sales Funnel hilft, Marketing- und Vertriebsprozesse zu optimieren\" width=\"768\" height=\"384\"  \/><\/a>\t<\/div>\n<\/div>\n\n\n<div class=\"post-entry-content\">\n\n\t<h3 class=\"entry-title\">\n\t\t<a href=\"https:\/\/www.sinkacom.de\/blog\/das-sales-funnel-im-digitalen-marketing\/\" title=\"Das Sales Funnel im digitalen Marketing\" rel=\"bookmark\">Das Sales Funnel im digitalen Marketing<\/a>\n\t<\/h3>\n\n\t<div class=\"entry-meta\"><span class=\"category-link\"><a href=\"https:\/\/www.sinkacom.de\/blog\/banking\/\" >Banking<\/a>, <a href=\"https:\/\/www.sinkacom.de\/blog\/retail\/\" >Retail<\/a>, <a href=\"https:\/\/www.sinkacom.de\/blog\/webapp\/\" >Web &amp; App<\/a><\/span><a href=\"https:\/\/www.sinkacom.de\/blog\/2020\/02\/02\/\" title=\"17:23\" class=\"data-link\" rel=\"bookmark\"><time class=\"entry-date updated\" datetime=\"2020-02-02T17:23:50+01:00\">02. Februar 2020<\/time><\/a><\/div>\n\t<div class=\"entry-excerpt\"><p>[vc_row][vc_column][\/vc_column][vc_column][vc_column_text] Einer der wichtigsten Bestandteile der Entwicklung von Marketing- und Verkaufsstrategien? Die Erfolgskontrolle! Quantitative und qualitative Kennzahlen, die im Laufe eines Verkaufsprozesses gemessen werden, geben Auskunft \u00fcber die Quote der Kunden, die vom ersten Kontakt mit dem Unternehmen in tats\u00e4chlich&hellip;<\/p>\n<\/div>\n\t\n<a href=\"https:\/\/www.sinkacom.de\/blog\/das-sales-funnel-im-digitalen-marketing\/\" class=\"dt-btn-s dt-btn post-details details-type-btn\" aria-label=\"Lesen Sie mehr \u00fcber Das Sales Funnel im digitalen Marketing\">weiterlesen<i class=\"dt-icon-the7-arrow-03\" aria-hidden=\"true\"><\/i><\/a>\n\n<\/div><\/article><\/div><div class=\"hidden wf-cell iso-item category-3\" data-post-id=\"1770\" data-date=\"2020-01-24T13:27:26+01:00\" data-name=\"Bruchk\u00f6bels kommunale Immobilien-Plattform\"><article class=\"post project-odd visible post-1770 type-post status-publish format-standard has-post-thumbnail hentry category-innenstadt tag-banking tag-digitale-stadt tag-digitale-transformation tag-digitaler-marktplatz tag-digitaler-wandel tag-digitalisierung tag-innenstadt tag-innenstadt-30 tag-innenstadt30 tag-kooperation tag-modulare-plattform tag-smartcity tag-stadtmarketing tag-virtueller-marktplatz category-3\" data-name=\"Bruchk\u00f6bels kommunale Immobilien-Plattform\" data-date=\"2020-01-24T13:27:26+01:00\">\n\n<div class=\"post-thumbnail-wrap\">\n\t<div class=\"post-thumbnail\">\n\t\t\n\t\t<span class=\"fancy-categories\"><a href=\"https:\/\/www.sinkacom.de\/blog\/innenstadt\/\" rel=\"category tag\" style=\"background-color:#009fe3;color:#ffffff;\">Innenstadt<\/a><\/span>\n\t\t<a href=\"https:\/\/www.sinkacom.de\/blog\/bruchkoebels-kommunale-immobilien-plattform\/\" class=\"post-thumbnail-rollover layzr-bg layzr-bg\" ><img decoding=\"async\" class=\"iso-lazy-load preload-me iso-lazy-load aspect\" src=\"data:image\/svg+xml,%3Csvg%20xmlns%3D&#39;http%3A%2F%2Fwww.w3.org%2F2000%2Fsvg&#39;%20viewBox%3D&#39;0%200%20768%20384&#39;%2F%3E\" data-src=\"https:\/\/www.sinkacom.de\/blog\/wp-content\/uploads\/2020\/01\/monopoly2-3-768x384.png\" data-srcset=\"https:\/\/www.sinkacom.de\/blog\/wp-content\/uploads\/2020\/01\/monopoly2-3-768x384.png 768w, https:\/\/www.sinkacom.de\/blog\/wp-content\/uploads\/2020\/01\/monopoly2-3-830x415.png 830w\" loading=\"eager\" style=\"--ratio: 768 \/ 384\" sizes=\"(max-width: 768px) 100vw, 768px\" alt=\"Immobilien-Plattform\" title=\"Eine st\u00e4dtische Immobilien-Plattform hilft, ungenutzten Raum in St\u00e4dten zu f\u00fcllen\" width=\"768\" height=\"384\"  \/><\/a>\t<\/div>\n<\/div>\n\n\n<div class=\"post-entry-content\">\n\n\t<h3 class=\"entry-title\">\n\t\t<a href=\"https:\/\/www.sinkacom.de\/blog\/bruchkoebels-kommunale-immobilien-plattform\/\" title=\"Bruchk\u00f6bels kommunale Immobilien-Plattform\" rel=\"bookmark\">Bruchk\u00f6bels kommunale Immobilien-Plattform<\/a>\n\t<\/h3>\n\n\t<div class=\"entry-meta\"><span class=\"category-link\"><a href=\"https:\/\/www.sinkacom.de\/blog\/innenstadt\/\" >Innenstadt<\/a><\/span><a href=\"https:\/\/www.sinkacom.de\/blog\/2020\/01\/24\/\" title=\"13:27\" class=\"data-link\" rel=\"bookmark\"><time class=\"entry-date updated\" datetime=\"2020-01-24T13:27:26+01:00\">24. Januar 2020<\/time><\/a><\/div>\n\t<div class=\"entry-excerpt\"><p>[vc_row][vc_column][\/vc_column][vc_column][vc_column_text] Die Kommunalverwaltung einer Stadt entscheidet nicht selten \u00fcber den Erfolg oder Misserfolg von Immobilieninvestments \u2013 denn der Immobilienmarkt ist essentieller Bestandteil der Stadtplanung. Es liegt in der Verantwortung einer Stadt, leer stehende Behausungen zu f\u00fcllen, bevor neue Bauvorhaben in&hellip;<\/p>\n<\/div>\n\t\n<a href=\"https:\/\/www.sinkacom.de\/blog\/bruchkoebels-kommunale-immobilien-plattform\/\" class=\"dt-btn-s dt-btn post-details details-type-btn\" aria-label=\"Lesen Sie mehr \u00fcber Bruchk\u00f6bels kommunale Immobilien-Plattform\">weiterlesen<i class=\"dt-icon-the7-arrow-03\" aria-hidden=\"true\"><\/i><\/a>\n\n<\/div><\/article><\/div><div class=\"hidden wf-cell iso-item category-2\" data-post-id=\"867\" data-date=\"2020-01-10T09:02:25+01:00\" data-name=\"Per Online-Portal ins Auslandsemester\"><article class=\"post project-odd visible post-867 type-post status-publish format-standard has-post-thumbnail hentry category-webapp tag-digitale-transformation tag-digitaler-wandel tag-digitalisierung tag-kooperation tag-modulare-plattform tag-web-app category-2\" data-name=\"Per Online-Portal ins Auslandsemester\" data-date=\"2020-01-10T09:02:25+01:00\">\n\n<div class=\"post-thumbnail-wrap\">\n\t<div class=\"post-thumbnail\">\n\t\t\n\t\t<span class=\"fancy-categories\"><a href=\"https:\/\/www.sinkacom.de\/blog\/webapp\/\" rel=\"category tag\" style=\"background-color:#009fe3;color:#ffffff;\">Web &amp; App<\/a><\/span>\n\t\t<a href=\"https:\/\/www.sinkacom.de\/blog\/per-online-portal-ins-auslandsemester\/\" class=\"post-thumbnail-rollover layzr-bg layzr-bg\" ><img decoding=\"async\" class=\"iso-lazy-load preload-me iso-lazy-load aspect\" src=\"data:image\/svg+xml,%3Csvg%20xmlns%3D&#39;http%3A%2F%2Fwww.w3.org%2F2000%2Fsvg&#39;%20viewBox%3D&#39;0%200%20768%20384&#39;%2F%3E\" data-src=\"https:\/\/www.sinkacom.de\/blog\/wp-content\/uploads\/2019\/08\/girl-3718531_1280-768x384.jpg\" data-srcset=\"https:\/\/www.sinkacom.de\/blog\/wp-content\/uploads\/2019\/08\/girl-3718531_1280-768x384.jpg 768w, https:\/\/www.sinkacom.de\/blog\/wp-content\/uploads\/2019\/08\/girl-3718531_1280-1152x576.jpg 1152w\" loading=\"eager\" style=\"--ratio: 768 \/ 384\" sizes=\"(max-width: 768px) 100vw, 768px\" alt=\"Willkommensportal\" title=\"Das Willkommensportal unterst\u00fctzt Hochschulen und Studierende bei der Organisation eines Auslandsaufenthalts\" width=\"768\" height=\"384\"  \/><\/a>\t<\/div>\n<\/div>\n\n\n<div class=\"post-entry-content\">\n\n\t<h3 class=\"entry-title\">\n\t\t<a href=\"https:\/\/www.sinkacom.de\/blog\/per-online-portal-ins-auslandsemester\/\" title=\"Per Online-Portal ins Auslandsemester\" rel=\"bookmark\">Per Online-Portal ins Auslandsemester<\/a>\n\t<\/h3>\n\n\t<div class=\"entry-meta\"><span class=\"category-link\"><a href=\"https:\/\/www.sinkacom.de\/blog\/webapp\/\" >Web &amp; App<\/a><\/span><a href=\"https:\/\/www.sinkacom.de\/blog\/2020\/01\/10\/\" title=\"09:02\" class=\"data-link\" rel=\"bookmark\"><time class=\"entry-date updated\" datetime=\"2020-01-10T09:02:25+01:00\">10. Januar 2020<\/time><\/a><\/div>\n\t<div class=\"entry-excerpt\"><p>[vc_row][vc_column][vc_column_text] Immer mehr Studierende begeistern sich f\u00fcr Deutschland als Ziel ihres Auslandsaufenthalts. Aber auf welche Hilfe k\u00f6nnen Hochschulen bei der Organisation der Austauschsemester z\u00e4hlen \u2013 wenn nicht auf unsere? &nbsp; Deutsche Hochschulen werden bei Studierenden aus dem Ausland immer beliebter.&hellip;<\/p>\n<\/div>\n\t\n<a href=\"https:\/\/www.sinkacom.de\/blog\/per-online-portal-ins-auslandsemester\/\" class=\"dt-btn-s dt-btn post-details details-type-btn\" aria-label=\"Lesen Sie mehr \u00fcber Per Online-Portal ins Auslandsemester\">weiterlesen<i class=\"dt-icon-the7-arrow-03\" aria-hidden=\"true\"><\/i><\/a>\n\n<\/div><\/article><\/div><div class=\"hidden wf-cell iso-item category-3 category-13 category-2\" data-post-id=\"1782\" data-date=\"2019-11-29T14:37:58+01:00\" data-name=\"Plattformen: Risiken und Chancen in der Technologie\"><article class=\"post project-odd visible post-1782 type-post status-publish format-standard has-post-thumbnail hentry category-innenstadt category-retail category-webapp tag-agilitaet tag-banking tag-commerce tag-digitaler-wandel tag-digitalisierung tag-e-commerce tag-ecommerce tag-marketing tag-modulare-plattform tag-retail category-3 category-13 category-2\" data-name=\"Plattformen: Risiken und Chancen in der Technologie\" data-date=\"2019-11-29T14:37:58+01:00\">\n\n<div class=\"post-thumbnail-wrap\">\n\t<div class=\"post-thumbnail\">\n\t\t\n\t\t<span class=\"fancy-categories\"><a href=\"https:\/\/www.sinkacom.de\/blog\/innenstadt\/\" rel=\"category tag\" style=\"background-color:#009fe3;color:#ffffff;\">Innenstadt<\/a><a href=\"https:\/\/www.sinkacom.de\/blog\/retail\/\" rel=\"category tag\" style=\"background-color:#009fe3;color:#ffffff;\">Retail<\/a><a href=\"https:\/\/www.sinkacom.de\/blog\/webapp\/\" rel=\"category tag\" style=\"background-color:#009fe3;color:#ffffff;\">Web &amp; App<\/a><\/span>\n\t\t<a href=\"https:\/\/www.sinkacom.de\/blog\/plattformen-risiken-und-chancen-in-der-technologie\/\" class=\"post-thumbnail-rollover layzr-bg layzr-bg\" ><img decoding=\"async\" class=\"iso-lazy-load preload-me iso-lazy-load aspect\" src=\"data:image\/svg+xml,%3Csvg%20xmlns%3D&#39;http%3A%2F%2Fwww.w3.org%2F2000%2Fsvg&#39;%20viewBox%3D&#39;0%200%20768%20384&#39;%2F%3E\" data-src=\"https:\/\/www.sinkacom.de\/blog\/wp-content\/uploads\/2020\/01\/commerce-2-768x384.png\" data-srcset=\"https:\/\/www.sinkacom.de\/blog\/wp-content\/uploads\/2020\/01\/commerce-2-768x384.png 768w, https:\/\/www.sinkacom.de\/blog\/wp-content\/uploads\/2020\/01\/commerce-2-820x410.png 820w\" loading=\"eager\" style=\"--ratio: 768 \/ 384\" sizes=\"(max-width: 768px) 100vw, 768px\" alt=\"Plattform\" title=\"In das Plattform-Gesch\u00e4ft zu investieren erweist sich als \u00fcberwiegend positiv\" width=\"768\" height=\"384\"  \/><\/a>\t<\/div>\n<\/div>\n\n\n<div class=\"post-entry-content\">\n\n\t<h3 class=\"entry-title\">\n\t\t<a href=\"https:\/\/www.sinkacom.de\/blog\/plattformen-risiken-und-chancen-in-der-technologie\/\" title=\"Plattformen: Risiken und Chancen in der Technologie\" rel=\"bookmark\">Plattformen: Risiken und Chancen in der Technologie<\/a>\n\t<\/h3>\n\n\t<div class=\"entry-meta\"><span class=\"category-link\"><a href=\"https:\/\/www.sinkacom.de\/blog\/innenstadt\/\" >Innenstadt<\/a>, <a href=\"https:\/\/www.sinkacom.de\/blog\/retail\/\" >Retail<\/a>, <a href=\"https:\/\/www.sinkacom.de\/blog\/webapp\/\" >Web &amp; App<\/a><\/span><a href=\"https:\/\/www.sinkacom.de\/blog\/2019\/11\/29\/\" title=\"14:37\" class=\"data-link\" rel=\"bookmark\"><time class=\"entry-date updated\" datetime=\"2019-11-29T14:37:58+01:00\">29. November 2019<\/time><\/a><\/div>\n\t<div class=\"entry-excerpt\"><p>[vc_row][vc_column][vc_column_text] Um unser Computerzeitalter zu beschreiben, eignet sich wohl kein Begriff besser als der der Schnelllebigkeit. Was sich heute als Trend entpuppt, k\u00f6nnte morgen schon Schnee von gestern sein. Waren Handelsstrukturen, wie M\u00e4rkte und Einkaufszentren, fr\u00fcher noch an eine Zeit&hellip;<\/p>\n<\/div>\n\t\n<a href=\"https:\/\/www.sinkacom.de\/blog\/plattformen-risiken-und-chancen-in-der-technologie\/\" class=\"dt-btn-s dt-btn post-details details-type-btn\" aria-label=\"Lesen Sie mehr \u00fcber Plattformen: Risiken und Chancen in der Technologie\">weiterlesen<i class=\"dt-icon-the7-arrow-03\" aria-hidden=\"true\"><\/i><\/a>\n\n<\/div><\/article><\/div><div class=\"hidden wf-cell iso-item category-13 category-2\" data-post-id=\"1641\" data-date=\"2019-11-15T10:26:00+01:00\" data-name=\"KMU profitieren von \u201ego-digital\u201c\"><article class=\"post project-odd visible post-1641 type-post status-publish format-standard has-post-thumbnail hentry category-retail category-webapp tag-banking tag-commerce tag-digitale-transformation tag-digitaler-wandel tag-digitalisierung tag-e-commerce tag-go-digital tag-kooperation tag-web-app tag-zukunft category-13 category-2\" data-name=\"KMU profitieren von \u201ego-digital\u201c\" data-date=\"2019-11-15T10:26:00+01:00\">\n\n<div class=\"post-thumbnail-wrap\">\n\t<div class=\"post-thumbnail\">\n\t\t\n\t\t<span class=\"fancy-categories\"><a href=\"https:\/\/www.sinkacom.de\/blog\/retail\/\" rel=\"category tag\" style=\"background-color:#009fe3;color:#ffffff;\">Retail<\/a><a href=\"https:\/\/www.sinkacom.de\/blog\/webapp\/\" rel=\"category tag\" style=\"background-color:#009fe3;color:#ffffff;\">Web &amp; App<\/a><\/span>\n\t\t<a href=\"https:\/\/www.sinkacom.de\/blog\/kmu-profitieren-von-go-digital\/\" class=\"post-thumbnail-rollover layzr-bg layzr-bg\" ><img decoding=\"async\" class=\"iso-lazy-load preload-me iso-lazy-load aspect\" src=\"data:image\/svg+xml,%3Csvg%20xmlns%3D&#39;http%3A%2F%2Fwww.w3.org%2F2000%2Fsvg&#39;%20viewBox%3D&#39;0%200%20768%20384&#39;%2F%3E\" data-src=\"https:\/\/www.sinkacom.de\/blog\/wp-content\/uploads\/2019\/12\/go-digital-Foerderprogramm-768x384.jpg\" data-srcset=\"https:\/\/www.sinkacom.de\/blog\/wp-content\/uploads\/2019\/12\/go-digital-Foerderprogramm-768x384.jpg 768w, https:\/\/www.sinkacom.de\/blog\/wp-content\/uploads\/2019\/12\/go-digital-Foerderprogramm-1152x576.jpg 1152w\" loading=\"eager\" style=\"--ratio: 768 \/ 384\" sizes=\"(max-width: 768px) 100vw, 768px\" alt=\"go digital\" title=\"Das go-digital-F\u00f6rderprogramm unterst\u00fctzt kleine und mittelst\u00e4ndische Unternehmen bei der Digitalisierung\" width=\"768\" height=\"384\"  \/><\/a>\t<\/div>\n<\/div>\n\n\n<div class=\"post-entry-content\">\n\n\t<h3 class=\"entry-title\">\n\t\t<a href=\"https:\/\/www.sinkacom.de\/blog\/kmu-profitieren-von-go-digital\/\" title=\"KMU profitieren von \u201ego-digital\u201c\" rel=\"bookmark\">KMU profitieren von \u201ego-digital\u201c<\/a>\n\t<\/h3>\n\n\t<div class=\"entry-meta\"><span class=\"category-link\"><a href=\"https:\/\/www.sinkacom.de\/blog\/retail\/\" >Retail<\/a>, <a href=\"https:\/\/www.sinkacom.de\/blog\/webapp\/\" >Web &amp; App<\/a><\/span><a href=\"https:\/\/www.sinkacom.de\/blog\/2019\/11\/15\/\" title=\"10:26\" class=\"data-link\" rel=\"bookmark\"><time class=\"entry-date updated\" datetime=\"2019-11-15T10:26:00+01:00\">15. November 2019<\/time><\/a><\/div>\n\t<div class=\"entry-excerpt\"><p>[vc_row][vc_column][\/vc_column][vc_column][vc_column_text]To go digital, sprich mit der Digitalisierung Schritt zu halten f\u00e4llt kleinen und mittleren Unternehmen (KMU) oftmals schwer. Wegen ihrer begrenzten Betriebsgr\u00f6\u00dfe fehlen ihnen die erforderlichen Kapazit\u00e4ten, um sich digital weiterzuentwickeln. Eine schlichte Website muss herhalten oder in einigen F\u00e4llen&hellip;<\/p>\n<\/div>\n\t\n<a href=\"https:\/\/www.sinkacom.de\/blog\/kmu-profitieren-von-go-digital\/\" class=\"dt-btn-s dt-btn post-details details-type-btn\" aria-label=\"Lesen Sie mehr \u00fcber KMU profitieren von \u201ego-digital\u201c\">weiterlesen<i class=\"dt-icon-the7-arrow-03\" aria-hidden=\"true\"><\/i><\/a>\n\n<\/div><\/article><\/div><div class=\"hidden wf-cell iso-item category-3 category-30 category-2\" data-post-id=\"1784\" data-date=\"2019-11-04T13:36:52+01:00\" data-name=\"Smart Country Convention\"><article class=\"post project-odd visible post-1784 type-post status-publish format-standard has-post-thumbnail hentry category-innenstadt category-veranstaltungen-messen category-webapp tag-digitale-stadt tag-digitale-transformation tag-digitalisierung tag-innenstadt tag-innenstadt-30 tag-innenstadt30 tag-smartcity tag-stadtapp tag-stadtmarketing tag-virtueller-marktplatz tag-web-app tag-zukunft category-3 category-30 category-2\" data-name=\"Smart Country Convention\" data-date=\"2019-11-04T13:36:52+01:00\">\n\n<div class=\"post-thumbnail-wrap\">\n\t<div class=\"post-thumbnail\">\n\t\t\n\t\t<span class=\"fancy-categories\"><a href=\"https:\/\/www.sinkacom.de\/blog\/innenstadt\/\" rel=\"category tag\" style=\"background-color:#009fe3;color:#ffffff;\">Innenstadt<\/a><a href=\"https:\/\/www.sinkacom.de\/blog\/veranstaltungen-messen\/\" rel=\"category tag\" style=\"background-color:#009fe3;color:#ffffff;\">Veranstaltungen<\/a><a href=\"https:\/\/www.sinkacom.de\/blog\/webapp\/\" rel=\"category tag\" style=\"background-color:#009fe3;color:#ffffff;\">Web &amp; App<\/a><\/span>\n\t\t<a href=\"https:\/\/www.sinkacom.de\/blog\/smart-country-convention\/\" class=\"post-thumbnail-rollover layzr-bg layzr-bg\" ><img decoding=\"async\" class=\"iso-lazy-load preload-me iso-lazy-load aspect\" src=\"data:image\/svg+xml,%3Csvg%20xmlns%3D&#39;http%3A%2F%2Fwww.w3.org%2F2000%2Fsvg&#39;%20viewBox%3D&#39;0%200%20701%20350&#39;%2F%3E\" data-src=\"https:\/\/www.sinkacom.de\/blog\/wp-content\/uploads\/2020\/01\/city-701x350.png\" data-srcset=\"https:\/\/www.sinkacom.de\/blog\/wp-content\/uploads\/2020\/01\/city-701x350.png 701w, https:\/\/www.sinkacom.de\/blog\/wp-content\/uploads\/2020\/01\/city-702x351.png 702w\" loading=\"eager\" style=\"--ratio: 701 \/ 350\" sizes=\"(max-width: 701px) 100vw, 701px\" alt=\"Smart Country\" title=\"&#8230;\" width=\"701\" height=\"350\"  \/><\/a>\t<\/div>\n<\/div>\n\n\n<div class=\"post-entry-content\">\n\n\t<h3 class=\"entry-title\">\n\t\t<a href=\"https:\/\/www.sinkacom.de\/blog\/smart-country-convention\/\" title=\"Smart Country Convention\" rel=\"bookmark\">Smart Country Convention<\/a>\n\t<\/h3>\n\n\t<div class=\"entry-meta\"><span class=\"category-link\"><a href=\"https:\/\/www.sinkacom.de\/blog\/innenstadt\/\" >Innenstadt<\/a>, <a href=\"https:\/\/www.sinkacom.de\/blog\/veranstaltungen-messen\/\" >Veranstaltungen<\/a>, <a href=\"https:\/\/www.sinkacom.de\/blog\/webapp\/\" >Web &amp; App<\/a><\/span><a href=\"https:\/\/www.sinkacom.de\/blog\/2019\/11\/04\/\" title=\"13:36\" class=\"data-link\" rel=\"bookmark\"><time class=\"entry-date updated\" datetime=\"2019-11-04T13:36:52+01:00\">04. November 2019<\/time><\/a><\/div>\n\t<div class=\"entry-excerpt\"><p>[vc_row][vc_column][\/vc_column][vc_column][vc_column_text] Aus St\u00e4dten werden Smart Cities, aus Regionen Smart Regions und aus ganz Deutschland ein Smart Country. Das ist die Zukunftsvision von Vertretern aus Politik, Verwaltung, Wirtschaft und Zivilgesellschaft, die in die fl\u00e4chendeckende Digitalisierung des \u00f6ffentlichen Raums involviert sind. Dass&hellip;<\/p>\n<\/div>\n\t\n<a href=\"https:\/\/www.sinkacom.de\/blog\/smart-country-convention\/\" class=\"dt-btn-s dt-btn post-details details-type-btn\" aria-label=\"Lesen Sie mehr \u00fcber Smart Country Convention\">weiterlesen<i class=\"dt-icon-the7-arrow-03\" aria-hidden=\"true\"><\/i><\/a>\n\n<\/div><\/article><\/div><div class=\"hidden wf-cell iso-item category-1 category-13 category-2\" data-post-id=\"871\" data-date=\"2019-10-18T07:16:28+02:00\" data-name=\"Zwei-Faktor-Authentisierung: Chance oder Risiko?\"><article class=\"post project-odd visible post-871 type-post status-publish format-standard has-post-thumbnail hentry category-banking category-retail category-webapp tag-commerce tag-datenschutz tag-digitalisierung tag-e-commerce tag-ecommerce tag-online-shopping tag-zwei-faktor-authentisierung category-1 category-13 category-2\" data-name=\"Zwei-Faktor-Authentisierung: Chance oder Risiko?\" data-date=\"2019-10-18T07:16:28+02:00\">\n\n<div class=\"post-thumbnail-wrap\">\n\t<div class=\"post-thumbnail\">\n\t\t\n\t\t<span class=\"fancy-categories\"><a href=\"https:\/\/www.sinkacom.de\/blog\/banking\/\" rel=\"category tag\" style=\"background-color:#009fe3;color:#ffffff;\">Banking<\/a><a href=\"https:\/\/www.sinkacom.de\/blog\/retail\/\" rel=\"category tag\" style=\"background-color:#009fe3;color:#ffffff;\">Retail<\/a><a href=\"https:\/\/www.sinkacom.de\/blog\/webapp\/\" rel=\"category tag\" style=\"background-color:#009fe3;color:#ffffff;\">Web &amp; App<\/a><\/span>\n\t\t<a href=\"https:\/\/www.sinkacom.de\/blog\/zwei-faktor-authentisierung-chance-oder-risiko\/\" class=\"post-thumbnail-rollover layzr-bg layzr-bg\" ><img decoding=\"async\" class=\"iso-lazy-load preload-me iso-lazy-load aspect\" src=\"data:image\/svg+xml,%3Csvg%20xmlns%3D&#39;http%3A%2F%2Fwww.w3.org%2F2000%2Fsvg&#39;%20viewBox%3D&#39;0%200%20768%20384&#39;%2F%3E\" data-src=\"https:\/\/www.sinkacom.de\/blog\/wp-content\/uploads\/2019\/08\/Unbenannt-768x384.png\" data-srcset=\"https:\/\/www.sinkacom.de\/blog\/wp-content\/uploads\/2019\/08\/Unbenannt-768x384.png 768w, https:\/\/www.sinkacom.de\/blog\/wp-content\/uploads\/2019\/08\/Unbenannt-952x476.png 952w\" loading=\"eager\" style=\"--ratio: 768 \/ 384\" sizes=\"(max-width: 768px) 100vw, 768px\" alt=\"Zwei Faktor Authentisierung\" title=\"Ein \u201eStandard\u201d-Passwort f\u00fcr mehrere Accounts birgt Risiken\" width=\"768\" height=\"384\"  \/><\/a>\t<\/div>\n<\/div>\n\n\n<div class=\"post-entry-content\">\n\n\t<h3 class=\"entry-title\">\n\t\t<a href=\"https:\/\/www.sinkacom.de\/blog\/zwei-faktor-authentisierung-chance-oder-risiko\/\" title=\"Zwei-Faktor-Authentisierung: Chance oder Risiko?\" rel=\"bookmark\">Zwei-Faktor-Authentisierung: Chance oder Risiko?<\/a>\n\t<\/h3>\n\n\t<div class=\"entry-meta\"><span class=\"category-link\"><a href=\"https:\/\/www.sinkacom.de\/blog\/banking\/\" >Banking<\/a>, <a href=\"https:\/\/www.sinkacom.de\/blog\/retail\/\" >Retail<\/a>, <a href=\"https:\/\/www.sinkacom.de\/blog\/webapp\/\" >Web &amp; App<\/a><\/span><a href=\"https:\/\/www.sinkacom.de\/blog\/2019\/10\/18\/\" title=\"07:16\" class=\"data-link\" rel=\"bookmark\"><time class=\"entry-date updated\" datetime=\"2019-10-18T07:16:28+02:00\">18. Oktober 2019<\/time><\/a><\/div>\n\t<div class=\"entry-excerpt\"><p>[vc_row][vc_column][\/vc_column][\/vc_row][vc_row][vc_column][vc_column_text] Doppelt h\u00e4lt nicht automatisch besser: Ein gewissenhafter Umgang mit seinen Daten ist das A und O. Die Zwei-Faktor-Authentisierung (2FA) ist eine Ma\u00dfnahme der \u201eStarken Kundenauthentisierung\u201c, welche pr\u00fcft, ob ein elektronischer Zahlungsvorgang rechtm\u00e4\u00dfig get\u00e4tigt wird. Die 2FA setzt sich aus&hellip;<\/p>\n<\/div>\n\t\n<a href=\"https:\/\/www.sinkacom.de\/blog\/zwei-faktor-authentisierung-chance-oder-risiko\/\" class=\"dt-btn-s dt-btn post-details details-type-btn\" aria-label=\"Lesen Sie mehr \u00fcber Zwei-Faktor-Authentisierung: Chance oder Risiko?\">weiterlesen<i class=\"dt-icon-the7-arrow-03\" aria-hidden=\"true\"><\/i><\/a>\n\n<\/div><\/article><\/div><div class=\"hidden wf-cell iso-item category-3 category-2\" data-post-id=\"1786\" data-date=\"2019-09-20T16:16:32+02:00\" data-name=\"Digitale St\u00e4dte, digitale Regionen\"><article class=\"post project-odd visible post-1786 type-post status-publish format-standard has-post-thumbnail hentry category-innenstadt category-webapp category-3 category-2\" data-name=\"Digitale St\u00e4dte, digitale Regionen\" data-date=\"2019-09-20T16:16:32+02:00\">\n\n<div class=\"post-thumbnail-wrap\">\n\t<div class=\"post-thumbnail\">\n\t\t\n\t\t<span class=\"fancy-categories\"><a href=\"https:\/\/www.sinkacom.de\/blog\/innenstadt\/\" rel=\"category tag\" style=\"background-color:#009fe3;color:#ffffff;\">Innenstadt<\/a><a href=\"https:\/\/www.sinkacom.de\/blog\/webapp\/\" rel=\"category tag\" style=\"background-color:#009fe3;color:#ffffff;\">Web &amp; App<\/a><\/span>\n\t\t<a href=\"https:\/\/www.sinkacom.de\/blog\/digitale-staedte-digitale-regionen\/\" class=\"post-thumbnail-rollover layzr-bg layzr-bg\" ><img decoding=\"async\" class=\"iso-lazy-load preload-me iso-lazy-load aspect\" src=\"data:image\/svg+xml,%3Csvg%20xmlns%3D&#39;http%3A%2F%2Fwww.w3.org%2F2000%2Fsvg&#39;%20viewBox%3D&#39;0%200%20768%20384&#39;%2F%3E\" data-src=\"https:\/\/www.sinkacom.de\/blog\/wp-content\/uploads\/2019\/12\/congresspark_special_gallery_04-768x384.jpg\" data-srcset=\"https:\/\/www.sinkacom.de\/blog\/wp-content\/uploads\/2019\/12\/congresspark_special_gallery_04-768x384.jpg 768w, https:\/\/www.sinkacom.de\/blog\/wp-content\/uploads\/2019\/12\/congresspark_special_gallery_04-1152x576.jpg 1152w\" loading=\"eager\" style=\"--ratio: 768 \/ 384\" sizes=\"(max-width: 768px) 100vw, 768px\" alt=\"Digitalisierung Stadt\" title=\"Im Congress Park Hanau diskutierte man \u00fcber die Digitalisierung von St\u00e4dten und Regionen\" width=\"768\" height=\"384\"  \/><\/a>\t<\/div>\n<\/div>\n\n\n<div class=\"post-entry-content\">\n\n\t<h3 class=\"entry-title\">\n\t\t<a href=\"https:\/\/www.sinkacom.de\/blog\/digitale-staedte-digitale-regionen\/\" title=\"Digitale St\u00e4dte, digitale Regionen\" rel=\"bookmark\">Digitale St\u00e4dte, digitale Regionen<\/a>\n\t<\/h3>\n\n\t<div class=\"entry-meta\"><span class=\"category-link\"><a href=\"https:\/\/www.sinkacom.de\/blog\/innenstadt\/\" >Innenstadt<\/a>, <a href=\"https:\/\/www.sinkacom.de\/blog\/webapp\/\" >Web &amp; App<\/a><\/span><a href=\"https:\/\/www.sinkacom.de\/blog\/2019\/09\/20\/\" title=\"16:16\" class=\"data-link\" rel=\"bookmark\"><time class=\"entry-date updated\" datetime=\"2019-09-20T16:16:32+02:00\">20. September 2019<\/time><\/a><\/div>\n\t<div class=\"entry-excerpt\"><p>[vc_row][vc_column][\/vc_column][vc_column][vc_column_text] Ihr individueller Weg zur digitalen Stadt Welche Chancen und Vorteile die Digitalisierung f\u00fcr St\u00e4dte Regionen mitbringt, erfuhren Besucher des Kongresses \u201eDigitale St\u00e4dte. Digitale Regionen.\u201c im Congress Park Hanau. Dort bekamen sie am 18. September 2019 Einblick in aktuelle Entwicklungen&hellip;<\/p>\n<\/div>\n\t\n<a href=\"https:\/\/www.sinkacom.de\/blog\/digitale-staedte-digitale-regionen\/\" class=\"dt-btn-s dt-btn post-details details-type-btn\" aria-label=\"Lesen Sie mehr \u00fcber Digitale St\u00e4dte, digitale Regionen\">weiterlesen<i class=\"dt-icon-the7-arrow-03\" aria-hidden=\"true\"><\/i><\/a>\n\n<\/div><\/article><\/div><div class=\"hidden wf-cell iso-item category-1 category-13 category-2\" data-post-id=\"848\" data-date=\"2019-09-06T14:00:59+02:00\" data-name=\"Zwei-Faktor-Authentifizierung wird zur Pflicht f\u00fcr Online-H\u00e4ndler\"><article class=\"post project-odd visible post-848 type-post status-publish format-standard has-post-thumbnail hentry category-banking category-retail category-webapp tag-banking tag-digitaler-wandel tag-e-commerce tag-ecommerce tag-eu tag-online-shopping tag-zwei-faktor-authentisierung category-1 category-13 category-2\" data-name=\"Zwei-Faktor-Authentifizierung wird zur Pflicht f\u00fcr Online-H\u00e4ndler\" data-date=\"2019-09-06T14:00:59+02:00\">\n\n<div class=\"post-thumbnail-wrap\">\n\t<div class=\"post-thumbnail\">\n\t\t\n\t\t<span class=\"fancy-categories\"><a href=\"https:\/\/www.sinkacom.de\/blog\/banking\/\" rel=\"category tag\" style=\"background-color:#009fe3;color:#ffffff;\">Banking<\/a><a href=\"https:\/\/www.sinkacom.de\/blog\/retail\/\" rel=\"category tag\" style=\"background-color:#009fe3;color:#ffffff;\">Retail<\/a><a href=\"https:\/\/www.sinkacom.de\/blog\/webapp\/\" rel=\"category tag\" style=\"background-color:#009fe3;color:#ffffff;\">Web &amp; App<\/a><\/span>\n\t\t<a href=\"https:\/\/www.sinkacom.de\/blog\/zwei-faktor-authentifizierung-wird-zur-pflicht-fuer-online-haendler\/\" class=\"post-thumbnail-rollover layzr-bg layzr-bg\" ><img decoding=\"async\" class=\"iso-lazy-load preload-me iso-lazy-load aspect\" src=\"data:image\/svg+xml,%3Csvg%20xmlns%3D&#39;http%3A%2F%2Fwww.w3.org%2F2000%2Fsvg&#39;%20viewBox%3D&#39;0%200%20654%20327&#39;%2F%3E\" data-src=\"https:\/\/www.sinkacom.de\/blog\/wp-content\/uploads\/2019\/08\/ecommerce-3546296_960_720-654x327.jpg\" data-srcset=\"https:\/\/www.sinkacom.de\/blog\/wp-content\/uploads\/2019\/08\/ecommerce-3546296_960_720-654x327.jpg 654w\" loading=\"eager\" style=\"--ratio: 654 \/ 327\" sizes=\"(max-width: 654px) 100vw, 654px\" alt=\"Zwei Faktor Authentifizierung Pflicht\" title=\"Ab dem 14. September 2019 wird die Zwei-Faktor-Authentifizierung zur Pflicht im E-Commerce\" width=\"654\" height=\"327\"  \/><\/a>\t<\/div>\n<\/div>\n\n\n<div class=\"post-entry-content\">\n\n\t<h3 class=\"entry-title\">\n\t\t<a href=\"https:\/\/www.sinkacom.de\/blog\/zwei-faktor-authentifizierung-wird-zur-pflicht-fuer-online-haendler\/\" title=\"Zwei-Faktor-Authentifizierung wird zur Pflicht f\u00fcr Online-H\u00e4ndler\" rel=\"bookmark\">Zwei-Faktor-Authentifizierung wird zur Pflicht f\u00fcr Online-H\u00e4ndler<\/a>\n\t<\/h3>\n\n\t<div class=\"entry-meta\"><span class=\"category-link\"><a href=\"https:\/\/www.sinkacom.de\/blog\/banking\/\" >Banking<\/a>, <a href=\"https:\/\/www.sinkacom.de\/blog\/retail\/\" >Retail<\/a>, <a href=\"https:\/\/www.sinkacom.de\/blog\/webapp\/\" >Web &amp; App<\/a><\/span><a href=\"https:\/\/www.sinkacom.de\/blog\/2019\/09\/06\/\" title=\"14:00\" class=\"data-link\" rel=\"bookmark\"><time class=\"entry-date updated\" datetime=\"2019-09-06T14:00:59+02:00\">06. September 2019<\/time><\/a><\/div>\n\t<div class=\"entry-excerpt\"><p>[vc_row][vc_column][vc_column_text] Vielen Online-H\u00e4ndlern steht eine Umstellung im Bereich der Zahlungsanbieter bevor. Grund daf\u00fcr ist die am 14. September 2019 in Kraft tretende EU-Zahlungsdienstleisterrichtlinie PSD II, die von diesem Zeitpunkt an die Zwei-Faktor-Authentifizierung f\u00fcr Online-Shops zur Pflicht macht. H\u00e4ndler m\u00fcssen sich&hellip;<\/p>\n<\/div>\n\t\n<a href=\"https:\/\/www.sinkacom.de\/blog\/zwei-faktor-authentifizierung-wird-zur-pflicht-fuer-online-haendler\/\" class=\"dt-btn-s dt-btn post-details details-type-btn\" aria-label=\"Lesen Sie mehr \u00fcber Zwei-Faktor-Authentifizierung wird zur Pflicht f\u00fcr Online-H\u00e4ndler\">weiterlesen<i class=\"dt-icon-the7-arrow-03\" aria-hidden=\"true\"><\/i><\/a>\n\n<\/div><\/article><\/div><div class=\"hidden wf-cell iso-item category-3 category-30 category-2\" data-post-id=\"1463\" data-date=\"2019-08-30T18:27:00+02:00\" data-name=\"Deutsche Stadtmarketingb\u00f6rse 2019\"><article class=\"post project-odd visible post-1463 type-post status-publish format-standard has-post-thumbnail hentry category-innenstadt category-veranstaltungen-messen category-webapp category-3 category-30 category-2\" data-name=\"Deutsche Stadtmarketingb\u00f6rse 2019\" data-date=\"2019-08-30T18:27:00+02:00\">\n\n<div class=\"post-thumbnail-wrap\">\n\t<div class=\"post-thumbnail\">\n\t\t\n\t\t<span class=\"fancy-categories\"><a href=\"https:\/\/www.sinkacom.de\/blog\/innenstadt\/\" rel=\"category tag\" style=\"background-color:#009fe3;color:#ffffff;\">Innenstadt<\/a><a href=\"https:\/\/www.sinkacom.de\/blog\/veranstaltungen-messen\/\" rel=\"category tag\" style=\"background-color:#009fe3;color:#ffffff;\">Veranstaltungen<\/a><a href=\"https:\/\/www.sinkacom.de\/blog\/webapp\/\" rel=\"category tag\" style=\"background-color:#009fe3;color:#ffffff;\">Web &amp; App<\/a><\/span>\n\t\t<a href=\"https:\/\/www.sinkacom.de\/blog\/deutsche-stadtmarketingboerse-2019\/\" class=\"post-thumbnail-rollover layzr-bg layzr-bg\" ><img decoding=\"async\" class=\"iso-lazy-load preload-me iso-lazy-load aspect\" src=\"data:image\/svg+xml,%3Csvg%20xmlns%3D&#39;http%3A%2F%2Fwww.w3.org%2F2000%2Fsvg&#39;%20viewBox%3D&#39;0%200%20768%20384&#39;%2F%3E\" data-src=\"https:\/\/www.sinkacom.de\/blog\/wp-content\/uploads\/2019\/10\/1280px-Heilbronn_Innenstadt_u_Wartberg_20050918-768x384.jpg\" data-srcset=\"https:\/\/www.sinkacom.de\/blog\/wp-content\/uploads\/2019\/10\/1280px-Heilbronn_Innenstadt_u_Wartberg_20050918-768x384.jpg 768w, https:\/\/www.sinkacom.de\/blog\/wp-content\/uploads\/2019\/10\/1280px-Heilbronn_Innenstadt_u_Wartberg_20050918-1152x576.jpg 1152w\" loading=\"eager\" style=\"--ratio: 768 \/ 384\" sizes=\"(max-width: 768px) 100vw, 768px\" alt=\"Stadtmarketingsb\u00f6rse 2019\" title=\"Heilbronn war Austragungsort der deutschen Stadtmarketingb\u00f6rse 2019\" width=\"768\" height=\"384\"  \/><\/a>\t<\/div>\n<\/div>\n\n\n<div class=\"post-entry-content\">\n\n\t<h3 class=\"entry-title\">\n\t\t<a href=\"https:\/\/www.sinkacom.de\/blog\/deutsche-stadtmarketingboerse-2019\/\" title=\"Deutsche Stadtmarketingb\u00f6rse 2019\" rel=\"bookmark\">Deutsche Stadtmarketingb\u00f6rse 2019<\/a>\n\t<\/h3>\n\n\t<div class=\"entry-meta\"><span class=\"category-link\"><a href=\"https:\/\/www.sinkacom.de\/blog\/innenstadt\/\" >Innenstadt<\/a>, <a href=\"https:\/\/www.sinkacom.de\/blog\/veranstaltungen-messen\/\" >Veranstaltungen<\/a>, <a href=\"https:\/\/www.sinkacom.de\/blog\/webapp\/\" >Web &amp; App<\/a><\/span><a href=\"https:\/\/www.sinkacom.de\/blog\/2019\/08\/30\/\" title=\"18:27\" class=\"data-link\" rel=\"bookmark\"><time class=\"entry-date updated\" datetime=\"2019-08-30T18:27:00+02:00\">30. August 2019<\/time><\/a><\/div>\n\t<div class=\"entry-excerpt\"><p>[vc_row][vc_column][vc_column_text] St\u00e4dtisches Landleben oder rurales Stadterlebnis \u2013 ist beides zusammen m\u00f6glich? Vor nicht allzu langer Zeit waren Stadt und Land zwei strikt voneinander getrennte Sph\u00e4ren mit unterschiedlichen Merkmalen und Perspektiven. Die Stadt galt als Inbegriff eines bunten Unterhaltungsangebots, mit ihren&hellip;<\/p>\n<\/div>\n\t\n<a href=\"https:\/\/www.sinkacom.de\/blog\/deutsche-stadtmarketingboerse-2019\/\" class=\"dt-btn-s dt-btn post-details details-type-btn\" aria-label=\"Lesen Sie mehr \u00fcber Deutsche Stadtmarketingb\u00f6rse 2019\">weiterlesen<i class=\"dt-icon-the7-arrow-03\" aria-hidden=\"true\"><\/i><\/a>\n\n<\/div><\/article><\/div><div class=\"hidden wf-cell iso-item category-13 category-2\" data-post-id=\"1621\" data-date=\"2019-08-23T16:46:07+02:00\" data-name=\"Companies go digital\"><article class=\"post project-odd visible post-1621 type-post status-publish format-standard has-post-thumbnail hentry category-retail category-webapp tag-digitale-transformation tag-digitaler-wandel tag-digitalisierung tag-go-digital tag-kooperation tag-web-app tag-zukunft category-13 category-2\" data-name=\"Companies go digital\" data-date=\"2019-08-23T16:46:07+02:00\">\n\n<div class=\"post-thumbnail-wrap\">\n\t<div class=\"post-thumbnail\">\n\t\t\n\t\t<span class=\"fancy-categories\"><a href=\"https:\/\/www.sinkacom.de\/blog\/retail\/\" rel=\"category tag\" style=\"background-color:#009fe3;color:#ffffff;\">Retail<\/a><a href=\"https:\/\/www.sinkacom.de\/blog\/webapp\/\" rel=\"category tag\" style=\"background-color:#009fe3;color:#ffffff;\">Web &amp; App<\/a><\/span>\n\t\t<a href=\"https:\/\/www.sinkacom.de\/blog\/companies-go-digital\/\" class=\"post-thumbnail-rollover layzr-bg layzr-bg\" ><img decoding=\"async\" class=\"iso-lazy-load preload-me iso-lazy-load aspect\" src=\"data:image\/svg+xml,%3Csvg%20xmlns%3D&#39;http%3A%2F%2Fwww.w3.org%2F2000%2Fsvg&#39;%20viewBox%3D&#39;0%200%20768%20384&#39;%2F%3E\" data-src=\"https:\/\/www.sinkacom.de\/blog\/wp-content\/uploads\/2019\/12\/go-digital-Foerderprogramm-768x384.jpg\" data-srcset=\"https:\/\/www.sinkacom.de\/blog\/wp-content\/uploads\/2019\/12\/go-digital-Foerderprogramm-768x384.jpg 768w, https:\/\/www.sinkacom.de\/blog\/wp-content\/uploads\/2019\/12\/go-digital-Foerderprogramm-1152x576.jpg 1152w\" loading=\"eager\" style=\"--ratio: 768 \/ 384\" sizes=\"(max-width: 768px) 100vw, 768px\" alt=\"go digital\" title=\"Das go-digital-F\u00f6rderprogramm unterst\u00fctzt kleine und mittelst\u00e4ndische Unternehmen bei der Digitalisierung\" width=\"768\" height=\"384\"  \/><\/a>\t<\/div>\n<\/div>\n\n\n<div class=\"post-entry-content\">\n\n\t<h3 class=\"entry-title\">\n\t\t<a href=\"https:\/\/www.sinkacom.de\/blog\/companies-go-digital\/\" title=\"Companies go digital\" rel=\"bookmark\">Companies go digital<\/a>\n\t<\/h3>\n\n\t<div class=\"entry-meta\"><span class=\"category-link\"><a href=\"https:\/\/www.sinkacom.de\/blog\/retail\/\" >Retail<\/a>, <a href=\"https:\/\/www.sinkacom.de\/blog\/webapp\/\" >Web &amp; App<\/a><\/span><a href=\"https:\/\/www.sinkacom.de\/blog\/2019\/08\/23\/\" title=\"16:46\" class=\"data-link\" rel=\"bookmark\"><time class=\"entry-date updated\" datetime=\"2019-08-23T16:46:07+02:00\">23. August 2019<\/time><\/a><\/div>\n\t<div class=\"entry-excerpt\"><p>[vc_row][vc_column][vc_column_text] \u201eF\u00fcr unsere Unternehmen und ihre Besch\u00e4ftigten aber auch f\u00fcr die k\u00fcnftige Wettbewerbsf\u00e4higkeit der deutschen Wirtschaft ist entscheidend, dass insbesondere kleine und mittlere Unternehmen den Anschluss an die\u00a0Digitalisierung erfolgreich hinbekommen.\u201c Bundeswirtschaftsminister Peter Altmaier [\/vc_column_text][vc_column_text] Was muss ein Unternehmen tun, um&hellip;<\/p>\n<\/div>\n\t\n<a href=\"https:\/\/www.sinkacom.de\/blog\/companies-go-digital\/\" class=\"dt-btn-s dt-btn post-details details-type-btn\" aria-label=\"Lesen Sie mehr \u00fcber Companies go digital\">weiterlesen<i class=\"dt-icon-the7-arrow-03\" aria-hidden=\"true\"><\/i><\/a>\n\n<\/div><\/article><\/div><div class=\"hidden wf-cell iso-item category-1 category-13 category-2\" data-post-id=\"874\" data-date=\"2019-08-09T15:22:34+02:00\" data-name=\"Doppelt h\u00e4lt besser: Zwei-Faktor-Authentifizierung im E-Commerce\"><article class=\"post project-odd visible post-874 type-post status-publish format-standard has-post-thumbnail hentry category-banking category-retail category-webapp tag-banking tag-commerce tag-digitaler-wandel tag-digitalisierung tag-e-commerce tag-ecommerce tag-online-shopping tag-zwei-faktor-authentisierung category-1 category-13 category-2\" data-name=\"Doppelt h\u00e4lt besser: Zwei-Faktor-Authentifizierung im E-Commerce\" data-date=\"2019-08-09T15:22:34+02:00\">\n\n<div class=\"post-thumbnail-wrap\">\n\t<div class=\"post-thumbnail\">\n\t\t\n\t\t<span class=\"fancy-categories\"><a href=\"https:\/\/www.sinkacom.de\/blog\/banking\/\" rel=\"category tag\" style=\"background-color:#009fe3;color:#ffffff;\">Banking<\/a><a href=\"https:\/\/www.sinkacom.de\/blog\/retail\/\" rel=\"category tag\" style=\"background-color:#009fe3;color:#ffffff;\">Retail<\/a><a href=\"https:\/\/www.sinkacom.de\/blog\/webapp\/\" rel=\"category tag\" style=\"background-color:#009fe3;color:#ffffff;\">Web &amp; App<\/a><\/span>\n\t\t<a href=\"https:\/\/www.sinkacom.de\/blog\/doppelt-haelt-besser-zwei-faktor-authentifizierung-im-e-commerce\/\" class=\"post-thumbnail-rollover layzr-bg layzr-bg\" ><img decoding=\"async\" class=\"iso-lazy-load preload-me iso-lazy-load aspect\" src=\"data:image\/svg+xml,%3Csvg%20xmlns%3D&#39;http%3A%2F%2Fwww.w3.org%2F2000%2Fsvg&#39;%20viewBox%3D&#39;0%200%20768%20384&#39;%2F%3E\" data-src=\"https:\/\/www.sinkacom.de\/blog\/wp-content\/uploads\/2019\/08\/business-3385079_1280-768x384.jpg\" data-srcset=\"https:\/\/www.sinkacom.de\/blog\/wp-content\/uploads\/2019\/08\/business-3385079_1280-768x384.jpg 768w, https:\/\/www.sinkacom.de\/blog\/wp-content\/uploads\/2019\/08\/business-3385079_1280-1152x576.jpg 1152w\" loading=\"eager\" style=\"--ratio: 768 \/ 384\" sizes=\"(max-width: 768px) 100vw, 768px\" alt=\"Multi-Faktor-Authentifizierung als Schutz im Netz\" title=\"Die Multi-Faktor-Authentifizierung bietet zus\u00e4tzlichen Schutz vor Hackern im Netz\" width=\"768\" height=\"384\"  \/><\/a>\t<\/div>\n<\/div>\n\n\n<div class=\"post-entry-content\">\n\n\t<h3 class=\"entry-title\">\n\t\t<a href=\"https:\/\/www.sinkacom.de\/blog\/doppelt-haelt-besser-zwei-faktor-authentifizierung-im-e-commerce\/\" title=\"Doppelt h\u00e4lt besser: Zwei-Faktor-Authentifizierung im E-Commerce\" rel=\"bookmark\">Doppelt h\u00e4lt besser: Zwei-Faktor-Authentifizierung im E-Commerce<\/a>\n\t<\/h3>\n\n\t<div class=\"entry-meta\"><span class=\"category-link\"><a href=\"https:\/\/www.sinkacom.de\/blog\/banking\/\" >Banking<\/a>, <a href=\"https:\/\/www.sinkacom.de\/blog\/retail\/\" >Retail<\/a>, <a href=\"https:\/\/www.sinkacom.de\/blog\/webapp\/\" >Web &amp; App<\/a><\/span><a href=\"https:\/\/www.sinkacom.de\/blog\/2019\/08\/09\/\" title=\"15:22\" class=\"data-link\" rel=\"bookmark\"><time class=\"entry-date updated\" datetime=\"2019-08-09T15:22:34+02:00\">09. August 2019<\/time><\/a><\/div>\n\t<div class=\"entry-excerpt\"><p>[vc_row][vc_column][vc_column_text] Ab dem 14. September 2019 gilt die Zwei-Faktor-Authentifizierung f\u00fcr Online-K\u00e4ufe Was ist das wichtigste beim Online-Shopping? Dass derjenige, der einen Kauf t\u00e4tigt, auch tats\u00e4chlich dazu berechtigt ist. Denn gelangt ein Hacker an die Anmeldedaten eines Nutzers, kann er \u00fcber&hellip;<\/p>\n<\/div>\n\t\n<a href=\"https:\/\/www.sinkacom.de\/blog\/doppelt-haelt-besser-zwei-faktor-authentifizierung-im-e-commerce\/\" class=\"dt-btn-s dt-btn post-details details-type-btn\" aria-label=\"Lesen Sie mehr \u00fcber Doppelt h\u00e4lt besser: Zwei-Faktor-Authentifizierung im E-Commerce\">weiterlesen<i class=\"dt-icon-the7-arrow-03\" aria-hidden=\"true\"><\/i><\/a>\n\n<\/div><\/article><\/div><div class=\"hidden wf-cell iso-item category-2\" data-post-id=\"826\" data-date=\"2019-07-12T14:50:44+02:00\" data-name=\"Ein guter Auftritt \u2013 Nicht nur auf der B\u00fchne!\"><article class=\"post project-odd visible post-826 type-post status-publish format-standard has-post-thumbnail hentry category-webapp tag-digitale-transformation tag-digitaler-wandel tag-digitalisierung tag-e-commerce tag-web-app category-2\" data-name=\"Ein guter Auftritt \u2013 Nicht nur auf der B\u00fchne!\" data-date=\"2019-07-12T14:50:44+02:00\">\n\n<div class=\"post-thumbnail-wrap\">\n\t<div class=\"post-thumbnail\">\n\t\t\n\t\t<span class=\"fancy-categories\"><a href=\"https:\/\/www.sinkacom.de\/blog\/webapp\/\" rel=\"category tag\" style=\"background-color:#009fe3;color:#ffffff;\">Web &amp; App<\/a><\/span>\n\t\t<a href=\"https:\/\/www.sinkacom.de\/blog\/ein-guter-auftritt-nicht-nur-auf-der-buehne\/\" class=\"post-thumbnail-rollover layzr-bg layzr-bg\" ><img decoding=\"async\" class=\"iso-lazy-load preload-me iso-lazy-load aspect\" src=\"data:image\/svg+xml,%3Csvg%20xmlns%3D&#39;http%3A%2F%2Fwww.w3.org%2F2000%2Fsvg&#39;%20viewBox%3D&#39;0%200%20768%20384&#39;%2F%3E\" data-src=\"https:\/\/www.sinkacom.de\/blog\/wp-content\/uploads\/2019\/08\/Buchungsplan-Tivoli-768x384.jpg\" data-srcset=\"https:\/\/www.sinkacom.de\/blog\/wp-content\/uploads\/2019\/08\/Buchungsplan-Tivoli-768x384.jpg 768w, https:\/\/www.sinkacom.de\/blog\/wp-content\/uploads\/2019\/08\/Buchungsplan-Tivoli-1152x576.jpg 1152w\" loading=\"eager\" style=\"--ratio: 768 \/ 384\" sizes=\"(max-width: 768px) 100vw, 768px\" alt=\"Relaunch Internetauftritt\" title=\"Der Internetauftritt des \u201eStein\u2019s Tivoli\u201c h\u00e4lt einen Buchungsplan bereit\" width=\"768\" height=\"384\"  \/><\/a>\t<\/div>\n<\/div>\n\n\n<div class=\"post-entry-content\">\n\n\t<h3 class=\"entry-title\">\n\t\t<a href=\"https:\/\/www.sinkacom.de\/blog\/ein-guter-auftritt-nicht-nur-auf-der-buehne\/\" title=\"Ein guter Auftritt \u2013 Nicht nur auf der B\u00fchne!\" rel=\"bookmark\">Ein guter Auftritt \u2013 Nicht nur auf der B\u00fchne!<\/a>\n\t<\/h3>\n\n\t<div class=\"entry-meta\"><span class=\"category-link\"><a href=\"https:\/\/www.sinkacom.de\/blog\/webapp\/\" >Web &amp; App<\/a><\/span><a href=\"https:\/\/www.sinkacom.de\/blog\/2019\/07\/12\/\" title=\"14:50\" class=\"data-link\" rel=\"bookmark\"><time class=\"entry-date updated\" datetime=\"2019-07-12T14:50:44+02:00\">12. Juli 2019<\/time><\/a><\/div>\n\t<div class=\"entry-excerpt\"><p>[vc_row][vc_column][vc_column_text] Inzwischen geh\u00f6rt es zum Repertoire eines kontempor\u00e4ren Theaters, dass zus\u00e4tzlich zur Inszenierung auf der B\u00fchne auch ein ansprechender und praktikabler Internetauftritt besteht. Dieser \u00dcberzeugung war auch das \u201eStein\u2019s Tivoli\u201d, ein Boulevardtheater in Rodenbach und Hanau. Deshalb beauftragte es die&hellip;<\/p>\n<\/div>\n\t\n<a href=\"https:\/\/www.sinkacom.de\/blog\/ein-guter-auftritt-nicht-nur-auf-der-buehne\/\" class=\"dt-btn-s dt-btn post-details details-type-btn\" aria-label=\"Lesen Sie mehr \u00fcber Ein guter Auftritt \u2013 Nicht nur auf der B\u00fchne!\">weiterlesen<i class=\"dt-icon-the7-arrow-03\" aria-hidden=\"true\"><\/i><\/a>\n\n<\/div><\/article><\/div><div class=\"hidden wf-cell iso-item category-13 category-2\" data-post-id=\"858\" data-date=\"2019-06-28T10:12:27+02:00\" data-name=\"Customer-Relationship-Management mit \u201eTeamleader\u201c\"><article class=\"post project-odd visible post-858 type-post status-publish format-standard has-post-thumbnail hentry category-retail category-webapp category-13 category-2\" data-name=\"Customer-Relationship-Management mit \u201eTeamleader\u201c\" data-date=\"2019-06-28T10:12:27+02:00\">\n\n<div class=\"post-thumbnail-wrap\">\n\t<div class=\"post-thumbnail\">\n\t\t\n\t\t<span class=\"fancy-categories\"><a href=\"https:\/\/www.sinkacom.de\/blog\/retail\/\" rel=\"category tag\" style=\"background-color:#009fe3;color:#ffffff;\">Retail<\/a><a href=\"https:\/\/www.sinkacom.de\/blog\/webapp\/\" rel=\"category tag\" style=\"background-color:#009fe3;color:#ffffff;\">Web &amp; App<\/a><\/span>\n\t\t<a href=\"https:\/\/www.sinkacom.de\/blog\/customer-relationship-management-mit-teamleader\/\" class=\"post-thumbnail-rollover layzr-bg layzr-bg\" ><img decoding=\"async\" class=\"iso-lazy-load preload-me iso-lazy-load aspect\" src=\"data:image\/svg+xml,%3Csvg%20xmlns%3D&#39;http%3A%2F%2Fwww.w3.org%2F2000%2Fsvg&#39;%20viewBox%3D&#39;0%200%20768%20384&#39;%2F%3E\" data-src=\"https:\/\/www.sinkacom.de\/blog\/wp-content\/uploads\/2019\/08\/accomplished-3741971_1280-768x384.jpg\" data-srcset=\"https:\/\/www.sinkacom.de\/blog\/wp-content\/uploads\/2019\/08\/accomplished-3741971_1280-768x384.jpg 768w, https:\/\/www.sinkacom.de\/blog\/wp-content\/uploads\/2019\/08\/accomplished-3741971_1280-1152x576.jpg 1152w\" loading=\"eager\" style=\"--ratio: 768 \/ 384\" sizes=\"(max-width: 768px) 100vw, 768px\" alt=\"CEMA &amp; SinkaCom AG - Gemeinsam Zukunft gestalten\" title=\"CEMA &#038; SinkaCom AG &#8211; Gemeinsam Zukunft gestalten\" width=\"768\" height=\"384\"  \/><\/a>\t<\/div>\n<\/div>\n\n\n<div class=\"post-entry-content\">\n\n\t<h3 class=\"entry-title\">\n\t\t<a href=\"https:\/\/www.sinkacom.de\/blog\/customer-relationship-management-mit-teamleader\/\" title=\"Customer-Relationship-Management mit \u201eTeamleader\u201c\" rel=\"bookmark\">Customer-Relationship-Management mit \u201eTeamleader\u201c<\/a>\n\t<\/h3>\n\n\t<div class=\"entry-meta\"><span class=\"category-link\"><a href=\"https:\/\/www.sinkacom.de\/blog\/retail\/\" >Retail<\/a>, <a href=\"https:\/\/www.sinkacom.de\/blog\/webapp\/\" >Web &amp; App<\/a><\/span><a href=\"https:\/\/www.sinkacom.de\/blog\/2019\/06\/28\/\" title=\"10:12\" class=\"data-link\" rel=\"bookmark\"><time class=\"entry-date updated\" datetime=\"2019-06-28T10:12:27+02:00\">28. Juni 2019<\/time><\/a><\/div>\n\t<div class=\"entry-excerpt\"><p>[vc_row][vc_column][vc_column_text] Seine Kunden zu kennen ist kein Wunschdenken mehr Kundenzufriedenheit und -pflege gehen Hand in Hand. Als zufriedener Kunde wei\u00df man, dass man sich mit seinen Bed\u00fcrfnissen und W\u00fcnschen an ein Unternehmen oder einen Dienstleister wenden kann und dass einem&hellip;<\/p>\n<\/div>\n\t\n<a href=\"https:\/\/www.sinkacom.de\/blog\/customer-relationship-management-mit-teamleader\/\" class=\"dt-btn-s dt-btn post-details details-type-btn\" aria-label=\"Lesen Sie mehr \u00fcber Customer-Relationship-Management mit \u201eTeamleader\u201c\">weiterlesen<i class=\"dt-icon-the7-arrow-03\" aria-hidden=\"true\"><\/i><\/a>\n\n<\/div><\/article><\/div><div class=\"hidden wf-cell iso-item category-3 category-2\" data-post-id=\"493\" data-date=\"2019-06-14T11:53:50+02:00\" data-name=\"City to go: Unsere Zusammenarbeit mit der Technischen Hochschule Brandenburg\"><article class=\"post project-odd visible post-493 type-post status-publish format-standard has-post-thumbnail hentry category-innenstadt category-webapp tag-daseinsvorsorge tag-digitale-stadt tag-digitaler-wandel tag-digitalisierung tag-innenstadt tag-innenstadt-30 tag-innenstadt30 tag-kooperation tag-smartcity tag-stadtapp category-3 category-2\" data-name=\"City to go: Unsere Zusammenarbeit mit der Technischen Hochschule Brandenburg\" data-date=\"2019-06-14T11:53:50+02:00\">\n\n<div class=\"post-thumbnail-wrap\">\n\t<div class=\"post-thumbnail\">\n\t\t\n\t\t<span class=\"fancy-categories\"><a href=\"https:\/\/www.sinkacom.de\/blog\/innenstadt\/\" rel=\"category tag\" style=\"background-color:#009fe3;color:#ffffff;\">Innenstadt<\/a><a href=\"https:\/\/www.sinkacom.de\/blog\/webapp\/\" rel=\"category tag\" style=\"background-color:#009fe3;color:#ffffff;\">Web &amp; App<\/a><\/span>\n\t\t<a href=\"https:\/\/www.sinkacom.de\/blog\/city-to-go-unsere-zusammenarbeit-mit-der-technischen-hochschule-brandenburg\/\" class=\"post-thumbnail-rollover layzr-bg layzr-bg\" ><img decoding=\"async\" class=\"iso-lazy-load preload-me iso-lazy-load aspect\" src=\"data:image\/svg+xml,%3Csvg%20xmlns%3D&#39;http%3A%2F%2Fwww.w3.org%2F2000%2Fsvg&#39;%20viewBox%3D&#39;0%200%20768%20384&#39;%2F%3E\" data-src=\"https:\/\/www.sinkacom.de\/blog\/wp-content\/uploads\/2019\/06\/150515_brb_003-768x384.jpg\" data-srcset=\"https:\/\/www.sinkacom.de\/blog\/wp-content\/uploads\/2019\/06\/150515_brb_003-768x384.jpg 768w, https:\/\/www.sinkacom.de\/blog\/wp-content\/uploads\/2019\/06\/150515_brb_003-1152x576.jpg 1152w\" loading=\"eager\" style=\"--ratio: 768 \/ 384\" sizes=\"(max-width: 768px) 100vw, 768px\" alt=\"StadtApp Gransee: Die City to go\" title=\"Die Stadt Gransee in Brandenburg bekam ihre eigene StadtApp\" width=\"768\" height=\"384\"  \/><\/a>\t<\/div>\n<\/div>\n\n\n<div class=\"post-entry-content\">\n\n\t<h3 class=\"entry-title\">\n\t\t<a href=\"https:\/\/www.sinkacom.de\/blog\/city-to-go-unsere-zusammenarbeit-mit-der-technischen-hochschule-brandenburg\/\" title=\"City to go: Unsere Zusammenarbeit mit der Technischen Hochschule Brandenburg\" rel=\"bookmark\">City to go: Unsere Zusammenarbeit mit der Technischen Hochschule Brandenburg<\/a>\n\t<\/h3>\n\n\t<div class=\"entry-meta\"><span class=\"category-link\"><a href=\"https:\/\/www.sinkacom.de\/blog\/innenstadt\/\" >Innenstadt<\/a>, <a href=\"https:\/\/www.sinkacom.de\/blog\/webapp\/\" >Web &amp; App<\/a><\/span><a href=\"https:\/\/www.sinkacom.de\/blog\/2019\/06\/14\/\" title=\"11:53\" class=\"data-link\" rel=\"bookmark\"><time class=\"entry-date updated\" datetime=\"2019-06-14T11:53:50+02:00\">14. Juni 2019<\/time><\/a><\/div>\n\t<div class=\"entry-excerpt\"><p>[vc_row][vc_column][vc_column_text] Fortschritt beginnt mit einer Vision. Doch erst wenn viele diese Vision teilen und beschlie\u00dfen, gemeinsam an ihrer Verwirklichung zu arbeiten, wird Fortschritt geschaffen. Unsere Kooperation mit der Technischen Hochschule Brandenburg begann im Fr\u00fchjahr 2018. Die Hochschule an der Havel&hellip;<\/p>\n<\/div>\n\t\n<a href=\"https:\/\/www.sinkacom.de\/blog\/city-to-go-unsere-zusammenarbeit-mit-der-technischen-hochschule-brandenburg\/\" class=\"dt-btn-s dt-btn post-details details-type-btn\" aria-label=\"Lesen Sie mehr \u00fcber City to go: Unsere Zusammenarbeit mit der Technischen Hochschule Brandenburg\">weiterlesen<i class=\"dt-icon-the7-arrow-03\" aria-hidden=\"true\"><\/i><\/a>\n\n<\/div><\/article><\/div><div class=\"hidden wf-cell iso-item category-3 category-30\" data-post-id=\"489\" data-date=\"2019-05-17T13:30:13+02:00\" data-name=\"Die attraktive Innenstadt von morgen\"><article class=\"post project-odd visible post-489 type-post status-publish format-standard has-post-thumbnail hentry category-innenstadt category-veranstaltungen-messen tag-commerce tag-digitale-stadt tag-digitale-transformation tag-digitaler-marktplatz tag-digitaler-wandel tag-digitalisierung tag-e-commerce tag-innenstadt-30 tag-online-shopping tag-stadtmarketing tag-virtueller-marktplatz tag-virtuelles-marktplatzsystem tag-zukunft category-3 category-30\" data-name=\"Die attraktive Innenstadt von morgen\" data-date=\"2019-05-17T13:30:13+02:00\">\n\n<div class=\"post-thumbnail-wrap\">\n\t<div class=\"post-thumbnail\">\n\t\t\n\t\t<span class=\"fancy-categories\"><a href=\"https:\/\/www.sinkacom.de\/blog\/innenstadt\/\" rel=\"category tag\" style=\"background-color:#009fe3;color:#ffffff;\">Innenstadt<\/a><a href=\"https:\/\/www.sinkacom.de\/blog\/veranstaltungen-messen\/\" rel=\"category tag\" style=\"background-color:#009fe3;color:#ffffff;\">Veranstaltungen<\/a><\/span>\n\t\t<a href=\"https:\/\/www.sinkacom.de\/blog\/die-attraktive-innenstadt-von-morgen\/\" class=\"post-thumbnail-rollover layzr-bg layzr-bg\" ><img decoding=\"async\" class=\"iso-lazy-load preload-me iso-lazy-load aspect\" src=\"data:image\/svg+xml,%3Csvg%20xmlns%3D&#39;http%3A%2F%2Fwww.w3.org%2F2000%2Fsvg&#39;%20viewBox%3D&#39;0%200%20768%20384&#39;%2F%3E\" data-src=\"https:\/\/www.sinkacom.de\/blog\/wp-content\/uploads\/2019\/05\/stadtplatz-967887_1280-768x384.jpg\" data-srcset=\"https:\/\/www.sinkacom.de\/blog\/wp-content\/uploads\/2019\/05\/stadtplatz-967887_1280-768x384.jpg 768w, https:\/\/www.sinkacom.de\/blog\/wp-content\/uploads\/2019\/05\/stadtplatz-967887_1280-1152x576.jpg 1152w\" loading=\"eager\" style=\"--ratio: 768 \/ 384\" sizes=\"(max-width: 768px) 100vw, 768px\" alt=\"Innenstadt Wandel\" title=\"Die Innenstadt von morgen ist im Wandel\" width=\"768\" height=\"384\"  \/><\/a>\t<\/div>\n<\/div>\n\n\n<div class=\"post-entry-content\">\n\n\t<h3 class=\"entry-title\">\n\t\t<a href=\"https:\/\/www.sinkacom.de\/blog\/die-attraktive-innenstadt-von-morgen\/\" title=\"Die attraktive Innenstadt von morgen\" rel=\"bookmark\">Die attraktive Innenstadt von morgen<\/a>\n\t<\/h3>\n\n\t<div class=\"entry-meta\"><span class=\"category-link\"><a href=\"https:\/\/www.sinkacom.de\/blog\/innenstadt\/\" >Innenstadt<\/a>, <a href=\"https:\/\/www.sinkacom.de\/blog\/veranstaltungen-messen\/\" >Veranstaltungen<\/a><\/span><a href=\"https:\/\/www.sinkacom.de\/blog\/2019\/05\/17\/\" title=\"13:30\" class=\"data-link\" rel=\"bookmark\"><time class=\"entry-date updated\" datetime=\"2019-05-17T13:30:13+02:00\">17. Mai 2019<\/time><\/a><\/div>\n\t<div class=\"entry-excerpt\"><p>[vc_row][vc_column][vc_row_inner][vc_column_inner][vc_column_text] 13. Hessischer Stadtmarketingtag in Hanau Ver\u00e4nderung pr\u00e4gt unsere Innenstadt: Das liegt zum einen an der digitalen Transformation, zum anderen am gesellschaftlichen Wandel. Wie mit dem Zusammenspiel dieser beiden Str\u00f6mungen umgegangen werden soll wurde am Donnerstag, den 16. Mai 2019&hellip;<\/p>\n<\/div>\n\t\n<a href=\"https:\/\/www.sinkacom.de\/blog\/die-attraktive-innenstadt-von-morgen\/\" class=\"dt-btn-s dt-btn post-details details-type-btn\" aria-label=\"Lesen Sie mehr \u00fcber Die attraktive Innenstadt von morgen\">weiterlesen<i class=\"dt-icon-the7-arrow-03\" aria-hidden=\"true\"><\/i><\/a>\n\n<\/div><\/article><\/div><div class=\"hidden wf-cell iso-item category-13 category-2\" data-post-id=\"856\" data-date=\"2019-05-03T10:36:33+02:00\" data-name=\"CRM: Damit kenn&#039; ich meine Kunden!\"><article class=\"post project-odd visible post-856 type-post status-publish format-standard has-post-thumbnail hentry category-retail category-webapp tag-customer-relationship-management tag-digitalisierung tag-retail tag-web-app category-13 category-2\" data-name=\"CRM: Damit kenn&#8216; ich meine Kunden!\" data-date=\"2019-05-03T10:36:33+02:00\">\n\n<div class=\"post-thumbnail-wrap\">\n\t<div class=\"post-thumbnail\">\n\t\t\n\t\t<span class=\"fancy-categories\"><a href=\"https:\/\/www.sinkacom.de\/blog\/retail\/\" rel=\"category tag\" style=\"background-color:#009fe3;color:#ffffff;\">Retail<\/a><a href=\"https:\/\/www.sinkacom.de\/blog\/webapp\/\" rel=\"category tag\" style=\"background-color:#009fe3;color:#ffffff;\">Web &amp; App<\/a><\/span>\n\t\t<a href=\"https:\/\/www.sinkacom.de\/blog\/crm-damit-kenn-ich-meine-kunden\/\" class=\"post-thumbnail-rollover layzr-bg layzr-bg\" ><img decoding=\"async\" class=\"iso-lazy-load preload-me iso-lazy-load aspect\" src=\"data:image\/svg+xml,%3Csvg%20xmlns%3D&#39;http%3A%2F%2Fwww.w3.org%2F2000%2Fsvg&#39;%20viewBox%3D&#39;0%200%20768%20384&#39;%2F%3E\" data-src=\"https:\/\/www.sinkacom.de\/blog\/wp-content\/uploads\/2019\/08\/customer-relationship-2-768x384.png\" data-srcset=\"https:\/\/www.sinkacom.de\/blog\/wp-content\/uploads\/2019\/08\/customer-relationship-2-768x384.png 768w, https:\/\/www.sinkacom.de\/blog\/wp-content\/uploads\/2019\/08\/customer-relationship-2-949x474.png 949w\" loading=\"eager\" style=\"--ratio: 768 \/ 384\" sizes=\"(max-width: 768px) 100vw, 768px\" alt=\"CRM\" title=\"Ein smartes Management-System hilft, die Anliegen seiner Kunden im Auge zu behalten\" width=\"768\" height=\"384\"  \/><\/a>\t<\/div>\n<\/div>\n\n\n<div class=\"post-entry-content\">\n\n\t<h3 class=\"entry-title\">\n\t\t<a href=\"https:\/\/www.sinkacom.de\/blog\/crm-damit-kenn-ich-meine-kunden\/\" title=\"CRM: Damit kenn&#8216; ich meine Kunden!\" rel=\"bookmark\">CRM: Damit kenn&#8216; ich meine Kunden!<\/a>\n\t<\/h3>\n\n\t<div class=\"entry-meta\"><span class=\"category-link\"><a href=\"https:\/\/www.sinkacom.de\/blog\/retail\/\" >Retail<\/a>, <a href=\"https:\/\/www.sinkacom.de\/blog\/webapp\/\" >Web &amp; App<\/a><\/span><a href=\"https:\/\/www.sinkacom.de\/blog\/2019\/05\/03\/\" title=\"10:36\" class=\"data-link\" rel=\"bookmark\"><time class=\"entry-date updated\" datetime=\"2019-05-03T10:36:33+02:00\">03. Mai 2019<\/time><\/a><\/div>\n\t<div class=\"entry-excerpt\"><p>[vc_row][vc_column][vc_column_text][\/vc_column_text][vc_column_text] \u201eDie Art und Weise, wie Unternehmen Informationen erfassen, verwalten und nutzen, entscheidet dar\u00fcber, ob sie zu den Gewinnern oder zu den Verlierern geh\u00f6ren.\u201c Bill Gates [\/vc_column_text][vc_column_text] Es gibt wohl kein Unternehmen, das sich keine langfristigen Kundenkontakte w\u00fcnscht. Es kostet&hellip;<\/p>\n<\/div>\n\t\n<a href=\"https:\/\/www.sinkacom.de\/blog\/crm-damit-kenn-ich-meine-kunden\/\" class=\"dt-btn-s dt-btn post-details details-type-btn\" aria-label=\"Lesen Sie mehr \u00fcber CRM: Damit kenn&#8216; ich meine Kunden!\">weiterlesen<i class=\"dt-icon-the7-arrow-03\" aria-hidden=\"true\"><\/i><\/a>\n\n<\/div><\/article><\/div><div class=\"hidden wf-cell iso-item category-3 category-2\" data-post-id=\"861\" data-date=\"2019-04-23T09:27:11+02:00\" data-name=\"StadtApp am Beispiel Bruchk\u00f6bel\"><article class=\"post project-odd visible post-861 type-post status-publish format-standard has-post-thumbnail hentry category-innenstadt category-webapp tag-digitale-stadt tag-digitale-transformation tag-digitaler-marktplatz tag-digitaler-wandel tag-digitalisierung tag-innenstadt tag-innenstadt-30 tag-innenstadt30 tag-kooperation tag-smartcity tag-stadtapp tag-virtueller-marktplatz tag-web-app category-3 category-2\" data-name=\"StadtApp am Beispiel Bruchk\u00f6bel\" data-date=\"2019-04-23T09:27:11+02:00\">\n\n<div class=\"post-thumbnail-wrap\">\n\t<div class=\"post-thumbnail\">\n\t\t\n\t\t<span class=\"fancy-categories\"><a href=\"https:\/\/www.sinkacom.de\/blog\/innenstadt\/\" rel=\"category tag\" style=\"background-color:#009fe3;color:#ffffff;\">Innenstadt<\/a><a href=\"https:\/\/www.sinkacom.de\/blog\/webapp\/\" rel=\"category tag\" style=\"background-color:#009fe3;color:#ffffff;\">Web &amp; App<\/a><\/span>\n\t\t<a href=\"https:\/\/www.sinkacom.de\/blog\/stadt-bruchkoebel-bekommt-stadtapp\/\" class=\"post-thumbnail-rollover layzr-bg layzr-bg\" ><img decoding=\"async\" class=\"iso-lazy-load preload-me iso-lazy-load aspect\" src=\"data:image\/svg+xml,%3Csvg%20xmlns%3D&#39;http%3A%2F%2Fwww.w3.org%2F2000%2Fsvg&#39;%20viewBox%3D&#39;0%200%20768%20384&#39;%2F%3E\" data-src=\"https:\/\/www.sinkacom.de\/blog\/wp-content\/uploads\/2019\/08\/Bruchkoebel_Blogbild_2-768x384.jpg\" data-srcset=\"https:\/\/www.sinkacom.de\/blog\/wp-content\/uploads\/2019\/08\/Bruchkoebel_Blogbild_2-768x384.jpg 768w, https:\/\/www.sinkacom.de\/blog\/wp-content\/uploads\/2019\/08\/Bruchkoebel_Blogbild_2-1152x576.jpg 1152w\" loading=\"eager\" style=\"--ratio: 768 \/ 384\" sizes=\"(max-width: 768px) 100vw, 768px\" alt=\"StadtApp Bruchk\u00f6bel\" title=\"StadtApp und virtueller Marktplatz Bruchk\u00f6bel\" width=\"768\" height=\"384\"  \/><\/a>\t<\/div>\n<\/div>\n\n\n<div class=\"post-entry-content\">\n\n\t<h3 class=\"entry-title\">\n\t\t<a href=\"https:\/\/www.sinkacom.de\/blog\/stadt-bruchkoebel-bekommt-stadtapp\/\" title=\"StadtApp am Beispiel Bruchk\u00f6bel\" rel=\"bookmark\">StadtApp am Beispiel Bruchk\u00f6bel<\/a>\n\t<\/h3>\n\n\t<div class=\"entry-meta\"><span class=\"category-link\"><a href=\"https:\/\/www.sinkacom.de\/blog\/innenstadt\/\" >Innenstadt<\/a>, <a href=\"https:\/\/www.sinkacom.de\/blog\/webapp\/\" >Web &amp; App<\/a><\/span><a href=\"https:\/\/www.sinkacom.de\/blog\/2019\/04\/23\/\" title=\"09:27\" class=\"data-link\" rel=\"bookmark\"><time class=\"entry-date updated\" datetime=\"2019-04-23T09:27:11+02:00\">23. April 2019<\/time><\/a><\/div>\n\t<div class=\"entry-excerpt\"><p>[vc_row][vc_column][vc_column_text] Mobil, individuell und unkompliziert \u2013 so einfach war es noch nie, \u00fcber seine Stadt auf dem Laufenden zu bleiben Wer kennt das nicht? Am Wochenende hat ein gro\u00dfartiges Event stattgefunden \u2013 eine Weinverkostung, Museumsnacht oder ein Street Food Festival&hellip;<\/p>\n<\/div>\n\t\n<a href=\"https:\/\/www.sinkacom.de\/blog\/stadt-bruchkoebel-bekommt-stadtapp\/\" class=\"dt-btn-s dt-btn post-details details-type-btn\" aria-label=\"Lesen Sie mehr \u00fcber StadtApp am Beispiel Bruchk\u00f6bel\">weiterlesen<i class=\"dt-icon-the7-arrow-03\" aria-hidden=\"true\"><\/i><\/a>\n\n<\/div><\/article><\/div><div class=\"hidden wf-cell iso-item category-3 category-30\" data-post-id=\"480\" data-date=\"2019-04-05T14:32:57+02:00\" data-name=\"St\u00e4dte werden zu digital erlebbaren Orten\"><article class=\"post project-odd visible post-480 type-post status-publish format-standard has-post-thumbnail hentry category-innenstadt category-veranstaltungen-messen tag-digitale-stadt tag-digitale-transformation tag-digitaler-marktplatz tag-digitaler-wandel tag-digitalisierung tag-innenstadt tag-innenstadt-30 tag-innenstadt30 tag-online-shopping tag-stadtapp tag-virtueller-marktplatz tag-web-app category-3 category-30\" data-name=\"St\u00e4dte werden zu digital erlebbaren Orten\" data-date=\"2019-04-05T14:32:57+02:00\">\n\n<div class=\"post-thumbnail-wrap\">\n\t<div class=\"post-thumbnail\">\n\t\t\n\t\t<span class=\"fancy-categories\"><a href=\"https:\/\/www.sinkacom.de\/blog\/innenstadt\/\" rel=\"category tag\" style=\"background-color:#009fe3;color:#ffffff;\">Innenstadt<\/a><a href=\"https:\/\/www.sinkacom.de\/blog\/veranstaltungen-messen\/\" rel=\"category tag\" style=\"background-color:#009fe3;color:#ffffff;\">Veranstaltungen<\/a><\/span>\n\t\t<a href=\"https:\/\/www.sinkacom.de\/blog\/staedte-werden-zu-digital-erlebbaren-orten\/\" class=\"post-thumbnail-rollover layzr-bg layzr-bg\" ><img decoding=\"async\" class=\"iso-lazy-load preload-me iso-lazy-load aspect\" src=\"data:image\/svg+xml,%3Csvg%20xmlns%3D&#39;http%3A%2F%2Fwww.w3.org%2F2000%2Fsvg&#39;%20viewBox%3D&#39;0%200%20768%20384&#39;%2F%3E\" data-src=\"https:\/\/www.sinkacom.de\/blog\/wp-content\/uploads\/2019\/08\/road-3161962_1280-kleiner-768x384.jpg\" data-srcset=\"https:\/\/www.sinkacom.de\/blog\/wp-content\/uploads\/2019\/08\/road-3161962_1280-kleiner-768x384.jpg 768w, https:\/\/www.sinkacom.de\/blog\/wp-content\/uploads\/2019\/08\/road-3161962_1280-kleiner-1152x576.jpg 1152w\" loading=\"eager\" style=\"--ratio: 768 \/ 384\" sizes=\"(max-width: 768px) 100vw, 768px\" alt=\"Eine Stadt wird digital\" title=\"Wie wird eine Stadt digital?\" width=\"768\" height=\"384\"  \/><\/a>\t<\/div>\n<\/div>\n\n\n<div class=\"post-entry-content\">\n\n\t<h3 class=\"entry-title\">\n\t\t<a href=\"https:\/\/www.sinkacom.de\/blog\/staedte-werden-zu-digital-erlebbaren-orten\/\" title=\"St\u00e4dte werden zu digital erlebbaren Orten\" rel=\"bookmark\">St\u00e4dte werden zu digital erlebbaren Orten<\/a>\n\t<\/h3>\n\n\t<div class=\"entry-meta\"><span class=\"category-link\"><a href=\"https:\/\/www.sinkacom.de\/blog\/innenstadt\/\" >Innenstadt<\/a>, <a href=\"https:\/\/www.sinkacom.de\/blog\/veranstaltungen-messen\/\" >Veranstaltungen<\/a><\/span><a href=\"https:\/\/www.sinkacom.de\/blog\/2019\/04\/05\/\" title=\"14:32\" class=\"data-link\" rel=\"bookmark\"><time class=\"entry-date updated\" datetime=\"2019-04-05T14:32:57+02:00\">05. April 2019<\/time><\/a><\/div>\n\t<div class=\"entry-excerpt\"><p>[vc_row][vc_column][vc_row_inner][vc_column_inner][\/vc_column_inner][\/vc_row_inner][vc_row_inner][vc_column_inner width=&#8220;2\/3&#8243;][vc_column_text] Wie sieht die Stadt der Zukunft aus und welche Chancen und Vorteile entstehen mit der Digitalisierung f\u00fcr sie? Das passende digitale Tool, mit dem eine Stadt ihre Online-Pr\u00e4senz gestalten und f\u00fcr ihre B\u00fcrger und Besucher attraktiver werden kann,&hellip;<\/p>\n<\/div>\n\t\n<a href=\"https:\/\/www.sinkacom.de\/blog\/staedte-werden-zu-digital-erlebbaren-orten\/\" class=\"dt-btn-s dt-btn post-details details-type-btn\" aria-label=\"Lesen Sie mehr \u00fcber St\u00e4dte werden zu digital erlebbaren Orten\">weiterlesen<i class=\"dt-icon-the7-arrow-03\" aria-hidden=\"true\"><\/i><\/a>\n\n<\/div><\/article><\/div><div class=\"hidden wf-cell iso-item category-3\" data-post-id=\"864\" data-date=\"2019-03-22T17:07:52+01:00\" data-name=\"Heim@ 3.0: Deutscher Stadtmarketingtag in Chemnitz\"><article class=\"post project-odd visible post-864 type-post status-publish format-standard has-post-thumbnail hentry category-innenstadt tag-daseinsvorsorge tag-digitale-stadt tag-digitale-transformation tag-digitaler-marktplatz tag-digitaler-wandel tag-digitalisierung tag-innenstadt tag-innenstadt-30 tag-innenstadt30 tag-local-commerce tag-stadtapp tag-stadtmarketing tag-web-app category-3\" data-name=\"Heim@ 3.0: Deutscher Stadtmarketingtag in Chemnitz\" data-date=\"2019-03-22T17:07:52+01:00\">\n\n<div class=\"post-thumbnail-wrap\">\n\t<div class=\"post-thumbnail\">\n\t\t\n\t\t<span class=\"fancy-categories\"><a href=\"https:\/\/www.sinkacom.de\/blog\/innenstadt\/\" rel=\"category tag\" style=\"background-color:#009fe3;color:#ffffff;\">Innenstadt<\/a><\/span>\n\t\t<a href=\"https:\/\/www.sinkacom.de\/blog\/heimat-3-0-deutscher-stadtmarketingtag-in-chemnitz\/\" class=\"post-thumbnail-rollover layzr-bg layzr-bg\" ><img decoding=\"async\" class=\"iso-lazy-load preload-me iso-lazy-load aspect\" src=\"data:image\/svg+xml,%3Csvg%20xmlns%3D&#39;http%3A%2F%2Fwww.w3.org%2F2000%2Fsvg&#39;%20viewBox%3D&#39;0%200%20768%20384&#39;%2F%3E\" data-src=\"https:\/\/www.sinkacom.de\/blog\/wp-content\/uploads\/2019\/08\/Stadtmarketingtag-Chemnitz_bearbeitet-768x384.jpg\" data-srcset=\"https:\/\/www.sinkacom.de\/blog\/wp-content\/uploads\/2019\/08\/Stadtmarketingtag-Chemnitz_bearbeitet-768x384.jpg 768w, https:\/\/www.sinkacom.de\/blog\/wp-content\/uploads\/2019\/08\/Stadtmarketingtag-Chemnitz_bearbeitet-1152x576.jpg 1152w\" loading=\"eager\" style=\"--ratio: 768 \/ 384\" sizes=\"(max-width: 768px) 100vw, 768px\" alt=\"Online-Heimat, Thema des Stadtmarketingtags Chemnitz\" title=\"Die SinkaCom AG war auf dem Stadtmarketingtag in Chemnitz vertreten\" width=\"768\" height=\"384\"  \/><\/a>\t<\/div>\n<\/div>\n\n\n<div class=\"post-entry-content\">\n\n\t<h3 class=\"entry-title\">\n\t\t<a href=\"https:\/\/www.sinkacom.de\/blog\/heimat-3-0-deutscher-stadtmarketingtag-in-chemnitz\/\" title=\"Heim@ 3.0: Deutscher Stadtmarketingtag in Chemnitz\" rel=\"bookmark\">Heim@ 3.0: Deutscher Stadtmarketingtag in Chemnitz<\/a>\n\t<\/h3>\n\n\t<div class=\"entry-meta\"><span class=\"category-link\"><a href=\"https:\/\/www.sinkacom.de\/blog\/innenstadt\/\" >Innenstadt<\/a><\/span><a href=\"https:\/\/www.sinkacom.de\/blog\/2019\/03\/22\/\" title=\"17:07\" class=\"data-link\" rel=\"bookmark\"><time class=\"entry-date updated\" datetime=\"2019-03-22T17:07:52+01:00\">22. M\u00e4rz 2019<\/time><\/a><\/div>\n\t<div class=\"entry-excerpt\"><p>[vc_row][vc_column][vc_column_text] Ist Heimat ausschlie\u00dflich dort, wo man herkommt? Oder ist Heimat ein Ort, an dem man sich st\u00e4ndig aufh\u00e4lt und \u201ezu Hause\u201c f\u00fchlt \u2013 auch online? Was bedeutet \u201eHeimat\u201c? Wo f\u00fchlen wir uns \u201edaheim\u201c? Mit dieser Frage besch\u00e4ftigte sich der&hellip;<\/p>\n<\/div>\n\t\n<a href=\"https:\/\/www.sinkacom.de\/blog\/heimat-3-0-deutscher-stadtmarketingtag-in-chemnitz\/\" class=\"dt-btn-s dt-btn post-details details-type-btn\" aria-label=\"Lesen Sie mehr \u00fcber Heim@ 3.0: Deutscher Stadtmarketingtag in Chemnitz\">weiterlesen<i class=\"dt-icon-the7-arrow-03\" aria-hidden=\"true\"><\/i><\/a>\n\n<\/div><\/article><\/div><div class=\"hidden wf-cell iso-item category-2\" data-post-id=\"850\" data-date=\"2019-02-22T10:47:47+01:00\" data-name=\"Website-Relaunch f\u00fcr das \u201eStein\u2019s Tivoli\u201c\"><article class=\"post project-odd visible post-850 type-post status-publish format-standard has-post-thumbnail hentry category-webapp tag-digitale-transformation tag-digitaler-wandel tag-digitalisierung tag-e-commerce tag-web-app category-2\" data-name=\"Website-Relaunch f\u00fcr das \u201eStein\u2019s Tivoli\u201c\" data-date=\"2019-02-22T10:47:47+01:00\">\n\n<div class=\"post-thumbnail-wrap\">\n\t<div class=\"post-thumbnail\">\n\t\t\n\t\t<span class=\"fancy-categories\"><a href=\"https:\/\/www.sinkacom.de\/blog\/webapp\/\" rel=\"category tag\" style=\"background-color:#009fe3;color:#ffffff;\">Web &amp; App<\/a><\/span>\n\t\t<a href=\"https:\/\/www.sinkacom.de\/blog\/website-relaunch-fuer-das-steins-tivoli\/\" class=\"post-thumbnail-rollover layzr-bg layzr-bg\" ><img decoding=\"async\" class=\"iso-lazy-load preload-me iso-lazy-load aspect\" src=\"data:image\/svg+xml,%3Csvg%20xmlns%3D&#39;http%3A%2F%2Fwww.w3.org%2F2000%2Fsvg&#39;%20viewBox%3D&#39;0%200%20768%20384&#39;%2F%3E\" data-src=\"https:\/\/www.sinkacom.de\/blog\/wp-content\/uploads\/2019\/08\/Buchungsplan-Tivoli-768x384.jpg\" data-srcset=\"https:\/\/www.sinkacom.de\/blog\/wp-content\/uploads\/2019\/08\/Buchungsplan-Tivoli-768x384.jpg 768w, https:\/\/www.sinkacom.de\/blog\/wp-content\/uploads\/2019\/08\/Buchungsplan-Tivoli-1152x576.jpg 1152w\" loading=\"eager\" style=\"--ratio: 768 \/ 384\" sizes=\"(max-width: 768px) 100vw, 768px\" alt=\"Relaunch Internetauftritt\" title=\"Der Internetauftritt des \u201eStein\u2019s Tivoli\u201c h\u00e4lt einen Buchungsplan bereit\" width=\"768\" height=\"384\"  \/><\/a>\t<\/div>\n<\/div>\n\n\n<div class=\"post-entry-content\">\n\n\t<h3 class=\"entry-title\">\n\t\t<a href=\"https:\/\/www.sinkacom.de\/blog\/website-relaunch-fuer-das-steins-tivoli\/\" title=\"Website-Relaunch f\u00fcr das \u201eStein\u2019s Tivoli\u201c\" rel=\"bookmark\">Website-Relaunch f\u00fcr das \u201eStein\u2019s Tivoli\u201c<\/a>\n\t<\/h3>\n\n\t<div class=\"entry-meta\"><span class=\"category-link\"><a href=\"https:\/\/www.sinkacom.de\/blog\/webapp\/\" >Web &amp; App<\/a><\/span><a href=\"https:\/\/www.sinkacom.de\/blog\/2019\/02\/22\/\" title=\"10:47\" class=\"data-link\" rel=\"bookmark\"><time class=\"entry-date updated\" datetime=\"2019-02-22T10:47:47+01:00\">22. Februar 2019<\/time><\/a><\/div>\n\t<div class=\"entry-excerpt\"><p>[vc_row][vc_column][vc_column_text] Wir machen kein Theater. Wir machen Ihnen das Leben leichter! Jeder kennt Tschaikowskis \u201eSchwanensee\u201c. Aber kennen Sie auch \u201eSchwanensee mit St\u00fctzstr\u00fcmpfen\u201c? Das ist nur eines der vielen humoristischen St\u00fccke, die im \u201eStein\u2019s Tivoli\u201c aufgef\u00fchrt werden. Mit seinen Standorten in&hellip;<\/p>\n<\/div>\n\t\n<a href=\"https:\/\/www.sinkacom.de\/blog\/website-relaunch-fuer-das-steins-tivoli\/\" class=\"dt-btn-s dt-btn post-details details-type-btn\" aria-label=\"Lesen Sie mehr \u00fcber Website-Relaunch f\u00fcr das \u201eStein\u2019s Tivoli\u201c\">weiterlesen<i class=\"dt-icon-the7-arrow-03\" aria-hidden=\"true\"><\/i><\/a>\n\n<\/div><\/article><\/div><div class=\"hidden wf-cell iso-item category-3 category-2\" data-post-id=\"501\" data-date=\"2019-01-25T14:07:53+01:00\" data-name=\"Relaunch: Virtueller Marktplatz Bruchk\u00f6bel\"><article class=\"post project-odd visible post-501 type-post status-publish format-standard has-post-thumbnail hentry category-innenstadt category-webapp tag-commerce tag-digitale-stadt tag-digitaler-marktplatz tag-digitaler-wandel tag-digitalisierung tag-e-commerce tag-ecommerce tag-innenstadt tag-innenstadt-30 tag-innenstadt30 tag-local-commerce tag-online-shopping tag-virtueller-marktplatz tag-virtuelles-marktplatzsystem tag-web-app category-3 category-2\" data-name=\"Relaunch: Virtueller Marktplatz Bruchk\u00f6bel\" data-date=\"2019-01-25T14:07:53+01:00\">\n\n<div class=\"post-thumbnail-wrap\">\n\t<div class=\"post-thumbnail\">\n\t\t\n\t\t<span class=\"fancy-categories\"><a href=\"https:\/\/www.sinkacom.de\/blog\/innenstadt\/\" rel=\"category tag\" style=\"background-color:#009fe3;color:#ffffff;\">Innenstadt<\/a><a href=\"https:\/\/www.sinkacom.de\/blog\/webapp\/\" rel=\"category tag\" style=\"background-color:#009fe3;color:#ffffff;\">Web &amp; App<\/a><\/span>\n\t\t<a href=\"https:\/\/www.sinkacom.de\/blog\/relaunch-virtueller-marktplatz-bruchkoebel\/\" class=\"post-thumbnail-rollover layzr-bg layzr-bg\" ><img decoding=\"async\" class=\"iso-lazy-load preload-me iso-lazy-load aspect\" src=\"data:image\/svg+xml,%3Csvg%20xmlns%3D&#39;http%3A%2F%2Fwww.w3.org%2F2000%2Fsvg&#39;%20viewBox%3D&#39;0%200%20768%20384&#39;%2F%3E\" data-src=\"https:\/\/www.sinkacom.de\/blog\/wp-content\/uploads\/2019\/05\/VorherNachher_Bruchkoebel-Marktplatz_20190619-768x384.jpg\" data-srcset=\"https:\/\/www.sinkacom.de\/blog\/wp-content\/uploads\/2019\/05\/VorherNachher_Bruchkoebel-Marktplatz_20190619-768x384.jpg 768w, https:\/\/www.sinkacom.de\/blog\/wp-content\/uploads\/2019\/05\/VorherNachher_Bruchkoebel-Marktplatz_20190619-1024x512.jpg 1024w\" loading=\"eager\" style=\"--ratio: 768 \/ 384\" sizes=\"(max-width: 768px) 100vw, 768px\" alt=\"Virtueller Marktplatz Bruchk\u00f6bel\" title=\"Vorher\/Nachher: Virtueller Marktplatz Bruchk\u00f6bel\" width=\"768\" height=\"384\"  \/><\/a>\t<\/div>\n<\/div>\n\n\n<div class=\"post-entry-content\">\n\n\t<h3 class=\"entry-title\">\n\t\t<a href=\"https:\/\/www.sinkacom.de\/blog\/relaunch-virtueller-marktplatz-bruchkoebel\/\" title=\"Relaunch: Virtueller Marktplatz Bruchk\u00f6bel\" rel=\"bookmark\">Relaunch: Virtueller Marktplatz Bruchk\u00f6bel<\/a>\n\t<\/h3>\n\n\t<div class=\"entry-meta\"><span class=\"category-link\"><a href=\"https:\/\/www.sinkacom.de\/blog\/innenstadt\/\" >Innenstadt<\/a>, <a href=\"https:\/\/www.sinkacom.de\/blog\/webapp\/\" >Web &amp; App<\/a><\/span><a href=\"https:\/\/www.sinkacom.de\/blog\/2019\/01\/25\/\" title=\"14:07\" class=\"data-link\" rel=\"bookmark\"><time class=\"entry-date updated\" datetime=\"2019-01-25T14:07:53+01:00\">25. Januar 2019<\/time><\/a><\/div>\n\t<div class=\"entry-excerpt\"><p>[vc_row][vc_column][vc_column_text] F\u00fcr 76% der Deutschen machen vor allem gute Einkaufsm\u00f6glichkeiten eine attraktive Innenstadt aus Shoppen, ohne das Haus verlassen zu m\u00fcssen. Mittlerweile kann man sich gar nicht mehr vorstellen, wie die Welt ausgesehen haben muss, als das noch nicht m\u00f6glich&hellip;<\/p>\n<\/div>\n\t\n<a href=\"https:\/\/www.sinkacom.de\/blog\/relaunch-virtueller-marktplatz-bruchkoebel\/\" class=\"dt-btn-s dt-btn post-details details-type-btn\" aria-label=\"Lesen Sie mehr \u00fcber Relaunch: Virtueller Marktplatz Bruchk\u00f6bel\">weiterlesen<i class=\"dt-icon-the7-arrow-03\" aria-hidden=\"true\"><\/i><\/a>\n\n<\/div><\/article><\/div><div class=\"hidden wf-cell iso-item category-3\" data-post-id=\"468\" data-date=\"2018-12-14T13:27:21+01:00\" data-name=\"&quot;Daten sind das \u00d6l der Zukunft&quot;\"><article class=\"post project-odd visible post-468 type-post status-publish format-standard has-post-thumbnail hentry category-innenstadt tag-innenstadt tag-innenstadt30 tag-open-data category-3\" data-name=\"&#8222;Daten sind das \u00d6l der Zukunft&#8220;\" data-date=\"2018-12-14T13:27:21+01:00\">\n\n<div class=\"post-thumbnail-wrap\">\n\t<div class=\"post-thumbnail\">\n\t\t\n\t\t<span class=\"fancy-categories\"><a href=\"https:\/\/www.sinkacom.de\/blog\/innenstadt\/\" rel=\"category tag\" style=\"background-color:#009fe3;color:#ffffff;\">Innenstadt<\/a><\/span>\n\t\t<a href=\"https:\/\/www.sinkacom.de\/blog\/daten-sind-das-oel-der-zukunft\/\" class=\"post-thumbnail-rollover layzr-bg layzr-bg\" ><img decoding=\"async\" class=\"iso-lazy-load preload-me iso-lazy-load aspect\" src=\"data:image\/svg+xml,%3Csvg%20xmlns%3D&#39;http%3A%2F%2Fwww.w3.org%2F2000%2Fsvg&#39;%20viewBox%3D&#39;0%200%20768%20384&#39;%2F%3E\" data-src=\"https:\/\/www.sinkacom.de\/blog\/wp-content\/uploads\/2019\/05\/Open-Date-eTicketing-1-768x384.jpg\" data-srcset=\"https:\/\/www.sinkacom.de\/blog\/wp-content\/uploads\/2019\/05\/Open-Date-eTicketing-1-768x384.jpg 768w, https:\/\/www.sinkacom.de\/blog\/wp-content\/uploads\/2019\/05\/Open-Date-eTicketing-1-800x400.jpg 800w\" loading=\"eager\" style=\"--ratio: 768 \/ 384\" sizes=\"(max-width: 768px) 100vw, 768px\" alt=\"\" title=\"Open Date &#038; eTicketing\" width=\"768\" height=\"384\"  \/><\/a>\t<\/div>\n<\/div>\n\n\n<div class=\"post-entry-content\">\n\n\t<h3 class=\"entry-title\">\n\t\t<a href=\"https:\/\/www.sinkacom.de\/blog\/daten-sind-das-oel-der-zukunft\/\" title=\"&#8222;Daten sind das \u00d6l der Zukunft&#8220;\" rel=\"bookmark\">&#8222;Daten sind das \u00d6l der Zukunft&#8220;<\/a>\n\t<\/h3>\n\n\t<div class=\"entry-meta\"><span class=\"category-link\"><a href=\"https:\/\/www.sinkacom.de\/blog\/innenstadt\/\" >Innenstadt<\/a><\/span><a href=\"https:\/\/www.sinkacom.de\/blog\/2018\/12\/14\/\" title=\"13:27\" class=\"data-link\" rel=\"bookmark\"><time class=\"entry-date updated\" datetime=\"2018-12-14T13:27:21+01:00\">14. Dezember 2018<\/time><\/a><\/div>\n\t<div class=\"entry-excerpt\"><p>[vc_row][vc_column][\/vc_column][vc_column][vc_column_text] Daten sammeln sich \u00fcberall. Besonders n\u00fctzlich sind sie, um Digitale Angebote in der Innenstadt damit zu f\u00fcllen und echte Mehrwerte zu bieten: &#8222;Wie lang ist die Wartezeit im B\u00fcrgerb\u00fcro?&#8220;, &#8222;Wie komme ich morgens am besten durch den Berufsverkehr?&#8220;, &#8222;Wo&hellip;<\/p>\n<\/div>\n\t\n<a href=\"https:\/\/www.sinkacom.de\/blog\/daten-sind-das-oel-der-zukunft\/\" class=\"dt-btn-s dt-btn post-details details-type-btn\" aria-label=\"Lesen Sie mehr \u00fcber &#8222;Daten sind das \u00d6l der Zukunft&#8220;\">weiterlesen<i class=\"dt-icon-the7-arrow-03\" aria-hidden=\"true\"><\/i><\/a>\n\n<\/div><\/article><\/div><div class=\"hidden wf-cell iso-item category-2\" data-post-id=\"528\" data-date=\"2017-11-21T11:20:23+01:00\" data-name=\"Agilit\u00e4t in Gro\u00dfunternehmen\"><article class=\"post project-odd visible post-528 type-post status-publish format-standard has-post-thumbnail hentry category-webapp tag-agile tag-agilitaet category-2\" data-name=\"Agilit\u00e4t in Gro\u00dfunternehmen\" data-date=\"2017-11-21T11:20:23+01:00\">\n\n<div class=\"post-thumbnail-wrap\">\n\t<div class=\"post-thumbnail\">\n\t\t\n\t\t<span class=\"fancy-categories\"><a href=\"https:\/\/www.sinkacom.de\/blog\/webapp\/\" rel=\"category tag\" style=\"background-color:#009fe3;color:#ffffff;\">Web &amp; App<\/a><\/span>\n\t\t<a href=\"https:\/\/www.sinkacom.de\/blog\/agilitaet-in-grossunternehmen\/\" class=\"post-thumbnail-rollover layzr-bg layzr-bg\" ><img decoding=\"async\" class=\"iso-lazy-load preload-me iso-lazy-load aspect\" src=\"data:image\/svg+xml,%3Csvg%20xmlns%3D&#39;http%3A%2F%2Fwww.w3.org%2F2000%2Fsvg&#39;%20viewBox%3D&#39;0%200%20768%20384&#39;%2F%3E\" data-src=\"https:\/\/www.sinkacom.de\/blog\/wp-content\/uploads\/2019\/06\/scag_agile-768x384.jpg\" data-srcset=\"https:\/\/www.sinkacom.de\/blog\/wp-content\/uploads\/2019\/06\/scag_agile-768x384.jpg 768w, https:\/\/www.sinkacom.de\/blog\/wp-content\/uploads\/2019\/06\/scag_agile-1152x576.jpg 1152w\" loading=\"eager\" style=\"--ratio: 768 \/ 384\" sizes=\"(max-width: 768px) 100vw, 768px\" alt=\"\" title=\"scag_agile\" width=\"768\" height=\"384\"  \/><\/a>\t<\/div>\n<\/div>\n\n\n<div class=\"post-entry-content\">\n\n\t<h3 class=\"entry-title\">\n\t\t<a href=\"https:\/\/www.sinkacom.de\/blog\/agilitaet-in-grossunternehmen\/\" title=\"Agilit\u00e4t in Gro\u00dfunternehmen\" rel=\"bookmark\">Agilit\u00e4t in Gro\u00dfunternehmen<\/a>\n\t<\/h3>\n\n\t<div class=\"entry-meta\"><span class=\"category-link\"><a href=\"https:\/\/www.sinkacom.de\/blog\/webapp\/\" >Web &amp; App<\/a><\/span><a href=\"https:\/\/www.sinkacom.de\/blog\/2017\/11\/21\/\" title=\"11:20\" class=\"data-link\" rel=\"bookmark\"><time class=\"entry-date updated\" datetime=\"2017-11-21T11:20:23+01:00\">21. November 2017<\/time><\/a><\/div>\n\t<div class=\"entry-excerpt\"><p>[vc_row][vc_column][vc_column_text] Die Art und Wei\u00dfe Software zu entwickeln, zu betreiben und zu benutzen ver\u00e4ndert sich zunehmend in den Betrieben. Ideen, die noch vor wenigen Jahren Start-Ups vorbehalten waren, halten immer mehr Einzug in etablierte Gro\u00dfunternehmen. Um Software immer schneller produzieren&hellip;<\/p>\n<\/div>\n\t\n<a href=\"https:\/\/www.sinkacom.de\/blog\/agilitaet-in-grossunternehmen\/\" class=\"dt-btn-s dt-btn post-details details-type-btn\" aria-label=\"Lesen Sie mehr \u00fcber Agilit\u00e4t in Gro\u00dfunternehmen\">weiterlesen<i class=\"dt-icon-the7-arrow-03\" aria-hidden=\"true\"><\/i><\/a>\n\n<\/div><\/article><\/div><div class=\"hidden wf-cell iso-item category-3 category-13\" data-post-id=\"531\" data-date=\"2017-11-21T11:14:36+01:00\" data-name=\"Local Commerce immer mehr auf dem Vormarsch\"><article class=\"post project-odd visible post-531 type-post status-publish format-standard has-post-thumbnail hentry category-innenstadt category-retail tag-local-commerce category-3 category-13\" data-name=\"Local Commerce immer mehr auf dem Vormarsch\" data-date=\"2017-11-21T11:14:36+01:00\">\n\n<div class=\"post-thumbnail-wrap\">\n\t<div class=\"post-thumbnail\">\n\t\t\n\t\t<span class=\"fancy-categories\"><a href=\"https:\/\/www.sinkacom.de\/blog\/innenstadt\/\" rel=\"category tag\" style=\"background-color:#009fe3;color:#ffffff;\">Innenstadt<\/a><a href=\"https:\/\/www.sinkacom.de\/blog\/retail\/\" rel=\"category tag\" style=\"background-color:#009fe3;color:#ffffff;\">Retail<\/a><\/span>\n\t\t<a href=\"https:\/\/www.sinkacom.de\/blog\/local-commerce-immer-mehr-auf-dem-vormarsch\/\" class=\"post-thumbnail-rollover layzr-bg layzr-bg\" ><img decoding=\"async\" class=\"iso-lazy-load preload-me iso-lazy-load aspect\" src=\"data:image\/svg+xml,%3Csvg%20xmlns%3D&#39;http%3A%2F%2Fwww.w3.org%2F2000%2Fsvg&#39;%20viewBox%3D&#39;0%200%20768%20384&#39;%2F%3E\" data-src=\"https:\/\/www.sinkacom.de\/blog\/wp-content\/uploads\/2019\/06\/Newsteaser_LocalCommerce-768x384.jpg\" data-srcset=\"https:\/\/www.sinkacom.de\/blog\/wp-content\/uploads\/2019\/06\/Newsteaser_LocalCommerce-768x384.jpg 768w, https:\/\/www.sinkacom.de\/blog\/wp-content\/uploads\/2019\/06\/Newsteaser_LocalCommerce-800x400.jpg 800w\" loading=\"eager\" style=\"--ratio: 768 \/ 384\" sizes=\"(max-width: 768px) 100vw, 768px\" alt=\"\" title=\"Newsteaser_LocalCommerce\" width=\"768\" height=\"384\"  \/><\/a>\t<\/div>\n<\/div>\n\n\n<div class=\"post-entry-content\">\n\n\t<h3 class=\"entry-title\">\n\t\t<a href=\"https:\/\/www.sinkacom.de\/blog\/local-commerce-immer-mehr-auf-dem-vormarsch\/\" title=\"Local Commerce immer mehr auf dem Vormarsch\" rel=\"bookmark\">Local Commerce immer mehr auf dem Vormarsch<\/a>\n\t<\/h3>\n\n\t<div class=\"entry-meta\"><span class=\"category-link\"><a href=\"https:\/\/www.sinkacom.de\/blog\/innenstadt\/\" >Innenstadt<\/a>, <a href=\"https:\/\/www.sinkacom.de\/blog\/retail\/\" >Retail<\/a><\/span><a href=\"https:\/\/www.sinkacom.de\/blog\/2017\/11\/21\/\" title=\"11:14\" class=\"data-link\" rel=\"bookmark\"><time class=\"entry-date updated\" datetime=\"2017-11-21T11:14:36+01:00\">21. November 2017<\/time><\/a><\/div>\n\t<div class=\"entry-excerpt\"><p>[vc_row][vc_column][vc_column_text] Die digitale Vernetzung von Stadtverwaltung, Stadtmarketing und lokalem Handel durch eine mobile Schnittstelle bildet die optimale Kommunikationsstruktur, um alle Zielgruppen auf einem Kanal zu erreichen. \u00a0 Verkn\u00fcpfung von On- &amp; Offlinekan\u00e4len Die digitale Vernetzung von Stadtverwaltung, Stadtmarketing und lokalem&hellip;<\/p>\n<\/div>\n\t\n<a href=\"https:\/\/www.sinkacom.de\/blog\/local-commerce-immer-mehr-auf-dem-vormarsch\/\" class=\"dt-btn-s dt-btn post-details details-type-btn\" aria-label=\"Lesen Sie mehr \u00fcber Local Commerce immer mehr auf dem Vormarsch\">weiterlesen<i class=\"dt-icon-the7-arrow-03\" aria-hidden=\"true\"><\/i><\/a>\n\n<\/div><\/article><\/div><div class=\"hidden wf-cell iso-item category-13\" data-post-id=\"534\" data-date=\"2017-10-02T12:58:56+02:00\" data-name=\"M-Commerce auf dem Vormarsch\"><article class=\"post project-odd visible post-534 type-post status-publish format-standard has-post-thumbnail hentry category-retail tag-e-commerce tag-m-commerce category-13\" data-name=\"M-Commerce auf dem Vormarsch\" data-date=\"2017-10-02T12:58:56+02:00\">\n\n<div class=\"post-thumbnail-wrap\">\n\t<div class=\"post-thumbnail\">\n\t\t\n\t\t<span class=\"fancy-categories\"><a href=\"https:\/\/www.sinkacom.de\/blog\/retail\/\" rel=\"category tag\" style=\"background-color:#009fe3;color:#ffffff;\">Retail<\/a><\/span>\n\t\t<a href=\"https:\/\/www.sinkacom.de\/blog\/m-commerce-auf-dem-vormarsch\/\" class=\"post-thumbnail-rollover layzr-bg layzr-bg\" ><img decoding=\"async\" class=\"iso-lazy-load preload-me iso-lazy-load aspect\" src=\"data:image\/svg+xml,%3Csvg%20xmlns%3D&#39;http%3A%2F%2Fwww.w3.org%2F2000%2Fsvg&#39;%20viewBox%3D&#39;0%200%20768%20384&#39;%2F%3E\" data-src=\"https:\/\/www.sinkacom.de\/blog\/wp-content\/uploads\/2019\/06\/scag_m-commerce_teaser-768x384.jpg\" data-srcset=\"https:\/\/www.sinkacom.de\/blog\/wp-content\/uploads\/2019\/06\/scag_m-commerce_teaser-768x384.jpg 768w, https:\/\/www.sinkacom.de\/blog\/wp-content\/uploads\/2019\/06\/scag_m-commerce_teaser-800x400.jpg 800w\" loading=\"eager\" style=\"--ratio: 768 \/ 384\" sizes=\"(max-width: 768px) 100vw, 768px\" alt=\"\" title=\"scag_m-commerce_teaser\" width=\"768\" height=\"384\"  \/><\/a>\t<\/div>\n<\/div>\n\n\n<div class=\"post-entry-content\">\n\n\t<h3 class=\"entry-title\">\n\t\t<a href=\"https:\/\/www.sinkacom.de\/blog\/m-commerce-auf-dem-vormarsch\/\" title=\"M-Commerce auf dem Vormarsch\" rel=\"bookmark\">M-Commerce auf dem Vormarsch<\/a>\n\t<\/h3>\n\n\t<div class=\"entry-meta\"><span class=\"category-link\"><a href=\"https:\/\/www.sinkacom.de\/blog\/retail\/\" >Retail<\/a><\/span><a href=\"https:\/\/www.sinkacom.de\/blog\/2017\/10\/02\/\" title=\"12:58\" class=\"data-link\" rel=\"bookmark\"><time class=\"entry-date updated\" datetime=\"2017-10-02T12:58:56+02:00\">02. Oktober 2017<\/time><\/a><\/div>\n\t<div class=\"entry-excerpt\"><p>[vc_row][vc_column][vc_column_text] Das E-Commerce boomt und der klassische Einzelhandel sich immer mehr ins Internet verschiebt, ist nichts neues. Allerdings kann dabei kein Segment so hohe Zuwachsraten verbuchen wie der M-Commerce. Im vergangenen Jahr wurden bereits mehr als ein Drittel aller E-Commerce-Ums\u00e4tze&hellip;<\/p>\n<\/div>\n\t\n<a href=\"https:\/\/www.sinkacom.de\/blog\/m-commerce-auf-dem-vormarsch\/\" class=\"dt-btn-s dt-btn post-details details-type-btn\" aria-label=\"Lesen Sie mehr \u00fcber M-Commerce auf dem Vormarsch\">weiterlesen<i class=\"dt-icon-the7-arrow-03\" aria-hidden=\"true\"><\/i><\/a>\n\n<\/div><\/article><\/div><div class=\"hidden wf-cell iso-item category-3 category-2\" data-post-id=\"537\" data-date=\"2017-09-08T13:05:58+02:00\" data-name=\"Zukunft Chatbots: Roboter mit Gespr\u00e4chsbedarf\"><article class=\"post project-odd visible post-537 type-post status-publish format-standard has-post-thumbnail hentry category-innenstadt category-webapp tag-chatbots tag-roboter category-3 category-2\" data-name=\"Zukunft Chatbots: Roboter mit Gespr\u00e4chsbedarf\" data-date=\"2017-09-08T13:05:58+02:00\">\n\n<div class=\"post-thumbnail-wrap\">\n\t<div class=\"post-thumbnail\">\n\t\t\n\t\t<span class=\"fancy-categories\"><a href=\"https:\/\/www.sinkacom.de\/blog\/innenstadt\/\" rel=\"category tag\" style=\"background-color:#009fe3;color:#ffffff;\">Innenstadt<\/a><a href=\"https:\/\/www.sinkacom.de\/blog\/webapp\/\" rel=\"category tag\" style=\"background-color:#009fe3;color:#ffffff;\">Web &amp; App<\/a><\/span>\n\t\t<a href=\"https:\/\/www.sinkacom.de\/blog\/zukunft-chatbots-roboter-mit-gespraechsbedarf\/\" class=\"post-thumbnail-rollover layzr-bg layzr-bg\" ><img decoding=\"async\" class=\"iso-lazy-load preload-me iso-lazy-load aspect\" src=\"data:image\/svg+xml,%3Csvg%20xmlns%3D&#39;http%3A%2F%2Fwww.w3.org%2F2000%2Fsvg&#39;%20viewBox%3D&#39;0%200%20768%20384&#39;%2F%3E\" data-src=\"https:\/\/www.sinkacom.de\/blog\/wp-content\/uploads\/2019\/06\/scag_news_chatbots-768x384.jpg\" data-srcset=\"https:\/\/www.sinkacom.de\/blog\/wp-content\/uploads\/2019\/06\/scag_news_chatbots-768x384.jpg 768w, https:\/\/www.sinkacom.de\/blog\/wp-content\/uploads\/2019\/06\/scag_news_chatbots-800x400.jpg 800w\" loading=\"eager\" style=\"--ratio: 768 \/ 384\" sizes=\"(max-width: 768px) 100vw, 768px\" alt=\"\" title=\"scag_news_chatbots\" width=\"768\" height=\"384\"  \/><\/a>\t<\/div>\n<\/div>\n\n\n<div class=\"post-entry-content\">\n\n\t<h3 class=\"entry-title\">\n\t\t<a href=\"https:\/\/www.sinkacom.de\/blog\/zukunft-chatbots-roboter-mit-gespraechsbedarf\/\" title=\"Zukunft Chatbots: Roboter mit Gespr\u00e4chsbedarf\" rel=\"bookmark\">Zukunft Chatbots: Roboter mit Gespr\u00e4chsbedarf<\/a>\n\t<\/h3>\n\n\t<div class=\"entry-meta\"><span class=\"category-link\"><a href=\"https:\/\/www.sinkacom.de\/blog\/innenstadt\/\" >Innenstadt<\/a>, <a href=\"https:\/\/www.sinkacom.de\/blog\/webapp\/\" >Web &amp; App<\/a><\/span><a href=\"https:\/\/www.sinkacom.de\/blog\/2017\/09\/08\/\" title=\"13:05\" class=\"data-link\" rel=\"bookmark\"><time class=\"entry-date updated\" datetime=\"2017-09-08T13:05:58+02:00\">08. September 2017<\/time><\/a><\/div>\n\t<div class=\"entry-excerpt\"><p>[vc_row][vc_column][vc_column_text] Chatbots sind in aller Munde und gelten als eines der \u201eNext Big Things\u201c \u00fcberhaupt \u2013 dabei ist das Thema \u00e4lter als man glaubt. Denn schon seit 50 Jahren existiert die Idee und seit ebenso langer Zeit wird konkret an&hellip;<\/p>\n<\/div>\n\t\n<a href=\"https:\/\/www.sinkacom.de\/blog\/zukunft-chatbots-roboter-mit-gespraechsbedarf\/\" class=\"dt-btn-s dt-btn post-details details-type-btn\" aria-label=\"Lesen Sie mehr \u00fcber Zukunft Chatbots: Roboter mit Gespr\u00e4chsbedarf\">weiterlesen<i class=\"dt-icon-the7-arrow-03\" aria-hidden=\"true\"><\/i><\/a>\n\n<\/div><\/article><\/div><div class=\"hidden wf-cell iso-item category-2\" data-post-id=\"540\" data-date=\"2017-08-10T12:56:17+02:00\" data-name=\"RE@Agile - Working Software over Comprehensive Documentation\"><article class=\"post project-odd visible post-540 type-post status-publish format-standard has-post-thumbnail hentry category-webapp tag-agile tag-requirements-engineering category-2\" data-name=\"RE@Agile &#8211; Working Software over Comprehensive Documentation\" data-date=\"2017-08-10T12:56:17+02:00\">\n\n<div class=\"post-thumbnail-wrap\">\n\t<div class=\"post-thumbnail\">\n\t\t\n\t\t<span class=\"fancy-categories\"><a href=\"https:\/\/www.sinkacom.de\/blog\/webapp\/\" rel=\"category tag\" style=\"background-color:#009fe3;color:#ffffff;\">Web &amp; App<\/a><\/span>\n\t\t<a href=\"https:\/\/www.sinkacom.de\/blog\/reagile-working-software-over-comprehensive-documentation\/\" class=\"post-thumbnail-rollover layzr-bg layzr-bg\" ><img decoding=\"async\" class=\"iso-lazy-load preload-me iso-lazy-load aspect\" src=\"data:image\/svg+xml,%3Csvg%20xmlns%3D&#39;http%3A%2F%2Fwww.w3.org%2F2000%2Fsvg&#39;%20viewBox%3D&#39;0%200%20768%20384&#39;%2F%3E\" data-src=\"https:\/\/www.sinkacom.de\/blog\/wp-content\/uploads\/2019\/06\/puzzle-693865_1280-768x384.jpg\" data-srcset=\"https:\/\/www.sinkacom.de\/blog\/wp-content\/uploads\/2019\/06\/puzzle-693865_1280-768x384.jpg 768w, https:\/\/www.sinkacom.de\/blog\/wp-content\/uploads\/2019\/06\/puzzle-693865_1280-1152x576.jpg 1152w\" loading=\"eager\" style=\"--ratio: 768 \/ 384\" sizes=\"(max-width: 768px) 100vw, 768px\" alt=\"\" title=\"puzzle-693865_1280\" width=\"768\" height=\"384\"  \/><\/a>\t<\/div>\n<\/div>\n\n\n<div class=\"post-entry-content\">\n\n\t<h3 class=\"entry-title\">\n\t\t<a href=\"https:\/\/www.sinkacom.de\/blog\/reagile-working-software-over-comprehensive-documentation\/\" title=\"RE@Agile &#8211; Working Software over Comprehensive Documentation\" rel=\"bookmark\">RE@Agile &#8211; Working Software over Comprehensive Documentation<\/a>\n\t<\/h3>\n\n\t<div class=\"entry-meta\"><span class=\"category-link\"><a href=\"https:\/\/www.sinkacom.de\/blog\/webapp\/\" >Web &amp; App<\/a><\/span><a href=\"https:\/\/www.sinkacom.de\/blog\/2017\/08\/10\/\" title=\"12:56\" class=\"data-link\" rel=\"bookmark\"><time class=\"entry-date updated\" datetime=\"2017-08-10T12:56:17+02:00\">10. August 2017<\/time><\/a><\/div>\n\t<div class=\"entry-excerpt\"><p>Was genau ist Requirements Engineering? Das grunds\u00e4tzliche Ziel von Requirements Engineering ist es Fehler in Soft- und Hardware so fr\u00fch wie m\u00f6glich aufzudecken, bzw. gar nicht erst entstehen zu lassen. Im Idealfall spart das eine Menge Ressourchen (Mitarbeiter, Kapital, Zeit),&hellip;<\/p>\n<\/div>\n\t\n<a href=\"https:\/\/www.sinkacom.de\/blog\/reagile-working-software-over-comprehensive-documentation\/\" class=\"dt-btn-s dt-btn post-details details-type-btn\" aria-label=\"Lesen Sie mehr \u00fcber RE@Agile &#8211; Working Software over Comprehensive Documentation\">weiterlesen<i class=\"dt-icon-the7-arrow-03\" aria-hidden=\"true\"><\/i><\/a>\n\n<\/div><\/article><\/div><div class=\"hidden wf-cell iso-item category-1\" data-post-id=\"543\" data-date=\"2017-07-27T11:48:12+02:00\" data-name=\"Konkurrenz f\u00fcr Fintech N26\"><article class=\"post project-odd visible post-543 type-post status-publish format-standard has-post-thumbnail hentry category-banking tag-fintech tag-n26 tag-yomo category-1\" data-name=\"Konkurrenz f\u00fcr Fintech N26\" data-date=\"2017-07-27T11:48:12+02:00\">\n\n<div class=\"post-thumbnail-wrap\">\n\t<div class=\"post-thumbnail\">\n\t\t\n\t\t<span class=\"fancy-categories\"><a href=\"https:\/\/www.sinkacom.de\/blog\/banking\/\" rel=\"category tag\" style=\"background-color:#009fe3;color:#ffffff;\">Banking<\/a><\/span>\n\t\t<a href=\"https:\/\/www.sinkacom.de\/blog\/konkurrenz-fuer-fintech-n26\/\" class=\"post-thumbnail-rollover layzr-bg layzr-bg\" ><img decoding=\"async\" class=\"iso-lazy-load preload-me iso-lazy-load aspect\" src=\"data:image\/svg+xml,%3Csvg%20xmlns%3D&#39;http%3A%2F%2Fwww.w3.org%2F2000%2Fsvg&#39;%20viewBox%3D&#39;0%200%20768%20384&#39;%2F%3E\" data-src=\"https:\/\/www.sinkacom.de\/blog\/wp-content\/uploads\/2019\/06\/scag_banking_01_teaser-768x384.jpg\" data-srcset=\"https:\/\/www.sinkacom.de\/blog\/wp-content\/uploads\/2019\/06\/scag_banking_01_teaser-768x384.jpg 768w, https:\/\/www.sinkacom.de\/blog\/wp-content\/uploads\/2019\/06\/scag_banking_01_teaser-800x400.jpg 800w\" loading=\"eager\" style=\"--ratio: 768 \/ 384\" sizes=\"(max-width: 768px) 100vw, 768px\" alt=\"\" title=\"scag_banking_01_teaser\" width=\"768\" height=\"384\"  \/><\/a>\t<\/div>\n<\/div>\n\n\n<div class=\"post-entry-content\">\n\n\t<h3 class=\"entry-title\">\n\t\t<a href=\"https:\/\/www.sinkacom.de\/blog\/konkurrenz-fuer-fintech-n26\/\" title=\"Konkurrenz f\u00fcr Fintech N26\" rel=\"bookmark\">Konkurrenz f\u00fcr Fintech N26<\/a>\n\t<\/h3>\n\n\t<div class=\"entry-meta\"><span class=\"category-link\"><a href=\"https:\/\/www.sinkacom.de\/blog\/banking\/\" >Banking<\/a><\/span><a href=\"https:\/\/www.sinkacom.de\/blog\/2017\/07\/27\/\" title=\"11:48\" class=\"data-link\" rel=\"bookmark\"><time class=\"entry-date updated\" datetime=\"2017-07-27T11:48:12+02:00\">27. Juli 2017<\/time><\/a><\/div>\n\t<div class=\"entry-excerpt\"><p>[vc_row][vc_column][vc_column_text] Mit der App yomo m\u00f6chten die deutschen Sparkassen dem Fintech-Start-up N26 Konkurrenz machen. Seit Anfang Juli diesen Jahres ist die App nun f\u00fcr alle in den Appstores frei zug\u00e4nglich und soll durch die Usability den Nutzer \u00fcberzeugen. Doch was&hellip;<\/p>\n<\/div>\n\t\n<a href=\"https:\/\/www.sinkacom.de\/blog\/konkurrenz-fuer-fintech-n26\/\" class=\"dt-btn-s dt-btn post-details details-type-btn\" aria-label=\"Lesen Sie mehr \u00fcber Konkurrenz f\u00fcr Fintech N26\">weiterlesen<i class=\"dt-icon-the7-arrow-03\" aria-hidden=\"true\"><\/i><\/a>\n\n<\/div><\/article><\/div><div class=\"hidden wf-cell iso-item category-2\" data-post-id=\"546\" data-date=\"2017-07-26T08:04:41+02:00\" data-name=\"Neue Datenschutzrichtlinie\"><article class=\"post project-odd visible post-546 type-post status-publish format-standard has-post-thumbnail hentry category-webapp tag-datenschutz tag-dsgvo tag-eu category-2\" data-name=\"Neue Datenschutzrichtlinie\" data-date=\"2017-07-26T08:04:41+02:00\">\n\n<div class=\"post-thumbnail-wrap\">\n\t<div class=\"post-thumbnail\">\n\t\t\n\t\t<span class=\"fancy-categories\"><a href=\"https:\/\/www.sinkacom.de\/blog\/webapp\/\" rel=\"category tag\" style=\"background-color:#009fe3;color:#ffffff;\">Web &amp; App<\/a><\/span>\n\t\t<a href=\"https:\/\/www.sinkacom.de\/blog\/neue-datenschutzrichtlinie\/\" class=\"post-thumbnail-rollover layzr-bg layzr-bg\" ><img decoding=\"async\" class=\"iso-lazy-load preload-me iso-lazy-load aspect\" src=\"data:image\/svg+xml,%3Csvg%20xmlns%3D&#39;http%3A%2F%2Fwww.w3.org%2F2000%2Fsvg&#39;%20viewBox%3D&#39;0%200%20768%20384&#39;%2F%3E\" data-src=\"https:\/\/www.sinkacom.de\/blog\/wp-content\/uploads\/2019\/06\/private-1647769_1280-e1559900731725-768x384.jpg\" data-srcset=\"https:\/\/www.sinkacom.de\/blog\/wp-content\/uploads\/2019\/06\/private-1647769_1280-e1559900731725-768x384.jpg 768w, https:\/\/www.sinkacom.de\/blog\/wp-content\/uploads\/2019\/06\/private-1647769_1280-e1559900731725-1152x576.jpg 1152w\" loading=\"eager\" style=\"--ratio: 768 \/ 384\" sizes=\"(max-width: 768px) 100vw, 768px\" alt=\"\" title=\"private-1647769_1280\" width=\"768\" height=\"384\"  \/><\/a>\t<\/div>\n<\/div>\n\n\n<div class=\"post-entry-content\">\n\n\t<h3 class=\"entry-title\">\n\t\t<a href=\"https:\/\/www.sinkacom.de\/blog\/neue-datenschutzrichtlinie\/\" title=\"Neue Datenschutzrichtlinie\" rel=\"bookmark\">Neue Datenschutzrichtlinie<\/a>\n\t<\/h3>\n\n\t<div class=\"entry-meta\"><span class=\"category-link\"><a href=\"https:\/\/www.sinkacom.de\/blog\/webapp\/\" >Web &amp; App<\/a><\/span><a href=\"https:\/\/www.sinkacom.de\/blog\/2017\/07\/26\/\" title=\"08:04\" class=\"data-link\" rel=\"bookmark\"><time class=\"entry-date updated\" datetime=\"2017-07-26T08:04:41+02:00\">26. Juli 2017<\/time><\/a><\/div>\n\t<div class=\"entry-excerpt\"><p>[vc_row][vc_column][vc_column_text] Datenschutz wird in Europa immer gr\u00f6\u00dfer geschrieben und soll deswegen europaweit vereinheitlicht werden. Der vorliegende Beitrag beschreibt die Neuerungen die ab M\u00e4rz 2018 in Kraft treten sollen. &nbsp; Neuer Datenschutz f\u00fcr alle Die DSGVO ist ein EU-Gesetz, das unmittelbar&hellip;<\/p>\n<\/div>\n\t\n<a href=\"https:\/\/www.sinkacom.de\/blog\/neue-datenschutzrichtlinie\/\" class=\"dt-btn-s dt-btn post-details details-type-btn\" aria-label=\"Lesen Sie mehr \u00fcber Neue Datenschutzrichtlinie\">weiterlesen<i class=\"dt-icon-the7-arrow-03\" aria-hidden=\"true\"><\/i><\/a>\n\n<\/div><\/article><\/div><div class=\"hidden wf-cell iso-item category-2\" data-post-id=\"549\" data-date=\"2017-06-29T11:41:55+02:00\" data-name=\"Effizientes Testdatenmanagement\"><article class=\"post project-odd visible post-549 type-post status-publish format-standard has-post-thumbnail hentry category-webapp tag-softwarequalitaet tag-testdatenmanagment category-2\" data-name=\"Effizientes Testdatenmanagement\" data-date=\"2017-06-29T11:41:55+02:00\">\n\n<div class=\"post-thumbnail-wrap\">\n\t<div class=\"post-thumbnail\">\n\t\t\n\t\t<span class=\"fancy-categories\"><a href=\"https:\/\/www.sinkacom.de\/blog\/webapp\/\" rel=\"category tag\" style=\"background-color:#009fe3;color:#ffffff;\">Web &amp; App<\/a><\/span>\n\t\t<a href=\"https:\/\/www.sinkacom.de\/blog\/effizientes-testdatenmanagement\/\" class=\"post-thumbnail-rollover layzr-bg layzr-bg\" ><img decoding=\"async\" class=\"iso-lazy-load preload-me iso-lazy-load aspect\" src=\"data:image\/svg+xml,%3Csvg%20xmlns%3D&#39;http%3A%2F%2Fwww.w3.org%2F2000%2Fsvg&#39;%20viewBox%3D&#39;0%200%20640%20320&#39;%2F%3E\" data-src=\"https:\/\/www.sinkacom.de\/blog\/wp-content\/uploads\/2019\/06\/code-1839406_640-640x320.jpg\" data-srcset=\"https:\/\/www.sinkacom.de\/blog\/wp-content\/uploads\/2019\/06\/code-1839406_640-640x320.jpg 640w\" loading=\"eager\" style=\"--ratio: 640 \/ 320\" sizes=\"(max-width: 640px) 100vw, 640px\" alt=\"\" title=\"code-1839406_640\" width=\"640\" height=\"320\"  \/><\/a>\t<\/div>\n<\/div>\n\n\n<div class=\"post-entry-content\">\n\n\t<h3 class=\"entry-title\">\n\t\t<a href=\"https:\/\/www.sinkacom.de\/blog\/effizientes-testdatenmanagement\/\" title=\"Effizientes Testdatenmanagement\" rel=\"bookmark\">Effizientes Testdatenmanagement<\/a>\n\t<\/h3>\n\n\t<div class=\"entry-meta\"><span class=\"category-link\"><a href=\"https:\/\/www.sinkacom.de\/blog\/webapp\/\" >Web &amp; App<\/a><\/span><a href=\"https:\/\/www.sinkacom.de\/blog\/2017\/06\/29\/\" title=\"11:41\" class=\"data-link\" rel=\"bookmark\"><time class=\"entry-date updated\" datetime=\"2017-06-29T11:41:55+02:00\">29. Juni 2017<\/time><\/a><\/div>\n\t<div class=\"entry-excerpt\"><p>[vc_row][vc_column][vc_column_text]\u00a0 Was sind Testdaten und wieso muss man diese managen?<\/p>\n<\/div>\n\t\n<a href=\"https:\/\/www.sinkacom.de\/blog\/effizientes-testdatenmanagement\/\" class=\"dt-btn-s dt-btn post-details details-type-btn\" aria-label=\"Lesen Sie mehr \u00fcber Effizientes Testdatenmanagement\">weiterlesen<i class=\"dt-icon-the7-arrow-03\" aria-hidden=\"true\"><\/i><\/a>\n\n<\/div><\/article><\/div><div class=\"hidden wf-cell iso-item category-1\" data-post-id=\"552\" data-date=\"2017-06-29T08:57:56+02:00\" data-name=\"N26: Digitaler Versicherungsservice\"><article class=\"post project-odd visible post-552 type-post status-publish format-standard has-post-thumbnail hentry category-banking tag-fintech tag-n26 tag-versicherungsservice category-1\" data-name=\"N26: Digitaler Versicherungsservice\" data-date=\"2017-06-29T08:57:56+02:00\">\n\n<div class=\"post-thumbnail-wrap\">\n\t<div class=\"post-thumbnail\">\n\t\t\n\t\t<span class=\"fancy-categories\"><a href=\"https:\/\/www.sinkacom.de\/blog\/banking\/\" rel=\"category tag\" style=\"background-color:#009fe3;color:#ffffff;\">Banking<\/a><\/span>\n\t\t<a href=\"https:\/\/www.sinkacom.de\/blog\/n26-digitaler-versicherungsservice\/\" class=\"post-thumbnail-rollover layzr-bg layzr-bg\" ><img decoding=\"async\" class=\"iso-lazy-load preload-me iso-lazy-load aspect\" src=\"data:image\/svg+xml,%3Csvg%20xmlns%3D&#39;http%3A%2F%2Fwww.w3.org%2F2000%2Fsvg&#39;%20viewBox%3D&#39;0%200%20768%20384&#39;%2F%3E\" data-src=\"https:\/\/www.sinkacom.de\/blog\/wp-content\/uploads\/2019\/06\/scag_n26_teaser-768x384.jpg\" data-srcset=\"https:\/\/www.sinkacom.de\/blog\/wp-content\/uploads\/2019\/06\/scag_n26_teaser-768x384.jpg 768w, https:\/\/www.sinkacom.de\/blog\/wp-content\/uploads\/2019\/06\/scag_n26_teaser-800x400.jpg 800w\" loading=\"eager\" style=\"--ratio: 768 \/ 384\" sizes=\"(max-width: 768px) 100vw, 768px\" alt=\"\" title=\"scag_n26_teaser\" width=\"768\" height=\"384\"  \/><\/a>\t<\/div>\n<\/div>\n\n\n<div class=\"post-entry-content\">\n\n\t<h3 class=\"entry-title\">\n\t\t<a href=\"https:\/\/www.sinkacom.de\/blog\/n26-digitaler-versicherungsservice\/\" title=\"N26: Digitaler Versicherungsservice\" rel=\"bookmark\">N26: Digitaler Versicherungsservice<\/a>\n\t<\/h3>\n\n\t<div class=\"entry-meta\"><span class=\"category-link\"><a href=\"https:\/\/www.sinkacom.de\/blog\/banking\/\" >Banking<\/a><\/span><a href=\"https:\/\/www.sinkacom.de\/blog\/2017\/06\/29\/\" title=\"08:57\" class=\"data-link\" rel=\"bookmark\"><time class=\"entry-date updated\" datetime=\"2017-06-29T08:57:56+02:00\">29. Juni 2017<\/time><\/a><\/div>\n\t<div class=\"entry-excerpt\"><p>Nach dem erfolgreichen Beginn des Berliner Fintech-Startups N26 &nbsp;m\u00f6chte das Unternehmen seinen Kunden nun auch in Versicherungsfragen weiterhelfen. Neue Wege Das Berliner Startup hat ein neues Produkt entwickelt: Sie m\u00f6chten im Versicherungssegment durchstarten. \u201eDie Digitalisierung im Versicherungsmarkt geht nur langsam&hellip;<\/p>\n<\/div>\n\t\n<a href=\"https:\/\/www.sinkacom.de\/blog\/n26-digitaler-versicherungsservice\/\" class=\"dt-btn-s dt-btn post-details details-type-btn\" aria-label=\"Lesen Sie mehr \u00fcber N26: Digitaler Versicherungsservice\">weiterlesen<i class=\"dt-icon-the7-arrow-03\" aria-hidden=\"true\"><\/i><\/a>\n\n<\/div><\/article><\/div><div class=\"hidden wf-cell iso-item category-2\" data-post-id=\"555\" data-date=\"2017-05-04T10:59:04+02:00\" data-name=\"Syzgy-Studie: Selfie-Stick und Social Media machen Millennials zu Narzissten\"><article class=\"post project-odd visible post-555 type-post status-publish format-standard has-post-thumbnail hentry category-webapp tag-millennials tag-social-media tag-syzgy-studie category-2\" data-name=\"Syzgy-Studie: Selfie-Stick und Social Media machen Millennials zu Narzissten\" data-date=\"2017-05-04T10:59:04+02:00\">\n\n<div class=\"post-thumbnail-wrap\">\n\t<div class=\"post-thumbnail\">\n\t\t\n\t\t<span class=\"fancy-categories\"><a href=\"https:\/\/www.sinkacom.de\/blog\/webapp\/\" rel=\"category tag\" style=\"background-color:#009fe3;color:#ffffff;\">Web &amp; App<\/a><\/span>\n\t\t<a href=\"https:\/\/www.sinkacom.de\/blog\/syzgy-studie-selfie-stick-und-social-media-machen-millennials-zu-narzissten\/\" class=\"post-thumbnail-rollover layzr-bg layzr-bg\" ><img decoding=\"async\" class=\"iso-lazy-load preload-me iso-lazy-load aspect\" src=\"data:image\/svg+xml,%3Csvg%20xmlns%3D&#39;http%3A%2F%2Fwww.w3.org%2F2000%2Fsvg&#39;%20viewBox%3D&#39;0%200%20768%20384&#39;%2F%3E\" data-src=\"https:\/\/www.sinkacom.de\/blog\/wp-content\/uploads\/2019\/06\/scag_selfiestick_teaser-768x384.jpg\" data-srcset=\"https:\/\/www.sinkacom.de\/blog\/wp-content\/uploads\/2019\/06\/scag_selfiestick_teaser-768x384.jpg 768w, https:\/\/www.sinkacom.de\/blog\/wp-content\/uploads\/2019\/06\/scag_selfiestick_teaser-800x400.jpg 800w\" loading=\"eager\" style=\"--ratio: 768 \/ 384\" sizes=\"(max-width: 768px) 100vw, 768px\" alt=\"\" title=\"scag_selfiestick_teaser\" width=\"768\" height=\"384\"  \/><\/a>\t<\/div>\n<\/div>\n\n\n<div class=\"post-entry-content\">\n\n\t<h3 class=\"entry-title\">\n\t\t<a href=\"https:\/\/www.sinkacom.de\/blog\/syzgy-studie-selfie-stick-und-social-media-machen-millennials-zu-narzissten\/\" title=\"Syzgy-Studie: Selfie-Stick und Social Media machen Millennials zu Narzissten\" rel=\"bookmark\">Syzgy-Studie: Selfie-Stick und Social Media machen Millennials zu Narzissten<\/a>\n\t<\/h3>\n\n\t<div class=\"entry-meta\"><span class=\"category-link\"><a href=\"https:\/\/www.sinkacom.de\/blog\/webapp\/\" >Web &amp; App<\/a><\/span><a href=\"https:\/\/www.sinkacom.de\/blog\/2017\/05\/04\/\" title=\"10:59\" class=\"data-link\" rel=\"bookmark\"><time class=\"entry-date updated\" datetime=\"2017-05-04T10:59:04+02:00\">04. Mai 2017<\/time><\/a><\/div>\n\t<div class=\"entry-excerpt\"><p>[vc_row][vc_column][vc_column_text] Die aktuelle Syzgy-Studie zeigt, dass Millennials deutlich mehr zu Narzissmus neigen, als andere Generationen. Unter Millennials versteht man zwischen 1981 und 1998 geborene. Diese Generation ist also mit Smartphone, Tablet und Co. gro\u00dfgeworden. \u00a0<\/p>\n<\/div>\n\t\n<a href=\"https:\/\/www.sinkacom.de\/blog\/syzgy-studie-selfie-stick-und-social-media-machen-millennials-zu-narzissten\/\" class=\"dt-btn-s dt-btn post-details details-type-btn\" aria-label=\"Lesen Sie mehr \u00fcber Syzgy-Studie: Selfie-Stick und Social Media machen Millennials zu Narzissten\">weiterlesen<i class=\"dt-icon-the7-arrow-03\" aria-hidden=\"true\"><\/i><\/a>\n\n<\/div><\/article><\/div><div class=\"hidden wf-cell iso-item category-13\" data-post-id=\"558\" data-date=\"2017-05-04T10:45:04+02:00\" data-name=\"Aktuelle Shopping-Trends\"><article class=\"post project-odd visible post-558 type-post status-publish format-standard has-post-thumbnail hentry category-retail tag-shopping-trends category-13\" data-name=\"Aktuelle Shopping-Trends\" data-date=\"2017-05-04T10:45:04+02:00\">\n\n<div class=\"post-thumbnail-wrap\">\n\t<div class=\"post-thumbnail\">\n\t\t\n\t\t<span class=\"fancy-categories\"><a href=\"https:\/\/www.sinkacom.de\/blog\/retail\/\" rel=\"category tag\" style=\"background-color:#009fe3;color:#ffffff;\">Retail<\/a><\/span>\n\t\t<a href=\"https:\/\/www.sinkacom.de\/blog\/aktuelle-shopping-trends\/\" class=\"post-thumbnail-rollover layzr-bg layzr-bg\" ><img decoding=\"async\" class=\"iso-lazy-load preload-me iso-lazy-load aspect\" src=\"data:image\/svg+xml,%3Csvg%20xmlns%3D&#39;http%3A%2F%2Fwww.w3.org%2F2000%2Fsvg&#39;%20viewBox%3D&#39;0%200%20768%20384&#39;%2F%3E\" data-src=\"https:\/\/www.sinkacom.de\/blog\/wp-content\/uploads\/2019\/06\/shopping-1165437_1280-e1559897059266-768x384.jpg\" data-srcset=\"https:\/\/www.sinkacom.de\/blog\/wp-content\/uploads\/2019\/06\/shopping-1165437_1280-e1559897059266-768x384.jpg 768w, https:\/\/www.sinkacom.de\/blog\/wp-content\/uploads\/2019\/06\/shopping-1165437_1280-e1559897059266-1138x569.jpg 1138w\" loading=\"eager\" style=\"--ratio: 768 \/ 384\" sizes=\"(max-width: 768px) 100vw, 768px\" alt=\"\" title=\"shopping\" width=\"768\" height=\"384\"  \/><\/a>\t<\/div>\n<\/div>\n\n\n<div class=\"post-entry-content\">\n\n\t<h3 class=\"entry-title\">\n\t\t<a href=\"https:\/\/www.sinkacom.de\/blog\/aktuelle-shopping-trends\/\" title=\"Aktuelle Shopping-Trends\" rel=\"bookmark\">Aktuelle Shopping-Trends<\/a>\n\t<\/h3>\n\n\t<div class=\"entry-meta\"><span class=\"category-link\"><a href=\"https:\/\/www.sinkacom.de\/blog\/retail\/\" >Retail<\/a><\/span><a href=\"https:\/\/www.sinkacom.de\/blog\/2017\/05\/04\/\" title=\"10:45\" class=\"data-link\" rel=\"bookmark\"><time class=\"entry-date updated\" datetime=\"2017-05-04T10:45:04+02:00\">04. Mai 2017<\/time><\/a><\/div>\n\t<div class=\"entry-excerpt\"><p>[vc_row][vc_column][vc_column_text] Dass der Onlinehandel boomt, ist nichts Neues. Der Umsatz f\u00fcr das Jahr 2017 wird auf 48,8 Milliarden Euro gesch\u00e4tzt, somit w\u00fcrde dies einem Plus von elf Prozent gegen\u00fcber 2016 entsprechen. Das Schn\u00e4ppchenprotal mydealz.de hat im ersten Quartal 2017 \u00fcber&hellip;<\/p>\n<\/div>\n\t\n<a href=\"https:\/\/www.sinkacom.de\/blog\/aktuelle-shopping-trends\/\" class=\"dt-btn-s dt-btn post-details details-type-btn\" aria-label=\"Lesen Sie mehr \u00fcber Aktuelle Shopping-Trends\">weiterlesen<i class=\"dt-icon-the7-arrow-03\" aria-hidden=\"true\"><\/i><\/a>\n\n<\/div><\/article><\/div><div class=\"hidden wf-cell iso-item category-1 category-3 category-13 category-2\" data-post-id=\"560\" data-date=\"2017-05-04T10:37:42+02:00\" data-name=\"How-to-do: datenschutzrechtliche Einwilligungserkl\u00e4rung in Formularen\"><article class=\"post project-odd visible post-560 type-post status-publish format-standard has-post-thumbnail hentry category-banking category-innenstadt category-retail category-webapp tag-datenschutz tag-dsgvo category-1 category-3 category-13 category-2\" data-name=\"How-to-do: datenschutzrechtliche Einwilligungserkl\u00e4rung in Formularen\" data-date=\"2017-05-04T10:37:42+02:00\">\n\n<div class=\"post-thumbnail-wrap\">\n\t<div class=\"post-thumbnail\">\n\t\t\n\t\t<span class=\"fancy-categories\"><a href=\"https:\/\/www.sinkacom.de\/blog\/banking\/\" rel=\"category tag\" style=\"background-color:#009fe3;color:#ffffff;\">Banking<\/a><a href=\"https:\/\/www.sinkacom.de\/blog\/innenstadt\/\" rel=\"category tag\" style=\"background-color:#009fe3;color:#ffffff;\">Innenstadt<\/a><a href=\"https:\/\/www.sinkacom.de\/blog\/retail\/\" rel=\"category tag\" style=\"background-color:#009fe3;color:#ffffff;\">Retail<\/a><a href=\"https:\/\/www.sinkacom.de\/blog\/webapp\/\" rel=\"category tag\" style=\"background-color:#009fe3;color:#ffffff;\">Web &amp; App<\/a><\/span>\n\t\t<a href=\"https:\/\/www.sinkacom.de\/blog\/how-to-do-datenschutzrechtliche-einwilligungserklaerung-in-formularen\/\" class=\"post-thumbnail-rollover layzr-bg layzr-bg\" ><img decoding=\"async\" class=\"iso-lazy-load preload-me iso-lazy-load aspect\" src=\"data:image\/svg+xml,%3Csvg%20xmlns%3D&#39;http%3A%2F%2Fwww.w3.org%2F2000%2Fsvg&#39;%20viewBox%3D&#39;0%200%20768%20384&#39;%2F%3E\" data-src=\"https:\/\/www.sinkacom.de\/blog\/wp-content\/uploads\/2019\/06\/scag_datenschutz_teaser-768x384.jpg\" data-srcset=\"https:\/\/www.sinkacom.de\/blog\/wp-content\/uploads\/2019\/06\/scag_datenschutz_teaser-768x384.jpg 768w, https:\/\/www.sinkacom.de\/blog\/wp-content\/uploads\/2019\/06\/scag_datenschutz_teaser-800x400.jpg 800w\" loading=\"eager\" style=\"--ratio: 768 \/ 384\" sizes=\"(max-width: 768px) 100vw, 768px\" alt=\"\" title=\"scag_datenschutz_teaser\" width=\"768\" height=\"384\"  \/><\/a>\t<\/div>\n<\/div>\n\n\n<div class=\"post-entry-content\">\n\n\t<h3 class=\"entry-title\">\n\t\t<a href=\"https:\/\/www.sinkacom.de\/blog\/how-to-do-datenschutzrechtliche-einwilligungserklaerung-in-formularen\/\" title=\"How-to-do: datenschutzrechtliche Einwilligungserkl\u00e4rung in Formularen\" rel=\"bookmark\">How-to-do: datenschutzrechtliche Einwilligungserkl\u00e4rung in Formularen<\/a>\n\t<\/h3>\n\n\t<div class=\"entry-meta\"><span class=\"category-link\"><a href=\"https:\/\/www.sinkacom.de\/blog\/banking\/\" >Banking<\/a>, <a href=\"https:\/\/www.sinkacom.de\/blog\/innenstadt\/\" >Innenstadt<\/a>, <a href=\"https:\/\/www.sinkacom.de\/blog\/retail\/\" >Retail<\/a>, <a href=\"https:\/\/www.sinkacom.de\/blog\/webapp\/\" >Web &amp; App<\/a><\/span><a href=\"https:\/\/www.sinkacom.de\/blog\/2017\/05\/04\/\" title=\"10:37\" class=\"data-link\" rel=\"bookmark\"><time class=\"entry-date updated\" datetime=\"2017-05-04T10:37:42+02:00\">04. Mai 2017<\/time><\/a><\/div>\n\t<div class=\"entry-excerpt\"><p>[vc_row][vc_column][vc_column_text] In der t\u00e4glichen Praxis der Datenschutz\u00adaufsichts\u00adbeh\u00f6rden f\u00e4llt immer wieder auf, dass die Antragsvordrucke von Firmen, Versicherungen, Banken und anderen oftmals nicht dem Bundes\u00addatenschutz\u00adgesetz entsprechen. Sie werden in vielen F\u00e4llen als \u201eEinwilligung\u201c bezeichnet, sind aber in Wirklichkeit als unabdingbare Vertragserkl\u00e4rungen&hellip;<\/p>\n<\/div>\n\t\n<a href=\"https:\/\/www.sinkacom.de\/blog\/how-to-do-datenschutzrechtliche-einwilligungserklaerung-in-formularen\/\" class=\"dt-btn-s dt-btn post-details details-type-btn\" aria-label=\"Lesen Sie mehr \u00fcber How-to-do: datenschutzrechtliche Einwilligungserkl\u00e4rung in Formularen\">weiterlesen<i class=\"dt-icon-the7-arrow-03\" aria-hidden=\"true\"><\/i><\/a>\n\n<\/div><\/article><\/div><div class=\"hidden wf-cell iso-item category-2\" data-post-id=\"563\" data-date=\"2017-05-04T09:12:11+02:00\" data-name=\"Optimierung des Testdatenmanagements\"><article class=\"post project-odd visible post-563 type-post status-publish format-standard has-post-thumbnail hentry category-webapp tag-agile tag-softwarequalitaet tag-testdatenmanagment category-2\" data-name=\"Optimierung des Testdatenmanagements\" data-date=\"2017-05-04T09:12:11+02:00\">\n\n<div class=\"post-thumbnail-wrap\">\n\t<div class=\"post-thumbnail\">\n\t\t\n\t\t<span class=\"fancy-categories\"><a href=\"https:\/\/www.sinkacom.de\/blog\/webapp\/\" rel=\"category tag\" style=\"background-color:#009fe3;color:#ffffff;\">Web &amp; App<\/a><\/span>\n\t\t<a href=\"https:\/\/www.sinkacom.de\/blog\/optimierung-des-testdatenmanagements\/\" class=\"post-thumbnail-rollover layzr-bg layzr-bg\" ><img decoding=\"async\" class=\"iso-lazy-load preload-me iso-lazy-load aspect\" src=\"data:image\/svg+xml,%3Csvg%20xmlns%3D&#39;http%3A%2F%2Fwww.w3.org%2F2000%2Fsvg&#39;%20viewBox%3D&#39;0%200%20768%20384&#39;%2F%3E\" data-src=\"https:\/\/www.sinkacom.de\/blog\/wp-content\/uploads\/2019\/06\/iStock-675825950_800x450-768x384.jpg\" data-srcset=\"https:\/\/www.sinkacom.de\/blog\/wp-content\/uploads\/2019\/06\/iStock-675825950_800x450-768x384.jpg 768w, https:\/\/www.sinkacom.de\/blog\/wp-content\/uploads\/2019\/06\/iStock-675825950_800x450-800x400.jpg 800w\" loading=\"eager\" style=\"--ratio: 768 \/ 384\" sizes=\"(max-width: 768px) 100vw, 768px\" alt=\"\" title=\"iStock-675825950_800x450\" width=\"768\" height=\"384\"  \/><\/a>\t<\/div>\n<\/div>\n\n\n<div class=\"post-entry-content\">\n\n\t<h3 class=\"entry-title\">\n\t\t<a href=\"https:\/\/www.sinkacom.de\/blog\/optimierung-des-testdatenmanagements\/\" title=\"Optimierung des Testdatenmanagements\" rel=\"bookmark\">Optimierung des Testdatenmanagements<\/a>\n\t<\/h3>\n\n\t<div class=\"entry-meta\"><span class=\"category-link\"><a href=\"https:\/\/www.sinkacom.de\/blog\/webapp\/\" >Web &amp; App<\/a><\/span><a href=\"https:\/\/www.sinkacom.de\/blog\/2017\/05\/04\/\" title=\"09:12\" class=\"data-link\" rel=\"bookmark\"><time class=\"entry-date updated\" datetime=\"2017-05-04T09:12:11+02:00\">04. Mai 2017<\/time><\/a><\/div>\n\t<div class=\"entry-excerpt\"><p>[vc_row][vc_column][vc_column_text] Die agile Entwicklung nach dem DevOps-Ansatz macht Unternehmen anpassungsf\u00e4higer &#8211; gleichzeitig werden kostspielige Softwarefehler und Datenmissbrauch verhindert. Anwendungsentwicklung treibt den Gesch\u00e4ftserfolg voran und kommt der Wettbewerbsposition der Unternehmen zugute. Nicht umsonst wird die Softwareverf\u00fcgbarkeit als \u201edritte Plattform\u201c in Unternehmen&hellip;<\/p>\n<\/div>\n\t\n<a href=\"https:\/\/www.sinkacom.de\/blog\/optimierung-des-testdatenmanagements\/\" class=\"dt-btn-s dt-btn post-details details-type-btn\" aria-label=\"Lesen Sie mehr \u00fcber Optimierung des Testdatenmanagements\">weiterlesen<i class=\"dt-icon-the7-arrow-03\" aria-hidden=\"true\"><\/i><\/a>\n\n<\/div><\/article><\/div><div class=\"hidden wf-cell iso-item category-1 category-2\" data-post-id=\"566\" data-date=\"2017-04-21T13:23:17+02:00\" data-name=\"Neue Fintechs am Markt\"><article class=\"post project-odd visible post-566 type-post status-publish format-standard has-post-thumbnail hentry category-banking category-webapp tag-fintech category-1 category-2\" data-name=\"Neue Fintechs am Markt\" data-date=\"2017-04-21T13:23:17+02:00\">\n\n<div class=\"post-thumbnail-wrap\">\n\t<div class=\"post-thumbnail\">\n\t\t\n\t\t<span class=\"fancy-categories\"><a href=\"https:\/\/www.sinkacom.de\/blog\/banking\/\" rel=\"category tag\" style=\"background-color:#009fe3;color:#ffffff;\">Banking<\/a><a href=\"https:\/\/www.sinkacom.de\/blog\/webapp\/\" rel=\"category tag\" style=\"background-color:#009fe3;color:#ffffff;\">Web &amp; App<\/a><\/span>\n\t\t<a href=\"https:\/\/www.sinkacom.de\/blog\/neue-fintechs-am-markt\/\" class=\"post-thumbnail-rollover layzr-bg layzr-bg\" ><img decoding=\"async\" class=\"iso-lazy-load preload-me iso-lazy-load aspect\" src=\"data:image\/svg+xml,%3Csvg%20xmlns%3D&#39;http%3A%2F%2Fwww.w3.org%2F2000%2Fsvg&#39;%20viewBox%3D&#39;0%200%20768%20384&#39;%2F%3E\" data-src=\"https:\/\/www.sinkacom.de\/blog\/wp-content\/uploads\/2019\/06\/Newsheader_Fintech-768x384.jpg\" data-srcset=\"https:\/\/www.sinkacom.de\/blog\/wp-content\/uploads\/2019\/06\/Newsheader_Fintech-768x384.jpg 768w, https:\/\/www.sinkacom.de\/blog\/wp-content\/uploads\/2019\/06\/Newsheader_Fintech-1024x512.jpg 1024w\" loading=\"eager\" style=\"--ratio: 768 \/ 384\" sizes=\"(max-width: 768px) 100vw, 768px\" alt=\"\" title=\"Newsheader_Fintech\" width=\"768\" height=\"384\"  \/><\/a>\t<\/div>\n<\/div>\n\n\n<div class=\"post-entry-content\">\n\n\t<h3 class=\"entry-title\">\n\t\t<a href=\"https:\/\/www.sinkacom.de\/blog\/neue-fintechs-am-markt\/\" title=\"Neue Fintechs am Markt\" rel=\"bookmark\">Neue Fintechs am Markt<\/a>\n\t<\/h3>\n\n\t<div class=\"entry-meta\"><span class=\"category-link\"><a href=\"https:\/\/www.sinkacom.de\/blog\/banking\/\" >Banking<\/a>, <a href=\"https:\/\/www.sinkacom.de\/blog\/webapp\/\" >Web &amp; App<\/a><\/span><a href=\"https:\/\/www.sinkacom.de\/blog\/2017\/04\/21\/\" title=\"13:23\" class=\"data-link\" rel=\"bookmark\"><time class=\"entry-date updated\" datetime=\"2017-04-21T13:23:17+02:00\">21. April 2017<\/time><\/a><\/div>\n\t<div class=\"entry-excerpt\"><p>Fintechs sind in Deutschland auf dem Vormarsch: Fast t\u00e4glich werden in Deutschland neue Start-ups gegr\u00fcndet, die die Finanzbranche unterst\u00fctzen sollen. Im Folgenden werden drei davon vorgestellt. Tradico Tradico ist ein Fin-Tech-Start-up aus Lichtenstein mit Sitz in M\u00fcnchen. Ziel ist es&hellip;<\/p>\n<\/div>\n\t\n<a href=\"https:\/\/www.sinkacom.de\/blog\/neue-fintechs-am-markt\/\" class=\"dt-btn-s dt-btn post-details details-type-btn\" aria-label=\"Lesen Sie mehr \u00fcber Neue Fintechs am Markt\">weiterlesen<i class=\"dt-icon-the7-arrow-03\" aria-hidden=\"true\"><\/i><\/a>\n\n<\/div><\/article><\/div><div class=\"hidden wf-cell iso-item category-1 category-2\" data-post-id=\"569\" data-date=\"2017-04-20T13:21:05+02:00\" data-name=\"Kryptow\u00e4hrungen und was dahinter steckt\"><article class=\"post project-odd visible post-569 type-post status-publish format-standard has-post-thumbnail hentry category-banking category-webapp tag-bitcoin tag-dash tag-ethereum tag-kryptowaehrung tag-monero tag-ripple category-1 category-2\" data-name=\"Kryptow\u00e4hrungen und was dahinter steckt\" data-date=\"2017-04-20T13:21:05+02:00\">\n\n<div class=\"post-thumbnail-wrap\">\n\t<div class=\"post-thumbnail\">\n\t\t\n\t\t<span class=\"fancy-categories\"><a href=\"https:\/\/www.sinkacom.de\/blog\/banking\/\" rel=\"category tag\" style=\"background-color:#009fe3;color:#ffffff;\">Banking<\/a><a href=\"https:\/\/www.sinkacom.de\/blog\/webapp\/\" rel=\"category tag\" style=\"background-color:#009fe3;color:#ffffff;\">Web &amp; App<\/a><\/span>\n\t\t<a href=\"https:\/\/www.sinkacom.de\/blog\/kryptowaehrungen-und-was-dahinter-steckt\/\" class=\"post-thumbnail-rollover layzr-bg layzr-bg\" ><img decoding=\"async\" class=\"iso-lazy-load preload-me iso-lazy-load aspect\" src=\"data:image\/svg+xml,%3Csvg%20xmlns%3D&#39;http%3A%2F%2Fwww.w3.org%2F2000%2Fsvg&#39;%20viewBox%3D&#39;0%200%20768%20384&#39;%2F%3E\" data-src=\"https:\/\/www.sinkacom.de\/blog\/wp-content\/uploads\/2019\/06\/scag_crypto_teaser-768x384.jpg\" data-srcset=\"https:\/\/www.sinkacom.de\/blog\/wp-content\/uploads\/2019\/06\/scag_crypto_teaser-768x384.jpg 768w, https:\/\/www.sinkacom.de\/blog\/wp-content\/uploads\/2019\/06\/scag_crypto_teaser-800x400.jpg 800w\" loading=\"eager\" style=\"--ratio: 768 \/ 384\" sizes=\"(max-width: 768px) 100vw, 768px\" alt=\"\" title=\"scag_crypto_teaser\" width=\"768\" height=\"384\"  \/><\/a>\t<\/div>\n<\/div>\n\n\n<div class=\"post-entry-content\">\n\n\t<h3 class=\"entry-title\">\n\t\t<a href=\"https:\/\/www.sinkacom.de\/blog\/kryptowaehrungen-und-was-dahinter-steckt\/\" title=\"Kryptow\u00e4hrungen und was dahinter steckt\" rel=\"bookmark\">Kryptow\u00e4hrungen und was dahinter steckt<\/a>\n\t<\/h3>\n\n\t<div class=\"entry-meta\"><span class=\"category-link\"><a href=\"https:\/\/www.sinkacom.de\/blog\/banking\/\" >Banking<\/a>, <a href=\"https:\/\/www.sinkacom.de\/blog\/webapp\/\" >Web &amp; App<\/a><\/span><a href=\"https:\/\/www.sinkacom.de\/blog\/2017\/04\/20\/\" title=\"13:21\" class=\"data-link\" rel=\"bookmark\"><time class=\"entry-date updated\" datetime=\"2017-04-20T13:21:05+02:00\">20. April 2017<\/time><\/a><\/div>\n\t<div class=\"entry-excerpt\"><p>[vc_row][vc_column][vc_column_text] Sie z\u00e4hlen als eine der spannendsten technologischen Entwicklungen der letzten Jahre: Krypotw\u00e4hrungen. Dabei denken die meisten zuerst an Bitcoin, doch dass es mittlerweile mehr als 700 digitale W\u00e4hrungen gibt, wissen die wenigsten. Sicherlich ist Bitcoin die bekannteste, und auch&hellip;<\/p>\n<\/div>\n\t\n<a href=\"https:\/\/www.sinkacom.de\/blog\/kryptowaehrungen-und-was-dahinter-steckt\/\" class=\"dt-btn-s dt-btn post-details details-type-btn\" aria-label=\"Lesen Sie mehr \u00fcber Kryptow\u00e4hrungen und was dahinter steckt\">weiterlesen<i class=\"dt-icon-the7-arrow-03\" aria-hidden=\"true\"><\/i><\/a>\n\n<\/div><\/article><\/div><div class=\"hidden wf-cell iso-item category-13 category-2\" data-post-id=\"572\" data-date=\"2017-03-21T13:18:48+01:00\" data-name=\"Snapchat als Marketingtool\"><article class=\"post project-odd visible post-572 type-post status-publish format-standard has-post-thumbnail hentry category-retail category-webapp tag-marketing tag-snapchat category-13 category-2\" data-name=\"Snapchat als Marketingtool\" data-date=\"2017-03-21T13:18:48+01:00\">\n\n<div class=\"post-thumbnail-wrap\">\n\t<div class=\"post-thumbnail\">\n\t\t\n\t\t<span class=\"fancy-categories\"><a href=\"https:\/\/www.sinkacom.de\/blog\/retail\/\" rel=\"category tag\" style=\"background-color:#009fe3;color:#ffffff;\">Retail<\/a><a href=\"https:\/\/www.sinkacom.de\/blog\/webapp\/\" rel=\"category tag\" style=\"background-color:#009fe3;color:#ffffff;\">Web &amp; App<\/a><\/span>\n\t\t<a href=\"https:\/\/www.sinkacom.de\/blog\/snapchat-als-marketingtool\/\" class=\"post-thumbnail-rollover layzr-bg layzr-bg\" ><img decoding=\"async\" class=\"iso-lazy-load preload-me iso-lazy-load aspect\" src=\"data:image\/svg+xml,%3Csvg%20xmlns%3D&#39;http%3A%2F%2Fwww.w3.org%2F2000%2Fsvg&#39;%20viewBox%3D&#39;0%200%20768%20384&#39;%2F%3E\" data-src=\"https:\/\/www.sinkacom.de\/blog\/wp-content\/uploads\/2019\/06\/Newsteaser_Snapchat-768x384.jpg\" data-srcset=\"https:\/\/www.sinkacom.de\/blog\/wp-content\/uploads\/2019\/06\/Newsteaser_Snapchat-768x384.jpg 768w, https:\/\/www.sinkacom.de\/blog\/wp-content\/uploads\/2019\/06\/Newsteaser_Snapchat-800x400.jpg 800w\" loading=\"eager\" style=\"--ratio: 768 \/ 384\" sizes=\"(max-width: 768px) 100vw, 768px\" alt=\"\" title=\"Newsteaser_Snapchat\" width=\"768\" height=\"384\"  \/><\/a>\t<\/div>\n<\/div>\n\n\n<div class=\"post-entry-content\">\n\n\t<h3 class=\"entry-title\">\n\t\t<a href=\"https:\/\/www.sinkacom.de\/blog\/snapchat-als-marketingtool\/\" title=\"Snapchat als Marketingtool\" rel=\"bookmark\">Snapchat als Marketingtool<\/a>\n\t<\/h3>\n\n\t<div class=\"entry-meta\"><span class=\"category-link\"><a href=\"https:\/\/www.sinkacom.de\/blog\/retail\/\" >Retail<\/a>, <a href=\"https:\/\/www.sinkacom.de\/blog\/webapp\/\" >Web &amp; App<\/a><\/span><a href=\"https:\/\/www.sinkacom.de\/blog\/2017\/03\/21\/\" title=\"13:18\" class=\"data-link\" rel=\"bookmark\"><time class=\"entry-date updated\" datetime=\"2017-03-21T13:18:48+01:00\">21. M\u00e4rz 2017<\/time><\/a><\/div>\n\t<div class=\"entry-excerpt\"><p>[vc_row][vc_column][vc_column_text] Snapchat ist der Trend unter Jugendlichen. Doch zunehmend nutzen auch immer mehr Firmen mit einer eigentlich anderen Zielgruppe, diesen Kommunikationskanal.\u00a0 Ein gutes Beispiel daf\u00fcr ist YSL Beauty. Die Luxusmarke startete mit dem YSL Beauty Club ein Veranstaltungsreihe, die bereits&hellip;<\/p>\n<\/div>\n\t\n<a href=\"https:\/\/www.sinkacom.de\/blog\/snapchat-als-marketingtool\/\" class=\"dt-btn-s dt-btn post-details details-type-btn\" aria-label=\"Lesen Sie mehr \u00fcber Snapchat als Marketingtool\">weiterlesen<i class=\"dt-icon-the7-arrow-03\" aria-hidden=\"true\"><\/i><\/a>\n\n<\/div><\/article><\/div><div class=\"hidden wf-cell iso-item category-2\" data-post-id=\"575\" data-date=\"2017-03-21T13:17:00+01:00\" data-name=\"Sch\u00f6ne smarte Zukunft\"><article class=\"post project-odd visible post-575 type-post status-publish format-standard has-post-thumbnail hentry category-webapp tag-5g tag-internet-der-dinge tag-iot tag-ki tag-kuenstliche-intelligenz category-2\" data-name=\"Sch\u00f6ne smarte Zukunft\" data-date=\"2017-03-21T13:17:00+01:00\">\n\n<div class=\"post-thumbnail-wrap\">\n\t<div class=\"post-thumbnail\">\n\t\t\n\t\t<span class=\"fancy-categories\"><a href=\"https:\/\/www.sinkacom.de\/blog\/webapp\/\" rel=\"category tag\" style=\"background-color:#009fe3;color:#ffffff;\">Web &amp; App<\/a><\/span>\n\t\t<a href=\"https:\/\/www.sinkacom.de\/blog\/schoene-smarte-zukunft\/\" class=\"post-thumbnail-rollover layzr-bg layzr-bg\" ><img decoding=\"async\" class=\"iso-lazy-load preload-me iso-lazy-load aspect\" src=\"data:image\/svg+xml,%3Csvg%20xmlns%3D&#39;http%3A%2F%2Fwww.w3.org%2F2000%2Fsvg&#39;%20viewBox%3D&#39;0%200%20768%20384&#39;%2F%3E\" data-src=\"https:\/\/www.sinkacom.de\/blog\/wp-content\/uploads\/2019\/06\/Newsteaser_smarteZukunft-768x384.jpg\" data-srcset=\"https:\/\/www.sinkacom.de\/blog\/wp-content\/uploads\/2019\/06\/Newsteaser_smarteZukunft-768x384.jpg 768w, https:\/\/www.sinkacom.de\/blog\/wp-content\/uploads\/2019\/06\/Newsteaser_smarteZukunft-800x400.jpg 800w\" loading=\"eager\" style=\"--ratio: 768 \/ 384\" sizes=\"(max-width: 768px) 100vw, 768px\" alt=\"\" title=\"Newsteaser_smarteZukunft\" width=\"768\" height=\"384\"  \/><\/a>\t<\/div>\n<\/div>\n\n\n<div class=\"post-entry-content\">\n\n\t<h3 class=\"entry-title\">\n\t\t<a href=\"https:\/\/www.sinkacom.de\/blog\/schoene-smarte-zukunft\/\" title=\"Sch\u00f6ne smarte Zukunft\" rel=\"bookmark\">Sch\u00f6ne smarte Zukunft<\/a>\n\t<\/h3>\n\n\t<div class=\"entry-meta\"><span class=\"category-link\"><a href=\"https:\/\/www.sinkacom.de\/blog\/webapp\/\" >Web &amp; App<\/a><\/span><a href=\"https:\/\/www.sinkacom.de\/blog\/2017\/03\/21\/\" title=\"13:17\" class=\"data-link\" rel=\"bookmark\"><time class=\"entry-date updated\" datetime=\"2017-03-21T13:17:00+01:00\">21. M\u00e4rz 2017<\/time><\/a><\/div>\n\t<div class=\"entry-excerpt\"><p>[vc_row][vc_column][vc_column_text] Selbst agierende Roboter, kognitives Lernen und 3-D-Handys. Das sind nur ein paar neue Trends f\u00fcr Werbetreibende und Konsumenten. Wir blicken einer mobilen Zukunft entgegen, keine Frage. Doch wie sieht die im Detail aus? Im Folgenden werden sechs Zukunfttrends vorgestellt.&hellip;<\/p>\n<\/div>\n\t\n<a href=\"https:\/\/www.sinkacom.de\/blog\/schoene-smarte-zukunft\/\" class=\"dt-btn-s dt-btn post-details details-type-btn\" aria-label=\"Lesen Sie mehr \u00fcber Sch\u00f6ne smarte Zukunft\">weiterlesen<i class=\"dt-icon-the7-arrow-03\" aria-hidden=\"true\"><\/i><\/a>\n\n<\/div><\/article><\/div><div class=\"hidden wf-cell iso-item category-3\" data-post-id=\"578\" data-date=\"2017-03-16T13:13:17+01:00\" data-name=\"Wettbewerb &quot;digitale Stadt&quot; startet\"><article class=\"post project-odd visible post-578 type-post status-publish format-standard has-post-thumbnail hentry category-innenstadt tag-digitale-stadt tag-innenstadt30 category-3\" data-name=\"Wettbewerb &#8222;digitale Stadt&#8220; startet\" data-date=\"2017-03-16T13:13:17+01:00\">\n\n<div class=\"post-thumbnail-wrap\">\n\t<div class=\"post-thumbnail\">\n\t\t\n\t\t<span class=\"fancy-categories\"><a href=\"https:\/\/www.sinkacom.de\/blog\/innenstadt\/\" rel=\"category tag\" style=\"background-color:#009fe3;color:#ffffff;\">Innenstadt<\/a><\/span>\n\t\t<a href=\"https:\/\/www.sinkacom.de\/blog\/wettbewerb-digitale-stadt-startet\/\" class=\"post-thumbnail-rollover layzr-bg layzr-bg\" ><img decoding=\"async\" class=\"iso-lazy-load preload-me iso-lazy-load aspect\" src=\"data:image\/svg+xml,%3Csvg%20xmlns%3D&#39;http%3A%2F%2Fwww.w3.org%2F2000%2Fsvg&#39;%20viewBox%3D&#39;0%200%20768%20384&#39;%2F%3E\" data-src=\"https:\/\/www.sinkacom.de\/blog\/wp-content\/uploads\/2019\/06\/Newsteaser_BitkommWettbewerb-768x384.jpg\" data-srcset=\"https:\/\/www.sinkacom.de\/blog\/wp-content\/uploads\/2019\/06\/Newsteaser_BitkommWettbewerb-768x384.jpg 768w, https:\/\/www.sinkacom.de\/blog\/wp-content\/uploads\/2019\/06\/Newsteaser_BitkommWettbewerb-800x400.jpg 800w\" loading=\"eager\" style=\"--ratio: 768 \/ 384\" sizes=\"(max-width: 768px) 100vw, 768px\" alt=\"\" title=\"Newsteaser_BitkommWettbewerb\" width=\"768\" height=\"384\"  \/><\/a>\t<\/div>\n<\/div>\n\n\n<div class=\"post-entry-content\">\n\n\t<h3 class=\"entry-title\">\n\t\t<a href=\"https:\/\/www.sinkacom.de\/blog\/wettbewerb-digitale-stadt-startet\/\" title=\"Wettbewerb &#8222;digitale Stadt&#8220; startet\" rel=\"bookmark\">Wettbewerb &#8222;digitale Stadt&#8220; startet<\/a>\n\t<\/h3>\n\n\t<div class=\"entry-meta\"><span class=\"category-link\"><a href=\"https:\/\/www.sinkacom.de\/blog\/innenstadt\/\" >Innenstadt<\/a><\/span><a href=\"https:\/\/www.sinkacom.de\/blog\/2017\/03\/16\/\" title=\"13:13\" class=\"data-link\" rel=\"bookmark\"><time class=\"entry-date updated\" datetime=\"2017-03-16T13:13:17+01:00\">16. M\u00e4rz 2017<\/time><\/a><\/div>\n\t<div class=\"entry-excerpt\"><p>[vc_row][vc_column][vc_column_text] Der Bitkom und seine Mitglieder m\u00f6chten die Digitale Stadt Europas aufbauen, weg von Einzell\u00f6sungen, hin zu einem umfassenden und integrierten Ansatz. &nbsp; Deutschlands Innenst\u00e4dte digital pushen Die Bitkom m\u00f6chte damit zeigen, dass Deutschland ein Vorreiter von itelligenter und digitaler&hellip;<\/p>\n<\/div>\n\t\n<a href=\"https:\/\/www.sinkacom.de\/blog\/wettbewerb-digitale-stadt-startet\/\" class=\"dt-btn-s dt-btn post-details details-type-btn\" aria-label=\"Lesen Sie mehr \u00fcber Wettbewerb &#8222;digitale Stadt&#8220; startet\">weiterlesen<i class=\"dt-icon-the7-arrow-03\" aria-hidden=\"true\"><\/i><\/a>\n\n<\/div><\/article><\/div><div class=\"hidden wf-cell iso-item category-13\" data-post-id=\"581\" data-date=\"2017-01-27T13:07:42+01:00\" data-name=\"8 Tipps f\u00fcr einen erfolgreichen Onlineshop\"><article class=\"post project-odd visible post-581 type-post status-publish format-standard has-post-thumbnail hentry category-retail tag-e-commerce tag-retail category-13\" data-name=\"8 Tipps f\u00fcr einen erfolgreichen Onlineshop\" data-date=\"2017-01-27T13:07:42+01:00\">\n\n<div class=\"post-thumbnail-wrap\">\n\t<div class=\"post-thumbnail\">\n\t\t\n\t\t<span class=\"fancy-categories\"><a href=\"https:\/\/www.sinkacom.de\/blog\/retail\/\" rel=\"category tag\" style=\"background-color:#009fe3;color:#ffffff;\">Retail<\/a><\/span>\n\t\t<a href=\"https:\/\/www.sinkacom.de\/blog\/8-tipps-fuer-einen-erfolgreichen-onlineshop\/\" class=\"post-thumbnail-rollover layzr-bg layzr-bg\" ><img decoding=\"async\" class=\"iso-lazy-load preload-me iso-lazy-load aspect\" src=\"data:image\/svg+xml,%3Csvg%20xmlns%3D&#39;http%3A%2F%2Fwww.w3.org%2F2000%2Fsvg&#39;%20viewBox%3D&#39;0%200%20768%20384&#39;%2F%3E\" data-src=\"https:\/\/www.sinkacom.de\/blog\/wp-content\/uploads\/2019\/06\/Newsteaser_erfolgreicherOnlineshop-768x384.jpg\" data-srcset=\"https:\/\/www.sinkacom.de\/blog\/wp-content\/uploads\/2019\/06\/Newsteaser_erfolgreicherOnlineshop-768x384.jpg 768w, https:\/\/www.sinkacom.de\/blog\/wp-content\/uploads\/2019\/06\/Newsteaser_erfolgreicherOnlineshop-800x400.jpg 800w\" loading=\"eager\" style=\"--ratio: 768 \/ 384\" sizes=\"(max-width: 768px) 100vw, 768px\" alt=\"\" title=\"Newsteaser_erfolgreicherOnlineshop\" width=\"768\" height=\"384\"  \/><\/a>\t<\/div>\n<\/div>\n\n\n<div class=\"post-entry-content\">\n\n\t<h3 class=\"entry-title\">\n\t\t<a href=\"https:\/\/www.sinkacom.de\/blog\/8-tipps-fuer-einen-erfolgreichen-onlineshop\/\" title=\"8 Tipps f\u00fcr einen erfolgreichen Onlineshop\" rel=\"bookmark\">8 Tipps f\u00fcr einen erfolgreichen Onlineshop<\/a>\n\t<\/h3>\n\n\t<div class=\"entry-meta\"><span class=\"category-link\"><a href=\"https:\/\/www.sinkacom.de\/blog\/retail\/\" >Retail<\/a><\/span><a href=\"https:\/\/www.sinkacom.de\/blog\/2017\/01\/27\/\" title=\"13:07\" class=\"data-link\" rel=\"bookmark\"><time class=\"entry-date updated\" datetime=\"2017-01-27T13:07:42+01:00\">27. Januar 2017<\/time><\/a><\/div>\n\t<div class=\"entry-excerpt\"><p>[vc_row][vc_column][vc_column_text] Es ist bekannt, dass der Onlinehandel boomt und f\u00fcr Kunden viele Annehmlichkeiten mit sich bringt. Dennoch sch\u00f6pfen viele Shopbetreiber nicht das gesamte Potenzial aus. Dies kann mehrere Gr\u00fcnde haben. Wir stellen Ihnen im Folgenden acht Tipps vor, wie Sie&hellip;<\/p>\n<\/div>\n\t\n<a href=\"https:\/\/www.sinkacom.de\/blog\/8-tipps-fuer-einen-erfolgreichen-onlineshop\/\" class=\"dt-btn-s dt-btn post-details details-type-btn\" aria-label=\"Lesen Sie mehr \u00fcber 8 Tipps f\u00fcr einen erfolgreichen Onlineshop\">weiterlesen<i class=\"dt-icon-the7-arrow-03\" aria-hidden=\"true\"><\/i><\/a>\n\n<\/div><\/article><\/div><div class=\"hidden wf-cell iso-item category-13 category-2\" data-post-id=\"589\" data-date=\"2017-01-26T13:14:40+01:00\" data-name=\"Vier e-Commerce Trends f\u00fcr das Jahr 2017\"><article class=\"post project-odd visible post-589 type-post status-publish format-standard has-post-thumbnail hentry category-retail category-webapp tag-e-commerce tag-shopping-trends category-13 category-2\" data-name=\"Vier e-Commerce Trends f\u00fcr das Jahr 2017\" data-date=\"2017-01-26T13:14:40+01:00\">\n\n<div class=\"post-thumbnail-wrap\">\n\t<div class=\"post-thumbnail\">\n\t\t\n\t\t<span class=\"fancy-categories\"><a href=\"https:\/\/www.sinkacom.de\/blog\/retail\/\" rel=\"category tag\" style=\"background-color:#009fe3;color:#ffffff;\">Retail<\/a><a href=\"https:\/\/www.sinkacom.de\/blog\/webapp\/\" rel=\"category tag\" style=\"background-color:#009fe3;color:#ffffff;\">Web &amp; App<\/a><\/span>\n\t\t<a href=\"https:\/\/www.sinkacom.de\/blog\/vier-e-commerce-trends-fuer-das-jahr-2017\/\" class=\"post-thumbnail-rollover layzr-bg layzr-bg\" ><img decoding=\"async\" class=\"iso-lazy-load preload-me iso-lazy-load aspect\" src=\"data:image\/svg+xml,%3Csvg%20xmlns%3D&#39;http%3A%2F%2Fwww.w3.org%2F2000%2Fsvg&#39;%20viewBox%3D&#39;0%200%20768%20384&#39;%2F%3E\" data-src=\"https:\/\/www.sinkacom.de\/blog\/wp-content\/uploads\/2019\/06\/Newsteaser_eCommerceTrends-768x384.jpg\" data-srcset=\"https:\/\/www.sinkacom.de\/blog\/wp-content\/uploads\/2019\/06\/Newsteaser_eCommerceTrends-768x384.jpg 768w, https:\/\/www.sinkacom.de\/blog\/wp-content\/uploads\/2019\/06\/Newsteaser_eCommerceTrends-800x400.jpg 800w\" loading=\"eager\" style=\"--ratio: 768 \/ 384\" sizes=\"(max-width: 768px) 100vw, 768px\" alt=\"\" title=\"Newsteaser_eCommerceTrends\" width=\"768\" height=\"384\"  \/><\/a>\t<\/div>\n<\/div>\n\n\n<div class=\"post-entry-content\">\n\n\t<h3 class=\"entry-title\">\n\t\t<a href=\"https:\/\/www.sinkacom.de\/blog\/vier-e-commerce-trends-fuer-das-jahr-2017\/\" title=\"Vier e-Commerce Trends f\u00fcr das Jahr 2017\" rel=\"bookmark\">Vier e-Commerce Trends f\u00fcr das Jahr 2017<\/a>\n\t<\/h3>\n\n\t<div class=\"entry-meta\"><span class=\"category-link\"><a href=\"https:\/\/www.sinkacom.de\/blog\/retail\/\" >Retail<\/a>, <a href=\"https:\/\/www.sinkacom.de\/blog\/webapp\/\" >Web &amp; App<\/a><\/span><a href=\"https:\/\/www.sinkacom.de\/blog\/2017\/01\/26\/\" title=\"13:14\" class=\"data-link\" rel=\"bookmark\"><time class=\"entry-date updated\" datetime=\"2017-01-26T13:14:40+01:00\">26. Januar 2017<\/time><\/a><\/div>\n\t<div class=\"entry-excerpt\"><p>[vc_row][vc_column][vc_column_text] Es ist nichts Neues, dass der Onlinehandel boomt. Allein in Deutschland ist im vergangenen Jahr die Umsatzgrenze von 60 Milliarden Euro geknackt worden. Und die Prognosen f\u00fcr das aktuelle Jahr sind noch besser: So sollen ca. 73 Milliarden Euro&hellip;<\/p>\n<\/div>\n\t\n<a href=\"https:\/\/www.sinkacom.de\/blog\/vier-e-commerce-trends-fuer-das-jahr-2017\/\" class=\"dt-btn-s dt-btn post-details details-type-btn\" aria-label=\"Lesen Sie mehr \u00fcber Vier e-Commerce Trends f\u00fcr das Jahr 2017\">weiterlesen<i class=\"dt-icon-the7-arrow-03\" aria-hidden=\"true\"><\/i><\/a>\n\n<\/div><\/article><\/div><div class=\"hidden wf-cell iso-item category-1 category-2\" data-post-id=\"584\" data-date=\"2017-01-26T13:12:24+01:00\" data-name=\"Startup Fraugster bekommt f\u00fcnf Millionen Euro\"><article class=\"post project-odd visible post-584 type-post status-publish format-standard has-post-thumbnail hentry category-banking category-webapp tag-banking tag-fintech tag-fraugster category-1 category-2\" data-name=\"Startup Fraugster bekommt f\u00fcnf Millionen Euro\" data-date=\"2017-01-26T13:12:24+01:00\">\n\n<div class=\"post-thumbnail-wrap\">\n\t<div class=\"post-thumbnail\">\n\t\t\n\t\t<span class=\"fancy-categories\"><a href=\"https:\/\/www.sinkacom.de\/blog\/banking\/\" rel=\"category tag\" style=\"background-color:#009fe3;color:#ffffff;\">Banking<\/a><a href=\"https:\/\/www.sinkacom.de\/blog\/webapp\/\" rel=\"category tag\" style=\"background-color:#009fe3;color:#ffffff;\">Web &amp; App<\/a><\/span>\n\t\t<a href=\"https:\/\/www.sinkacom.de\/blog\/startup-fraugster-bekommt-fuenf-millionen-euro\/\" class=\"post-thumbnail-rollover layzr-bg layzr-bg\" ><img decoding=\"async\" class=\"iso-lazy-load preload-me iso-lazy-load aspect\" src=\"data:image\/svg+xml,%3Csvg%20xmlns%3D&#39;http%3A%2F%2Fwww.w3.org%2F2000%2Fsvg&#39;%20viewBox%3D&#39;0%200%20768%20384&#39;%2F%3E\" data-src=\"https:\/\/www.sinkacom.de\/blog\/wp-content\/uploads\/2019\/06\/scag_news_fraugster-768x384.jpg\" data-srcset=\"https:\/\/www.sinkacom.de\/blog\/wp-content\/uploads\/2019\/06\/scag_news_fraugster-768x384.jpg 768w, https:\/\/www.sinkacom.de\/blog\/wp-content\/uploads\/2019\/06\/scag_news_fraugster-800x400.jpg 800w\" loading=\"eager\" style=\"--ratio: 768 \/ 384\" sizes=\"(max-width: 768px) 100vw, 768px\" alt=\"\" title=\"scag_news_fraugster\" width=\"768\" height=\"384\"  \/><\/a>\t<\/div>\n<\/div>\n\n\n<div class=\"post-entry-content\">\n\n\t<h3 class=\"entry-title\">\n\t\t<a href=\"https:\/\/www.sinkacom.de\/blog\/startup-fraugster-bekommt-fuenf-millionen-euro\/\" title=\"Startup Fraugster bekommt f\u00fcnf Millionen Euro\" rel=\"bookmark\">Startup Fraugster bekommt f\u00fcnf Millionen Euro<\/a>\n\t<\/h3>\n\n\t<div class=\"entry-meta\"><span class=\"category-link\"><a href=\"https:\/\/www.sinkacom.de\/blog\/banking\/\" >Banking<\/a>, <a href=\"https:\/\/www.sinkacom.de\/blog\/webapp\/\" >Web &amp; App<\/a><\/span><a href=\"https:\/\/www.sinkacom.de\/blog\/2017\/01\/26\/\" title=\"13:12\" class=\"data-link\" rel=\"bookmark\"><time class=\"entry-date updated\" datetime=\"2017-01-26T13:12:24+01:00\">26. Januar 2017<\/time><\/a><\/div>\n\t<div class=\"entry-excerpt\"><p>[vc_row][vc_column][vc_column_text] Fraugster kennen bisher nur wenige, dabei l\u00f6st das Start-up im Bankingbereich ein extrem wichtiges Problem. &nbsp; Betrug bei Geldtransaktionen eind\u00e4mmen &nbsp; Das Berliner Fintech-Unternehmen hat eine Software entwickelt, die mithilfe von k\u00fcnstlicher Intelligenz Betrug im Zahlungsverkehr verhindern soll. Weitere&hellip;<\/p>\n<\/div>\n\t\n<a href=\"https:\/\/www.sinkacom.de\/blog\/startup-fraugster-bekommt-fuenf-millionen-euro\/\" class=\"dt-btn-s dt-btn post-details details-type-btn\" aria-label=\"Lesen Sie mehr \u00fcber Startup Fraugster bekommt f\u00fcnf Millionen Euro\">weiterlesen<i class=\"dt-icon-the7-arrow-03\" aria-hidden=\"true\"><\/i><\/a>\n\n<\/div><\/article><\/div><div class=\"hidden wf-cell iso-item category-3 category-13 category-2\" data-post-id=\"587\" data-date=\"2017-01-26T08:23:36+01:00\" data-name=\"Tipps f\u00fcr den digitalen Wandel\"><article class=\"post project-odd visible post-587 type-post status-publish format-standard has-post-thumbnail hentry category-innenstadt category-retail category-webapp tag-digitaler-wandel category-3 category-13 category-2\" data-name=\"Tipps f\u00fcr den digitalen Wandel\" data-date=\"2017-01-26T08:23:36+01:00\">\n\n<div class=\"post-thumbnail-wrap\">\n\t<div class=\"post-thumbnail\">\n\t\t\n\t\t<span class=\"fancy-categories\"><a href=\"https:\/\/www.sinkacom.de\/blog\/innenstadt\/\" rel=\"category tag\" style=\"background-color:#009fe3;color:#ffffff;\">Innenstadt<\/a><a href=\"https:\/\/www.sinkacom.de\/blog\/retail\/\" rel=\"category tag\" style=\"background-color:#009fe3;color:#ffffff;\">Retail<\/a><a href=\"https:\/\/www.sinkacom.de\/blog\/webapp\/\" rel=\"category tag\" style=\"background-color:#009fe3;color:#ffffff;\">Web &amp; App<\/a><\/span>\n\t\t<a href=\"https:\/\/www.sinkacom.de\/blog\/tipps-fuer-den-digitalen-wandel\/\" class=\"post-thumbnail-rollover layzr-bg layzr-bg\" ><img decoding=\"async\" class=\"iso-lazy-load preload-me iso-lazy-load aspect\" src=\"data:image\/svg+xml,%3Csvg%20xmlns%3D&#39;http%3A%2F%2Fwww.w3.org%2F2000%2Fsvg&#39;%20viewBox%3D&#39;0%200%20640%20320&#39;%2F%3E\" data-src=\"https:\/\/www.sinkacom.de\/blog\/wp-content\/uploads\/2017\/01\/matrix-3408060_640-640x320.jpg\" data-srcset=\"https:\/\/www.sinkacom.de\/blog\/wp-content\/uploads\/2017\/01\/matrix-3408060_640-640x320.jpg 640w\" loading=\"eager\" style=\"--ratio: 640 \/ 320\" sizes=\"(max-width: 640px) 100vw, 640px\" alt=\"\" title=\"matrix-3408060_640\" width=\"640\" height=\"320\"  \/><\/a>\t<\/div>\n<\/div>\n\n\n<div class=\"post-entry-content\">\n\n\t<h3 class=\"entry-title\">\n\t\t<a href=\"https:\/\/www.sinkacom.de\/blog\/tipps-fuer-den-digitalen-wandel\/\" title=\"Tipps f\u00fcr den digitalen Wandel\" rel=\"bookmark\">Tipps f\u00fcr den digitalen Wandel<\/a>\n\t<\/h3>\n\n\t<div class=\"entry-meta\"><span class=\"category-link\"><a href=\"https:\/\/www.sinkacom.de\/blog\/innenstadt\/\" >Innenstadt<\/a>, <a href=\"https:\/\/www.sinkacom.de\/blog\/retail\/\" >Retail<\/a>, <a href=\"https:\/\/www.sinkacom.de\/blog\/webapp\/\" >Web &amp; App<\/a><\/span><a href=\"https:\/\/www.sinkacom.de\/blog\/2017\/01\/26\/\" title=\"08:23\" class=\"data-link\" rel=\"bookmark\"><time class=\"entry-date updated\" datetime=\"2017-01-26T08:23:36+01:00\">26. Januar 2017<\/time><\/a><\/div>\n\t<div class=\"entry-excerpt\"><p>[vc_row][vc_column][vc_column_text]Der digitale Wandel h\u00e4lt in allen branchen Einzug. Verschaffen Sie sich deshalb einen grundlegenden \u00dcberblick \u00fcber die Ma\u00dfnahmen, die die Digitalisierung in Ihrem Bereich voran bringen. &nbsp; 1. Einheitliches Kundenerlebnis erm\u00f6glichen Wichtig ist, zu beachten, dass auf allen Vertriebskan\u00e4len, egal&hellip;<\/p>\n<\/div>\n\t\n<a href=\"https:\/\/www.sinkacom.de\/blog\/tipps-fuer-den-digitalen-wandel\/\" class=\"dt-btn-s dt-btn post-details details-type-btn\" aria-label=\"Lesen Sie mehr \u00fcber Tipps f\u00fcr den digitalen Wandel\">weiterlesen<i class=\"dt-icon-the7-arrow-03\" aria-hidden=\"true\"><\/i><\/a>\n\n<\/div><\/article><\/div><\/div><!-- iso-container|iso-grid --><div class=\"paginator\" role=\"navigation\"><\/div><\/div>[\/vc_column][\/vc_row]<\/p>\n<\/div>","protected":false},"excerpt":{"rendered":"<p>[vc_row][vc_column][vc_column_text css=&#8220;.vc_custom_1565334737651{margin-bottom: 25px !important;}&#8220;] Blogbeitr\u00e4ge nach Kategorien filtern [\/vc_column_text][\/vc_column][\/vc_row]<\/p>\n","protected":false},"author":1,"featured_media":0,"parent":0,"menu_order":0,"comment_status":"closed","ping_status":"closed","template":"","meta":{"footnotes":""},"class_list":["post-319","page","type-page","status-publish","hentry","description-off"],"yoast_head":"<!-- This site is optimized with the Yoast SEO plugin v25.7 - https:\/\/yoast.com\/wordpress\/plugins\/seo\/ -->\n<title>SinkaCom Blog<\/title>\n<meta name=\"robots\" content=\"index, follow, max-snippet:-1, max-image-preview:large, max-video-preview:-1\" \/>\n<link rel=\"canonical\" href=\"https:\/\/www.sinkacom.de\/blog\/\" \/>\n<meta property=\"og:locale\" content=\"de_DE\" \/>\n<meta property=\"og:type\" content=\"article\" \/>\n<meta property=\"og:title\" content=\"SinkaCom Blog\" \/>\n<meta property=\"og:description\" content=\"[vc_row][vc_column][vc_column_text css=&#8220;.vc_custom_1565334737651{margin-bottom: 25px !important;}&#8220;] Blogbeitr\u00e4ge nach Kategorien filtern [\/vc_column_text][\/vc_column][\/vc_row]\" \/>\n<meta property=\"og:url\" content=\"https:\/\/www.sinkacom.de\/blog\/\" \/>\n<meta property=\"og:site_name\" content=\"SinkaCom Blog\" \/>\n<meta property=\"article:modified_time\" content=\"2024-10-01T09:51:22+00:00\" \/>\n<meta name=\"twitter:label1\" content=\"Gesch\u00e4tzte Lesezeit\" \/>\n\t<meta name=\"twitter:data1\" content=\"1\u00a0Minute\" \/>\n<script type=\"application\/ld+json\" class=\"yoast-schema-graph\">{\"@context\":\"https:\/\/schema.org\",\"@graph\":[{\"@type\":\"WebPage\",\"@id\":\"https:\/\/www.sinkacom.de\/blog\/\",\"url\":\"https:\/\/www.sinkacom.de\/blog\/\",\"name\":\"SinkaCom Blog\",\"isPartOf\":{\"@id\":\"https:\/\/www.sinkacom.de\/blog\/#website\"},\"datePublished\":\"2019-02-26T07:31:02+00:00\",\"dateModified\":\"2024-10-01T09:51:22+00:00\",\"breadcrumb\":{\"@id\":\"https:\/\/www.sinkacom.de\/blog\/#breadcrumb\"},\"inLanguage\":\"de\",\"potentialAction\":[{\"@type\":\"ReadAction\",\"target\":[\"https:\/\/www.sinkacom.de\/blog\/\"]}]},{\"@type\":\"BreadcrumbList\",\"@id\":\"https:\/\/www.sinkacom.de\/blog\/#breadcrumb\",\"itemListElement\":[{\"@type\":\"ListItem\",\"position\":1,\"name\":\"Home\",\"item\":\"https:\/\/www.sinkacom.de\/blog\/\"},{\"@type\":\"ListItem\",\"position\":2,\"name\":\"Startseite\"}]},{\"@type\":\"WebSite\",\"@id\":\"https:\/\/www.sinkacom.de\/blog\/#website\",\"url\":\"https:\/\/www.sinkacom.de\/blog\/\",\"name\":\"SinkaCom Blog\",\"description\":\"\",\"publisher\":{\"@id\":\"https:\/\/www.sinkacom.de\/blog\/#organization\"},\"potentialAction\":[{\"@type\":\"SearchAction\",\"target\":{\"@type\":\"EntryPoint\",\"urlTemplate\":\"https:\/\/www.sinkacom.de\/blog\/?s={search_term_string}\"},\"query-input\":{\"@type\":\"PropertyValueSpecification\",\"valueRequired\":true,\"valueName\":\"search_term_string\"}}],\"inLanguage\":\"de\"},{\"@type\":\"Organization\",\"@id\":\"https:\/\/www.sinkacom.de\/blog\/#organization\",\"name\":\"SinkaCom AG\",\"url\":\"https:\/\/www.sinkacom.de\/blog\/\",\"logo\":{\"@type\":\"ImageObject\",\"inLanguage\":\"de\",\"@id\":\"https:\/\/www.sinkacom.de\/blog\/#\/schema\/logo\/image\/\",\"url\":\"\",\"contentUrl\":\"\",\"caption\":\"SinkaCom AG\"},\"image\":{\"@id\":\"https:\/\/www.sinkacom.de\/blog\/#\/schema\/logo\/image\/\"}}]}<\/script>\n<!-- \/ Yoast SEO plugin. -->","yoast_head_json":{"title":"SinkaCom Blog","robots":{"index":"index","follow":"follow","max-snippet":"max-snippet:-1","max-image-preview":"max-image-preview:large","max-video-preview":"max-video-preview:-1"},"canonical":"https:\/\/www.sinkacom.de\/blog\/","og_locale":"de_DE","og_type":"article","og_title":"SinkaCom Blog","og_description":"[vc_row][vc_column][vc_column_text css=&#8220;.vc_custom_1565334737651{margin-bottom: 25px !important;}&#8220;] Blogbeitr\u00e4ge nach Kategorien filtern [\/vc_column_text][\/vc_column][\/vc_row]","og_url":"https:\/\/www.sinkacom.de\/blog\/","og_site_name":"SinkaCom Blog","article_modified_time":"2024-10-01T09:51:22+00:00","twitter_misc":{"Gesch\u00e4tzte Lesezeit":"1\u00a0Minute"},"schema":{"@context":"https:\/\/schema.org","@graph":[{"@type":"WebPage","@id":"https:\/\/www.sinkacom.de\/blog\/","url":"https:\/\/www.sinkacom.de\/blog\/","name":"SinkaCom Blog","isPartOf":{"@id":"https:\/\/www.sinkacom.de\/blog\/#website"},"datePublished":"2019-02-26T07:31:02+00:00","dateModified":"2024-10-01T09:51:22+00:00","breadcrumb":{"@id":"https:\/\/www.sinkacom.de\/blog\/#breadcrumb"},"inLanguage":"de","potentialAction":[{"@type":"ReadAction","target":["https:\/\/www.sinkacom.de\/blog\/"]}]},{"@type":"BreadcrumbList","@id":"https:\/\/www.sinkacom.de\/blog\/#breadcrumb","itemListElement":[{"@type":"ListItem","position":1,"name":"Home","item":"https:\/\/www.sinkacom.de\/blog\/"},{"@type":"ListItem","position":2,"name":"Startseite"}]},{"@type":"WebSite","@id":"https:\/\/www.sinkacom.de\/blog\/#website","url":"https:\/\/www.sinkacom.de\/blog\/","name":"SinkaCom Blog","description":"","publisher":{"@id":"https:\/\/www.sinkacom.de\/blog\/#organization"},"potentialAction":[{"@type":"SearchAction","target":{"@type":"EntryPoint","urlTemplate":"https:\/\/www.sinkacom.de\/blog\/?s={search_term_string}"},"query-input":{"@type":"PropertyValueSpecification","valueRequired":true,"valueName":"search_term_string"}}],"inLanguage":"de"},{"@type":"Organization","@id":"https:\/\/www.sinkacom.de\/blog\/#organization","name":"SinkaCom AG","url":"https:\/\/www.sinkacom.de\/blog\/","logo":{"@type":"ImageObject","inLanguage":"de","@id":"https:\/\/www.sinkacom.de\/blog\/#\/schema\/logo\/image\/","url":"","contentUrl":"","caption":"SinkaCom AG"},"image":{"@id":"https:\/\/www.sinkacom.de\/blog\/#\/schema\/logo\/image\/"}}]}},"_links":{"self":[{"href":"https:\/\/www.sinkacom.de\/blog\/wp-json\/wp\/v2\/pages\/319","targetHints":{"allow":["GET"]}}],"collection":[{"href":"https:\/\/www.sinkacom.de\/blog\/wp-json\/wp\/v2\/pages"}],"about":[{"href":"https:\/\/www.sinkacom.de\/blog\/wp-json\/wp\/v2\/types\/page"}],"author":[{"embeddable":true,"href":"https:\/\/www.sinkacom.de\/blog\/wp-json\/wp\/v2\/users\/1"}],"replies":[{"embeddable":true,"href":"https:\/\/www.sinkacom.de\/blog\/wp-json\/wp\/v2\/comments?post=319"}],"version-history":[{"count":5,"href":"https:\/\/www.sinkacom.de\/blog\/wp-json\/wp\/v2\/pages\/319\/revisions"}],"predecessor-version":[{"id":4328,"href":"https:\/\/www.sinkacom.de\/blog\/wp-json\/wp\/v2\/pages\/319\/revisions\/4328"}],"wp:attachment":[{"href":"https:\/\/www.sinkacom.de\/blog\/wp-json\/wp\/v2\/media?parent=319"}],"curies":[{"name":"wp","href":"https:\/\/api.w.org\/{rel}","templated":true}]}}